{"id":1337658,"date":"2023-02-01T13:36:15","date_gmt":"2023-02-01T12:36:15","guid":{"rendered":"https:\/\/laboklin.de\/?page_id=1337658"},"modified":"2023-02-01T13:36:15","modified_gmt":"2023-02-01T12:36:15","slug":"offene-stellen","status":"publish","type":"page","link":"https:\/\/laboklin.de\/de\/start-karriere-bei-laboklin\/offene-stellen\/","title":{"rendered":"Offene Stellen"},"content":{"rendered":"<div class=\"wpb-content-wrapper\"><p>[vc_row][vc_column css=&#8220;.vc_custom_1661254304034{margin-top: 20px !important;}&#8220;][vc_column_text css=&#8220;.vc_custom_1615537817403{margin-top: 10px !important;margin-bottom: 20px !important;padding-left: 5px !important;}&#8220;]LABOKLIN ist ein sich stets weiterentwickelndes und wachsendes Unternehmen, weshalb wir immer auf der Suche sind nach neuen offenen und engagierte Kollegen, die uns bei der zuk\u00fcnftigen Weiterentwicklung unseres Unternehmens unterst\u00fctzen!<\/p>\n<p><strong>S\u00e4mtliche vakante Stellen unseres Unternehmens finden Sie hier.<\/strong><\/p>\n<p>Wir bitten Sie sich m\u00f6glichst online zu bewerben. So k\u00f6nnen wir Ihre Bewerbung schnellstm\u00f6glich bearbeiten und wieder mit Ihnen in Kontakt treten.[\/vc_column_text][\/vc_column][\/vc_row][vc_row][vc_column]<style type=\"text\/css\" data-type=\"the7_shortcodes-inline-css\">.portfolio-shortcode.portfolio-masonry-shortcode-id-3def453089be88465bd7de6d5db53af1.bottom-overlap-layout-list .post-entry-content {\n  margin-top: -100px;\n  width: 90%;\n}\n.portfolio-shortcode.portfolio-masonry-shortcode-id-3def453089be88465bd7de6d5db53af1.bottom-overlap-layout-list:not(.mode-list) .no-img .post-entry-content {\n  margin-top: 0;\n  width: 100%;\n}\n.portfolio-shortcode.portfolio-masonry-shortcode-id-3def453089be88465bd7de6d5db53af1.bottom-overlap-layout-list.mode-list .no-img .post-entry-content {\n  margin-top: 0;\n}\n.portfolio-shortcode.portfolio-masonry-shortcode-id-3def453089be88465bd7de6d5db53af1 .filter {\n  margin-bottom: 30px;\n}\n.portfolio-shortcode.portfolio-masonry-shortcode-id-3def453089be88465bd7de6d5db53af1 .filter-bg-decoration .filter-categories a.act {\n  color: #fff;\n}\n.portfolio-shortcode.portfolio-masonry-shortcode-id-3def453089be88465bd7de6d5db53af1:not(.mode-masonry) article:first-of-type,\n.portfolio-shortcode.portfolio-masonry-shortcode-id-3def453089be88465bd7de6d5db53af1:not(.mode-masonry) article.visible.first {\n  margin-top: 0;\n}\n.portfolio-shortcode.portfolio-masonry-shortcode-id-3def453089be88465bd7de6d5db53af1.dividers-on:not(.mode-masonry) article {\n  margin-top: 0;\n}\n.portfolio-shortcode.portfolio-masonry-shortcode-id-3def453089be88465bd7de6d5db53af1.dividers-on:not(.mode-masonry) article:first-of-type,\n.portfolio-shortcode.portfolio-masonry-shortcode-id-3def453089be88465bd7de6d5db53af1.dividers-on:not(.mode-masonry) article.visible.first {\n  margin-top: 0;\n  padding-top: 0;\n}\n.portfolio-shortcode.portfolio-masonry-shortcode-id-3def453089be88465bd7de6d5db53af1.hover-scale article:after {\n  background: -webkit-linear-gradient();\n  background: linear-gradient();\n}\n.portfolio-shortcode.portfolio-masonry-shortcode-id-3def453089be88465bd7de6d5db53af1.gradient-overlay-layout-list article {\n  border-radius: 0px;\n}\n.portfolio-shortcode.portfolio-masonry-shortcode-id-3def453089be88465bd7de6d5db53af1 .post-thumbnail-wrap {\n  padding: 0px 0px 0px 0px;\n  border-radius: 0px;\n}\n.portfolio-shortcode.portfolio-masonry-shortcode-id-3def453089be88465bd7de6d5db53af1 .post-thumbnail-wrap *,\n.portfolio-shortcode.portfolio-masonry-shortcode-id-3def453089be88465bd7de6d5db53af1 .post-thumbnail-rollover:after {\n  border-radius: 0px;\n}\n.portfolio-shortcode.portfolio-masonry-shortcode-id-3def453089be88465bd7de6d5db53af1.enable-bg-rollover .post-thumbnail-rollover:after {\n  background: -webkit-linear-gradient();\n  background: linear-gradient();\n}\n.portfolio-shortcode.portfolio-masonry-shortcode-id-3def453089be88465bd7de6d5db53af1:not(.gradient-overlay-layout-list) .post-thumbnail {\n  box-shadow: 0px 5px 9px 1px rgba(0,0,0,0.25);\n}\n.portfolio-shortcode.portfolio-masonry-shortcode-id-3def453089be88465bd7de6d5db53af1.gradient-overlay-layout-list article {\n  box-shadow: 0px 5px 9px 1px rgba(0,0,0,0.25);\n}\n.portfolio-shortcode.portfolio-masonry-shortcode-id-3def453089be88465bd7de6d5db53af1:not(.gradient-overlay-layout-list) .post-thumbnail {\n  box-shadow: 0px 5px 9px 1px rgba(0,0,0,0.25);\n}\n.portfolio-shortcode.portfolio-masonry-shortcode-id-3def453089be88465bd7de6d5db53af1.gradient-overlay-layout-list article {\n  box-shadow: 0px 5px 9px 1px rgba(0,0,0,0.25);\n}\n.bottom-overlap-layout-list.portfolio-shortcode.portfolio-masonry-shortcode-id-3def453089be88465bd7de6d5db53af1 .project-links-container {\n  height: calc(100% - 100px);\n}\n.portfolio-shortcode.portfolio-masonry-shortcode-id-3def453089be88465bd7de6d5db53af1 .project-links-container a {\n  width: 44px;\n  height: 44px;\n  line-height: 44px;\n  border-radius: 100px;\n  margin: 10px 5px 10px;\n}\n.content-rollover-layout-list:not(.content-align-center).portfolio-shortcode.portfolio-masonry-shortcode-id-3def453089be88465bd7de6d5db53af1 .project-links-container a,\n.gradient-overlay-layout-list:not(.content-align-center).portfolio-shortcode.portfolio-masonry-shortcode-id-3def453089be88465bd7de6d5db53af1 .project-links-container a {\n  margin: 10px 10px 10px 0;\n}\n.dt-icon-border-on.portfolio-shortcode.portfolio-masonry-shortcode-id-3def453089be88465bd7de6d5db53af1 .project-links-container a:before {\n  border-width: 0px;\n  border-style: solid;\n}\n.dt-icon-hover-border-on.portfolio-shortcode.portfolio-masonry-shortcode-id-3def453089be88465bd7de6d5db53af1 .project-links-container a:after {\n  border-width: 0px;\n  border-style: solid;\n}\n.dt-icon-bg-on.portfolio-shortcode.portfolio-masonry-shortcode-id-3def453089be88465bd7de6d5db53af1 .project-links-container a:before {\n  background: rgba(255,255,255,0.3);\n  -webkit-box-shadow: none;\n  box-shadow: none;\n}\n.dt-icon-hover-bg-on.portfolio-shortcode.portfolio-masonry-shortcode-id-3def453089be88465bd7de6d5db53af1 .project-links-container a:after {\n  background: rgba(255,255,255,0.5);\n  -webkit-box-shadow: none;\n  box-shadow: none;\n}\n.portfolio-shortcode.portfolio-masonry-shortcode-id-3def453089be88465bd7de6d5db53af1 .project-links-container a > span,\n.portfolio-shortcode.portfolio-masonry-shortcode-id-3def453089be88465bd7de6d5db53af1 .project-links-container a > span:before {\n  font-size: 16px;\n  line-height: 44px;\n}\n.portfolio-shortcode.portfolio-masonry-shortcode-id-3def453089be88465bd7de6d5db53af1 .project-links-container a:not(:hover) > span {\n  color: #ffffff;\n}\n.dt-icon-hover-off.portfolio-shortcode.portfolio-masonry-shortcode-id-3def453089be88465bd7de6d5db53af1 .project-links-container a > span,\n.dt-icon-hover-off.portfolio-shortcode.portfolio-masonry-shortcode-id-3def453089be88465bd7de6d5db53af1 .project-links-container a:hover > span {\n  color: #ffffff;\n}\n.dt-icon-hover-on.portfolio-shortcode.portfolio-masonry-shortcode-id-3def453089be88465bd7de6d5db53af1 .project-links-container a:hover > span {\n  color: #ffffff;\n}\n.portfolio-shortcode.portfolio-masonry-shortcode-id-3def453089be88465bd7de6d5db53af1 .entry-title,\n.portfolio-shortcode.portfolio-masonry-shortcode-id-3def453089be88465bd7de6d5db53af1.owl-carousel .entry-title {\n  margin-bottom: 5px;\n}\n.portfolio-shortcode.portfolio-masonry-shortcode-id-3def453089be88465bd7de6d5db53af1 .entry-meta {\n  margin-bottom: 15px;\n}\n.portfolio-shortcode.portfolio-masonry-shortcode-id-3def453089be88465bd7de6d5db53af1 .portfolio-categories {\n  margin-bottom: 15px;\n}\n.portfolio-shortcode.portfolio-masonry-shortcode-id-3def453089be88465bd7de6d5db53af1 .entry-excerpt {\n  margin-bottom: 5px;\n}\n.portfolio-shortcode.portfolio-masonry-shortcode-id-3def453089be88465bd7de6d5db53af1:not(.centered-layout-list) .post-entry-content {\n  padding: 35px 27px 30px 20px;\n}\n.portfolio-shortcode.portfolio-masonry-shortcode-id-3def453089be88465bd7de6d5db53af1:not(.centered-layout-list):not(\n      .content-bg-on\n    ):not(.mode-list)\n    .no-img\n    .post-entry-content {\n  padding: 0;\n}\n.portfolio-shortcode.portfolio-masonry-shortcode-id-3def453089be88465bd7de6d5db53af1.gradient-overlay-layout-list .post-entry-content {\n  border-radius: 0px;\n}\n@media screen and (max-width: ) {\n  .portfolio-shortcode.portfolio-masonry-shortcode-id-3def453089be88465bd7de6d5db53af1 article {\n    -webkit-flex-flow: column nowrap;\n    -moz-flex-flow: column nowrap;\n    -ms-flex-flow: column nowrap;\n    flex-flow: column nowrap;\n    margin-top: 20px;\n  }\n  .portfolio-shortcode.portfolio-masonry-shortcode-id-3def453089be88465bd7de6d5db53af1.dividers-on article {\n    border: none;\n  }\n  .portfolio-shortcode.portfolio-masonry-shortcode-id-3def453089be88465bd7de6d5db53af1.content-bg-on.centered-layout-list article {\n    padding: 0;\n  }\n  #page .portfolio-shortcode.portfolio-masonry-shortcode-id-3def453089be88465bd7de6d5db53af1 .post-thumbnail-wrap,\n  #page .portfolio-shortcode.portfolio-masonry-shortcode-id-3def453089be88465bd7de6d5db53af1 .post-entry-content {\n    width: 100%;\n    margin: 0;\n    top: 0;\n  }\n  #page .portfolio-shortcode.portfolio-masonry-shortcode-id-3def453089be88465bd7de6d5db53af1 .post-thumbnail-wrap {\n    padding: 0;\n  }\n  #page .portfolio-shortcode.portfolio-masonry-shortcode-id-3def453089be88465bd7de6d5db53af1 .post-entry-content:after {\n    display: none;\n  }\n  #page .portfolio-shortcode.portfolio-masonry-shortcode-id-3def453089be88465bd7de6d5db53af1 .project-even .post-thumbnail-wrap,\n  #page .portfolio-shortcode.portfolio-masonry-shortcode-id-3def453089be88465bd7de6d5db53af1.centered-layout-list .post-thumbnail-wrap {\n    -webkit-order: 0;\n    -moz-order: 0;\n    -ms-flex-order: 0;\n    order: 0;\n  }\n  #page .portfolio-shortcode.portfolio-masonry-shortcode-id-3def453089be88465bd7de6d5db53af1.centered-layout-list .post-entry-title-content {\n    -webkit-order: 1;\n    -moz-order: 1;\n    -ms-flex-order: 1;\n    order: 1;\n    width: 100%;\n    padding: 20px 20px 0;\n  }\n  #page .portfolio-shortcode.portfolio-masonry-shortcode-id-3def453089be88465bd7de6d5db53af1.centered-layout-list .post-entry-content {\n    -webkit-order: 2;\n    -moz-order: 2;\n    -ms-flex-order: 2;\n    order: 2;\n    padding-top: 0;\n  }\n  #page .portfolio-shortcode.portfolio-masonry-shortcode-id-3def453089be88465bd7de6d5db53af1 .post-entry-content {\n    padding: 20px;\n  }\n  #page .portfolio-shortcode.portfolio-masonry-shortcode-id-3def453089be88465bd7de6d5db53af1 .entry-title {\n    margin: 3px 0 5px;\n    font-size: 20px;\n    line-height: 26px;\n  }\n  #page .portfolio-shortcode.portfolio-masonry-shortcode-id-3def453089be88465bd7de6d5db53af1 .entry-meta {\n    margin: 5px 0 5px;\n  }\n  #page .portfolio-shortcode.portfolio-masonry-shortcode-id-3def453089be88465bd7de6d5db53af1 .entry-excerpt {\n    margin: 15px 0 0;\n  }\n  #page .portfolio-shortcode.portfolio-masonry-shortcode-id-3def453089be88465bd7de6d5db53af1 .post-details {\n    margin: 5px 0 10px;\n  }\n  #page .portfolio-shortcode.portfolio-masonry-shortcode-id-3def453089be88465bd7de6d5db53af1 .post-details.details-type-link {\n    margin-bottom: 2px;\n  }\n}\n.portfolio-shortcode.portfolio-masonry-shortcode-id-3def453089be88465bd7de6d5db53af1:not(.resize-by-browser-width) .dt-css-grid {\n  grid-row-gap: 30px;\n  grid-column-gap: 30px;\n  grid-template-columns: repeat(auto-fill,minmax(250px,1fr));\n}\n.portfolio-shortcode.portfolio-masonry-shortcode-id-3def453089be88465bd7de6d5db53af1:not(.resize-by-browser-width) .dt-css-grid .double-width {\n  grid-column: span 2;\n}\n.cssgridlegacy.no-cssgrid .portfolio-shortcode.portfolio-masonry-shortcode-id-3def453089be88465bd7de6d5db53af1:not(.resize-by-browser-width) .dt-css-grid,\n.no-cssgridlegacy.no-cssgrid .portfolio-shortcode.portfolio-masonry-shortcode-id-3def453089be88465bd7de6d5db53af1:not(.resize-by-browser-width) .dt-css-grid {\n  display: flex;\n  flex-flow: row wrap;\n  margin: -15px;\n}\n.cssgridlegacy.no-cssgrid .portfolio-shortcode.portfolio-masonry-shortcode-id-3def453089be88465bd7de6d5db53af1:not(.resize-by-browser-width) .dt-css-grid .wf-cell,\n.no-cssgridlegacy.no-cssgrid .portfolio-shortcode.portfolio-masonry-shortcode-id-3def453089be88465bd7de6d5db53af1:not(.resize-by-browser-width) .dt-css-grid .wf-cell {\n  flex: 1 0 250px;\n  min-width: 250px;\n  max-width: 100%;\n  padding: 15px;\n  box-sizing: border-box;\n}\n.portfolio-shortcode.portfolio-masonry-shortcode-id-3def453089be88465bd7de6d5db53af1.resize-by-browser-width .dt-css-grid {\n  grid-template-columns: repeat(,1fr);\n  grid-template-rows: auto;\n  grid-column-gap: 30px;\n  grid-row-gap: 30px;\n}\n.portfolio-shortcode.portfolio-masonry-shortcode-id-3def453089be88465bd7de6d5db53af1.resize-by-browser-width .dt-css-grid .double-width {\n  grid-column: span 2;\n}\n.cssgridlegacy.no-cssgrid .portfolio-shortcode.portfolio-masonry-shortcode-id-3def453089be88465bd7de6d5db53af1.resize-by-browser-width .dt-css-grid {\n  margin: -15px;\n}\n.cssgridlegacy.no-cssgrid .portfolio-shortcode.portfolio-masonry-shortcode-id-3def453089be88465bd7de6d5db53af1.resize-by-browser-width .dt-css-grid .wf-cell {\n  padding: 15px;\n}\n.cssgridlegacy.no-cssgrid .portfolio-shortcode.portfolio-masonry-shortcode-id-3def453089be88465bd7de6d5db53af1.resize-by-browser-width .dt-css-grid .wf-cell.double-width {\n  width: calc() * 2;\n}\n.portfolio-shortcode.portfolio-masonry-shortcode-id-3def453089be88465bd7de6d5db53af1.resize-by-browser-width:not(.centered-layout-list):not(.content-bg-on) .dt-css-grid {\n  grid-row-gap: 0px;\n}\n@media screen and (max-width: 1199px) {\n  .portfolio-shortcode.portfolio-masonry-shortcode-id-3def453089be88465bd7de6d5db53af1.resize-by-browser-width .dt-css-grid {\n    grid-template-columns: repeat(,1fr);\n  }\n  .cssgridlegacy.no-cssgrid .portfolio-shortcode.portfolio-masonry-shortcode-id-3def453089be88465bd7de6d5db53af1.resize-by-browser-width .dt-css-grid .wf-cell.double-width,\n  .no-cssgridlegacy.no-cssgrid .portfolio-shortcode.portfolio-masonry-shortcode-id-3def453089be88465bd7de6d5db53af1.resize-by-browser-width .dt-css-grid .wf-cell.double-width {\n    width: calc()*2;\n  }\n}\n@media screen and (max-width: 991px) {\n  .portfolio-shortcode.portfolio-masonry-shortcode-id-3def453089be88465bd7de6d5db53af1.resize-by-browser-width .dt-css-grid {\n    grid-template-columns: repeat(,1fr);\n  }\n  .cssgridlegacy.no-cssgrid .portfolio-shortcode.portfolio-masonry-shortcode-id-3def453089be88465bd7de6d5db53af1.resize-by-browser-width .dt-css-grid .wf-cell.double-width,\n  .no-cssgridlegacy.no-cssgrid .portfolio-shortcode.portfolio-masonry-shortcode-id-3def453089be88465bd7de6d5db53af1.resize-by-browser-width .dt-css-grid .wf-cell.double-width {\n    width: calc()*2;\n  }\n}\n@media screen and (max-width: 767px) {\n  .portfolio-shortcode.portfolio-masonry-shortcode-id-3def453089be88465bd7de6d5db53af1.resize-by-browser-width .dt-css-grid {\n    grid-template-columns: repeat(,1fr);\n  }\n  .cssgridlegacy.no-cssgrid .portfolio-shortcode.portfolio-masonry-shortcode-id-3def453089be88465bd7de6d5db53af1.resize-by-browser-width .dt-css-grid .wf-cell.double-width,\n  .no-cssgridlegacy.no-cssgrid .portfolio-shortcode.portfolio-masonry-shortcode-id-3def453089be88465bd7de6d5db53af1.resize-by-browser-width .dt-css-grid .wf-cell.double-width {\n    width: calc()*2;\n  }\n}\n@media screen and (max-width: 420px) {\n  .portfolio-shortcode.portfolio-masonry-shortcode-id-3def453089be88465bd7de6d5db53af1:not(.resize-by-browser-width) .dt-css-grid .double-width {\n    grid-column: span 1;\n  }\n}\n@media screen and (max-width: 320px) {\n  .portfolio-shortcode.portfolio-masonry-shortcode-id-3def453089be88465bd7de6d5db53af1:not(.resize-by-browser-width) .dt-css-grid .double-width {\n    grid-column: span 1;\n  }\n}<\/style><div class=\"portfolio-shortcode portfolio-masonry-shortcode-id-3def453089be88465bd7de6d5db53af1 mode-grid bottom-overlap-layout-list content-bg-on jquery-filter dt-icon-bg-on dt-icon-border-on dt-icon-hover-on dt-icon-hover-border-on dt-icon-hover-bg-on scale-img meta-info-off dt-css-grid-wrap enable-bg-rollover enable-img-shadow filter-align-left  loading-effect-fade-in description-under-image \" data-padding=\"15px\" data-cur-page=\"1\" data-post-limit=\"-1\" data-pagination-mode=\"none\" aria-live=\"assertive\" data-width=\"250px\" data-columns=\"3\"><div class=\"iso-filter css-grid-filter extras-off allow-navigation-by-url filter\"><div class=\"filter-categories\" data-default-order=\"desc\" data-default-orderby=\"date\"><a href=\"https:\/\/laboklin.de\/de\/start-karriere-bei-laboklin\/offene-stellen\/\" class=\"show-all act\" data-filter=\"*\" aria-label=\"Apply filter: Alle anzeigen\">Alle anzeigen<\/a><a href=\"https:\/\/laboklin.de\/de\/start-karriere-bei-laboklin\/offene-stellen\/?term=138\" class=\"ausbildung\" data-filter=\".category-138\" aria-label=\"Apply filter: Ausbildung\">Ausbildung<\/a><a href=\"https:\/\/laboklin.de\/de\/start-karriere-bei-laboklin\/offene-stellen\/?term=137\" class=\"labor\" data-filter=\".category-137\" aria-label=\"Apply filter: Labor\">Labor<\/a><a href=\"https:\/\/laboklin.de\/de\/start-karriere-bei-laboklin\/offene-stellen\/?term=139\" class=\"verwaltung\" data-filter=\".category-139\" aria-label=\"Apply filter: Verwaltung\">Verwaltung<\/a><a href=\"https:\/\/laboklin.de\/de\/start-karriere-bei-laboklin\/offene-stellen\/?term=140\" class=\"sonstiges\" data-filter=\".category-140\" aria-label=\"Apply filter: Sonstiges\">Sonstiges<\/a><a href=\"https:\/\/laboklin.de\/de\/start-karriere-bei-laboklin\/offene-stellen\/?term=176\" class=\"bad-kissingen\" data-filter=\".category-176\" aria-label=\"Apply filter: Bad Kissingen\">Bad Kissingen<\/a><a href=\"https:\/\/laboklin.de\/de\/start-karriere-bei-laboklin\/offene-stellen\/?term=177\" class=\"basel\" data-filter=\".category-177\" aria-label=\"Apply filter: Basel\">Basel<\/a><a href=\"https:\/\/laboklin.de\/de\/start-karriere-bei-laboklin\/offene-stellen\/?term=197\" class=\"initiativbewerbung\" data-filter=\".category-197\" aria-label=\"Apply filter: Initiativbewerbung\">Initiativbewerbung<\/a><\/div><\/div><div class=\"dt-css-grid\" ><div class=\"visible wf-cell category-139 category-176\" data-post-id=\"1604603\" data-date=\"2026-04-17T14:04:04+02:00\" data-name=\"Personal-&lt;br&gt;sachbearbeiter &lt;br&gt;(m\/w\/d) - &lt;br&gt;Vertragsmanagement &amp; Recruiting\"><article class=\"post visible post-1604603 dt_portfolio type-dt_portfolio status-publish has-post-thumbnail hentry dt_portfolio_category-verwaltung dt_portfolio_category-bad-kissingen dt_portfolio_category-139 dt_portfolio_category-176\" data-name=\"Personal-&lt;br&gt;sachbearbeiter &lt;br&gt;(m\/w\/d) &#8211; &lt;br&gt;Vertragsmanagement &#038; Recruiting\" data-date=\"2026-04-17T14:04:04+02:00\">\n\n<div class=\"post-thumbnail-wrap rollover-active \">\n\t<div class=\"post-thumbnail\">\n\n\t\t<a href=\"https:\/\/laboklin.de\/de\/laboklin_offene_stellen\/personalsachbearbeiter-m-w-d-vertragsmanagement-recruiting\/\" class=\"post-thumbnail-rollover layzr-bg\" target=\"\"  aria-label=\"Post image\"><img fetchpriority=\"high\" decoding=\"async\" class=\"iso-lazy-load preload-me iso-lazy-load aspect\" src=\"data:image\/svg+xml,%3Csvg%20xmlns%3D&#39;http%3A%2F%2Fwww.w3.org%2F2000%2Fsvg&#39;%20viewBox%3D&#39;0%200%20375%20375&#39;%2F%3E\" data-src=\"https:\/\/laboklin.de\/wp-content\/uploads\/2026\/04\/recruiting_web-375x375.jpg\" data-srcset=\"https:\/\/laboklin.de\/wp-content\/uploads\/2026\/04\/recruiting_web-375x375.jpg 375w, https:\/\/laboklin.de\/wp-content\/uploads\/2026\/04\/recruiting_web-750x750.jpg 750w\" loading=\"eager\" style=\"--ratio: 375 \/ 375\" sizes=\"(max-width: 375px) 100vw, 375px\" alt=\"recruiting web\" title=\"Recruiting_web\" width=\"375\" height=\"375\"  \/><\/a><div class=\"project-links-container\"><a href=\"https:\/\/laboklin.de\/de\/laboklin_offene_stellen\/personalsachbearbeiter-m-w-d-vertragsmanagement-recruiting\/\" target=\"\" class=\"project-details\" aria-label=\"Details link\"><span class=\"icon-portfolio-p205\"><\/span><\/a><\/div>\n\t<\/div>\n<\/div>\n\n\n<div class=\"post-entry-content\">\n\n\t<h3 class=\"entry-title\">\n\t\t<a href=\"https:\/\/laboklin.de\/de\/laboklin_offene_stellen\/personalsachbearbeiter-m-w-d-vertragsmanagement-recruiting\/\" target=\"\" title=\"Personal-sachbearbeiter (m\/w\/d) &#8211; Vertragsmanagement &#038; Recruiting\" rel=\"bookmark\">Personal-<br>sachbearbeiter <br>(m\/w\/d) &#8211; <br>Vertragsmanagement &#038; Recruiting<\/a>\n\t<\/h3>\n\n\t\n\t\n\t<a class=\"dt-btn-s dt-btn post-details details-type-btn\" href=\"https:\/\/laboklin.de\/de\/laboklin_offene_stellen\/personalsachbearbeiter-m-w-d-vertragsmanagement-recruiting\/\" target=\"\">Weitere Informationen<i class=\"dt-icon-the7-arrow-03\" aria-hidden=\"true\"><\/i><\/a>\n<\/div><\/article><\/div><div class=\"visible wf-cell category-139 category-176\" data-post-id=\"1315054\" data-date=\"2026-03-20T10:00:23+01:00\" data-name=\"Mitarbeiter &lt;br&gt;(w\/m\/d) Auftragsbearbeitung - Genetik\"><article class=\"post visible post-1315054 dt_portfolio type-dt_portfolio status-publish has-post-thumbnail hentry dt_portfolio_category-verwaltung dt_portfolio_category-bad-kissingen dt_portfolio_category-139 dt_portfolio_category-176\" data-name=\"Mitarbeiter &lt;br&gt;(w\/m\/d) Auftragsbearbeitung &#8211; Genetik\" data-date=\"2026-03-20T10:00:23+01:00\">\n\n<div class=\"post-thumbnail-wrap rollover-active \">\n\t<div class=\"post-thumbnail\">\n\n\t\t<a href=\"https:\/\/laboklin.de\/de\/laboklin_offene_stellen\/mitarbeiter-auftagsbearbeitung-genetik\/\" class=\"post-thumbnail-rollover layzr-bg\" target=\"\"  aria-label=\"Post image\"><img decoding=\"async\" class=\"iso-lazy-load preload-me iso-lazy-load aspect\" src=\"data:image\/svg+xml,%3Csvg%20xmlns%3D&#39;http%3A%2F%2Fwww.w3.org%2F2000%2Fsvg&#39;%20viewBox%3D&#39;0%200%20375%20375&#39;%2F%3E\" data-src=\"https:\/\/laboklin.de\/wp-content\/uploads\/2022\/07\/Job_Auftragsbearbeitung_Genetik-375x375.jpg\" data-srcset=\"https:\/\/laboklin.de\/wp-content\/uploads\/2022\/07\/Job_Auftragsbearbeitung_Genetik-375x375.jpg 375w, https:\/\/laboklin.de\/wp-content\/uploads\/2022\/07\/Job_Auftragsbearbeitung_Genetik-750x750.jpg 750w\" loading=\"eager\" style=\"--ratio: 375 \/ 375\" sizes=\"(max-width: 375px) 100vw, 375px\" alt=\"\"  width=\"375\" height=\"375\"  \/><\/a><div class=\"project-links-container\"><a href=\"https:\/\/laboklin.de\/de\/laboklin_offene_stellen\/mitarbeiter-auftagsbearbeitung-genetik\/\" target=\"\" class=\"project-details\" aria-label=\"Details link\"><span class=\"icon-portfolio-p205\"><\/span><\/a><\/div>\n\t<\/div>\n<\/div>\n\n\n<div class=\"post-entry-content\">\n\n\t<h3 class=\"entry-title\">\n\t\t<a href=\"https:\/\/laboklin.de\/de\/laboklin_offene_stellen\/mitarbeiter-auftagsbearbeitung-genetik\/\" target=\"\" title=\"Mitarbeiter (w\/m\/d) Auftragsbearbeitung &#8211; Genetik\" rel=\"bookmark\">Mitarbeiter <br>(w\/m\/d) Auftragsbearbeitung &#8211; Genetik<\/a>\n\t<\/h3>\n\n\t\n\t\n\t<a class=\"dt-btn-s dt-btn post-details details-type-btn\" href=\"https:\/\/laboklin.de\/de\/laboklin_offene_stellen\/mitarbeiter-auftagsbearbeitung-genetik\/\" target=\"\">Weitere Informationen<i class=\"dt-icon-the7-arrow-03\" aria-hidden=\"true\"><\/i><\/a>\n<\/div><\/article><\/div><div class=\"visible wf-cell category-137 category-176\" data-post-id=\"1307537\" data-date=\"2026-03-12T10:00:46+01:00\" data-name=\"Laborhilfskraft (m\/w\/d) \u2013 f\u00fcr samstags in der Abteilung Molekularbiologie\"><article class=\"post visible post-1307537 dt_portfolio type-dt_portfolio status-publish has-post-thumbnail hentry dt_portfolio_category-labor dt_portfolio_category-bad-kissingen dt_portfolio_category-137 dt_portfolio_category-176\" data-name=\"Laborhilfskraft (m\/w\/d) \u2013 f\u00fcr samstags in der Abteilung Molekularbiologie\" data-date=\"2026-03-12T10:00:46+01:00\">\n\n<div class=\"post-thumbnail-wrap rollover-active \">\n\t<div class=\"post-thumbnail\">\n\n\t\t<a href=\"https:\/\/laboklin.de\/de\/laboklin_offene_stellen\/laborhilfskraft-m-w-d-fuer-samstags-in-der-abteilung-molekularbiologie\/\" class=\"post-thumbnail-rollover layzr-bg\" target=\"\"  aria-label=\"Post image\"><img decoding=\"async\" class=\"iso-lazy-load preload-me iso-lazy-load aspect\" src=\"data:image\/svg+xml,%3Csvg%20xmlns%3D&#39;http%3A%2F%2Fwww.w3.org%2F2000%2Fsvg&#39;%20viewBox%3D&#39;0%200%20375%20375&#39;%2F%3E\" data-src=\"https:\/\/laboklin.de\/wp-content\/uploads\/2020\/03\/LABOKLIN_2020_H\u00e4matologie-Endoktrynologie02-375x375.jpg\" data-srcset=\"https:\/\/laboklin.de\/wp-content\/uploads\/2020\/03\/LABOKLIN_2020_H\u00e4matologie-Endoktrynologie02-375x375.jpg 375w, https:\/\/laboklin.de\/wp-content\/uploads\/2020\/03\/LABOKLIN_2020_H\u00e4matologie-Endoktrynologie02-700x700.jpg 700w\" loading=\"eager\" style=\"--ratio: 375 \/ 375\" sizes=\"(max-width: 375px) 100vw, 375px\" alt=\"\" title=\"LABOKLIN_2020_H\u00e4matologie-Endoktrynologie02\" width=\"375\" height=\"375\"  \/><\/a><div class=\"project-links-container\"><a href=\"https:\/\/laboklin.de\/de\/laboklin_offene_stellen\/laborhilfskraft-m-w-d-fuer-samstags-in-der-abteilung-molekularbiologie\/\" target=\"\" class=\"project-details\" aria-label=\"Details link\"><span class=\"icon-portfolio-p205\"><\/span><\/a><\/div>\n\t<\/div>\n<\/div>\n\n\n<div class=\"post-entry-content\">\n\n\t<h3 class=\"entry-title\">\n\t\t<a href=\"https:\/\/laboklin.de\/de\/laboklin_offene_stellen\/laborhilfskraft-m-w-d-fuer-samstags-in-der-abteilung-molekularbiologie\/\" target=\"\" title=\"Laborhilfskraft (m\/w\/d) \u2013 f\u00fcr samstags in der Abteilung Molekularbiologie\" rel=\"bookmark\">Laborhilfskraft (m\/w\/d) \u2013 f\u00fcr samstags in der Abteilung Molekularbiologie<\/a>\n\t<\/h3>\n\n\t\n\t\n\t<a class=\"dt-btn-s dt-btn post-details details-type-btn\" href=\"https:\/\/laboklin.de\/de\/laboklin_offene_stellen\/laborhilfskraft-m-w-d-fuer-samstags-in-der-abteilung-molekularbiologie\/\" target=\"\">Weitere Informationen<i class=\"dt-icon-the7-arrow-03\" aria-hidden=\"true\"><\/i><\/a>\n<\/div><\/article><\/div><div class=\"visible wf-cell category-137 category-176\" data-post-id=\"1437333\" data-date=\"2026-02-06T13:35:39+01:00\" data-name=\"Laborhilfskraft (m\/w\/d) - Abteilung Pathologie\"><article class=\"post visible post-1437333 dt_portfolio type-dt_portfolio status-publish has-post-thumbnail hentry dt_portfolio_category-labor dt_portfolio_category-bad-kissingen dt_portfolio_category-137 dt_portfolio_category-176\" data-name=\"Laborhilfskraft (m\/w\/d) &#8211; Abteilung Pathologie\" data-date=\"2026-02-06T13:35:39+01:00\">\n\n<div class=\"post-thumbnail-wrap rollover-active \">\n\t<div class=\"post-thumbnail\">\n\n\t\t<a href=\"https:\/\/laboklin.de\/de\/laboklin_offene_stellen\/laborhilfskraft-m-w-d-in-der-abteilung-pathologie\/\" class=\"post-thumbnail-rollover layzr-bg\" target=\"\"  aria-label=\"Post image\"><img decoding=\"async\" class=\"iso-lazy-load preload-me iso-lazy-load aspect\" src=\"data:image\/svg+xml,%3Csvg%20xmlns%3D&#39;http%3A%2F%2Fwww.w3.org%2F2000%2Fsvg&#39;%20viewBox%3D&#39;0%200%20375%20375&#39;%2F%3E\" data-src=\"https:\/\/laboklin.de\/wp-content\/uploads\/2025\/03\/auspacker_probeneingang-375x375.jpg\" data-srcset=\"https:\/\/laboklin.de\/wp-content\/uploads\/2025\/03\/auspacker_probeneingang-375x375.jpg 375w, https:\/\/laboklin.de\/wp-content\/uploads\/2025\/03\/auspacker_probeneingang-533x533.jpg 533w\" loading=\"eager\" style=\"--ratio: 375 \/ 375\" sizes=\"(max-width: 375px) 100vw, 375px\" alt=\"auspacker probeneingang\" title=\"Auspacker_Probeneingang\" width=\"375\" height=\"375\"  \/><\/a><div class=\"project-links-container\"><a href=\"https:\/\/laboklin.de\/de\/laboklin_offene_stellen\/laborhilfskraft-m-w-d-in-der-abteilung-pathologie\/\" target=\"\" class=\"project-details\" aria-label=\"Details link\"><span class=\"icon-portfolio-p205\"><\/span><\/a><\/div>\n\t<\/div>\n<\/div>\n\n\n<div class=\"post-entry-content\">\n\n\t<h3 class=\"entry-title\">\n\t\t<a href=\"https:\/\/laboklin.de\/de\/laboklin_offene_stellen\/laborhilfskraft-m-w-d-in-der-abteilung-pathologie\/\" target=\"\" title=\"Laborhilfskraft (m\/w\/d) &#8211; Abteilung Pathologie\" rel=\"bookmark\">Laborhilfskraft (m\/w\/d) &#8211; Abteilung Pathologie<\/a>\n\t<\/h3>\n\n\t\n\t\n\t<a class=\"dt-btn-s dt-btn post-details details-type-btn\" href=\"https:\/\/laboklin.de\/de\/laboklin_offene_stellen\/laborhilfskraft-m-w-d-in-der-abteilung-pathologie\/\" target=\"\">Weitere Informationen<i class=\"dt-icon-the7-arrow-03\" aria-hidden=\"true\"><\/i><\/a>\n<\/div><\/article><\/div><div class=\"visible wf-cell category-140 category-176\" data-post-id=\"1516577\" data-date=\"2026-02-04T08:10:13+01:00\" data-name=\"Auspacker (w\/m\/d) - Probeneingangs-&lt;br&gt;management\"><article class=\"post visible post-1516577 dt_portfolio type-dt_portfolio status-publish has-post-thumbnail hentry dt_portfolio_category-sonstiges dt_portfolio_category-bad-kissingen dt_portfolio_category-140 dt_portfolio_category-176\" data-name=\"Auspacker (w\/m\/d) &#8211; Probeneingangs-&lt;br&gt;management\" data-date=\"2026-02-04T08:10:13+01:00\">\n\n<div class=\"post-thumbnail-wrap rollover-active \">\n\t<div class=\"post-thumbnail\">\n\n\t\t<a href=\"https:\/\/laboklin.de\/de\/laboklin_offene_stellen\/auspacker-w-m-d-fuer-unser-probeneingangsmanagement-fuer-25-std-woche\/\" class=\"post-thumbnail-rollover layzr-bg\" target=\"\"  aria-label=\"Post image\"><img decoding=\"async\" class=\"iso-lazy-load preload-me iso-lazy-load aspect\" src=\"data:image\/svg+xml,%3Csvg%20xmlns%3D&#39;http%3A%2F%2Fwww.w3.org%2F2000%2Fsvg&#39;%20viewBox%3D&#39;0%200%20375%20375&#39;%2F%3E\" data-src=\"https:\/\/laboklin.de\/wp-content\/uploads\/2025\/03\/auspacker_job-375x375.jpg\" data-srcset=\"https:\/\/laboklin.de\/wp-content\/uploads\/2025\/03\/auspacker_job-375x375.jpg 375w, https:\/\/laboklin.de\/wp-content\/uploads\/2025\/03\/auspacker_job-750x750.jpg 750w\" loading=\"eager\" style=\"--ratio: 375 \/ 375\" sizes=\"(max-width: 375px) 100vw, 375px\" alt=\"auspacker job\" title=\"Auspacker_Job\" width=\"375\" height=\"375\"  \/><\/a><div class=\"project-links-container\"><a href=\"https:\/\/laboklin.de\/de\/laboklin_offene_stellen\/auspacker-w-m-d-fuer-unser-probeneingangsmanagement-fuer-25-std-woche\/\" target=\"\" class=\"project-details\" aria-label=\"Details link\"><span class=\"icon-portfolio-p205\"><\/span><\/a><\/div>\n\t<\/div>\n<\/div>\n\n\n<div class=\"post-entry-content\">\n\n\t<h3 class=\"entry-title\">\n\t\t<a href=\"https:\/\/laboklin.de\/de\/laboklin_offene_stellen\/auspacker-w-m-d-fuer-unser-probeneingangsmanagement-fuer-25-std-woche\/\" target=\"\" title=\"Auspacker (w\/m\/d) &#8211; Probeneingangs-management\" rel=\"bookmark\">Auspacker (w\/m\/d) &#8211; Probeneingangs-<br>management<\/a>\n\t<\/h3>\n\n\t\n\t\n\t<a class=\"dt-btn-s dt-btn post-details details-type-btn\" href=\"https:\/\/laboklin.de\/de\/laboklin_offene_stellen\/auspacker-w-m-d-fuer-unser-probeneingangsmanagement-fuer-25-std-woche\/\" target=\"\">Weitere Informationen<i class=\"dt-icon-the7-arrow-03\" aria-hidden=\"true\"><\/i><\/a>\n<\/div><\/article><\/div><div class=\"visible wf-cell category-137 category-176\" data-post-id=\"1308866\" data-date=\"2026-01-09T09:10:50+01:00\" data-name=\"Laborhilfskraft (w\/m\/d) - klinische Labordiagnostik\"><article class=\"post visible post-1308866 dt_portfolio type-dt_portfolio status-publish has-post-thumbnail hentry dt_portfolio_category-labor dt_portfolio_category-bad-kissingen dt_portfolio_category-137 dt_portfolio_category-176\" data-name=\"Laborhilfskraft (w\/m\/d) &#8211; klinische Labordiagnostik\" data-date=\"2026-01-09T09:10:50+01:00\">\n\n<div class=\"post-thumbnail-wrap rollover-active \">\n\t<div class=\"post-thumbnail\">\n\n\t\t<a href=\"https:\/\/laboklin.de\/de\/laboklin_offene_stellen\/laborhilfskraft-w-m-d-klinische-labordiagnostik\/\" class=\"post-thumbnail-rollover layzr-bg\" target=\"\"  aria-label=\"Post image\"><img decoding=\"async\" class=\"iso-lazy-load preload-me iso-lazy-load aspect\" src=\"data:image\/svg+xml,%3Csvg%20xmlns%3D&#39;http%3A%2F%2Fwww.w3.org%2F2000%2Fsvg&#39;%20viewBox%3D&#39;0%200%20375%20375&#39;%2F%3E\" data-src=\"https:\/\/laboklin.de\/wp-content\/uploads\/2024\/02\/DSC_8048-Kopie-375x375.jpg\" data-srcset=\"https:\/\/laboklin.de\/wp-content\/uploads\/2024\/02\/DSC_8048-Kopie-375x375.jpg 375w, https:\/\/laboklin.de\/wp-content\/uploads\/2024\/02\/DSC_8048-Kopie-740x740.jpg 740w\" loading=\"eager\" style=\"--ratio: 375 \/ 375\" sizes=\"(max-width: 375px) 100vw, 375px\" alt=\"\" title=\"DSC_8048 Kopie\" width=\"375\" height=\"375\"  \/><\/a><div class=\"project-links-container\"><a href=\"https:\/\/laboklin.de\/de\/laboklin_offene_stellen\/laborhilfskraft-w-m-d-klinische-labordiagnostik\/\" target=\"\" class=\"project-details\" aria-label=\"Details link\"><span class=\"icon-portfolio-p205\"><\/span><\/a><\/div>\n\t<\/div>\n<\/div>\n\n\n<div class=\"post-entry-content\">\n\n\t<h3 class=\"entry-title\">\n\t\t<a href=\"https:\/\/laboklin.de\/de\/laboklin_offene_stellen\/laborhilfskraft-w-m-d-klinische-labordiagnostik\/\" target=\"\" title=\"Laborhilfskraft (w\/m\/d) &#8211; klinische Labordiagnostik\" rel=\"bookmark\">Laborhilfskraft (w\/m\/d) &#8211; klinische Labordiagnostik<\/a>\n\t<\/h3>\n\n\t\n\t\n\t<a class=\"dt-btn-s dt-btn post-details details-type-btn\" href=\"https:\/\/laboklin.de\/de\/laboklin_offene_stellen\/laborhilfskraft-w-m-d-klinische-labordiagnostik\/\" target=\"\">Weitere Informationen<i class=\"dt-icon-the7-arrow-03\" aria-hidden=\"true\"><\/i><\/a>\n<\/div><\/article><\/div><div class=\"visible wf-cell category-139 category-176\" data-post-id=\"1530948\" data-date=\"2025-11-05T08:30:06+01:00\" data-name=\"Mitarbeiter (w\/m\/d) Kundenservice \u2013 Telefonzentrale\"><article class=\"post visible post-1530948 dt_portfolio type-dt_portfolio status-publish has-post-thumbnail hentry dt_portfolio_category-verwaltung dt_portfolio_category-bad-kissingen dt_portfolio_category-139 dt_portfolio_category-176\" data-name=\"Mitarbeiter (w\/m\/d) Kundenservice \u2013 Telefonzentrale\" data-date=\"2025-11-05T08:30:06+01:00\">\n\n<div class=\"post-thumbnail-wrap rollover-active \">\n\t<div class=\"post-thumbnail\">\n\n\t\t<a href=\"https:\/\/laboklin.de\/de\/laboklin_offene_stellen\/mitarbeiter-w-m-d-kundenservice-kommunikation-telefonzentrale\/\" class=\"post-thumbnail-rollover layzr-bg\" target=\"\"  aria-label=\"Post image\"><img decoding=\"async\" class=\"iso-lazy-load preload-me iso-lazy-load aspect\" src=\"data:image\/svg+xml,%3Csvg%20xmlns%3D&#39;http%3A%2F%2Fwww.w3.org%2F2000%2Fsvg&#39;%20viewBox%3D&#39;0%200%20375%20375&#39;%2F%3E\" data-src=\"https:\/\/laboklin.de\/wp-content\/uploads\/2024\/01\/fakturaMA-375x375.jpg\" data-srcset=\"https:\/\/laboklin.de\/wp-content\/uploads\/2024\/01\/fakturaMA-375x375.jpg 375w, https:\/\/laboklin.de\/wp-content\/uploads\/2024\/01\/fakturaMA-399x399.jpg 399w\" loading=\"eager\" style=\"--ratio: 375 \/ 375\" sizes=\"(max-width: 375px) 100vw, 375px\" alt=\"\" title=\"fakturaM;A\" width=\"375\" height=\"375\"  \/><\/a><div class=\"project-links-container\"><a href=\"https:\/\/laboklin.de\/de\/laboklin_offene_stellen\/mitarbeiter-w-m-d-kundenservice-kommunikation-telefonzentrale\/\" target=\"\" class=\"project-details\" aria-label=\"Details link\"><span class=\"icon-portfolio-p205\"><\/span><\/a><\/div>\n\t<\/div>\n<\/div>\n\n\n<div class=\"post-entry-content\">\n\n\t<h3 class=\"entry-title\">\n\t\t<a href=\"https:\/\/laboklin.de\/de\/laboklin_offene_stellen\/mitarbeiter-w-m-d-kundenservice-kommunikation-telefonzentrale\/\" target=\"\" title=\"Mitarbeiter (w\/m\/d) Kundenservice \u2013 Telefonzentrale\" rel=\"bookmark\">Mitarbeiter (w\/m\/d) Kundenservice \u2013 Telefonzentrale<\/a>\n\t<\/h3>\n\n\t\n\t\n\t<a class=\"dt-btn-s dt-btn post-details details-type-btn\" href=\"https:\/\/laboklin.de\/de\/laboklin_offene_stellen\/mitarbeiter-w-m-d-kundenservice-kommunikation-telefonzentrale\/\" target=\"\">Weitere Informationen<i class=\"dt-icon-the7-arrow-03\" aria-hidden=\"true\"><\/i><\/a>\n<\/div><\/article><\/div><div class=\"visible wf-cell category-138\" data-post-id=\"1485310\" data-date=\"2025-08-20T11:45:21+02:00\" data-name=\"Ausbildung - Kaufmann f\u00fcr B\u00fcromanagement (w\/m\/d)\"><article class=\"post visible post-1485310 dt_portfolio type-dt_portfolio status-publish has-post-thumbnail hentry dt_portfolio_category-ausbildung dt_portfolio_category-138\" data-name=\"Ausbildung &#8211; Kaufmann f\u00fcr B\u00fcromanagement (w\/m\/d)\" data-date=\"2025-08-20T11:45:21+02:00\">\n\n<div class=\"post-thumbnail-wrap rollover-active \">\n\t<div class=\"post-thumbnail\">\n\n\t\t<a href=\"https:\/\/laboklin.de\/de\/laboklin_offene_stellen\/ausbildung-kaufmann-fuer-bueromanagement-w-m-d\/\" class=\"post-thumbnail-rollover layzr-bg\" target=\"\"  aria-label=\"Post image\"><img decoding=\"async\" class=\"iso-lazy-load preload-me iso-lazy-load aspect\" src=\"data:image\/svg+xml,%3Csvg%20xmlns%3D&#39;http%3A%2F%2Fwww.w3.org%2F2000%2Fsvg&#39;%20viewBox%3D&#39;0%200%20375%20375&#39;%2F%3E\" data-src=\"https:\/\/laboklin.de\/wp-content\/uploads\/2022\/08\/Kaufmann-fuer-Bueromanagement-375x375.jpg\" data-srcset=\"https:\/\/laboklin.de\/wp-content\/uploads\/2022\/08\/Kaufmann-fuer-Bueromanagement-375x375.jpg 375w, https:\/\/laboklin.de\/wp-content\/uploads\/2022\/08\/Kaufmann-fuer-Bueromanagement-750x750.jpg 750w\" loading=\"eager\" style=\"--ratio: 375 \/ 375\" sizes=\"(max-width: 375px) 100vw, 375px\" alt=\"\" title=\"Kaufmann f\u00fcr B\u00fcromanagement\" width=\"375\" height=\"375\"  \/><\/a><div class=\"project-links-container\"><a href=\"https:\/\/laboklin.de\/de\/laboklin_offene_stellen\/ausbildung-kaufmann-fuer-bueromanagement-w-m-d\/\" target=\"\" class=\"project-details\" aria-label=\"Details link\"><span class=\"icon-portfolio-p205\"><\/span><\/a><\/div>\n\t<\/div>\n<\/div>\n\n\n<div class=\"post-entry-content\">\n\n\t<h3 class=\"entry-title\">\n\t\t<a href=\"https:\/\/laboklin.de\/de\/laboklin_offene_stellen\/ausbildung-kaufmann-fuer-bueromanagement-w-m-d\/\" target=\"\" title=\"Ausbildung &#8211; Kaufmann f\u00fcr B\u00fcromanagement (w\/m\/d)\" rel=\"bookmark\">Ausbildung &#8211; Kaufmann f\u00fcr B\u00fcromanagement (w\/m\/d)<\/a>\n\t<\/h3>\n\n\t\n\t\n\t<a class=\"dt-btn-s dt-btn post-details details-type-btn\" href=\"https:\/\/laboklin.de\/de\/laboklin_offene_stellen\/ausbildung-kaufmann-fuer-bueromanagement-w-m-d\/\" target=\"\">Weitere Informationen<i class=\"dt-icon-the7-arrow-03\" aria-hidden=\"true\"><\/i><\/a>\n<\/div><\/article><\/div><div class=\"visible wf-cell category-177\" data-post-id=\"1314790\" data-date=\"2025-06-26T10:00:45+02:00\" data-name=\"Tierarzt (m\/w\/d) Teilzeit 50-60% - im Aussendienst \/ Region Westschweiz\"><article class=\"post visible post-1314790 dt_portfolio type-dt_portfolio status-publish has-post-thumbnail hentry dt_portfolio_category-basel dt_portfolio_category-177\" data-name=\"Tierarzt (m\/w\/d) Teilzeit 50-60% &#8211; im Aussendienst \/ Region Westschweiz\" data-date=\"2025-06-26T10:00:45+02:00\">\n\n<div class=\"post-thumbnail-wrap rollover-active \">\n\t<div class=\"post-thumbnail\">\n\n\t\t<a href=\"https:\/\/laboklin.de\/de\/laboklin_offene_stellen\/tierarzt-aussendienst-westschweiz\/\" class=\"post-thumbnail-rollover layzr-bg\" target=\"\"  aria-label=\"Post image\"><img decoding=\"async\" class=\"iso-lazy-load preload-me iso-lazy-load aspect\" src=\"data:image\/svg+xml,%3Csvg%20xmlns%3D&#39;http%3A%2F%2Fwww.w3.org%2F2000%2Fsvg&#39;%20viewBox%3D&#39;0%200%20375%20375&#39;%2F%3E\" data-src=\"https:\/\/laboklin.de\/wp-content\/uploads\/2022\/02\/DSC_7390-1-scaled-375x375.jpg\" data-srcset=\"https:\/\/laboklin.de\/wp-content\/uploads\/2022\/02\/DSC_7390-1-scaled-375x375.jpg 375w, https:\/\/laboklin.de\/wp-content\/uploads\/2022\/02\/DSC_7390-1-scaled-750x750.jpg 750w\" loading=\"eager\" style=\"--ratio: 375 \/ 375\" sizes=\"(max-width: 375px) 100vw, 375px\" alt=\"\" title=\"DSC_7390\" width=\"375\" height=\"375\"  \/><\/a><div class=\"project-links-container\"><a href=\"https:\/\/laboklin.de\/de\/laboklin_offene_stellen\/tierarzt-aussendienst-westschweiz\/\" target=\"\" class=\"project-details\" aria-label=\"Details link\"><span class=\"icon-portfolio-p205\"><\/span><\/a><\/div>\n\t<\/div>\n<\/div>\n\n\n<div class=\"post-entry-content\">\n\n\t<h3 class=\"entry-title\">\n\t\t<a href=\"https:\/\/laboklin.de\/de\/laboklin_offene_stellen\/tierarzt-aussendienst-westschweiz\/\" target=\"\" title=\"Tierarzt (m\/w\/d) Teilzeit 50-60% &#8211; im Aussendienst \/ Region Westschweiz\" rel=\"bookmark\">Tierarzt (m\/w\/d) Teilzeit 50-60% &#8211; im Aussendienst \/ Region Westschweiz<\/a>\n\t<\/h3>\n\n\t\n\t\n\t<a class=\"dt-btn-s dt-btn post-details details-type-btn\" href=\"https:\/\/laboklin.de\/de\/laboklin_offene_stellen\/tierarzt-aussendienst-westschweiz\/\" target=\"\">Weitere Informationen<i class=\"dt-icon-the7-arrow-03\" aria-hidden=\"true\"><\/i><\/a>\n<\/div><\/article><\/div><div class=\"visible wf-cell category-177\" data-post-id=\"1436014\" data-date=\"2025-06-26T09:31:39+02:00\" data-name=\"Labortierarzt (m\/w\/d) 80-100%\"><article class=\"post visible post-1436014 dt_portfolio type-dt_portfolio status-publish has-post-thumbnail hentry dt_portfolio_category-basel dt_portfolio_category-177\" data-name=\"Labortierarzt (m\/w\/d) 80-100%\" data-date=\"2025-06-26T09:31:39+02:00\">\n\n<div class=\"post-thumbnail-wrap rollover-active \">\n\t<div class=\"post-thumbnail\">\n\n\t\t<a href=\"https:\/\/laboklin.de\/de\/laboklin_offene_stellen\/labortierarzt-m-w-d-80-100\/\" class=\"post-thumbnail-rollover layzr-bg\" target=\"\"  aria-label=\"Post image\"><img decoding=\"async\" class=\"iso-lazy-load preload-me iso-lazy-load aspect\" src=\"data:image\/svg+xml,%3Csvg%20xmlns%3D&#39;http%3A%2F%2Fwww.w3.org%2F2000%2Fsvg&#39;%20viewBox%3D&#39;0%200%20375%20375&#39;%2F%3E\" data-src=\"https:\/\/laboklin.de\/wp-content\/uploads\/2020\/09\/header_tierarzt_patho-375x375.jpg\" data-srcset=\"https:\/\/laboklin.de\/wp-content\/uploads\/2020\/09\/header_tierarzt_patho-375x375.jpg 375w, https:\/\/laboklin.de\/wp-content\/uploads\/2020\/09\/header_tierarzt_patho-750x750.jpg 750w\" loading=\"eager\" style=\"--ratio: 375 \/ 375\" sizes=\"(max-width: 375px) 100vw, 375px\" alt=\"header tierarzt patho\" title=\"Header_Tierarzt_Patho\" width=\"375\" height=\"375\"  \/><\/a><div class=\"project-links-container\"><a href=\"https:\/\/laboklin.de\/de\/laboklin_offene_stellen\/labortierarzt-m-w-d-80-100\/\" target=\"\" class=\"project-details\" aria-label=\"Details link\"><span class=\"icon-portfolio-p205\"><\/span><\/a><\/div>\n\t<\/div>\n<\/div>\n\n\n<div class=\"post-entry-content\">\n\n\t<h3 class=\"entry-title\">\n\t\t<a href=\"https:\/\/laboklin.de\/de\/laboklin_offene_stellen\/labortierarzt-m-w-d-80-100\/\" target=\"\" title=\"Labortierarzt (m\/w\/d) 80-100%\" rel=\"bookmark\">Labortierarzt (m\/w\/d) 80-100%<\/a>\n\t<\/h3>\n\n\t\n\t\n\t<a class=\"dt-btn-s dt-btn post-details details-type-btn\" href=\"https:\/\/laboklin.de\/de\/laboklin_offene_stellen\/labortierarzt-m-w-d-80-100\/\" target=\"\">Weitere Informationen<i class=\"dt-icon-the7-arrow-03\" aria-hidden=\"true\"><\/i><\/a>\n<\/div><\/article><\/div><div class=\"visible wf-cell category-139 category-176\" data-post-id=\"1306430\" data-date=\"2025-05-16T08:10:49+02:00\" data-name=\"Kundenservice \u2013 Auftragserfassung (m\/w\/d)\"><article class=\"post visible post-1306430 dt_portfolio type-dt_portfolio status-publish has-post-thumbnail hentry dt_portfolio_category-verwaltung dt_portfolio_category-bad-kissingen dt_portfolio_category-139 dt_portfolio_category-176\" data-name=\"Kundenservice \u2013 Auftragserfassung (m\/w\/d)\" data-date=\"2025-05-16T08:10:49+02:00\">\n\n<div class=\"post-thumbnail-wrap rollover-active \">\n\t<div class=\"post-thumbnail\">\n\n\t\t<a href=\"https:\/\/laboklin.de\/de\/laboklin_offene_stellen\/engagierte-mitarbeiter-w-m-d-fuer-buero\/\" class=\"post-thumbnail-rollover layzr-bg\" target=\"\"  aria-label=\"Post image\"><img decoding=\"async\" class=\"iso-lazy-load preload-me iso-lazy-load aspect\" src=\"data:image\/svg+xml,%3Csvg%20xmlns%3D&#39;http%3A%2F%2Fwww.w3.org%2F2000%2Fsvg&#39;%20viewBox%3D&#39;0%200%20375%20375&#39;%2F%3E\" data-src=\"https:\/\/laboklin.de\/wp-content\/uploads\/2022\/08\/DSC_9152-Kopie-scaled-375x375.jpg\" data-srcset=\"https:\/\/laboklin.de\/wp-content\/uploads\/2022\/08\/DSC_9152-Kopie-scaled-375x375.jpg 375w, https:\/\/laboklin.de\/wp-content\/uploads\/2022\/08\/DSC_9152-Kopie-scaled-750x750.jpg 750w\" loading=\"eager\" style=\"--ratio: 375 \/ 375\" sizes=\"(max-width: 375px) 100vw, 375px\" alt=\"\" title=\"DSC_9152 Kopie\" width=\"375\" height=\"375\"  \/><\/a><div class=\"project-links-container\"><a href=\"https:\/\/laboklin.de\/de\/laboklin_offene_stellen\/engagierte-mitarbeiter-w-m-d-fuer-buero\/\" target=\"\" class=\"project-details\" aria-label=\"Details link\"><span class=\"icon-portfolio-p205\"><\/span><\/a><\/div>\n\t<\/div>\n<\/div>\n\n\n<div class=\"post-entry-content\">\n\n\t<h3 class=\"entry-title\">\n\t\t<a href=\"https:\/\/laboklin.de\/de\/laboklin_offene_stellen\/engagierte-mitarbeiter-w-m-d-fuer-buero\/\" target=\"\" title=\"Kundenservice \u2013 Auftragserfassung (m\/w\/d)\" rel=\"bookmark\">Kundenservice \u2013 Auftragserfassung (m\/w\/d)<\/a>\n\t<\/h3>\n\n\t\n\t\n\t<a class=\"dt-btn-s dt-btn post-details details-type-btn\" href=\"https:\/\/laboklin.de\/de\/laboklin_offene_stellen\/engagierte-mitarbeiter-w-m-d-fuer-buero\/\" target=\"\">Weitere Informationen<i class=\"dt-icon-the7-arrow-03\" aria-hidden=\"true\"><\/i><\/a>\n<\/div><\/article><\/div><div class=\"visible wf-cell category-137 category-176\" data-post-id=\"1302725\" data-date=\"2025-05-08T12:40:41+02:00\" data-name=\"Laborant (m\/w\/d) - Pathologie\"><article class=\"post visible post-1302725 dt_portfolio type-dt_portfolio status-publish has-post-thumbnail hentry dt_portfolio_category-labor dt_portfolio_category-bad-kissingen dt_portfolio_category-137 dt_portfolio_category-176\" data-name=\"Laborant (m\/w\/d) &#8211; Pathologie\" data-date=\"2025-05-08T12:40:41+02:00\">\n\n<div class=\"post-thumbnail-wrap rollover-active \">\n\t<div class=\"post-thumbnail\">\n\n\t\t<a href=\"https:\/\/laboklin.de\/de\/laboklin_offene_stellen\/laborant-m-w-d-pathologie\/\" class=\"post-thumbnail-rollover layzr-bg\" target=\"\"  aria-label=\"Post image\"><img decoding=\"async\" class=\"iso-lazy-load preload-me iso-lazy-load aspect\" src=\"data:image\/svg+xml,%3Csvg%20xmlns%3D&#39;http%3A%2F%2Fwww.w3.org%2F2000%2Fsvg&#39;%20viewBox%3D&#39;0%200%20375%20375&#39;%2F%3E\" data-src=\"https:\/\/laboklin.de\/wp-content\/uploads\/2021\/06\/DSC_8975-Kopie-scaled-375x375.jpg\" data-srcset=\"https:\/\/laboklin.de\/wp-content\/uploads\/2021\/06\/DSC_8975-Kopie-scaled-375x375.jpg 375w, https:\/\/laboklin.de\/wp-content\/uploads\/2021\/06\/DSC_8975-Kopie-scaled-750x750.jpg 750w\" loading=\"eager\" style=\"--ratio: 375 \/ 375\" sizes=\"(max-width: 375px) 100vw, 375px\" alt=\"\" title=\"DSC_8975 Kopie\" width=\"375\" height=\"375\"  \/><\/a><div class=\"project-links-container\"><a href=\"https:\/\/laboklin.de\/de\/laboklin_offene_stellen\/laborant-m-w-d-pathologie\/\" target=\"\" class=\"project-details\" aria-label=\"Details link\"><span class=\"icon-portfolio-p205\"><\/span><\/a><\/div>\n\t<\/div>\n<\/div>\n\n\n<div class=\"post-entry-content\">\n\n\t<h3 class=\"entry-title\">\n\t\t<a href=\"https:\/\/laboklin.de\/de\/laboklin_offene_stellen\/laborant-m-w-d-pathologie\/\" target=\"\" title=\"Laborant (m\/w\/d) &#8211; Pathologie\" rel=\"bookmark\">Laborant (m\/w\/d) &#8211; Pathologie<\/a>\n\t<\/h3>\n\n\t\n\t\n\t<a class=\"dt-btn-s dt-btn post-details details-type-btn\" href=\"https:\/\/laboklin.de\/de\/laboklin_offene_stellen\/laborant-m-w-d-pathologie\/\" target=\"\">Weitere Informationen<i class=\"dt-icon-the7-arrow-03\" aria-hidden=\"true\"><\/i><\/a>\n<\/div><\/article><\/div><div class=\"visible wf-cell category-137 category-176\" data-post-id=\"1302788\" data-date=\"2024-10-01T08:45:06+02:00\" data-name=\"Laborant (w\/m\/d) - klinische Labordiagnostik\"><article class=\"post visible post-1302788 dt_portfolio type-dt_portfolio status-publish has-post-thumbnail hentry dt_portfolio_category-labor dt_portfolio_category-bad-kissingen dt_portfolio_category-137 dt_portfolio_category-176\" data-name=\"Laborant (w\/m\/d) &#8211; klinische Labordiagnostik\" data-date=\"2024-10-01T08:45:06+02:00\">\n\n<div class=\"post-thumbnail-wrap rollover-active \">\n\t<div class=\"post-thumbnail\">\n\n\t\t<a href=\"https:\/\/laboklin.de\/de\/laboklin_offene_stellen\/laborant-w-m-d-klinische-labordiagnostik\/\" class=\"post-thumbnail-rollover layzr-bg\" target=\"\"  aria-label=\"Post image\"><img decoding=\"async\" class=\"iso-lazy-load preload-me iso-lazy-load aspect\" src=\"data:image\/svg+xml,%3Csvg%20xmlns%3D&#39;http%3A%2F%2Fwww.w3.org%2F2000%2Fsvg&#39;%20viewBox%3D&#39;0%200%20375%20375&#39;%2F%3E\" data-src=\"https:\/\/laboklin.de\/wp-content\/uploads\/2020\/12\/DSC_7808-Kopie-scaled-375x375.jpg\" data-srcset=\"https:\/\/laboklin.de\/wp-content\/uploads\/2020\/12\/DSC_7808-Kopie-scaled-375x375.jpg 375w, https:\/\/laboklin.de\/wp-content\/uploads\/2020\/12\/DSC_7808-Kopie-scaled-750x750.jpg 750w\" loading=\"eager\" style=\"--ratio: 375 \/ 375\" sizes=\"(max-width: 375px) 100vw, 375px\" alt=\"\" title=\"DSC_7808 Kopie\" width=\"375\" height=\"375\"  \/><\/a><div class=\"project-links-container\"><a href=\"https:\/\/laboklin.de\/de\/laboklin_offene_stellen\/laborant-w-m-d-klinische-labordiagnostik\/\" target=\"\" class=\"project-details\" aria-label=\"Details link\"><span class=\"icon-portfolio-p205\"><\/span><\/a><\/div>\n\t<\/div>\n<\/div>\n\n\n<div class=\"post-entry-content\">\n\n\t<h3 class=\"entry-title\">\n\t\t<a href=\"https:\/\/laboklin.de\/de\/laboklin_offene_stellen\/laborant-w-m-d-klinische-labordiagnostik\/\" target=\"\" title=\"Laborant (w\/m\/d) &#8211; klinische Labordiagnostik\" rel=\"bookmark\">Laborant (w\/m\/d) &#8211; klinische Labordiagnostik<\/a>\n\t<\/h3>\n\n\t\n\t\n\t<a class=\"dt-btn-s dt-btn post-details details-type-btn\" href=\"https:\/\/laboklin.de\/de\/laboklin_offene_stellen\/laborant-w-m-d-klinische-labordiagnostik\/\" target=\"\">Weitere Informationen<i class=\"dt-icon-the7-arrow-03\" aria-hidden=\"true\"><\/i><\/a>\n<\/div><\/article><\/div><div class=\"visible wf-cell category-177\" data-post-id=\"1436019\" data-date=\"2024-06-14T10:32:30+02:00\" data-name=\"Mitarbeiter f\u00fcr die Laboradministration  (m\/w\/d) Teilzeit 80 %\"><article class=\"post visible post-1436019 dt_portfolio type-dt_portfolio status-publish has-post-thumbnail hentry dt_portfolio_category-basel dt_portfolio_category-177\" data-name=\"Mitarbeiter f\u00fcr die Laboradministration  (m\/w\/d) Teilzeit 80 %\" data-date=\"2024-06-14T10:32:30+02:00\">\n\n<div class=\"post-thumbnail-wrap rollover-active \">\n\t<div class=\"post-thumbnail\">\n\n\t\t<a href=\"https:\/\/laboklin.de\/de\/laboklin_offene_stellen\/mitarbeiter-fuer-die-laboradministration-m-w-d-teilzeit-80\/\" class=\"post-thumbnail-rollover layzr-bg\" target=\"\"  aria-label=\"Post image\"><img decoding=\"async\" class=\"iso-lazy-load preload-me iso-lazy-load aspect\" src=\"data:image\/svg+xml,%3Csvg%20xmlns%3D&#39;http%3A%2F%2Fwww.w3.org%2F2000%2Fsvg&#39;%20viewBox%3D&#39;0%200%20375%20375&#39;%2F%3E\" data-src=\"https:\/\/laboklin.de\/wp-content\/uploads\/2021\/10\/DSC_9398-Kopie-scaled-375x375.jpg\" data-srcset=\"https:\/\/laboklin.de\/wp-content\/uploads\/2021\/10\/DSC_9398-Kopie-scaled-375x375.jpg 375w, https:\/\/laboklin.de\/wp-content\/uploads\/2021\/10\/DSC_9398-Kopie-scaled-750x750.jpg 750w\" loading=\"eager\" style=\"--ratio: 375 \/ 375\" sizes=\"(max-width: 375px) 100vw, 375px\" alt=\"\" title=\"DSC_9398 Kopie\" width=\"375\" height=\"375\"  \/><\/a><div class=\"project-links-container\"><a href=\"https:\/\/laboklin.de\/de\/laboklin_offene_stellen\/mitarbeiter-fuer-die-laboradministration-m-w-d-teilzeit-80\/\" target=\"\" class=\"project-details\" aria-label=\"Details link\"><span class=\"icon-portfolio-p205\"><\/span><\/a><\/div>\n\t<\/div>\n<\/div>\n\n\n<div class=\"post-entry-content\">\n\n\t<h3 class=\"entry-title\">\n\t\t<a href=\"https:\/\/laboklin.de\/de\/laboklin_offene_stellen\/mitarbeiter-fuer-die-laboradministration-m-w-d-teilzeit-80\/\" target=\"\" title=\"Mitarbeiter f\u00fcr die Laboradministration  (m\/w\/d) Teilzeit 80 %\" rel=\"bookmark\">Mitarbeiter f\u00fcr die Laboradministration  (m\/w\/d) Teilzeit 80 %<\/a>\n\t<\/h3>\n\n\t\n\t\n\t<a class=\"dt-btn-s dt-btn post-details details-type-btn\" href=\"https:\/\/laboklin.de\/de\/laboklin_offene_stellen\/mitarbeiter-fuer-die-laboradministration-m-w-d-teilzeit-80\/\" target=\"\">Weitere Informationen<i class=\"dt-icon-the7-arrow-03\" aria-hidden=\"true\"><\/i><\/a>\n<\/div><\/article><\/div><div class=\"visible wf-cell category-137 category-176\" data-post-id=\"1765\" data-date=\"2020-09-17T15:04:28+02:00\" data-name=\"Fachtierarzt &lt;br&gt;(m\/w\/d) oder Diplomate ECVP\/ACVP \u2013 Pathologie\"><article class=\"post visible post-1765 dt_portfolio type-dt_portfolio status-publish has-post-thumbnail hentry dt_portfolio_category-labor dt_portfolio_category-bad-kissingen dt_portfolio_category-137 dt_portfolio_category-176\" data-name=\"Fachtierarzt &lt;br&gt;(m\/w\/d) oder Diplomate ECVP\/ACVP \u2013 Pathologie\" data-date=\"2020-09-17T15:04:28+02:00\">\n\n<div class=\"post-thumbnail-wrap rollover-active \">\n\t<div class=\"post-thumbnail\">\n\n\t\t<a href=\"https:\/\/laboklin.de\/de\/laboklin_offene_stellen\/tierarzt-m-w-d-pathologie\/\" class=\"post-thumbnail-rollover layzr-bg\" target=\"\"  aria-label=\"Post image\"><img decoding=\"async\" class=\"iso-lazy-load preload-me iso-lazy-load aspect\" src=\"data:image\/svg+xml,%3Csvg%20xmlns%3D&#39;http%3A%2F%2Fwww.w3.org%2F2000%2Fsvg&#39;%20viewBox%3D&#39;0%200%20375%20375&#39;%2F%3E\" data-src=\"https:\/\/laboklin.de\/wp-content\/uploads\/2020\/07\/LABOKLIN_07.2020_28-375x375.jpg\" data-srcset=\"https:\/\/laboklin.de\/wp-content\/uploads\/2020\/07\/LABOKLIN_07.2020_28-375x375.jpg 375w, https:\/\/laboklin.de\/wp-content\/uploads\/2020\/07\/LABOKLIN_07.2020_28-750x750.jpg 750w\" loading=\"eager\" style=\"--ratio: 375 \/ 375\" sizes=\"(max-width: 375px) 100vw, 375px\" alt=\"\" title=\"LABOKLIN_07.2020_28\" width=\"375\" height=\"375\"  \/><\/a><div class=\"project-links-container\"><a href=\"https:\/\/laboklin.de\/de\/laboklin_offene_stellen\/tierarzt-m-w-d-pathologie\/\" target=\"\" class=\"project-details\" aria-label=\"Details link\"><span class=\"icon-portfolio-p205\"><\/span><\/a><\/div>\n\t<\/div>\n<\/div>\n\n\n<div class=\"post-entry-content\">\n\n\t<h3 class=\"entry-title\">\n\t\t<a href=\"https:\/\/laboklin.de\/de\/laboklin_offene_stellen\/tierarzt-m-w-d-pathologie\/\" target=\"\" title=\"Fachtierarzt (m\/w\/d) oder Diplomate ECVP\/ACVP \u2013 Pathologie\" rel=\"bookmark\">Fachtierarzt <br>(m\/w\/d) oder Diplomate ECVP\/ACVP \u2013 Pathologie<\/a>\n\t<\/h3>\n\n\t\n\t\n\t<a class=\"dt-btn-s dt-btn post-details details-type-btn\" href=\"https:\/\/laboklin.de\/de\/laboklin_offene_stellen\/tierarzt-m-w-d-pathologie\/\" target=\"\">Weitere Informationen<i class=\"dt-icon-the7-arrow-03\" aria-hidden=\"true\"><\/i><\/a>\n<\/div><\/article><\/div><div class=\"visible wf-cell category-197\" data-post-id=\"1307506\" data-date=\"2020-08-12T10:25:21+02:00\" data-name=\"Initiativbewerbung (w\/m\/d)\"><article class=\"post visible post-1307506 dt_portfolio type-dt_portfolio status-publish has-post-thumbnail hentry dt_portfolio_category-initiativbewerbung dt_portfolio_category-197\" data-name=\"Initiativbewerbung (w\/m\/d)\" data-date=\"2020-08-12T10:25:21+02:00\">\n\n<div class=\"post-thumbnail-wrap rollover-active \">\n\t<div class=\"post-thumbnail\">\n\n\t\t<a href=\"https:\/\/laboklin.de\/de\/laboklin_offene_stellen\/initiativbewerbung\/\" class=\"post-thumbnail-rollover layzr-bg\" target=\"\"  aria-label=\"Post image\"><img decoding=\"async\" class=\"iso-lazy-load preload-me iso-lazy-load aspect\" src=\"data:image\/svg+xml,%3Csvg%20xmlns%3D&#39;http%3A%2F%2Fwww.w3.org%2F2000%2Fsvg&#39;%20viewBox%3D&#39;0%200%20375%20375&#39;%2F%3E\" data-src=\"https:\/\/laboklin.de\/wp-content\/uploads\/2020\/08\/Laboklin_Gebaeude_1200x-375x375.jpg\" data-srcset=\"https:\/\/laboklin.de\/wp-content\/uploads\/2020\/08\/Laboklin_Gebaeude_1200x-375x375.jpg 375w, https:\/\/laboklin.de\/wp-content\/uploads\/2020\/08\/Laboklin_Gebaeude_1200x-619x619.jpg 619w\" loading=\"eager\" style=\"--ratio: 375 \/ 375\" sizes=\"(max-width: 375px) 100vw, 375px\" alt=\"\" title=\"Laboklin_Geb\u00e4ude_1200x\" width=\"375\" height=\"375\"  \/><\/a><div class=\"project-links-container\"><a href=\"https:\/\/laboklin.de\/de\/laboklin_offene_stellen\/initiativbewerbung\/\" target=\"\" class=\"project-details\" aria-label=\"Details link\"><span class=\"icon-portfolio-p205\"><\/span><\/a><\/div>\n\t<\/div>\n<\/div>\n\n\n<div class=\"post-entry-content\">\n\n\t<h3 class=\"entry-title\">\n\t\t<a href=\"https:\/\/laboklin.de\/de\/laboklin_offene_stellen\/initiativbewerbung\/\" target=\"\" title=\"Initiativbewerbung (w\/m\/d)\" rel=\"bookmark\">Initiativbewerbung (w\/m\/d)<\/a>\n\t<\/h3>\n\n\t\n\t\n\t<a class=\"dt-btn-s dt-btn post-details details-type-btn\" href=\"https:\/\/laboklin.de\/de\/laboklin_offene_stellen\/initiativbewerbung\/\" target=\"\">Weitere Informationen<i class=\"dt-icon-the7-arrow-03\" aria-hidden=\"true\"><\/i><\/a>\n<\/div><\/article><\/div><\/div><!-- iso-container|iso-grid --><\/div>[\/vc_column][\/vc_row][vc_row type=&#8220;vc_default&#8220; disable_element=&#8220;yes&#8220;][vc_column width=&#8220;1\/3&#8243;]<div tabindex=\"0\" class=\"ult-new-ib ult-ib-effect-style9  ult-ib-resp ult-ib2-min-height \" data-min-width=\"768\" data-max-width=\"900\" style=\"background:#dd3333; opacity:0; \" data-opacity=\"0.5\" data-hover-opacity=\"0.2\"  data-min-height=\"250\" ><img decoding=\"async\" class=\"ult-new-ib-img\" style=\"opacity:0.5;\" alt=\"null\" src=\"https:\/\/laboklin.de\/wp-content\/uploads\/2020\/07\/LABOKLIN_07.2020_28.jpg\"  data-min-height=\"250\"   \/><div id=\"interactive-banner-wrap-5458\" class=\"ult-new-ib-desc\" style=\"\"><h2 class=\"ult-new-ib-title ult-responsive\"  data-ultimate-target='#interactive-banner-wrap-5458 .ult-new-ib-title'  data-responsive-json-new='{\"font-size\":\"\",\"line-height\":\"\"}'  style=\"font-family:&#039;Open Sans&#039;;font-weight:600;color:#ffffff;\">Fachtierarzt oder Dipl. ECVP\/ACVP<\/h2><div class=\"ult-new-ib-content ult-responsive\"  data-ultimate-target='#interactive-banner-wrap-5458 .ult-new-ib-content'  data-responsive-json-new='{\"font-size\":\"\",\"line-height\":\"\"}'  style=\"font-family:&#039;Open Sans&#039;;font-weight:normal;\"><p>f\u00fcr die Abteilung Pathologie<\/p><\/div><\/div><a class=\"ult-new-ib-link\" href=\"\/?page_id=5068\" title=\"Fachtierarzt\"  ><\/a><\/div>[\/vc_column][vc_column width=&#8220;1\/3&#8243;]<div tabindex=\"0\" class=\"ult-new-ib ult-ib-effect-style9  ult-ib-resp ult-ib2-min-height \" data-min-width=\"768\" data-max-width=\"900\" style=\"background:#dd3333; opacity:0; \" data-opacity=\"0.6\" data-hover-opacity=\"0.3\"  data-min-height=\"250\" ><img decoding=\"async\" class=\"ult-new-ib-img\" style=\"opacity:0.6;\" alt=\"null\" src=\"https:\/\/laboklin.de\/wp-content\/uploads\/2020\/07\/LABOKLIN_07.2020_58.jpg\"  data-min-height=\"250\"   \/><div id=\"interactive-banner-wrap-6487\" class=\"ult-new-ib-desc\" style=\"\"><h2 class=\"ult-new-ib-title ult-responsive\"  data-ultimate-target='#interactive-banner-wrap-6487 .ult-new-ib-title'  data-responsive-json-new='{\"font-size\":\"\",\"line-height\":\"\"}'  style=\"font-family:&#039;Open Sans&#039;;font-weight:600;color:#ffffff;\">Veranstaltungs-kaufmann (w\/m\/d)<\/h2><div class=\"ult-new-ib-content ult-responsive\"  data-ultimate-target='#interactive-banner-wrap-6487 .ult-new-ib-content'  data-responsive-json-new='{\"font-size\":\"\",\"line-height\":\"\"}'  style=\"font-family:&#039;Open Sans&#039;;font-weight:normal;color:#ffffff;\"><p>f\u00fcr die Abteilung<\/p><\/div><\/div><a class=\"ult-new-ib-link\" href=\"https:\/\/laboklin.fotoartmedia.de\/offene-stellen-laboklin\/veranstaltungskaufmann-w-m-d\/\" title=\"Preise &amp; Leistung Katalog 2020\/21\"  ><\/a><\/div>[\/vc_column][vc_column width=&#8220;1\/3&#8243;]<div tabindex=\"0\" class=\"ult-new-ib ult-ib-effect-style9  ult-ib-resp ult-ib2-min-height \" data-min-width=\"768\" data-max-width=\"900\" style=\"background:#000000; opacity:0; \" data-opacity=\"0.6\" data-hover-opacity=\"0.3\"  data-min-height=\"250\" ><img decoding=\"async\" class=\"ult-new-ib-img\" style=\"opacity:0.6;\" alt=\"null\" src=\"https:\/\/laboklin.de\/wp-content\/uploads\/2020\/07\/LABOKLIN_07.2020_50.jpg\"  data-min-height=\"250\"   \/><div id=\"interactive-banner-wrap-6863\" class=\"ult-new-ib-desc\" style=\"\"><h2 class=\"ult-new-ib-title ult-responsive\"  data-ultimate-target='#interactive-banner-wrap-6863 .ult-new-ib-title'  data-responsive-json-new='{\"font-size\":\"\",\"line-height\":\"\"}'  style=\"font-family:&#039;Open Sans&#039;;font-weight:600;\">Bachelor\/Master Biologie<\/h2><div class=\"ult-new-ib-content ult-responsive\"  data-ultimate-target='#interactive-banner-wrap-6863 .ult-new-ib-content'  data-responsive-json-new='{\"font-size\":\"\",\"line-height\":\"\"}'  style=\"font-family:&#039;Open Sans&#039;;font-weight:normal;\"><p>f\u00fcr die Abteilung Molekularbiologie<\/p><\/div><\/div><a class=\"ult-new-ib-link\" href=\"https:\/\/laboklin.fotoartmedia.de\/offene-stellen-laboklin\/bachelor-master-biologie-oder-dipl-biologe-w-m-d\/\" title=\"Bachelor\/Master Biologie oder Dipl.-Biologe (w\/m\/d)\"  ><\/a><\/div>[\/vc_column][\/vc_row][vc_row type=&#8220;vc_default&#8220; disable_element=&#8220;yes&#8220;][vc_column width=&#8220;1\/3&#8243;]<div tabindex=\"0\" class=\"ult-new-ib ult-ib-effect-style9  ult-ib-resp ult-ib2-min-height \" data-min-width=\"768\" data-max-width=\"900\" style=\"background:#000000; opacity:0; \" data-opacity=\"0.5\" data-hover-opacity=\"0.2\"  data-min-height=\"250\" ><img decoding=\"async\" class=\"ult-new-ib-img\" style=\"opacity:0.5;\" alt=\"null\" src=\"https:\/\/laboklin.de\/wp-content\/uploads\/2020\/07\/LABOKLIN_07.2020_46.jpg\"  data-min-height=\"250\"   \/><div id=\"interactive-banner-wrap-1663\" class=\"ult-new-ib-desc\" style=\"\"><h2 class=\"ult-new-ib-title ult-responsive\"  data-ultimate-target='#interactive-banner-wrap-1663 .ult-new-ib-title'  data-responsive-json-new='{\"font-size\":\"\",\"line-height\":\"\"}'  style=\"font-family:&#039;Open Sans&#039;;font-weight:600;color:#ffffff;\">Mitarbeiter in der Datenerfassung<\/h2><div class=\"ult-new-ib-content ult-responsive\"  data-ultimate-target='#interactive-banner-wrap-1663 .ult-new-ib-content'  data-responsive-json-new='{\"font-size\":\"\",\"line-height\":\"\"}'  style=\"font-family:&#039;Open Sans&#039;;font-weight:normal;\"><p>in Vollzeit<\/p><\/div><\/div><a class=\"ult-new-ib-link\" href=\"https:\/\/laboklin.fotoartmedia.de\/offene-stellen-laboklin\/mitarbeiter-in-der-datenerfassung-w-m-d\/\" title=\"Preise &amp; Leistung Katalog 2020\/21\"  ><\/a><\/div>[\/vc_column][vc_column width=&#8220;1\/3&#8243;]<div tabindex=\"0\" class=\"ult-new-ib ult-ib-effect-style9  ult-ib-resp ult-ib2-min-height \" data-min-width=\"768\" data-max-width=\"900\" style=\"background:#1e73be; opacity:0; \" data-opacity=\"0.6\" data-hover-opacity=\"0.3\"  data-min-height=\"250\" ><img decoding=\"async\" class=\"ult-new-ib-img\" style=\"opacity:0.6;\" alt=\"null\" src=\"https:\/\/laboklin.de\/wp-content\/uploads\/2020\/07\/LABOKLIN_07.2020_45.jpg\"  data-min-height=\"250\"   \/><div id=\"interactive-banner-wrap-5632\" class=\"ult-new-ib-desc\" style=\"\"><h2 class=\"ult-new-ib-title ult-responsive\"  data-ultimate-target='#interactive-banner-wrap-5632 .ult-new-ib-title'  data-responsive-json-new='{\"font-size\":\"\",\"line-height\":\"\"}'  style=\"font-family:&#039;Open Sans&#039;;font-weight:600;color:#ffffff;\">Call Center Agenten<\/h2><div class=\"ult-new-ib-content ult-responsive\"  data-ultimate-target='#interactive-banner-wrap-5632 .ult-new-ib-content'  data-responsive-json-new='{\"font-size\":\"\",\"line-height\":\"\"}'  style=\"font-family:&#039;Open Sans&#039;;font-weight:normal;color:#ffffff;\"><p>f\u00fcr die Abteilung Call-Center<\/p><\/div><\/div><a class=\"ult-new-ib-link\" href=\"https:\/\/laboklin.fotoartmedia.de\/offene-stellen-laboklin\/call-center-agenten-w-m-d-in-vollzeit\/\" title=\"Preise &amp; Leistung Katalog 2020\/21\"  ><\/a><\/div>[\/vc_column][vc_column width=&#8220;1\/3&#8243;]<div tabindex=\"0\" class=\"ult-new-ib ult-ib-effect-style9  ult-ib-resp ult-ib2-min-height \" data-min-width=\"768\" data-max-width=\"900\" style=\"background:#69992f; opacity:0; \" data-opacity=\"0.6\" data-hover-opacity=\"0.3\"  data-min-height=\"250\" ><img decoding=\"async\" class=\"ult-new-ib-img\" style=\"opacity:0.6;\" alt=\"null\" src=\"https:\/\/laboklin.de\/wp-content\/uploads\/2020\/07\/dsc_6357.jpg\"  data-min-height=\"250\"   \/><div id=\"interactive-banner-wrap-3954\" class=\"ult-new-ib-desc\" style=\"\"><h2 class=\"ult-new-ib-title ult-responsive\"  data-ultimate-target='#interactive-banner-wrap-3954 .ult-new-ib-title'  data-responsive-json-new='{\"font-size\":\"desktop:22px;\",\"line-height\":\"\"}'  style=\"font-family:&#039;Open Sans&#039;;font-weight:600;\">Laborleitung<\/h2><div class=\"ult-new-ib-content ult-responsive\"  data-ultimate-target='#interactive-banner-wrap-3954 .ult-new-ib-content'  data-responsive-json-new='{\"font-size\":\"\",\"line-height\":\"\"}'  style=\"font-family:&#039;Open Sans&#039;;font-weight:normal;\"><p>f\u00fcr die Abteilung klinische Labordiagnostik<\/p><\/div><\/div><a class=\"ult-new-ib-link\" href=\"https:\/\/laboklin.fotoartmedia.de\/infothek\/preise-und-leistung-katalog-2020-21\/\" title=\"Preise &amp; Leistung Katalog 2020\/21\"  ><\/a><\/div>[\/vc_column][\/vc_row][vc_row type=&#8220;vc_default&#8220; disable_element=&#8220;yes&#8220;][vc_column width=&#8220;1\/3&#8243;]<div tabindex=\"0\" class=\"ult-new-ib ult-ib-effect-style9  ult-ib-resp ult-ib2-min-height \" data-min-width=\"768\" data-max-width=\"900\" style=\"background:#dd9933; opacity:0; \" data-opacity=\"0.5\" data-hover-opacity=\"0.2\"  data-min-height=\"250\" ><img decoding=\"async\" class=\"ult-new-ib-img\" style=\"opacity:0.5;\" alt=\"null\" src=\"https:\/\/laboklin.de\/wp-content\/uploads\/2020\/07\/LABOKLIN_07.2020_43.jpg\"  data-min-height=\"250\"   \/><div id=\"interactive-banner-wrap-2653\" class=\"ult-new-ib-desc\" style=\"\"><h1 class=\"ult-new-ib-title ult-responsive\"  data-ultimate-target='#interactive-banner-wrap-2653 .ult-new-ib-title'  data-responsive-json-new='{\"font-size\":\"desktop:24px;\",\"line-height\":\"\"}'  style=\"font-family:&#039;Open Sans&#039;;font-weight:600;color:#ffffff;\">MTA<\/h1><div class=\"ult-new-ib-content ult-responsive\"  data-ultimate-target='#interactive-banner-wrap-2653 .ult-new-ib-content'  data-responsive-json-new='{\"font-size\":\"\",\"line-height\":\"\"}'  style=\"font-family:&#039;Open Sans&#039;;font-weight:normal;\"><p>f\u00fcr die Abteilung f\u00fcr die Mikrobiologie\/Pathologie<\/p><\/div><\/div><a class=\"ult-new-ib-link\" href=\"https:\/\/laboklin.fotoartmedia.de\/offene-stellen-laboklin\/mta-w-m-d-fuer-die-mikrobiologie-pathologie\/\" title=\"MTA f\u00fcr Abt. Mikrobiologie\"  ><\/a><\/div>[\/vc_column][vc_column width=&#8220;1\/3&#8243;]<div tabindex=\"0\" class=\"ult-new-ib ult-ib-effect-style9  ult-ib-resp ult-ib2-min-height \" data-min-width=\"768\" data-max-width=\"900\" style=\"background:#000000; opacity:0; \" data-opacity=\"0.6\" data-hover-opacity=\"0.3\"  data-min-height=\"250\" ><img decoding=\"async\" class=\"ult-new-ib-img\" style=\"opacity:0.6;\" alt=\"null\" src=\"https:\/\/laboklin.de\/wp-content\/uploads\/2020\/02\/LABOKLIN_07.2020_14.jpg\"  data-min-height=\"250\"   \/><div id=\"interactive-banner-wrap-3449\" class=\"ult-new-ib-desc\" style=\"\"><h2 class=\"ult-new-ib-title ult-responsive\"  data-ultimate-target='#interactive-banner-wrap-3449 .ult-new-ib-title'  data-responsive-json-new='{\"font-size\":\"\",\"line-height\":\"\"}'  style=\"font-family:&#039;Open Sans&#039;;font-weight:600;color:#ffffff;\">Biologielaboranten, MTAs, BTAs oder MTFAs<\/h2><div class=\"ult-new-ib-content ult-responsive\"  data-ultimate-target='#interactive-banner-wrap-3449 .ult-new-ib-content'  data-responsive-json-new='{\"font-size\":\"\",\"line-height\":\"\"}'  style=\"font-family:&#039;Open Sans&#039;;font-weight:normal;color:#ffffff;\"><p>f\u00fcr die Abteilung Mikrobiologie\/Parasitologie<\/p><\/div><\/div><a class=\"ult-new-ib-link\" href=\"https:\/\/laboklin.fotoartmedia.de\/unser-angebot-fuer-studierende-praktika-und-dissertationen\/\" title=\"Preise &amp; Leistung Katalog 2020\/21\"  ><\/a><\/div>[\/vc_column][vc_column width=&#8220;1\/3&#8243;]<div tabindex=\"0\" class=\"ult-new-ib ult-ib-effect-style9  ult-ib-resp ult-ib2-min-height \" data-min-width=\"768\" data-max-width=\"900\" style=\"background:#000000; opacity:0; \" data-opacity=\"0.6\" data-hover-opacity=\"0.3\"  data-min-height=\"250\" ><img decoding=\"async\" class=\"ult-new-ib-img\" style=\"opacity:0.6;\" alt=\"null\" src=\"https:\/\/laboklin.de\/wp-content\/uploads\/2020\/07\/LABOKLIN_07.2020_27.jpg\"  data-min-height=\"250\"   \/><div id=\"interactive-banner-wrap-7010\" class=\"ult-new-ib-desc\" style=\"\"><h2 class=\"ult-new-ib-title ult-responsive\"  data-ultimate-target='#interactive-banner-wrap-7010 .ult-new-ib-title'  data-responsive-json-new='{\"font-size\":\"\",\"line-height\":\"\"}'  style=\"font-family:&#039;Open Sans&#039;;font-weight:600;\">Mitarbeiter Labor<\/h2><div class=\"ult-new-ib-content ult-responsive\"  data-ultimate-target='#interactive-banner-wrap-7010 .ult-new-ib-content'  data-responsive-json-new='{\"font-size\":\"\",\"line-height\":\"\"}'  style=\"font-family:&#039;Open Sans&#039;;font-weight:normal;\"><p>f\u00fcr die Abteilung klinische Labordiagnostik<\/p><\/div><\/div><a class=\"ult-new-ib-link\" href=\"https:\/\/laboklin.fotoartmedia.de\/infothek\/preise-und-leistung-katalog-2020-21\/\" title=\"Preise &amp; Leistung Katalog 2020\/21\"  ><\/a><\/div>[\/vc_column][\/vc_row][vc_row][vc_column][vc_separator color=&#8220;custom&#8220; border_width=&#8220;7&#8243; accent_color=&#8220;#e51e1e&#8220; css=&#8220;.vc_custom_1607354829510{margin-top: 30px !important;margin-bottom: 30px !important;}&#8220;][\/vc_column][\/vc_row][vc_row type=&#8220;vc_default&#8220; css=&#8220;.vc_custom_1615541272167{margin-top: 30px !important;}&#8220;][vc_column][vc_column_text css=&#8220;.vc_custom_1607005063822{padding-top: 20px !important;padding-bottom: 30px !important;}&#8220;]Sie haben kein passendes Stellenangebot gefunden, m\u00f6chten sich uns aber trotzdem vorstellen?<br \/>\nDann senden Sie uns gerne ihre <strong>Initiativbewerbung<\/strong> \u2013 wir freuen uns darauf Sie kennenzulernen![\/vc_column_text]<style type=\"text\/css\" data-type=\"the7_shortcodes-inline-css\">#default-btn-fe17fdb859e23de2131fa6b1260b9b17.ico-right-side > i {\n  margin-right: 0px;\n  margin-left: 8px;\n}\n#default-btn-fe17fdb859e23de2131fa6b1260b9b17 > i {\n  margin-right: 8px;\n}<\/style><a href=\"https:\/\/laboklin.de\/de\/laboklin_offene_stellen\/initiativbewerbung\/\" class=\"default-btn-shortcode dt-btn dt-btn-m link-hover-off btn-inline-left \" id=\"default-btn-fe17fdb859e23de2131fa6b1260b9b17\" title=\"Initiativbeberbung bei LABOKLIN\"><span>Initiativbewerbung<\/span><\/a>[\/vc_column][\/vc_row]<\/p>\n<\/div>","protected":false},"excerpt":{"rendered":"<p>[vc_row][vc_column css=&#8220;.vc_custom_1661254304034{margin-top: 20px !important;}&#8220;][vc_column_text css=&#8220;.vc_custom_1615537817403{margin-top: 10px !important;margin-bottom: 20px !important;padding-left: 5px !important;}&#8220;]LABOKLIN ist ein sich stets weiterentwickelndes und wachsendes Unternehmen, weshalb wir immer auf der Suche sind nach neuen offenen und engagierte Kollegen, die uns bei der zuk\u00fcnftigen Weiterentwicklung unseres Unternehmens unterst\u00fctzen! S\u00e4mtliche vakante Stellen unseres Unternehmens finden Sie hier. Wir bitten Sie sich m\u00f6glichst online&hellip;<\/p>\n","protected":false},"author":5,"featured_media":0,"parent":1302472,"menu_order":2,"comment_status":"closed","ping_status":"closed","template":"","meta":{"_seopress_robots_primary_cat":"","_seopress_titles_title":"\/laboklin_offene_stellen\/","_seopress_titles_desc":"","_seopress_robots_index":"","footnotes":""},"class_list":["post-1337658","page","type-page","status-publish","hentry","description-off"],"_links":{"self":[{"href":"https:\/\/laboklin.de\/de\/wp-json\/wp\/v2\/pages\/1337658","targetHints":{"allow":["GET"]}}],"collection":[{"href":"https:\/\/laboklin.de\/de\/wp-json\/wp\/v2\/pages"}],"about":[{"href":"https:\/\/laboklin.de\/de\/wp-json\/wp\/v2\/types\/page"}],"author":[{"embeddable":true,"href":"https:\/\/laboklin.de\/de\/wp-json\/wp\/v2\/users\/5"}],"replies":[{"embeddable":true,"href":"https:\/\/laboklin.de\/de\/wp-json\/wp\/v2\/comments?post=1337658"}],"version-history":[{"count":1,"href":"https:\/\/laboklin.de\/de\/wp-json\/wp\/v2\/pages\/1337658\/revisions"}],"predecessor-version":[{"id":1337661,"href":"https:\/\/laboklin.de\/de\/wp-json\/wp\/v2\/pages\/1337658\/revisions\/1337661"}],"up":[{"embeddable":true,"href":"https:\/\/laboklin.de\/de\/wp-json\/wp\/v2\/pages\/1302472"}],"wp:attachment":[{"href":"https:\/\/laboklin.de\/de\/wp-json\/wp\/v2\/media?parent=1337658"}],"curies":[{"name":"wp","href":"https:\/\/api.w.org\/{rel}","templated":true}]}}