{"id":1315944,"date":"2022-04-26T10:31:22","date_gmt":"2022-04-26T08:31:22","guid":{"rendered":"https:\/\/laboklin.de\/de\/?page_id=1315944"},"modified":"2025-10-23T17:20:58","modified_gmt":"2025-10-23T15:20:58","slug":"laboklin-suchen","status":"publish","type":"page","link":"https:\/\/laboklin.de\/de\/laboklin-suchen\/","title":{"rendered":"LABOKLIN: suchen"},"content":{"rendered":"<div class=\"wpb-content-wrapper\"><p>[vc_row type=&#8220;vc_default&#8220; css=&#8220;.vc_custom_1713433615122{margin-top: 20px !important;}&#8220;][vc_column]<style type=\"text\/css\" data-type=\"the7_shortcodes-inline-css\">.blog-shortcode.blog-masonry-shortcode-id-16d21456377bc20891df62474548dfe2.dividers-on.classic-layout-list article {\n  padding-top: 0;\n}\n.blog-shortcode.blog-masonry-shortcode-id-16d21456377bc20891df62474548dfe2.dividers-on.classic-layout-list article:first-of-type {\n  margin-top: 0;\n  padding-top: 0;\n}\n.blog-shortcode.blog-masonry-shortcode-id-16d21456377bc20891df62474548dfe2.classic-layout-list.mode-list .post-entry-content {\n  width: calc(100% - );\n}\n.blog-shortcode.blog-masonry-shortcode-id-16d21456377bc20891df62474548dfe2.classic-layout-list.mode-list .no-img .post-entry-content {\n  width: 100%;\n}\n.blog-shortcode.blog-masonry-shortcode-id-16d21456377bc20891df62474548dfe2 .filter {\n  margin-bottom: 20px;\n}\n.blog-shortcode.blog-masonry-shortcode-id-16d21456377bc20891df62474548dfe2 .filter-bg-decoration .filter-categories a.act {\n  color: #fff;\n}\n.blog-shortcode.blog-masonry-shortcode-id-16d21456377bc20891df62474548dfe2:not(.mode-masonry) article:first-of-type,\n.blog-shortcode.blog-masonry-shortcode-id-16d21456377bc20891df62474548dfe2:not(.mode-masonry) article.visible.first:not(.product) {\n  margin-top: 0;\n}\n.blog-shortcode.blog-masonry-shortcode-id-16d21456377bc20891df62474548dfe2.dividers-on:not(.mode-masonry) article {\n  margin-top: 0;\n}\n.blog-shortcode.blog-masonry-shortcode-id-16d21456377bc20891df62474548dfe2.dividers-on:not(.mode-masonry) article:first-of-type,\n.blog-shortcode.blog-masonry-shortcode-id-16d21456377bc20891df62474548dfe2.dividers-on:not(.mode-masonry) article.visible.first:not(.product) {\n  margin-top: 0;\n  padding-top: 0;\n}\n.blog-shortcode.blog-masonry-shortcode-id-16d21456377bc20891df62474548dfe2 .post-thumbnail-wrap {\n  padding: 15px 130px 5px 15px;\n}\n.blog-shortcode.blog-masonry-shortcode-id-16d21456377bc20891df62474548dfe2.enable-bg-rollover .post-thumbnail-rollover:after {\n  background: -webkit-linear-gradient();\n  background: linear-gradient();\n}\n.blog-shortcode.blog-masonry-shortcode-id-16d21456377bc20891df62474548dfe2 .gallery-zoom-ico {\n  width: 44px;\n  height: 44px;\n  line-height: 44px;\n  border-radius: 100px;\n  margin: -22px 0 0 -22px;\n  border-width: 0px;\n  color: #e51e1e;\n}\n.bottom-overlap-layout-list.blog-shortcode.blog-masonry-shortcode-id-16d21456377bc20891df62474548dfe2 .gallery-zoom-ico {\n  margin-top: -72px;\n}\n.gradient-overlay-layout-list.blog-shortcode.blog-masonry-shortcode-id-16d21456377bc20891df62474548dfe2 .gallery-zoom-ico,\n.content-rollover-layout-list.blog-shortcode.blog-masonry-shortcode-id-16d21456377bc20891df62474548dfe2 .gallery-zoom-ico {\n  margin: 0 0 10px;\n}\n.content-align-center.gradient-overlay-layout-list.blog-shortcode.blog-masonry-shortcode-id-16d21456377bc20891df62474548dfe2 .gallery-zoom-ico,\n.content-align-center.content-rollover-layout-list.blog-shortcode.blog-masonry-shortcode-id-16d21456377bc20891df62474548dfe2 .gallery-zoom-ico {\n  margin: 0 auto 10px;\n}\n.dt-icon-bg-on.blog-shortcode.blog-masonry-shortcode-id-16d21456377bc20891df62474548dfe2 .gallery-zoom-ico {\n  background: rgba(255,255,255,0.3);\n  box-shadow: none;\n}\n.blog-shortcode.blog-masonry-shortcode-id-16d21456377bc20891df62474548dfe2 .gallery-zoom-ico > span,\n.blog-shortcode.blog-masonry-shortcode-id-16d21456377bc20891df62474548dfe2 .gallery-zoom-ico:before {\n  font-size: 33px;\n  line-height: 44px;\n}\n.blog-shortcode.blog-masonry-shortcode-id-16d21456377bc20891df62474548dfe2 .gallery-zoom-ico > span,\n.blog-shortcode.blog-masonry-shortcode-id-16d21456377bc20891df62474548dfe2 .gallery-zoom-ico:before {\n  color: #e51e1e;\n}\n.blog-shortcode.blog-masonry-shortcode-id-16d21456377bc20891df62474548dfe2 .fancy-date a {\n  background: rgba(255,255,255,0.89);\n  box-shadow: none;\n}\n.blog-shortcode.blog-masonry-shortcode-id-16d21456377bc20891df62474548dfe2 .entry-title,\n.blog-shortcode.blog-masonry-shortcode-id-16d21456377bc20891df62474548dfe2.owl-carousel .entry-title {\n  margin-bottom: 5px;\n  font-size: 15px;\n  line-height: 18px;\n  font-weight: bold;\n}\n.blog-shortcode.blog-masonry-shortcode-id-16d21456377bc20891df62474548dfe2 .entry-meta {\n  margin-bottom: 15px;\n}\n.blog-shortcode.blog-masonry-shortcode-id-16d21456377bc20891df62474548dfe2 .entry-meta * {\n  font-size: 11px;\n  line-height: 13px;\n  color: #000000;\n}\n.blog-shortcode.blog-masonry-shortcode-id-16d21456377bc20891df62474548dfe2 .portfolio-categories {\n  margin-bottom: 15px;\n}\n.blog-shortcode.blog-masonry-shortcode-id-16d21456377bc20891df62474548dfe2 .entry-meta > a:after,\n.blog-shortcode.blog-masonry-shortcode-id-16d21456377bc20891df62474548dfe2 .entry-meta > span:after {\n  background: #000000;\n  box-shadow: none;\n}\n.blog-shortcode.blog-masonry-shortcode-id-16d21456377bc20891df62474548dfe2 .entry-excerpt {\n  margin-bottom: 5px;\n  font-size: 12px;\n  line-height: 14px;\n}\n.blog-shortcode.blog-masonry-shortcode-id-16d21456377bc20891df62474548dfe2 .entry-excerpt * {\n  color: #000000;\n}\n.blog-shortcode.blog-masonry-shortcode-id-16d21456377bc20891df62474548dfe2:not(.centered-layout-list) .post-entry-content {\n  padding: 15px 15px 15px 15px;\n}\n.blog-shortcode.blog-masonry-shortcode-id-16d21456377bc20891df62474548dfe2:not(.centered-layout-list):not(.content-bg-on):not(.mode-list) .no-img .post-entry-content {\n  padding: 0;\n}\n@media screen and (max-width: ) {\n  .blog-shortcode.blog-masonry-shortcode-id-16d21456377bc20891df62474548dfe2 article {\n    -ms-flex-flow: column nowrap;\n    flex-flow: column nowrap;\n    margin-top: 20px;\n  }\n  .blog-shortcode.blog-masonry-shortcode-id-16d21456377bc20891df62474548dfe2.dividers-on article {\n    border: none;\n  }\n  .blog-shortcode.blog-masonry-shortcode-id-16d21456377bc20891df62474548dfe2.content-bg-on.centered-layout-list article {\n    padding: 0;\n  }\n  .blog-shortcode.blog-masonry-shortcode-id-16d21456377bc20891df62474548dfe2.blog-shortcode.dividers-on article,\n  .blog-shortcode.blog-masonry-shortcode-id-16d21456377bc20891df62474548dfe2.dividers-on.classic-layout-list article {\n    margin-top: 20px;\n    padding: 0;\n  }\n  .blog-shortcode.blog-masonry-shortcode-id-16d21456377bc20891df62474548dfe2.blog-shortcode.dividers-on article:first-of-type,\n  .blog-shortcode.blog-masonry-shortcode-id-16d21456377bc20891df62474548dfe2.dividers-on.classic-layout-list article:first-of-type {\n    padding: 0;\n  }\n  #page .blog-shortcode.blog-masonry-shortcode-id-16d21456377bc20891df62474548dfe2 .post-thumbnail-wrap,\n  #page .blog-shortcode.blog-masonry-shortcode-id-16d21456377bc20891df62474548dfe2 .post-entry-content {\n    width: 100%;\n    margin: 0;\n    top: 0;\n  }\n  #page .blog-shortcode.blog-masonry-shortcode-id-16d21456377bc20891df62474548dfe2 .post-thumbnail-wrap {\n    padding: 0;\n  }\n  #page .blog-shortcode.blog-masonry-shortcode-id-16d21456377bc20891df62474548dfe2 .post-entry-content:after {\n    display: none;\n  }\n  #page .blog-shortcode.blog-masonry-shortcode-id-16d21456377bc20891df62474548dfe2 .project-even .post-thumbnail-wrap,\n  #page .blog-shortcode.blog-masonry-shortcode-id-16d21456377bc20891df62474548dfe2.centered-layout-list .post-thumbnail-wrap {\n    -ms-flex-order: 0;\n    order: 0;\n  }\n  #page .blog-shortcode.blog-masonry-shortcode-id-16d21456377bc20891df62474548dfe2.centered-layout-list .post-entry-title-content {\n    -ms-flex-order: 1;\n    order: 1;\n    width: 100%;\n    padding: 20px 20px 0;\n  }\n  #page .blog-shortcode.blog-masonry-shortcode-id-16d21456377bc20891df62474548dfe2.centered-layout-list .post-entry-content {\n    -ms-flex-order: 2;\n    order: 2;\n    padding-top: 0;\n  }\n  #page .blog-shortcode.blog-masonry-shortcode-id-16d21456377bc20891df62474548dfe2 .fancy-categories {\n    top: 10px;\n    left: 10px;\n    bottom: auto;\n    right: auto;\n  }\n  #page .blog-shortcode.blog-masonry-shortcode-id-16d21456377bc20891df62474548dfe2 .fancy-date a {\n    top: 10px;\n    right: 10px;\n    left: auto;\n    bottom: auto;\n  }\n  #page .blog-shortcode.blog-masonry-shortcode-id-16d21456377bc20891df62474548dfe2 .post-entry-content {\n    padding: 20px;\n  }\n  #page .blog-shortcode.blog-masonry-shortcode-id-16d21456377bc20891df62474548dfe2 .entry-title {\n    margin: 3px 0 5px;\n    font-size: 20px;\n    font-size: 15px;\n    line-height: 26px;\n    line-height: 18px;\n  }\n  #page .blog-shortcode.blog-masonry-shortcode-id-16d21456377bc20891df62474548dfe2 .entry-meta {\n    margin: 5px 0 5px;\n  }\n  #page .blog-shortcode.blog-masonry-shortcode-id-16d21456377bc20891df62474548dfe2 .entry-excerpt {\n    margin: 15px 0 0;\n  }\n  #page .blog-shortcode.blog-masonry-shortcode-id-16d21456377bc20891df62474548dfe2 .post-details {\n    margin: 5px 0 10px;\n  }\n  #page .blog-shortcode.blog-masonry-shortcode-id-16d21456377bc20891df62474548dfe2 .post-details.details-type-link {\n    margin-bottom: 2px;\n  }\n}\n.blog-shortcode.blog-masonry-shortcode-id-16d21456377bc20891df62474548dfe2:not(.resize-by-browser-width) .dt-css-grid {\n  grid-row-gap: 14px;\n  grid-column-gap: 14px;\n  grid-template-columns: repeat(auto-fill,minmax(,1fr));\n}\n.blog-shortcode.blog-masonry-shortcode-id-16d21456377bc20891df62474548dfe2:not(.resize-by-browser-width) .dt-css-grid .double-width {\n  grid-column: span 2;\n}\n.cssgridlegacy.no-cssgrid .blog-shortcode.blog-masonry-shortcode-id-16d21456377bc20891df62474548dfe2:not(.resize-by-browser-width) .dt-css-grid,\n.no-cssgridlegacy.no-cssgrid .blog-shortcode.blog-masonry-shortcode-id-16d21456377bc20891df62474548dfe2:not(.resize-by-browser-width) .dt-css-grid {\n  display: flex;\n  flex-flow: row wrap;\n  margin: -7px;\n}\n.cssgridlegacy.no-cssgrid .blog-shortcode.blog-masonry-shortcode-id-16d21456377bc20891df62474548dfe2:not(.resize-by-browser-width) .dt-css-grid .wf-cell,\n.no-cssgridlegacy.no-cssgrid .blog-shortcode.blog-masonry-shortcode-id-16d21456377bc20891df62474548dfe2:not(.resize-by-browser-width) .dt-css-grid .wf-cell {\n  flex: 1 0 ;\n  max-width: 100%;\n  padding: 7px;\n  box-sizing: border-box;\n}\n.blog-shortcode.blog-masonry-shortcode-id-16d21456377bc20891df62474548dfe2.resize-by-browser-width .dt-css-grid {\n  grid-template-columns: repeat(4,1fr);\n  grid-template-rows: auto;\n  grid-column-gap: 14px;\n  grid-row-gap: 14px;\n}\n.blog-shortcode.blog-masonry-shortcode-id-16d21456377bc20891df62474548dfe2.resize-by-browser-width .dt-css-grid .double-width {\n  grid-column: span 2;\n}\n.cssgridlegacy.no-cssgrid .blog-shortcode.blog-masonry-shortcode-id-16d21456377bc20891df62474548dfe2.resize-by-browser-width .dt-css-grid {\n  margin: -7px;\n}\n.cssgridlegacy.no-cssgrid .blog-shortcode.blog-masonry-shortcode-id-16d21456377bc20891df62474548dfe2.resize-by-browser-width .dt-css-grid .wf-cell {\n  width: 25%;\n  padding: 7px;\n}\n.cssgridlegacy.no-cssgrid .blog-shortcode.blog-masonry-shortcode-id-16d21456377bc20891df62474548dfe2.resize-by-browser-width .dt-css-grid .wf-cell.double-width {\n  width: calc(25%) * 2;\n}\n.blog-shortcode.blog-masonry-shortcode-id-16d21456377bc20891df62474548dfe2.resize-by-browser-width:not(.centered-layout-list):not(.content-bg-on) .dt-css-grid {\n  grid-row-gap: -1px;\n}\n@media screen and (max-width: 1199px) {\n  .blog-shortcode.blog-masonry-shortcode-id-16d21456377bc20891df62474548dfe2.resize-by-browser-width .dt-css-grid {\n    grid-template-columns: repeat(3,1fr);\n  }\n  .cssgridlegacy.no-cssgrid .blog-shortcode.blog-masonry-shortcode-id-16d21456377bc20891df62474548dfe2.resize-by-browser-width .dt-css-grid .wf-cell,\n  .no-cssgridlegacy.no-cssgrid .blog-shortcode.blog-masonry-shortcode-id-16d21456377bc20891df62474548dfe2.resize-by-browser-width .dt-css-grid .wf-cell {\n    width: 33.333333333333%;\n  }\n  .cssgridlegacy.no-cssgrid .blog-shortcode.blog-masonry-shortcode-id-16d21456377bc20891df62474548dfe2.resize-by-browser-width .dt-css-grid .wf-cell.double-width,\n  .no-cssgridlegacy.no-cssgrid .blog-shortcode.blog-masonry-shortcode-id-16d21456377bc20891df62474548dfe2.resize-by-browser-width .dt-css-grid .wf-cell.double-width {\n    width: calc(33.333333333333%)*2;\n  }\n}\n@media screen and (max-width: 991px) {\n  .blog-shortcode.blog-masonry-shortcode-id-16d21456377bc20891df62474548dfe2.resize-by-browser-width .dt-css-grid {\n    grid-template-columns: repeat(2,1fr);\n  }\n  .cssgridlegacy.no-cssgrid .blog-shortcode.blog-masonry-shortcode-id-16d21456377bc20891df62474548dfe2.resize-by-browser-width .dt-css-grid .wf-cell,\n  .no-cssgridlegacy.no-cssgrid .blog-shortcode.blog-masonry-shortcode-id-16d21456377bc20891df62474548dfe2.resize-by-browser-width .dt-css-grid .wf-cell {\n    width: 50%;\n  }\n  .cssgridlegacy.no-cssgrid .blog-shortcode.blog-masonry-shortcode-id-16d21456377bc20891df62474548dfe2.resize-by-browser-width .dt-css-grid .wf-cell.double-width,\n  .no-cssgridlegacy.no-cssgrid .blog-shortcode.blog-masonry-shortcode-id-16d21456377bc20891df62474548dfe2.resize-by-browser-width .dt-css-grid .wf-cell.double-width {\n    width: calc(50%)*2;\n  }\n}\n@media screen and (max-width: 767px) {\n  .blog-shortcode.blog-masonry-shortcode-id-16d21456377bc20891df62474548dfe2.resize-by-browser-width .dt-css-grid {\n    grid-template-columns: repeat(1,1fr);\n  }\n  .blog-shortcode.blog-masonry-shortcode-id-16d21456377bc20891df62474548dfe2.resize-by-browser-width .dt-css-grid .double-width {\n    grid-column: span 1;\n  }\n  .cssgridlegacy.no-cssgrid .blog-shortcode.blog-masonry-shortcode-id-16d21456377bc20891df62474548dfe2.resize-by-browser-width .dt-css-grid .wf-cell,\n  .no-cssgridlegacy.no-cssgrid .blog-shortcode.blog-masonry-shortcode-id-16d21456377bc20891df62474548dfe2.resize-by-browser-width .dt-css-grid .wf-cell {\n    width: 100%;\n  }\n  .cssgridlegacy.no-cssgrid .blog-shortcode.blog-masonry-shortcode-id-16d21456377bc20891df62474548dfe2.resize-by-browser-width .dt-css-grid .wf-cell.double-width,\n  .no-cssgridlegacy.no-cssgrid .blog-shortcode.blog-masonry-shortcode-id-16d21456377bc20891df62474548dfe2.resize-by-browser-width .dt-css-grid .wf-cell.double-width {\n    width: calc(100%)*2;\n  }\n}<\/style><div class=\"blog-shortcode blog-masonry-shortcode-id-16d21456377bc20891df62474548dfe2 mode-grid classic-layout-list content-bg-on jquery-filter filter-align-left vertical-fancy-style quick-scale-img dt-css-grid-wrap enable-bg-rollover dt-icon-bg-off resize-by-browser-width loading-effect-fade-in description-under-image \" data-padding=\"7px\" data-cur-page=\"1\" data-post-limit=\"100\" data-pagination-mode=\"load-more\" aria-live=\"assertive\" data-desktop-columns-num=\"4\" data-v-tablet-columns-num=\"2\" data-h-tablet-columns-num=\"3\" data-phone-columns-num=\"1\" data-width=\"0px\" data-columns=\"0\"><div class=\"iso-filter css-grid-filter filter\"><div class=\"filter-categories\" data-default-order=\"desc\" data-default-orderby=\"date\"><a href=\"https:\/\/laboklin.de\/de\/laboklin-suchen\/?order=desc\" class=\"show-all act\" data-filter=\"*\" aria-label=\"Apply filter: Alle anzeigen\">Alle anzeigen<\/a><a href=\"https:\/\/laboklin.de\/de\/laboklin-suchen\/?term=28&#038;order=desc\" class=\"laboklin-aktuell\" data-filter=\".category-28\" aria-label=\"Apply filter: LABOKLIN aktuell\">LABOKLIN aktuell<\/a><a href=\"https:\/\/laboklin.de\/de\/laboklin-suchen\/?term=67&#038;order=desc\" class=\"news\" data-filter=\".category-67\" aria-label=\"Apply filter: NEWS\">NEWS<\/a><a href=\"https:\/\/laboklin.de\/de\/laboklin-suchen\/?term=90&#038;order=desc\" class=\"laboklin-allergie\" data-filter=\".category-90\" aria-label=\"Apply filter: LABOKLIN Dermatologie\">LABOKLIN Dermatologie<\/a><a href=\"https:\/\/laboklin.de\/de\/laboklin-suchen\/?term=91&#038;order=desc\" class=\"laboklin-pferd\" data-filter=\".category-91\" aria-label=\"Apply filter: Laboklin Pferd\">Laboklin Pferd<\/a><a href=\"https:\/\/laboklin.de\/de\/laboklin-suchen\/?term=87&#038;order=desc\" class=\"laboklin-fuersiegelesen\" data-filter=\".category-87\" aria-label=\"Apply filter: LABOKLIN F\u00fcrSieGelesen\">LABOKLIN F\u00fcrSieGelesen<\/a><\/div><div class=\"filter-extras\"><div class=\"filter-by\" style=\"display: none;\"><a href=\"https:\/\/laboklin.de\/de\/laboklin-suchen\/?orderby=date&#038;order=desc\" class=\"sort-by-date act\" data-by=\"date\"><svg version=\"1.1\" xmlns=\"http:\/\/www.w3.org\/2000\/svg\" xmlns:xlink=\"http:\/\/www.w3.org\/1999\/xlink\" x=\"0px\" y=\"0px\" viewBox=\"0 0 16 16\" style=\"enable-background:new 0 0 16 16;\" xml:space=\"preserve\"><path d=\"M11,6.5C11,6.2,11.2,6,11.5,6h1C12.8,6,13,6.2,13,6.5v1C13,7.8,12.8,8,12.5,8h-1C11.2,8,11,7.8,11,7.5V6.5z M8,6.5C8,6.2,8.2,6,8.5,6h1C9.8,6,10,6.2,10,6.5v1C10,7.8,9.8,8,9.5,8h-1C8.2,8,8,7.8,8,7.5V6.5z M3,9.5C3,9.2,3.2,9,3.5,9h1C4.8,9,5,9.2,5,9.5v1C5,10.8,4.8,11,4.5,11h-1C3.2,11,3,10.8,3,10.5V9.5z M6,9.5C6,9.2,6.2,9,6.5,9h1C7.8,9,8,9.2,8,9.5v1C8,10.8,7.8,11,7.5,11h-1C6.2,11,6,10.8,6,10.5V9.5z\"\/><path d=\"M3.5,0C3.8,0,4,0.2,4,0.5V1h8V0.5C12,0.2,12.2,0,12.5,0S13,0.2,13,0.5V1h1c1.1,0,2,0.9,2,2v11c0,1.1-0.9,2-2,2H2c-1.1,0-2-0.9-2-2V3c0-1.1,0.9-2,2-2h1V0.5C3,0.2,3.2,0,3.5,0z M1,4v10c0,0.6,0.4,1,1,1h12c0.6,0,1-0.4,1-1V4H1z\"\/><\/svg><span class=\"filter-popup\">Nach Datum sortieren<\/span><\/a><span class=\"filter-switch\"><\/span><a href=\"https:\/\/laboklin.de\/de\/laboklin-suchen\/?orderby=name&#038;order=desc\" class=\"sort-by-name\" data-by=\"name\"><svg version=\"1.1\" xmlns=\"http:\/\/www.w3.org\/2000\/svg\" xmlns:xlink=\"http:\/\/www.w3.org\/1999\/xlink\" x=\"0px\" y=\"0px\" viewBox=\"0 0 16 16\" style=\"enable-background:new 0 0 16 16;\" xml:space=\"preserve\"><path d=\"M2.2,13.1l0.9-2.8h3.5l0.9,2.8h1.3L5.5,3.8H4.3L1,13.1H2.2z M4.9,5.2l1.4,4.2H3.5L4.9,5.2C4.9,5.2,4.9,5.2,4.9,5.2z\"\/><g><path d=\"M10,12.4l2.8-3.6c0.3-0.3,0.5-0.6,0.8-1v0h-3.3V6.9h4.7l0,0.7l-2.7,3.6c-0.3,0.3-0.5,0.6-0.8,1v0H15v0.9h-5V12.4z\"\/><\/g><\/svg><span class=\"filter-popup\">Nach Namen sortieren<\/span><\/a><\/div><div class=\"filter-sorting\"><a href=\"https:\/\/laboklin.de\/de\/laboklin-suchen\/?orderby=date&#038;order=desc\" class=\"sort-by-desc act\" data-sort=\"desc\"><svg version=\"1.1\" xmlns=\"http:\/\/www.w3.org\/2000\/svg\" xmlns:xlink=\"http:\/\/www.w3.org\/1999\/xlink\" x=\"0px\" y=\"0px\"viewBox=\"0 0 16 16\" style=\"enable-background:new 0 0 16 16;\" xml:space=\"preserve\"><path d=\"M3.5,2.5C3.5,2.2,3.3,2,3,2S2.5,2.2,2.5,2.5v8.8l-1.1-1.1c-0.2-0.2-0.5-0.2-0.7,0s-0.2,0.5,0,0.7l0,0l2,2l0,0c0.2,0.2,0.5,0.2,0.7,0l2-2c0.2-0.2,0.2-0.5,0-0.7c-0.2-0.2-0.5-0.2-0.7,0l-1.1,1.1V2.5z M7,3.5C7,3.2,7.2,3,7.5,3h7C14.8,3,15,3.2,15,3.5S14.8,4,14.5,4h-7C7.2,4,7,3.8,7,3.5z M7.5,6C7.2,6,7,6.2,7,6.5S7.2,7,7.5,7h5C12.8,7,13,6.8,13,6.5S12.8,6,12.5,6H7.5z M7.5,9C7.2,9,7,9.2,7,9.5S7.2,10,7.5,10h3c0.3,0,0.5-0.2,0.5-0.5S10.8,9,10.5,9H7.5z M7.5,12C7.2,12,7,12.2,7,12.5S7.2,13,7.5,13h1C8.8,13,9,12.8,9,12.5S8.8,12,8.5,12H7.5z\"\/><\/svg><span class=\"filter-popup\">Absteigend<\/span><\/a><span class=\"filter-switch\"><\/span><a href=\"https:\/\/laboklin.de\/de\/laboklin-suchen\/?orderby=date&#038;order=asc\" class=\"sort-by-asc\" data-sort=\"asc\"><svg version=\"1.1\" xmlns=\"http:\/\/www.w3.org\/2000\/svg\" xmlns:xlink=\"http:\/\/www.w3.org\/1999\/xlink\" x=\"0px\" y=\"0px\" viewBox=\"0 0 16 16\" style=\"enable-background:new 0 0 16 16;\" xml:space=\"preserve\"><path d=\"M3.5,12.5C3.5,12.8,3.3,13,3,13s-0.5-0.2-0.5-0.5V3.7L1.4,4.9C1.2,5,0.8,5,0.6,4.9s-0.2-0.5,0-0.7l2-2l0,0C2.8,2,3.2,2,3.4,2.1l2,2c0.2,0.2,0.2,0.5,0,0.7S4.8,5,4.6,4.9L3.5,3.7V12.5z M7,3.5C7,3.2,7.2,3,7.5,3h7C14.8,3,15,3.2,15,3.5S14.8,4,14.5,4h-7C7.2,4,7,3.8,7,3.5z M7.5,6C7.2,6,7,6.2,7,6.5S7.2,7,7.5,7h5C12.8,7,13,6.8,13,6.5S12.8,6,12.5,6H7.5z M7.5,9C7.2,9,7,9.2,7,9.5S7.2,10,7.5,10h3c0.3,0,0.5-0.2,0.5-0.5S10.8,9,10.5,9H7.5z M7.5,12C7.2,12,7,12.2,7,12.5S7.2,13,7.5,13h1C8.8,13,9,12.8,9,12.5S8.8,12,8.5,12H7.5z\"\/><\/svg><span class=\"filter-popup\">Aufsteigend<\/span><\/a><\/div><\/div><\/div><div class=\"dt-css-grid\" ><div class=\"visible wf-cell category-28\" data-post-id=\"1605564\" data-date=\"2026-04-21T10:50:53+02:00\" data-name=\"Expertenrunde zur felinen Hyperthyreose\"><article class=\"post project-odd visible post-1605564 type-post status-publish format-standard has-post-thumbnail hentry category-laboklin-aktuell category-28\" data-name=\"Expertenrunde zur felinen Hyperthyreose\" data-date=\"2026-04-21T10:50:53+02:00\">\n\n<div class=\"post-thumbnail-wrap\">\n\t<div class=\"post-thumbnail\">\n\t\t\n\t\t\n\t\t<a href=\"https:\/\/laboklin.de\/de\/expertenrunde-zur-felinen-hyperthyreose\/\" class=\"post-thumbnail-rollover layzr-bg layzr-bg\" ><img fetchpriority=\"high\" decoding=\"async\" class=\"iso-lazy-load preload-me iso-lazy-load aspect\" src=\"data:image\/svg+xml,%3Csvg%20xmlns%3D&#39;http%3A%2F%2Fwww.w3.org%2F2000%2Fsvg&#39;%20viewBox%3D&#39;0%200%20768%20512&#39;%2F%3E\" data-src=\"https:\/\/laboklin.de\/wp-content\/uploads\/2026\/04\/titelbild_feline_hyperthyreose-768x512.jpg\" data-srcset=\"https:\/\/laboklin.de\/wp-content\/uploads\/2026\/04\/titelbild_feline_hyperthyreose-768x512.jpg 768w, https:\/\/laboklin.de\/wp-content\/uploads\/2026\/04\/titelbild_feline_hyperthyreose-1152x768.jpg 1152w\" loading=\"eager\" style=\"--ratio: 768 \/ 512\" sizes=\"(max-width: 768px) 100vw, 768px\" alt=\"titelbild feline hyperthyreose\" title=\"Titelbild_feline_Hyperthyreose\" width=\"768\" height=\"512\"  \/><span class=\"gallery-zoom-ico icomoon-the7-font-the7-zoom-01\"><span><\/span><\/span><\/a>\t<\/div>\n<\/div>\n\n\n<div class=\"post-entry-content\">\n\n\t<h3 class=\"entry-title\">\n\t\t<a href=\"https:\/\/laboklin.de\/de\/expertenrunde-zur-felinen-hyperthyreose\/\" title=\"Expertenrunde zur felinen Hyperthyreose\" rel=\"bookmark\">Expertenrunde zur felinen Hyperthyreose<\/a>\n\t<\/h3>\n\n\t<div class=\"entry-meta\"><span class=\"category-link\"><a href=\"https:\/\/laboklin.de\/de\/category\/laboklin-aktuell\/\" >LABOKLIN aktuell<\/a><\/span><\/div>\n\t<div class=\"entry-excerpt\"><p>Feline Hyperthyreose: Symptome, Diagnostik, neue Parameter, Therapieoptionen<\/p>\n<\/div>\n\t\n<a href=\"https:\/\/laboklin.de\/de\/expertenrunde-zur-felinen-hyperthyreose\/\" class=\"post-details details-type-link\" aria-label=\"Read more about Expertenrunde zur felinen Hyperthyreose\">Artikel lesen...<i class=\"dt-icon-the7-arrow-03\" aria-hidden=\"true\"><\/i><\/a>\n\n<\/div><\/article><\/div><div class=\"visible wf-cell category-87\" data-post-id=\"1603722\" data-date=\"2026-04-10T12:43:53+02:00\" data-name=\"15. KW 2026\"><article class=\"post project-odd visible post-1603722 type-post status-publish format-standard has-post-thumbnail hentry category-laboklin-fuersiegelesen category-87\" data-name=\"15. KW 2026\" data-date=\"2026-04-10T12:43:53+02:00\">\n\n<div class=\"post-thumbnail-wrap\">\n\t<div class=\"post-thumbnail\">\n\t\t\n\t\t\n\t\t<a href=\"https:\/\/laboklin.de\/de\/fuersieglesen_15-kw-2026\/\" class=\"post-thumbnail-rollover layzr-bg layzr-bg\" ><img decoding=\"async\" class=\"iso-lazy-load preload-me iso-lazy-load aspect\" src=\"data:image\/svg+xml,%3Csvg%20xmlns%3D&#39;http%3A%2F%2Fwww.w3.org%2F2000%2Fsvg&#39;%20viewBox%3D&#39;0%200%20600%20400&#39;%2F%3E\" data-src=\"https:\/\/laboklin.de\/wp-content\/uploads\/2026\/04\/schweinepest_fsg1526_web-600x400.jpg\" data-srcset=\"https:\/\/laboklin.de\/wp-content\/uploads\/2026\/04\/schweinepest_fsg1526_web-600x400.jpg 600w\" loading=\"eager\" style=\"--ratio: 600 \/ 400\" sizes=\"(max-width: 600px) 100vw, 600px\" alt=\"schweinepest fsg1526 web\" title=\"Schweinepest_FSG1526_web\" width=\"600\" height=\"400\"  \/><span class=\"gallery-zoom-ico icomoon-the7-font-the7-zoom-01\"><span><\/span><\/span><\/a>\t<\/div>\n<\/div>\n\n\n<div class=\"post-entry-content\">\n\n\t<h3 class=\"entry-title\">\n\t\t<a href=\"https:\/\/laboklin.de\/de\/fuersieglesen_15-kw-2026\/\" title=\"15. KW 2026\" rel=\"bookmark\">15. KW 2026<\/a>\n\t<\/h3>\n\n\t<div class=\"entry-meta\"><span class=\"category-link\"><a href=\"https:\/\/laboklin.de\/de\/category\/laboklin-fuersiegelesen\/\" >LABOKLIN F\u00fcrSieGelesen<\/a><\/span><\/div>\n\t<div class=\"entry-excerpt\"><p>+ Afrikanische Schweinepest \u2013 ein globales Problem + ASP-Viren in koreanischem Schweinefutter nachgewiesen + Aujeszkysche Krankheit \u2013 F\u00e4lle bei Jagdhunden&hellip;<\/p>\n<\/div>\n\t\n<a href=\"https:\/\/laboklin.de\/de\/fuersieglesen_15-kw-2026\/\" class=\"post-details details-type-link\" aria-label=\"Read more about 15. KW 2026\">Artikel lesen...<i class=\"dt-icon-the7-arrow-03\" aria-hidden=\"true\"><\/i><\/a>\n\n<\/div><\/article><\/div><div class=\"visible wf-cell category-28\" data-post-id=\"1601010\" data-date=\"2026-03-30T12:32:48+02:00\" data-name=\"Durchfall bei Kleins\u00e4ugern \u2013 labordiagnostische M\u00f6glichkeiten\"><article class=\"post project-odd visible post-1601010 type-post status-publish format-standard has-post-thumbnail hentry category-laboklin-aktuell category-28\" data-name=\"Durchfall bei Kleins\u00e4ugern \u2013 labordiagnostische M\u00f6glichkeiten\" data-date=\"2026-03-30T12:32:48+02:00\">\n\n<div class=\"post-thumbnail-wrap\">\n\t<div class=\"post-thumbnail\">\n\t\t\n\t\t\n\t\t<a href=\"https:\/\/laboklin.de\/de\/durchfall-bei-kleinsaeugern-labordiagnostische-moeglichkeiten\/\" class=\"post-thumbnail-rollover layzr-bg layzr-bg\" ><img decoding=\"async\" class=\"iso-lazy-load preload-me iso-lazy-load aspect\" src=\"data:image\/svg+xml,%3Csvg%20xmlns%3D&#39;http%3A%2F%2Fwww.w3.org%2F2000%2Fsvg&#39;%20viewBox%3D&#39;0%200%20768%20512&#39;%2F%3E\" data-src=\"https:\/\/laboklin.de\/wp-content\/uploads\/2026\/03\/groessenvergleich_endoparasiten-kaninchen-768x512.jpg\" data-srcset=\"https:\/\/laboklin.de\/wp-content\/uploads\/2026\/03\/groessenvergleich_endoparasiten-kaninchen-768x512.jpg 768w, https:\/\/laboklin.de\/wp-content\/uploads\/2026\/03\/groessenvergleich_endoparasiten-kaninchen-951x634.jpg 951w\" loading=\"eager\" style=\"--ratio: 768 \/ 512\" sizes=\"(max-width: 768px) 100vw, 768px\" alt=\"Endoparasiten des Kaninchens im Gr\u00f6\u00dfenvergleich\"  width=\"768\" height=\"512\"  \/><span class=\"gallery-zoom-ico icomoon-the7-font-the7-zoom-01\"><span><\/span><\/span><\/a>\t<\/div>\n<\/div>\n\n\n<div class=\"post-entry-content\">\n\n\t<h3 class=\"entry-title\">\n\t\t<a href=\"https:\/\/laboklin.de\/de\/durchfall-bei-kleinsaeugern-labordiagnostische-moeglichkeiten\/\" title=\"Durchfall bei Kleins\u00e4ugern \u2013 labordiagnostische M\u00f6glichkeiten\" rel=\"bookmark\">Durchfall bei Kleins\u00e4ugern \u2013 labordiagnostische M\u00f6glichkeiten<\/a>\n\t<\/h3>\n\n\t<div class=\"entry-meta\"><span class=\"category-link\"><a href=\"https:\/\/laboklin.de\/de\/category\/laboklin-aktuell\/\" >LABOKLIN aktuell<\/a><\/span><\/div>\n\t<div class=\"entry-excerpt\"><p>Durchfall, Kotabsatz mit erh\u00f6htem Wassergehalt und\/oder einer erh\u00f6hten Frequenz, ist auch bei Kleins\u00e4ugern einer der h\u00e4ufigsten Vorstellungsgr\u00fcnde. Der Therapieerfolg ist&hellip;<\/p>\n<\/div>\n\t\n<a href=\"https:\/\/laboklin.de\/de\/durchfall-bei-kleinsaeugern-labordiagnostische-moeglichkeiten\/\" class=\"post-details details-type-link\" aria-label=\"Read more about Durchfall bei Kleins\u00e4ugern \u2013 labordiagnostische M\u00f6glichkeiten\">Artikel lesen...<i class=\"dt-icon-the7-arrow-03\" aria-hidden=\"true\"><\/i><\/a>\n\n<\/div><\/article><\/div><div class=\"visible wf-cell category-28\" data-post-id=\"1596863\" data-date=\"2026-03-16T09:38:28+01:00\" data-name=\"Wenn die Nase st\u00e4ndig l\u00e4uft \u2013 chronischer Nasenausfluss bei Hund und Katze\"><article class=\"post project-odd visible post-1596863 type-post status-publish format-standard has-post-thumbnail hentry category-laboklin-aktuell category-28\" data-name=\"Wenn die Nase st\u00e4ndig l\u00e4uft \u2013 chronischer Nasenausfluss bei Hund und Katze\" data-date=\"2026-03-16T09:38:28+01:00\">\n\n<div class=\"post-thumbnail-wrap\">\n\t<div class=\"post-thumbnail\">\n\t\t\n\t\t\n\t\t<a href=\"https:\/\/laboklin.de\/de\/wenn-die-nase-staendig-laeuft-chronischer-nasenausfluss-bei-hund-und-katze\/\" class=\"post-thumbnail-rollover layzr-bg layzr-bg\" ><img decoding=\"async\" class=\"iso-lazy-load preload-me iso-lazy-load aspect\" src=\"data:image\/svg+xml,%3Csvg%20xmlns%3D&#39;http%3A%2F%2Fwww.w3.org%2F2000%2Fsvg&#39;%20viewBox%3D&#39;0%200%20768%20512&#39;%2F%3E\" data-src=\"https:\/\/laboklin.de\/wp-content\/uploads\/2026\/03\/histologie_nasale_polypen_hund-768x512.jpg\" data-srcset=\"https:\/\/laboklin.de\/wp-content\/uploads\/2026\/03\/histologie_nasale_polypen_hund-768x512.jpg 768w, https:\/\/laboklin.de\/wp-content\/uploads\/2026\/03\/histologie_nasale_polypen_hund-822x548.jpg 822w\" loading=\"eager\" style=\"--ratio: 768 \/ 512\" sizes=\"(max-width: 768px) 100vw, 768px\" alt=\"Histologie eines nasalen Polypen eines Hundes, 4er Vergr\u00f6\u00dferung, HE-F\u00e4rbung\"  width=\"768\" height=\"512\"  \/><span class=\"gallery-zoom-ico icomoon-the7-font-the7-zoom-01\"><span><\/span><\/span><\/a>\t<\/div>\n<\/div>\n\n\n<div class=\"post-entry-content\">\n\n\t<h3 class=\"entry-title\">\n\t\t<a href=\"https:\/\/laboklin.de\/de\/wenn-die-nase-staendig-laeuft-chronischer-nasenausfluss-bei-hund-und-katze\/\" title=\"Wenn die Nase st\u00e4ndig l\u00e4uft \u2013 chronischer Nasenausfluss bei Hund und Katze\" rel=\"bookmark\">Wenn die Nase st\u00e4ndig l\u00e4uft \u2013 chronischer Nasenausfluss bei Hund und Katze<\/a>\n\t<\/h3>\n\n\t<div class=\"entry-meta\"><span class=\"category-link\"><a href=\"https:\/\/laboklin.de\/de\/category\/laboklin-aktuell\/\" >LABOKLIN aktuell<\/a><\/span><\/div>\n\t<div class=\"entry-excerpt\"><p>Chronischer Nasenausfluss bei Hund und Katze: Diagnostik, Differentialdiagnosen von Rhinitis \u00fcber Mykosen zu Neoplasien<\/p>\n<\/div>\n\t\n<a href=\"https:\/\/laboklin.de\/de\/wenn-die-nase-staendig-laeuft-chronischer-nasenausfluss-bei-hund-und-katze\/\" class=\"post-details details-type-link\" aria-label=\"Read more about Wenn die Nase st\u00e4ndig l\u00e4uft \u2013 chronischer Nasenausfluss bei Hund und Katze\">Artikel lesen...<i class=\"dt-icon-the7-arrow-03\" aria-hidden=\"true\"><\/i><\/a>\n\n<\/div><\/article><\/div><div class=\"visible wf-cell category-87\" data-post-id=\"1596354\" data-date=\"2026-03-13T13:36:05+01:00\" data-name=\"11. KW 2026\"><article class=\"post project-odd visible post-1596354 type-post status-publish format-standard has-post-thumbnail hentry category-laboklin-fuersiegelesen category-87\" data-name=\"11. KW 2026\" data-date=\"2026-03-13T13:36:05+01:00\">\n\n<div class=\"post-thumbnail-wrap\">\n\t<div class=\"post-thumbnail\">\n\t\t\n\t\t\n\t\t<a href=\"https:\/\/laboklin.de\/de\/fuersiegelesen-11-kw-2026\/\" class=\"post-thumbnail-rollover layzr-bg layzr-bg\" ><img decoding=\"async\" class=\"iso-lazy-load preload-me iso-lazy-load aspect\" src=\"data:image\/svg+xml,%3Csvg%20xmlns%3D&#39;http%3A%2F%2Fwww.w3.org%2F2000%2Fsvg&#39;%20viewBox%3D&#39;0%200%20600%20400&#39;%2F%3E\" data-src=\"https:\/\/laboklin.de\/wp-content\/uploads\/2026\/03\/bakterien_fsg1126_web-600x400.jpg\" data-srcset=\"https:\/\/laboklin.de\/wp-content\/uploads\/2026\/03\/bakterien_fsg1126_web-600x400.jpg 600w\" loading=\"eager\" style=\"--ratio: 600 \/ 400\" sizes=\"(max-width: 600px) 100vw, 600px\" alt=\"bakterien fsg1126 web\" title=\"Bakterien_FSG1126_web\" width=\"600\" height=\"400\"  \/><span class=\"gallery-zoom-ico icomoon-the7-font-the7-zoom-01\"><span><\/span><\/span><\/a>\t<\/div>\n<\/div>\n\n\n<div class=\"post-entry-content\">\n\n\t<h3 class=\"entry-title\">\n\t\t<a href=\"https:\/\/laboklin.de\/de\/fuersiegelesen-11-kw-2026\/\" title=\"11. KW 2026\" rel=\"bookmark\">11. KW 2026<\/a>\n\t<\/h3>\n\n\t<div class=\"entry-meta\"><span class=\"category-link\"><a href=\"https:\/\/laboklin.de\/de\/category\/laboklin-fuersiegelesen\/\" >LABOKLIN F\u00fcrSieGelesen<\/a><\/span><\/div>\n\t<div class=\"entry-excerpt\"><p>+ Newcastle Disease breitet sich bedrohlich aus + Tollwut \u2013 Fall bei importiertem Hund best\u00e4tigt + Nach \u00fcber 5.000 Jahren&hellip;<\/p>\n<\/div>\n\t\n<a href=\"https:\/\/laboklin.de\/de\/fuersiegelesen-11-kw-2026\/\" class=\"post-details details-type-link\" aria-label=\"Read more about 11. KW 2026\">Artikel lesen...<i class=\"dt-icon-the7-arrow-03\" aria-hidden=\"true\"><\/i><\/a>\n\n<\/div><\/article><\/div><div class=\"visible wf-cell category-90\" data-post-id=\"1595359\" data-date=\"2026-03-09T13:09:30+01:00\" data-name=\"Die feline Sporotrichose \u2013 eine Differentialdiagnose bei Hautl\u00e4sionen der Katze?\"><article class=\"post project-odd visible post-1595359 type-post status-publish format-standard has-post-thumbnail hentry category-laboklin-allergie category-90\" data-name=\"Die feline Sporotrichose \u2013 eine Differentialdiagnose bei Hautl\u00e4sionen der Katze?\" data-date=\"2026-03-09T13:09:30+01:00\">\n\n<div class=\"post-thumbnail-wrap\">\n\t<div class=\"post-thumbnail\">\n\t\t\n\t\t\n\t\t<a href=\"https:\/\/laboklin.de\/de\/die-feline-sporotrichose-eine-differentialdiagnose-bei-hautlaesionen-der-katze\/\" class=\"post-thumbnail-rollover layzr-bg layzr-bg\" ><img decoding=\"async\" class=\"iso-lazy-load preload-me iso-lazy-load aspect\" src=\"data:image\/svg+xml,%3Csvg%20xmlns%3D&#39;http%3A%2F%2Fwww.w3.org%2F2000%2Fsvg&#39;%20viewBox%3D&#39;0%200%20768%20512&#39;%2F%3E\" data-src=\"https:\/\/laboklin.de\/wp-content\/uploads\/2026\/03\/hochgradige-nodulaere-und-ulzerative-hautlaesionen-einer-katze-mit-sporotrichose-768x512.jpg\" data-srcset=\"https:\/\/laboklin.de\/wp-content\/uploads\/2026\/03\/hochgradige-nodulaere-und-ulzerative-hautlaesionen-einer-katze-mit-sporotrichose-768x512.jpg 768w, https:\/\/laboklin.de\/wp-content\/uploads\/2026\/03\/hochgradige-nodulaere-und-ulzerative-hautlaesionen-einer-katze-mit-sporotrichose-1045x696.jpg 1045w\" loading=\"eager\" style=\"--ratio: 768 \/ 512\" sizes=\"(max-width: 768px) 100vw, 768px\" alt=\"hochgradige nodul\u00e4re und ulzerative hautl\u00e4sionen einer katze mit sporotrichose\"  width=\"768\" height=\"512\"  \/><span class=\"gallery-zoom-ico icomoon-the7-font-the7-zoom-01\"><span><\/span><\/span><\/a>\t<\/div>\n<\/div>\n\n\n<div class=\"post-entry-content\">\n\n\t<h3 class=\"entry-title\">\n\t\t<a href=\"https:\/\/laboklin.de\/de\/die-feline-sporotrichose-eine-differentialdiagnose-bei-hautlaesionen-der-katze\/\" title=\"Die feline Sporotrichose \u2013 eine Differentialdiagnose bei Hautl\u00e4sionen der Katze?\" rel=\"bookmark\">Die feline Sporotrichose \u2013 eine Differentialdiagnose bei Hautl\u00e4sionen der Katze?<\/a>\n\t<\/h3>\n\n\t<div class=\"entry-meta\"><span class=\"category-link\"><a href=\"https:\/\/laboklin.de\/de\/category\/laboklin-allergie\/\" >LABOKLIN Dermatologie<\/a><\/span><\/div>\n\t<div class=\"entry-excerpt\"><p>Feline Sporotrichose: Ursachen, Symptome und Diagnostik der seltenen, aber zoonotischen Hautpilzinfektion bei Katzen.<\/p>\n<\/div>\n\t\n<a href=\"https:\/\/laboklin.de\/de\/die-feline-sporotrichose-eine-differentialdiagnose-bei-hautlaesionen-der-katze\/\" class=\"post-details details-type-link\" aria-label=\"Read more about Die feline Sporotrichose \u2013 eine Differentialdiagnose bei Hautl\u00e4sionen der Katze?\">Artikel lesen...<i class=\"dt-icon-the7-arrow-03\" aria-hidden=\"true\"><\/i><\/a>\n\n<\/div><\/article><\/div><div class=\"visible wf-cell category-87\" data-post-id=\"1591045\" data-date=\"2026-02-20T13:56:58+01:00\" data-name=\"08. KW 2026\"><article class=\"post project-odd visible post-1591045 type-post status-publish format-standard has-post-thumbnail hentry category-laboklin-fuersiegelesen category-87\" data-name=\"08. KW 2026\" data-date=\"2026-02-20T13:56:58+01:00\">\n\n<div class=\"post-thumbnail-wrap\">\n\t<div class=\"post-thumbnail\">\n\t\t\n\t\t\n\t\t<a href=\"https:\/\/laboklin.de\/de\/fuersiegelesen-08-kw-2026\/\" class=\"post-thumbnail-rollover layzr-bg layzr-bg\" ><img decoding=\"async\" class=\"iso-lazy-load preload-me iso-lazy-load aspect\" src=\"data:image\/svg+xml,%3Csvg%20xmlns%3D&#39;http%3A%2F%2Fwww.w3.org%2F2000%2Fsvg&#39;%20viewBox%3D&#39;0%200%20600%20400&#39;%2F%3E\" data-src=\"https:\/\/laboklin.de\/wp-content\/uploads\/2026\/02\/wildschwein_fsg0826_web-600x400.jpg\" data-srcset=\"https:\/\/laboklin.de\/wp-content\/uploads\/2026\/02\/wildschwein_fsg0826_web-600x400.jpg 600w\" loading=\"eager\" style=\"--ratio: 600 \/ 400\" sizes=\"(max-width: 600px) 100vw, 600px\" alt=\"wildschwein fsg0826 web\" title=\"Wildschwein_FSG0826_web\" width=\"600\" height=\"400\"  \/><span class=\"gallery-zoom-ico icomoon-the7-font-the7-zoom-01\"><span><\/span><\/span><\/a>\t<\/div>\n<\/div>\n\n\n<div class=\"post-entry-content\">\n\n\t<h3 class=\"entry-title\">\n\t\t<a href=\"https:\/\/laboklin.de\/de\/fuersiegelesen-08-kw-2026\/\" title=\"08. KW 2026\" rel=\"bookmark\">08. KW 2026<\/a>\n\t<\/h3>\n\n\t<div class=\"entry-meta\"><span class=\"category-link\"><a href=\"https:\/\/laboklin.de\/de\/category\/laboklin-fuersiegelesen\/\" >LABOKLIN F\u00fcrSieGelesen<\/a><\/span><\/div>\n\t<div class=\"entry-excerpt\"><p>+ Sachsen offiziell frei von Afrikanischer Schweinepest + In Spanien hingegen greift die ASP weiter um sich + Neue potentielle&hellip;<\/p>\n<\/div>\n\t\n<a href=\"https:\/\/laboklin.de\/de\/fuersiegelesen-08-kw-2026\/\" class=\"post-details details-type-link\" aria-label=\"Read more about 08. KW 2026\">Artikel lesen...<i class=\"dt-icon-the7-arrow-03\" aria-hidden=\"true\"><\/i><\/a>\n\n<\/div><\/article><\/div><div class=\"visible wf-cell category-28\" data-post-id=\"1589634\" data-date=\"2026-02-16T13:42:54+01:00\" data-name=\"Labordiagnostische Aufarbeitung von K\u00f6rperh\u00f6hlenerg\u00fcssen\"><article class=\"post project-odd visible post-1589634 type-post status-publish format-standard has-post-thumbnail hentry category-laboklin-aktuell category-28\" data-name=\"Labordiagnostische Aufarbeitung von K\u00f6rperh\u00f6hlenerg\u00fcssen\" data-date=\"2026-02-16T13:42:54+01:00\">\n\n<div class=\"post-thumbnail-wrap\">\n\t<div class=\"post-thumbnail\">\n\t\t\n\t\t\n\t\t<a href=\"https:\/\/laboklin.de\/de\/labordiagnostische-aufarbeitung-von-koerperhoehlenerguessen\/\" class=\"post-thumbnail-rollover layzr-bg layzr-bg\" ><img decoding=\"async\" class=\"iso-lazy-load preload-me iso-lazy-load aspect\" src=\"data:image\/svg+xml,%3Csvg%20xmlns%3D&#39;http%3A%2F%2Fwww.w3.org%2F2000%2Fsvg&#39;%20viewBox%3D&#39;0%200%20768%20512&#39;%2F%3E\" data-src=\"https:\/\/laboklin.de\/wp-content\/uploads\/2026\/02\/pleomorphe_zellen_eines_karzinoms-768x512.jpg\" data-srcset=\"https:\/\/laboklin.de\/wp-content\/uploads\/2026\/02\/pleomorphe_zellen_eines_karzinoms-768x512.jpg 768w, https:\/\/laboklin.de\/wp-content\/uploads\/2026\/02\/pleomorphe_zellen_eines_karzinoms-1152x768.jpg 1152w\" loading=\"eager\" style=\"--ratio: 768 \/ 512\" sizes=\"(max-width: 768px) 100vw, 768px\" alt=\"pleomorphe Zellen eines Karzinoms\"  width=\"768\" height=\"512\"  \/><span class=\"gallery-zoom-ico icomoon-the7-font-the7-zoom-01\"><span><\/span><\/span><\/a>\t<\/div>\n<\/div>\n\n\n<div class=\"post-entry-content\">\n\n\t<h3 class=\"entry-title\">\n\t\t<a href=\"https:\/\/laboklin.de\/de\/labordiagnostische-aufarbeitung-von-koerperhoehlenerguessen\/\" title=\"Labordiagnostische Aufarbeitung von K\u00f6rperh\u00f6hlenerg\u00fcssen\" rel=\"bookmark\">Labordiagnostische Aufarbeitung von K\u00f6rperh\u00f6hlenerg\u00fcssen<\/a>\n\t<\/h3>\n\n\t<div class=\"entry-meta\"><span class=\"category-link\"><a href=\"https:\/\/laboklin.de\/de\/category\/laboklin-aktuell\/\" >LABOKLIN aktuell<\/a><\/span><\/div>\n\t<div class=\"entry-excerpt\"><p>Ergussanalyse: Transsudat, Exsudat, Zytologie, Zellzahl, weitere Diagnostik<\/p>\n<\/div>\n\t\n<a href=\"https:\/\/laboklin.de\/de\/labordiagnostische-aufarbeitung-von-koerperhoehlenerguessen\/\" class=\"post-details details-type-link\" aria-label=\"Read more about Labordiagnostische Aufarbeitung von K\u00f6rperh\u00f6hlenerg\u00fcssen\">Artikel lesen...<i class=\"dt-icon-the7-arrow-03\" aria-hidden=\"true\"><\/i><\/a>\n\n<\/div><\/article><\/div><div class=\"visible wf-cell category-87\" data-post-id=\"1585378\" data-date=\"2026-01-30T16:00:15+01:00\" data-name=\"05. KW 2026\"><article class=\"post project-odd visible post-1585378 type-post status-publish format-standard has-post-thumbnail hentry category-laboklin-fuersiegelesen category-87\" data-name=\"05. KW 2026\" data-date=\"2026-01-30T16:00:15+01:00\">\n\n<div class=\"post-thumbnail-wrap\">\n\t<div class=\"post-thumbnail\">\n\t\t\n\t\t\n\t\t<a href=\"https:\/\/laboklin.de\/de\/fuersiegelesen-05-kw-2026\/\" class=\"post-thumbnail-rollover layzr-bg layzr-bg\" ><img decoding=\"async\" class=\"iso-lazy-load preload-me iso-lazy-load aspect\" src=\"data:image\/svg+xml,%3Csvg%20xmlns%3D&#39;http%3A%2F%2Fwww.w3.org%2F2000%2Fsvg&#39;%20viewBox%3D&#39;0%200%20600%20400&#39;%2F%3E\" data-src=\"https:\/\/laboklin.de\/wp-content\/uploads\/2026\/01\/rind_fsg0526_web-600x400.jpg\" data-srcset=\"https:\/\/laboklin.de\/wp-content\/uploads\/2026\/01\/rind_fsg0526_web-600x400.jpg 600w\" loading=\"eager\" style=\"--ratio: 600 \/ 400\" sizes=\"(max-width: 600px) 100vw, 600px\" alt=\"rind fsg0526 web\" title=\"Rind_FSG0526_web\" width=\"600\" height=\"400\"  \/><span class=\"gallery-zoom-ico icomoon-the7-font-the7-zoom-01\"><span><\/span><\/span><\/a>\t<\/div>\n<\/div>\n\n\n<div class=\"post-entry-content\">\n\n\t<h3 class=\"entry-title\">\n\t\t<a href=\"https:\/\/laboklin.de\/de\/fuersiegelesen-05-kw-2026\/\" title=\"05. KW 2026\" rel=\"bookmark\">05. KW 2026<\/a>\n\t<\/h3>\n\n\t<div class=\"entry-meta\"><span class=\"category-link\"><a href=\"https:\/\/laboklin.de\/de\/category\/laboklin-fuersiegelesen\/\" >LABOKLIN F\u00fcrSieGelesen<\/a><\/span><\/div>\n\t<div class=\"entry-excerpt\"><p>+ H5N1-AK bei K\u00fchen in Europa nachgewiesen + Bereits Millionen Tiere aus Seuchenschutzgr\u00fcnden get\u00f6tet + Hoffnung? Zwei Gefl\u00fcgelpest-Impfstoffe zugelassen +&hellip;<\/p>\n<\/div>\n\t\n<a href=\"https:\/\/laboklin.de\/de\/fuersiegelesen-05-kw-2026\/\" class=\"post-details details-type-link\" aria-label=\"Read more about 05. KW 2026\">Artikel lesen...<i class=\"dt-icon-the7-arrow-03\" aria-hidden=\"true\"><\/i><\/a>\n\n<\/div><\/article><\/div><div class=\"visible wf-cell category-28\" data-post-id=\"1584375\" data-date=\"2026-01-27T11:13:20+01:00\" data-name=\"Akute-Phase-Proteine bei Hund und Katze \u2013 aktuelle Erkenntnisse und Bedeutung f\u00fcr die Praxis\"><article class=\"post project-odd visible post-1584375 type-post status-publish format-standard has-post-thumbnail hentry category-laboklin-aktuell category-28\" data-name=\"Akute-Phase-Proteine bei Hund und Katze \u2013 aktuelle Erkenntnisse und Bedeutung f\u00fcr die Praxis\" data-date=\"2026-01-27T11:13:20+01:00\">\n\n<div class=\"post-thumbnail-wrap\">\n\t<div class=\"post-thumbnail\">\n\t\t\n\t\t\n\t\t<a href=\"https:\/\/laboklin.de\/de\/akute-phase-proteine-bei-hund-und-katze\/\" class=\"post-thumbnail-rollover layzr-bg layzr-bg\" ><img decoding=\"async\" class=\"iso-lazy-load preload-me iso-lazy-load aspect\" src=\"data:image\/svg+xml,%3Csvg%20xmlns%3D&#39;http%3A%2F%2Fwww.w3.org%2F2000%2Fsvg&#39;%20viewBox%3D&#39;0%200%20768%20512&#39;%2F%3E\" data-src=\"https:\/\/laboklin.de\/wp-content\/uploads\/2026\/01\/fip-katze-ki-768x512.jpg\" data-srcset=\"https:\/\/laboklin.de\/wp-content\/uploads\/2026\/01\/fip-katze-ki-768x512.jpg 768w, https:\/\/laboklin.de\/wp-content\/uploads\/2026\/01\/fip-katze-ki-1024x682.jpg 1024w\" loading=\"eager\" style=\"--ratio: 768 \/ 512\" sizes=\"(max-width: 768px) 100vw, 768px\" alt=\"Katze mit FIP\"  width=\"768\" height=\"512\"  \/><span class=\"gallery-zoom-ico icomoon-the7-font-the7-zoom-01\"><span><\/span><\/span><\/a>\t<\/div>\n<\/div>\n\n\n<div class=\"post-entry-content\">\n\n\t<h3 class=\"entry-title\">\n\t\t<a href=\"https:\/\/laboklin.de\/de\/akute-phase-proteine-bei-hund-und-katze\/\" title=\"Akute-Phase-Proteine bei Hund und Katze \u2013 aktuelle Erkenntnisse und Bedeutung f\u00fcr die Praxis\" rel=\"bookmark\">Akute-Phase-Proteine bei Hund und Katze \u2013 aktuelle Erkenntnisse und Bedeutung f\u00fcr die Praxis<\/a>\n\t<\/h3>\n\n\t<div class=\"entry-meta\"><span class=\"category-link\"><a href=\"https:\/\/laboklin.de\/de\/category\/laboklin-aktuell\/\" >LABOKLIN aktuell<\/a><\/span><\/div>\n\t<div class=\"entry-excerpt\"><p>Akute-Phase-Protein bei Hund und Katze: diagnostische Bedeutung von CRP, SAA, AGP und Co. f\u00fcr die Praxis<\/p>\n<\/div>\n\t\n<a href=\"https:\/\/laboklin.de\/de\/akute-phase-proteine-bei-hund-und-katze\/\" class=\"post-details details-type-link\" aria-label=\"Read more about Akute-Phase-Proteine bei Hund und Katze \u2013 aktuelle Erkenntnisse und Bedeutung f\u00fcr die Praxis\">Artikel lesen...<i class=\"dt-icon-the7-arrow-03\" aria-hidden=\"true\"><\/i><\/a>\n\n<\/div><\/article><\/div><div class=\"visible wf-cell category-87\" data-post-id=\"1580793\" data-date=\"2026-01-09T16:00:57+01:00\" data-name=\"02. KW 2026\"><article class=\"post project-odd visible post-1580793 type-post status-publish format-standard has-post-thumbnail hentry category-laboklin-fuersiegelesen category-87\" data-name=\"02. KW 2026\" data-date=\"2026-01-09T16:00:57+01:00\">\n\n<div class=\"post-thumbnail-wrap\">\n\t<div class=\"post-thumbnail\">\n\t\t\n\t\t\n\t\t<a href=\"https:\/\/laboklin.de\/de\/fuersiegelesen-02-kw-2026\/\" class=\"post-thumbnail-rollover layzr-bg layzr-bg\" ><img decoding=\"async\" class=\"iso-lazy-load preload-me iso-lazy-load aspect\" src=\"data:image\/svg+xml,%3Csvg%20xmlns%3D&#39;http%3A%2F%2Fwww.w3.org%2F2000%2Fsvg&#39;%20viewBox%3D&#39;0%200%20600%20400&#39;%2F%3E\" data-src=\"https:\/\/laboklin.de\/wp-content\/uploads\/2026\/01\/dessurpferd_fsg0226_web-600x400.jpg\" data-srcset=\"https:\/\/laboklin.de\/wp-content\/uploads\/2026\/01\/dessurpferd_fsg0226_web-600x400.jpg 600w\" loading=\"eager\" style=\"--ratio: 600 \/ 400\" sizes=\"(max-width: 600px) 100vw, 600px\" alt=\"dessurpferd fsg0226 web\" title=\"Dessurpferd_FSG0226_web\" width=\"600\" height=\"400\"  \/><span class=\"gallery-zoom-ico icomoon-the7-font-the7-zoom-01\"><span><\/span><\/span><\/a>\t<\/div>\n<\/div>\n\n\n<div class=\"post-entry-content\">\n\n\t<h3 class=\"entry-title\">\n\t\t<a href=\"https:\/\/laboklin.de\/de\/fuersiegelesen-02-kw-2026\/\" title=\"02. KW 2026\" rel=\"bookmark\">02. KW 2026<\/a>\n\t<\/h3>\n\n\t<div class=\"entry-meta\"><span class=\"category-link\"><a href=\"https:\/\/laboklin.de\/de\/category\/laboklin-fuersiegelesen\/\" >LABOKLIN F\u00fcrSieGelesen<\/a><\/span><\/div>\n\t<div class=\"entry-excerpt\"><p>+ Blauzungenkrankheit \u2013 doch keine Ruhe + Bornavirus? \u2013 Pferd einer Olympiasiegerin pl\u00f6tzlich verstorben + Neue Methode zur Geschlechtsbestimmung bei&hellip;<\/p>\n<\/div>\n\t\n<a href=\"https:\/\/laboklin.de\/de\/fuersiegelesen-02-kw-2026\/\" class=\"post-details details-type-link\" aria-label=\"Read more about 02. KW 2026\">Artikel lesen...<i class=\"dt-icon-the7-arrow-03\" aria-hidden=\"true\"><\/i><\/a>\n\n<\/div><\/article><\/div><div class=\"visible wf-cell category-87\" data-post-id=\"1578898\" data-date=\"2025-12-19T12:50:17+01:00\" data-name=\"51. KW 2025\"><article class=\"post project-odd visible post-1578898 type-post status-publish format-standard has-post-thumbnail hentry category-laboklin-fuersiegelesen category-87\" data-name=\"51. KW 2025\" data-date=\"2025-12-19T12:50:17+01:00\">\n\n<div class=\"post-thumbnail-wrap\">\n\t<div class=\"post-thumbnail\">\n\t\t\n\t\t\n\t\t<a href=\"https:\/\/laboklin.de\/de\/fuersiegelesen-51-kw-2025\/\" class=\"post-thumbnail-rollover layzr-bg layzr-bg\" ><img decoding=\"async\" class=\"iso-lazy-load preload-me iso-lazy-load aspect\" src=\"data:image\/svg+xml,%3Csvg%20xmlns%3D&#39;http%3A%2F%2Fwww.w3.org%2F2000%2Fsvg&#39;%20viewBox%3D&#39;0%200%20600%20400&#39;%2F%3E\" data-src=\"https:\/\/laboklin.de\/wp-content\/uploads\/2025\/12\/pelikan_fsg5125_web-600x400.jpg\" data-srcset=\"https:\/\/laboklin.de\/wp-content\/uploads\/2025\/12\/pelikan_fsg5125_web-600x400.jpg 600w\" loading=\"eager\" style=\"--ratio: 600 \/ 400\" sizes=\"(max-width: 600px) 100vw, 600px\" alt=\"pelikan fsg5125 web\" title=\"Pelikan_FSG5125_web\" width=\"600\" height=\"400\"  \/><span class=\"gallery-zoom-ico icomoon-the7-font-the7-zoom-01\"><span><\/span><\/span><\/a>\t<\/div>\n<\/div>\n\n\n<div class=\"post-entry-content\">\n\n\t<h3 class=\"entry-title\">\n\t\t<a href=\"https:\/\/laboklin.de\/de\/fuersiegelesen-51-kw-2025\/\" title=\"51. KW 2025\" rel=\"bookmark\">51. KW 2025<\/a>\n\t<\/h3>\n\n\t<div class=\"entry-meta\"><span class=\"category-link\"><a href=\"https:\/\/laboklin.de\/de\/category\/laboklin-fuersiegelesen\/\" >LABOKLIN F\u00fcrSieGelesen<\/a><\/span><\/div>\n\t<div class=\"entry-excerpt\"><p>+ Gefl\u00fcgelpest \u2013 weiterhin viele Keulungen + H5N1 \u2013 Gefahr auch f\u00fcr Freig\u00e4ngerkatzen und Hunde + Aujeszkysche Krankheit bei zwei&hellip;<\/p>\n<\/div>\n\t\n<a href=\"https:\/\/laboklin.de\/de\/fuersiegelesen-51-kw-2025\/\" class=\"post-details details-type-link\" aria-label=\"Read more about 51. KW 2025\">Artikel lesen...<i class=\"dt-icon-the7-arrow-03\" aria-hidden=\"true\"><\/i><\/a>\n\n<\/div><\/article><\/div><div class=\"visible wf-cell category-28\" data-post-id=\"1576473\" data-date=\"2025-12-03T12:05:32+01:00\" data-name=\"Expertenrunde zum Cushing-Syndrom\"><article class=\"post project-odd visible post-1576473 type-post status-publish format-standard has-post-thumbnail hentry category-laboklin-aktuell category-28\" data-name=\"Expertenrunde zum Cushing-Syndrom\" data-date=\"2025-12-03T12:05:32+01:00\">\n\n<div class=\"post-thumbnail-wrap\">\n\t<div class=\"post-thumbnail\">\n\t\t\n\t\t\n\t\t<a href=\"https:\/\/laboklin.de\/de\/expertenrunde-zum-cushing-syndrom\/\" class=\"post-thumbnail-rollover layzr-bg layzr-bg\" ><img decoding=\"async\" class=\"iso-lazy-load preload-me iso-lazy-load aspect\" src=\"data:image\/svg+xml,%3Csvg%20xmlns%3D&#39;http%3A%2F%2Fwww.w3.org%2F2000%2Fsvg&#39;%20viewBox%3D&#39;0%200%20768%20512&#39;%2F%3E\" data-src=\"https:\/\/laboklin.de\/wp-content\/uploads\/2025\/12\/hund_cushing-768x512.jpg\" data-srcset=\"https:\/\/laboklin.de\/wp-content\/uploads\/2025\/12\/hund_cushing-768x512.jpg 768w, https:\/\/laboklin.de\/wp-content\/uploads\/2025\/12\/hund_cushing-1152x768.jpg 1152w\" loading=\"eager\" style=\"--ratio: 768 \/ 512\" sizes=\"(max-width: 768px) 100vw, 768px\" alt=\"hund cushing\" title=\"Hund_Cushing\" width=\"768\" height=\"512\"  \/><span class=\"gallery-zoom-ico icomoon-the7-font-the7-zoom-01\"><span><\/span><\/span><\/a>\t<\/div>\n<\/div>\n\n\n<div class=\"post-entry-content\">\n\n\t<h3 class=\"entry-title\">\n\t\t<a href=\"https:\/\/laboklin.de\/de\/expertenrunde-zum-cushing-syndrom\/\" title=\"Expertenrunde zum Cushing-Syndrom\" rel=\"bookmark\">Expertenrunde zum Cushing-Syndrom<\/a>\n\t<\/h3>\n\n\t<div class=\"entry-meta\"><span class=\"category-link\"><a href=\"https:\/\/laboklin.de\/de\/category\/laboklin-aktuell\/\" >LABOKLIN aktuell<\/a><\/span><\/div>\n\t<div class=\"entry-excerpt\"><p>Aktuelle Expertenrunde zum Cushing\u2011Syndrom: Fachwissen zu Symptomen, Diagnostik und Therapie bei Hund und Katze \u2013 kompakt und praxisnah erkl\u00e4rt.<\/p>\n<\/div>\n\t\n<a href=\"https:\/\/laboklin.de\/de\/expertenrunde-zum-cushing-syndrom\/\" class=\"post-details details-type-link\" aria-label=\"Read more about Expertenrunde zum Cushing-Syndrom\">Artikel lesen...<i class=\"dt-icon-the7-arrow-03\" aria-hidden=\"true\"><\/i><\/a>\n\n<\/div><\/article><\/div><div class=\"visible wf-cell category-90\" data-post-id=\"1576593\" data-date=\"2025-11-28T11:41:09+01:00\" data-name=\"Die Allergen-spezifische Immuntherapie (ASIT) bei Pferden\"><article class=\"post project-odd visible post-1576593 type-post status-publish format-standard has-post-thumbnail hentry category-laboklin-allergie category-90\" data-name=\"Die Allergen-spezifische Immuntherapie (ASIT) bei Pferden\" data-date=\"2025-11-28T11:41:09+01:00\">\n\n<div class=\"post-thumbnail-wrap\">\n\t<div class=\"post-thumbnail\">\n\t\t\n\t\t\n\t\t<a href=\"https:\/\/laboklin.de\/de\/die-allergen-spezifische-immuntherapie-asit-bei-pferden\/\" class=\"post-thumbnail-rollover layzr-bg layzr-bg\" ><img decoding=\"async\" class=\"iso-lazy-load preload-me iso-lazy-load aspect\" src=\"data:image\/svg+xml,%3Csvg%20xmlns%3D&#39;http%3A%2F%2Fwww.w3.org%2F2000%2Fsvg&#39;%20viewBox%3D&#39;0%200%20768%20512&#39;%2F%3E\" data-src=\"https:\/\/laboklin.de\/wp-content\/uploads\/2025\/12\/symptome_pferde-768x512.jpg\" data-srcset=\"https:\/\/laboklin.de\/wp-content\/uploads\/2025\/12\/symptome_pferde-768x512.jpg 768w, https:\/\/laboklin.de\/wp-content\/uploads\/2025\/12\/symptome_pferde-958x639.jpg 958w\" loading=\"eager\" style=\"--ratio: 768 \/ 512\" sizes=\"(max-width: 768px) 100vw, 768px\" alt=\"Symptome der in die Studie inkludierten Pferde\"  width=\"768\" height=\"512\"  \/><span class=\"gallery-zoom-ico icomoon-the7-font-the7-zoom-01\"><span><\/span><\/span><\/a>\t<\/div>\n<\/div>\n\n\n<div class=\"post-entry-content\">\n\n\t<h3 class=\"entry-title\">\n\t\t<a href=\"https:\/\/laboklin.de\/de\/die-allergen-spezifische-immuntherapie-asit-bei-pferden\/\" title=\"Die Allergen-spezifische Immuntherapie (ASIT) bei Pferden\" rel=\"bookmark\">Die Allergen-spezifische Immuntherapie (ASIT) bei Pferden<\/a>\n\t<\/h3>\n\n\t<div class=\"entry-meta\"><span class=\"category-link\"><a href=\"https:\/\/laboklin.de\/de\/category\/laboklin-allergie\/\" >LABOKLIN Dermatologie<\/a><\/span><\/div>\n\t<div class=\"entry-excerpt\"><p>ASIT Pferd: Gr\u00fcnde f\u00fcr Behandlungsabbr\u00fcche und Optimierung des Behandlungserfolges<\/p>\n<\/div>\n\t\n<a href=\"https:\/\/laboklin.de\/de\/die-allergen-spezifische-immuntherapie-asit-bei-pferden\/\" class=\"post-details details-type-link\" aria-label=\"Read more about Die Allergen-spezifische Immuntherapie (ASIT) bei Pferden\">Artikel lesen...<i class=\"dt-icon-the7-arrow-03\" aria-hidden=\"true\"><\/i><\/a>\n\n<\/div><\/article><\/div><div class=\"visible wf-cell category-87\" data-post-id=\"1576051\" data-date=\"2025-11-28T09:38:23+01:00\" data-name=\"48. KW 2025\"><article class=\"post project-odd visible post-1576051 type-post status-publish format-standard has-post-thumbnail hentry category-laboklin-fuersiegelesen category-87\" data-name=\"48. KW 2025\" data-date=\"2025-11-28T09:38:23+01:00\">\n\n<div class=\"post-thumbnail-wrap\">\n\t<div class=\"post-thumbnail\">\n\t\t\n\t\t\n\t\t<a href=\"https:\/\/laboklin.de\/de\/fuersiegelesen_48-kw-2025\/\" class=\"post-thumbnail-rollover layzr-bg layzr-bg\" ><img decoding=\"async\" class=\"iso-lazy-load preload-me iso-lazy-load aspect\" src=\"data:image\/svg+xml,%3Csvg%20xmlns%3D&#39;http%3A%2F%2Fwww.w3.org%2F2000%2Fsvg&#39;%20viewBox%3D&#39;0%200%20600%20400&#39;%2F%3E\" data-src=\"https:\/\/laboklin.de\/wp-content\/uploads\/2025\/12\/pandemie_fsg4825_web-600x400.jpg\" data-srcset=\"https:\/\/laboklin.de\/wp-content\/uploads\/2025\/12\/pandemie_fsg4825_web-600x400.jpg 600w\" loading=\"eager\" style=\"--ratio: 600 \/ 400\" sizes=\"(max-width: 600px) 100vw, 600px\" alt=\"pandemie fsg4825 web\" title=\"Pandemie_FSG4825_web\" width=\"600\" height=\"400\"  \/><span class=\"gallery-zoom-ico icomoon-the7-font-the7-zoom-01\"><span><\/span><\/span><\/a>\t<\/div>\n<\/div>\n\n\n<div class=\"post-entry-content\">\n\n\t<h3 class=\"entry-title\">\n\t\t<a href=\"https:\/\/laboklin.de\/de\/fuersiegelesen_48-kw-2025\/\" title=\"48. KW 2025\" rel=\"bookmark\">48. KW 2025<\/a>\n\t<\/h3>\n\n\t<div class=\"entry-meta\"><span class=\"category-link\"><a href=\"https:\/\/laboklin.de\/de\/category\/laboklin-fuersiegelesen\/\" >LABOKLIN F\u00fcrSieGelesen<\/a><\/span><\/div>\n\t<div class=\"entry-excerpt\"><p>+ Vogelgrippe \u2013 keine Entwarnung + Mutation f\u00fcr das \u00dcberwinden der Speziesbarriere von H5N1 ist gefunden + Tierschutz im Pferdesport&hellip;<\/p>\n<\/div>\n\t\n<a href=\"https:\/\/laboklin.de\/de\/fuersiegelesen_48-kw-2025\/\" class=\"post-details details-type-link\" aria-label=\"Read more about 48. KW 2025\">Artikel lesen...<i class=\"dt-icon-the7-arrow-03\" aria-hidden=\"true\"><\/i><\/a>\n\n<\/div><\/article><\/div><div class=\"visible wf-cell category-87\" data-post-id=\"1572487\" data-date=\"2025-11-07T12:28:52+01:00\" data-name=\"45. KW 2025\"><article class=\"post project-odd visible post-1572487 type-post status-publish format-standard has-post-thumbnail hentry category-laboklin-fuersiegelesen category-87\" data-name=\"45. KW 2025\" data-date=\"2025-11-07T12:28:52+01:00\">\n\n<div class=\"post-thumbnail-wrap\">\n\t<div class=\"post-thumbnail\">\n\t\t\n\t\t\n\t\t<a href=\"https:\/\/laboklin.de\/de\/fuersiegelesen_45-kw-2025\/\" class=\"post-thumbnail-rollover layzr-bg layzr-bg\" ><img decoding=\"async\" class=\"iso-lazy-load preload-me iso-lazy-load aspect\" src=\"data:image\/svg+xml,%3Csvg%20xmlns%3D&#39;http%3A%2F%2Fwww.w3.org%2F2000%2Fsvg&#39;%20viewBox%3D&#39;0%200%20600%20400&#39;%2F%3E\" data-src=\"https:\/\/laboklin.de\/wp-content\/uploads\/2025\/11\/impfung_ratte_fsg4525_web-600x400.jpg\" data-srcset=\"https:\/\/laboklin.de\/wp-content\/uploads\/2025\/11\/impfung_ratte_fsg4525_web-600x400.jpg 600w\" loading=\"eager\" style=\"--ratio: 600 \/ 400\" sizes=\"(max-width: 600px) 100vw, 600px\" alt=\"impfung ratte fsg4525 web\" title=\"Impfung_Ratte_FSG4525_web\" width=\"600\" height=\"400\"  \/><span class=\"gallery-zoom-ico icomoon-the7-font-the7-zoom-01\"><span><\/span><\/span><\/a>\t<\/div>\n<\/div>\n\n\n<div class=\"post-entry-content\">\n\n\t<h3 class=\"entry-title\">\n\t\t<a href=\"https:\/\/laboklin.de\/de\/fuersiegelesen_45-kw-2025\/\" title=\"45. KW 2025\" rel=\"bookmark\">45. KW 2025<\/a>\n\t<\/h3>\n\n\t<div class=\"entry-meta\"><span class=\"category-link\"><a href=\"https:\/\/laboklin.de\/de\/category\/laboklin-fuersiegelesen\/\" >LABOKLIN F\u00fcrSieGelesen<\/a><\/span><\/div>\n\t<div class=\"entry-excerpt\"><p>+ Gefl\u00fcgelpest: Lage zunehmend dramatisch + Ratten \u2013 lauert die Gefahr auch in Privathaushalten? + Nanoplastik \u2013 nicht nur f\u00fcr&hellip;<\/p>\n<\/div>\n\t\n<a href=\"https:\/\/laboklin.de\/de\/fuersiegelesen_45-kw-2025\/\" class=\"post-details details-type-link\" aria-label=\"Read more about 45. KW 2025\">Artikel lesen...<i class=\"dt-icon-the7-arrow-03\" aria-hidden=\"true\"><\/i><\/a>\n\n<\/div><\/article><\/div><div class=\"visible wf-cell category-28\" data-post-id=\"1570913\" data-date=\"2025-10-29T13:23:51+01:00\" data-name=\"Hypothyreose beim Hund: diagnostische Sch\u00e4rfe durch moderne Verfahren \u2013 Fokus rT3 und LC-MS\/MS\"><article class=\"post project-odd visible post-1570913 type-post status-publish format-standard has-post-thumbnail hentry category-laboklin-aktuell category-28\" data-name=\"Hypothyreose beim Hund: diagnostische Sch\u00e4rfe durch moderne Verfahren \u2013 Fokus rT3 und LC-MS\/MS\" data-date=\"2025-10-29T13:23:51+01:00\">\n\n<div class=\"post-thumbnail-wrap\">\n\t<div class=\"post-thumbnail\">\n\t\t\n\t\t\n\t\t<a href=\"https:\/\/laboklin.de\/de\/hypothyreose-beim-hund\/\" class=\"post-thumbnail-rollover layzr-bg layzr-bg\" ><img decoding=\"async\" class=\"iso-lazy-load preload-me iso-lazy-load aspect\" src=\"data:image\/svg+xml,%3Csvg%20xmlns%3D&#39;http%3A%2F%2Fwww.w3.org%2F2000%2Fsvg&#39;%20viewBox%3D&#39;0%200%20768%20512&#39;%2F%3E\" data-src=\"https:\/\/laboklin.de\/wp-content\/uploads\/2025\/10\/titelbild_hypothyreose-768x512.jpg\" data-srcset=\"https:\/\/laboklin.de\/wp-content\/uploads\/2025\/10\/titelbild_hypothyreose-768x512.jpg 768w, https:\/\/laboklin.de\/wp-content\/uploads\/2025\/10\/titelbild_hypothyreose-1152x768.jpg 1152w\" loading=\"eager\" style=\"--ratio: 768 \/ 512\" sizes=\"(max-width: 768px) 100vw, 768px\" alt=\"titelbild hypothyreose\" title=\"Titelbild_Hypothyreose\" width=\"768\" height=\"512\"  \/><span class=\"gallery-zoom-ico icomoon-the7-font-the7-zoom-01\"><span><\/span><\/span><\/a>\t<\/div>\n<\/div>\n\n\n<div class=\"post-entry-content\">\n\n\t<h3 class=\"entry-title\">\n\t\t<a href=\"https:\/\/laboklin.de\/de\/hypothyreose-beim-hund\/\" title=\"Hypothyreose beim Hund: diagnostische Sch\u00e4rfe durch moderne Verfahren \u2013 Fokus rT3 und LC-MS\/MS\" rel=\"bookmark\">Hypothyreose beim Hund: diagnostische Sch\u00e4rfe durch moderne Verfahren \u2013 Fokus rT3 und LC-MS\/MS<\/a>\n\t<\/h3>\n\n\t<div class=\"entry-meta\"><span class=\"category-link\"><a href=\"https:\/\/laboklin.de\/de\/category\/laboklin-aktuell\/\" >LABOKLIN aktuell<\/a><\/span><\/div>\n\t<div class=\"entry-excerpt\"><p>Bei der pr\u00e4zisen Diagnose der kaninen Hypothyreose liefern die rT3-Messung sowie LC-MS\/MS-basierte Analysen besonders in Zweifelsf\u00e4llen entscheidende Informationen.<\/p>\n<\/div>\n\t\n<a href=\"https:\/\/laboklin.de\/de\/hypothyreose-beim-hund\/\" class=\"post-details details-type-link\" aria-label=\"Read more about Hypothyreose beim Hund: diagnostische Sch\u00e4rfe durch moderne Verfahren \u2013 Fokus rT3 und LC-MS\/MS\">Artikel lesen...<i class=\"dt-icon-the7-arrow-03\" aria-hidden=\"true\"><\/i><\/a>\n\n<\/div><\/article><\/div><div class=\"visible wf-cell category-87\" data-post-id=\"1568289\" data-date=\"2025-10-17T13:09:59+02:00\" data-name=\"42. KW 2025\"><article class=\"post project-odd visible post-1568289 type-post status-publish format-standard has-post-thumbnail hentry category-laboklin-fuersiegelesen category-87\" data-name=\"42. KW 2025\" data-date=\"2025-10-17T13:09:59+02:00\">\n\n<div class=\"post-thumbnail-wrap\">\n\t<div class=\"post-thumbnail\">\n\t\t\n\t\t\n\t\t<a href=\"https:\/\/laboklin.de\/de\/fuersiegelesen_42-kw-2025\/\" class=\"post-thumbnail-rollover layzr-bg layzr-bg\" ><img decoding=\"async\" class=\"iso-lazy-load preload-me iso-lazy-load aspect\" src=\"data:image\/svg+xml,%3Csvg%20xmlns%3D&#39;http%3A%2F%2Fwww.w3.org%2F2000%2Fsvg&#39;%20viewBox%3D&#39;0%200%20600%20400&#39;%2F%3E\" data-src=\"https:\/\/laboklin.de\/wp-content\/uploads\/2025\/10\/impfung_hase_fsg4225_web-600x400.jpg\" data-srcset=\"https:\/\/laboklin.de\/wp-content\/uploads\/2025\/10\/impfung_hase_fsg4225_web-600x400.jpg 600w\" loading=\"eager\" style=\"--ratio: 600 \/ 400\" sizes=\"(max-width: 600px) 100vw, 600px\" alt=\"impfung hase fsg4225 web\" title=\"Impfung_Hase_FSG4225_web\" width=\"600\" height=\"400\"  \/><span class=\"gallery-zoom-ico icomoon-the7-font-the7-zoom-01\"><span><\/span><\/span><\/a>\t<\/div>\n<\/div>\n\n\n<div class=\"post-entry-content\">\n\n\t<h3 class=\"entry-title\">\n\t\t<a href=\"https:\/\/laboklin.de\/de\/fuersiegelesen_42-kw-2025\/\" title=\"42. KW 2025\" rel=\"bookmark\">42. KW 2025<\/a>\n\t<\/h3>\n\n\t<div class=\"entry-meta\"><span class=\"category-link\"><a href=\"https:\/\/laboklin.de\/de\/category\/laboklin-fuersiegelesen\/\" >LABOKLIN F\u00fcrSieGelesen<\/a><\/span><\/div>\n\t<div class=\"entry-excerpt\"><p>+ BTV-8: neuer Serotyp in Baden-W\u00fcrttemberg nachgewiesen + Myxomatose breitet sich in Norddeutschland weiter aus + Kommunikations-Toolkit zur Vogelgrippe +&hellip;<\/p>\n<\/div>\n\t\n<a href=\"https:\/\/laboklin.de\/de\/fuersiegelesen_42-kw-2025\/\" class=\"post-details details-type-link\" aria-label=\"Read more about 42. KW 2025\">Artikel lesen...<i class=\"dt-icon-the7-arrow-03\" aria-hidden=\"true\"><\/i><\/a>\n\n<\/div><\/article><\/div><div class=\"visible wf-cell category-87\" data-post-id=\"1565297\" data-date=\"2025-09-26T12:02:16+02:00\" data-name=\"39. KW 2025\"><article class=\"post project-odd visible post-1565297 type-post status-publish format-standard has-post-thumbnail hentry category-laboklin-fuersiegelesen category-87\" data-name=\"39. KW 2025\" data-date=\"2025-09-26T12:02:16+02:00\">\n\n<div class=\"post-thumbnail-wrap\">\n\t<div class=\"post-thumbnail\">\n\t\t\n\t\t\n\t\t<a href=\"https:\/\/laboklin.de\/de\/fuersiegelesen_39-kw-2025\/\" class=\"post-thumbnail-rollover layzr-bg layzr-bg\" ><img decoding=\"async\" class=\"iso-lazy-load preload-me iso-lazy-load aspect\" src=\"data:image\/svg+xml,%3Csvg%20xmlns%3D&#39;http%3A%2F%2Fwww.w3.org%2F2000%2Fsvg&#39;%20viewBox%3D&#39;0%200%20600%20400&#39;%2F%3E\" data-src=\"https:\/\/laboklin.de\/wp-content\/uploads\/2025\/10\/ente_fsg3925_web-600x400.jpg\" data-srcset=\"https:\/\/laboklin.de\/wp-content\/uploads\/2025\/10\/ente_fsg3925_web-600x400.jpg 600w\" loading=\"eager\" style=\"--ratio: 600 \/ 400\" sizes=\"(max-width: 600px) 100vw, 600px\" alt=\"ente fsg3925 web\" title=\"Ente_FSG3925_web\" width=\"600\" height=\"400\"  \/><span class=\"gallery-zoom-ico icomoon-the7-font-the7-zoom-01\"><span><\/span><\/span><\/a>\t<\/div>\n<\/div>\n\n\n<div class=\"post-entry-content\">\n\n\t<h3 class=\"entry-title\">\n\t\t<a href=\"https:\/\/laboklin.de\/de\/fuersiegelesen_39-kw-2025\/\" title=\"39. KW 2025\" rel=\"bookmark\">39. KW 2025<\/a>\n\t<\/h3>\n\n\t<div class=\"entry-meta\"><span class=\"category-link\"><a href=\"https:\/\/laboklin.de\/de\/category\/laboklin-fuersiegelesen\/\" >LABOKLIN F\u00fcrSieGelesen<\/a><\/span><\/div>\n\t<div class=\"entry-excerpt\"><p>+ H5N1 \u2013 auch in Deutschland weitere Betriebe betroffen + EU-weites Pelztierzuchtverbot \u2013 Entscheidung im M\u00e4rz 2026 erwartet + Weltenbummler&hellip;<\/p>\n<\/div>\n\t\n<a href=\"https:\/\/laboklin.de\/de\/fuersiegelesen_39-kw-2025\/\" class=\"post-details details-type-link\" aria-label=\"Read more about 39. KW 2025\">Artikel lesen...<i class=\"dt-icon-the7-arrow-03\" aria-hidden=\"true\"><\/i><\/a>\n\n<\/div><\/article><\/div><div class=\"visible wf-cell category-28\" data-post-id=\"1562521\" data-date=\"2025-09-18T10:00:45+02:00\" data-name=\"Spontantumoren beim Meerschweinchen (Cavia porcellus): retrospektive Auswertung von Tumoren aus der Routineeinsendung\"><article class=\"post project-odd visible post-1562521 type-post status-publish format-standard has-post-thumbnail hentry category-laboklin-aktuell category-28\" data-name=\"Spontantumoren beim Meerschweinchen (Cavia porcellus): retrospektive Auswertung von Tumoren aus der Routineeinsendung\" data-date=\"2025-09-18T10:00:45+02:00\">\n\n<div class=\"post-thumbnail-wrap\">\n\t<div class=\"post-thumbnail\">\n\t\t\n\t\t\n\t\t<a href=\"https:\/\/laboklin.de\/de\/spontantumoren-beim-meerschweinchen\/\" class=\"post-thumbnail-rollover layzr-bg layzr-bg\" ><img decoding=\"async\" class=\"iso-lazy-load preload-me iso-lazy-load aspect\" src=\"data:image\/svg+xml,%3Csvg%20xmlns%3D&#39;http%3A%2F%2Fwww.w3.org%2F2000%2Fsvg&#39;%20viewBox%3D&#39;0%200%20768%20512&#39;%2F%3E\" data-src=\"https:\/\/laboklin.de\/wp-content\/uploads\/2025\/09\/meerschweinchen-768x512.jpg\" data-srcset=\"https:\/\/laboklin.de\/wp-content\/uploads\/2025\/09\/meerschweinchen-768x512.jpg 768w, https:\/\/laboklin.de\/wp-content\/uploads\/2025\/09\/meerschweinchen-1045x697.jpg 1045w\" loading=\"eager\" style=\"--ratio: 768 \/ 512\" sizes=\"(max-width: 768px) 100vw, 768px\" alt=\"meerschweinchen\" title=\"Meerschweinchen\" width=\"768\" height=\"512\"  \/><span class=\"gallery-zoom-ico icomoon-the7-font-the7-zoom-01\"><span><\/span><\/span><\/a>\t<\/div>\n<\/div>\n\n\n<div class=\"post-entry-content\">\n\n\t<h3 class=\"entry-title\">\n\t\t<a href=\"https:\/\/laboklin.de\/de\/spontantumoren-beim-meerschweinchen\/\" title=\"Spontantumoren beim Meerschweinchen (Cavia porcellus): retrospektive Auswertung von Tumoren aus der Routineeinsendung\" rel=\"bookmark\">Spontantumoren beim Meerschweinchen (Cavia porcellus): retrospektive Auswertung von Tumoren aus der Routineeinsendung<\/a>\n\t<\/h3>\n\n\t<div class=\"entry-meta\"><span class=\"category-link\"><a href=\"https:\/\/laboklin.de\/de\/category\/laboklin-aktuell\/\" >LABOKLIN aktuell<\/a><\/span><\/div>\n\t<div class=\"entry-excerpt\"><p>Spontantumoren bei Meerschweinchen: H\u00e4ufigkeit, Lokalisation, Histologie<\/p>\n<\/div>\n\t\n<a href=\"https:\/\/laboklin.de\/de\/spontantumoren-beim-meerschweinchen\/\" class=\"post-details details-type-link\" aria-label=\"Read more about Spontantumoren beim Meerschweinchen (Cavia porcellus): retrospektive Auswertung von Tumoren aus der Routineeinsendung\">Artikel lesen...<i class=\"dt-icon-the7-arrow-03\" aria-hidden=\"true\"><\/i><\/a>\n\n<\/div><\/article><\/div><div class=\"visible wf-cell category-28\" data-post-id=\"1562344\" data-date=\"2025-09-12T12:59:18+02:00\" data-name=\"Die Laboklin Expertenrunde zur granulozyt\u00e4ren Anaplasmose (Anaplasma phagocytophilum)\"><article class=\"post project-odd visible post-1562344 type-post status-publish format-standard has-post-thumbnail hentry category-laboklin-aktuell category-28\" data-name=\"Die Laboklin Expertenrunde zur granulozyt\u00e4ren Anaplasmose (Anaplasma phagocytophilum)\" data-date=\"2025-09-12T12:59:18+02:00\">\n\n<div class=\"post-thumbnail-wrap\">\n\t<div class=\"post-thumbnail\">\n\t\t\n\t\t\n\t\t<a href=\"https:\/\/laboklin.de\/de\/die-laboklin-expertenrunde-zur-granulozytaeren-anaplasmose\/\" class=\"post-thumbnail-rollover layzr-bg layzr-bg\" ><img decoding=\"async\" class=\"iso-lazy-load preload-me iso-lazy-load aspect\" src=\"data:image\/svg+xml,%3Csvg%20xmlns%3D&#39;http%3A%2F%2Fwww.w3.org%2F2000%2Fsvg&#39;%20viewBox%3D&#39;0%200%20200%20133&#39;%2F%3E\" data-src=\"https:\/\/laboklin.de\/wp-content\/uploads\/2015\/10\/laboklin-aktuell-200x133.png\" data-srcset=\"https:\/\/laboklin.de\/wp-content\/uploads\/2015\/10\/laboklin-aktuell-200x133.png 200w\" loading=\"eager\" style=\"--ratio: 200 \/ 133\" sizes=\"(max-width: 200px) 100vw, 200px\" alt=\"\" title=\"laboklin aktuell\" width=\"200\" height=\"133\"  \/><span class=\"gallery-zoom-ico icomoon-the7-font-the7-zoom-01\"><span><\/span><\/span><\/a>\t<\/div>\n<\/div>\n\n\n<div class=\"post-entry-content\">\n\n\t<h3 class=\"entry-title\">\n\t\t<a href=\"https:\/\/laboklin.de\/de\/die-laboklin-expertenrunde-zur-granulozytaeren-anaplasmose\/\" title=\"Die Laboklin Expertenrunde zur granulozyt\u00e4ren Anaplasmose (Anaplasma phagocytophilum)\" rel=\"bookmark\">Die Laboklin Expertenrunde zur granulozyt\u00e4ren Anaplasmose (Anaplasma phagocytophilum)<\/a>\n\t<\/h3>\n\n\t<div class=\"entry-meta\"><span class=\"category-link\"><a href=\"https:\/\/laboklin.de\/de\/category\/laboklin-aktuell\/\" >LABOKLIN aktuell<\/a><\/span><\/div>\n\t<div class=\"entry-excerpt\"><p>Experteneinsch\u00e4tzungen zu Symptomen, Diagnostik und Therapie der granulozyt\u00e4ren Anaplasmose bei Kleintieren und Pferden<\/p>\n<\/div>\n\t\n<a href=\"https:\/\/laboklin.de\/de\/die-laboklin-expertenrunde-zur-granulozytaeren-anaplasmose\/\" class=\"post-details details-type-link\" aria-label=\"Read more about Die Laboklin Expertenrunde zur granulozyt\u00e4ren Anaplasmose (Anaplasma phagocytophilum)\">Artikel lesen...<i class=\"dt-icon-the7-arrow-03\" aria-hidden=\"true\"><\/i><\/a>\n\n<\/div><\/article><\/div><div class=\"visible wf-cell category-87\" data-post-id=\"1561644\" data-date=\"2025-09-05T10:27:17+02:00\" data-name=\"36. KW 2025\"><article class=\"post project-odd visible post-1561644 type-post status-publish format-standard has-post-thumbnail hentry category-laboklin-fuersiegelesen category-87\" data-name=\"36. KW 2025\" data-date=\"2025-09-05T10:27:17+02:00\">\n\n<div class=\"post-thumbnail-wrap\">\n\t<div class=\"post-thumbnail\">\n\t\t\n\t\t\n\t\t<a href=\"https:\/\/laboklin.de\/de\/fuersiegelesen_36-kw-2025\/\" class=\"post-thumbnail-rollover layzr-bg layzr-bg\" ><img decoding=\"async\" class=\"iso-lazy-load preload-me iso-lazy-load aspect\" src=\"data:image\/svg+xml,%3Csvg%20xmlns%3D&#39;http%3A%2F%2Fwww.w3.org%2F2000%2Fsvg&#39;%20viewBox%3D&#39;0%200%20600%20400&#39;%2F%3E\" data-src=\"https:\/\/laboklin.de\/wp-content\/uploads\/2025\/09\/pferd_fsg3625_web-600x400.jpg\" data-srcset=\"https:\/\/laboklin.de\/wp-content\/uploads\/2025\/09\/pferd_fsg3625_web-600x400.jpg 600w\" loading=\"eager\" style=\"--ratio: 600 \/ 400\" sizes=\"(max-width: 600px) 100vw, 600px\" alt=\"pferd fsg3625 web\" title=\"Pferd_FSG3625_web\" width=\"600\" height=\"400\"  \/><span class=\"gallery-zoom-ico icomoon-the7-font-the7-zoom-01\"><span><\/span><\/span><\/a>\t<\/div>\n<\/div>\n\n\n<div class=\"post-entry-content\">\n\n\t<h3 class=\"entry-title\">\n\t\t<a href=\"https:\/\/laboklin.de\/de\/fuersiegelesen_36-kw-2025\/\" title=\"36. KW 2025\" rel=\"bookmark\">36. KW 2025<\/a>\n\t<\/h3>\n\n\t<div class=\"entry-meta\"><span class=\"category-link\"><a href=\"https:\/\/laboklin.de\/de\/category\/laboklin-fuersiegelesen\/\" >LABOKLIN F\u00fcrSieGelesen<\/a><\/span><\/div>\n\t<div class=\"entry-excerpt\"><p>+ H5N1 in den USA kaum zu stoppen + Nach 8 Jahren Ruhe \u2013 EIA bei einem Pferd in Deutschland&hellip;<\/p>\n<\/div>\n\t\n<a href=\"https:\/\/laboklin.de\/de\/fuersiegelesen_36-kw-2025\/\" class=\"post-details details-type-link\" aria-label=\"Read more about 36. KW 2025\">Artikel lesen...<i class=\"dt-icon-the7-arrow-03\" aria-hidden=\"true\"><\/i><\/a>\n\n<\/div><\/article><\/div><div class=\"visible wf-cell category-28\" data-post-id=\"1560384\" data-date=\"2025-09-03T10:59:08+02:00\" data-name=\"Bestandsbetreuung Rind \u2013 das Tr\u00e4nkwasser als Schl\u00fcssel f\u00fcr gesunde und leistungsf\u00e4hige Tiere\"><article class=\"post project-odd visible post-1560384 type-post status-publish format-standard has-post-thumbnail hentry category-laboklin-aktuell category-28\" data-name=\"Bestandsbetreuung Rind \u2013 das Tr\u00e4nkwasser als Schl\u00fcssel f\u00fcr gesunde und leistungsf\u00e4hige Tiere\" data-date=\"2025-09-03T10:59:08+02:00\">\n\n<div class=\"post-thumbnail-wrap\">\n\t<div class=\"post-thumbnail\">\n\t\t\n\t\t\n\t\t<a href=\"https:\/\/laboklin.de\/de\/bestandsbetreuung-rind\/\" class=\"post-thumbnail-rollover layzr-bg layzr-bg\" ><img decoding=\"async\" class=\"iso-lazy-load preload-me iso-lazy-load aspect\" src=\"data:image\/svg+xml,%3Csvg%20xmlns%3D&#39;http%3A%2F%2Fwww.w3.org%2F2000%2Fsvg&#39;%20viewBox%3D&#39;0%200%20768%20512&#39;%2F%3E\" data-src=\"https:\/\/laboklin.de\/wp-content\/uploads\/2025\/09\/rind_trink-768x512.jpg\" data-srcset=\"https:\/\/laboklin.de\/wp-content\/uploads\/2025\/09\/rind_trink-768x512.jpg 768w, https:\/\/laboklin.de\/wp-content\/uploads\/2025\/09\/rind_trink-1152x768.jpg 1152w\" loading=\"eager\" style=\"--ratio: 768 \/ 512\" sizes=\"(max-width: 768px) 100vw, 768px\" alt=\"rind trink\" title=\"Rind_trink\" width=\"768\" height=\"512\"  \/><span class=\"gallery-zoom-ico icomoon-the7-font-the7-zoom-01\"><span><\/span><\/span><\/a>\t<\/div>\n<\/div>\n\n\n<div class=\"post-entry-content\">\n\n\t<h3 class=\"entry-title\">\n\t\t<a href=\"https:\/\/laboklin.de\/de\/bestandsbetreuung-rind\/\" title=\"Bestandsbetreuung Rind \u2013 das Tr\u00e4nkwasser als Schl\u00fcssel f\u00fcr gesunde und leistungsf\u00e4hige Tiere\" rel=\"bookmark\">Bestandsbetreuung Rind \u2013 das Tr\u00e4nkwasser als Schl\u00fcssel f\u00fcr gesunde und leistungsf\u00e4hige Tiere<\/a>\n\t<\/h3>\n\n\t<div class=\"entry-meta\"><span class=\"category-link\"><a href=\"https:\/\/laboklin.de\/de\/category\/laboklin-aktuell\/\" >LABOKLIN aktuell<\/a><\/span><\/div>\n\t<div class=\"entry-excerpt\"><p>Bedeutung Tr\u00e4nkwasser f\u00fcr die Rindergesundheit und Parameter bei der Analyse inkl. Richtwerte<\/p>\n<\/div>\n\t\n<a href=\"https:\/\/laboklin.de\/de\/bestandsbetreuung-rind\/\" class=\"post-details details-type-link\" aria-label=\"Read more about Bestandsbetreuung Rind \u2013 das Tr\u00e4nkwasser als Schl\u00fcssel f\u00fcr gesunde und leistungsf\u00e4hige Tiere\">Artikel lesen...<i class=\"dt-icon-the7-arrow-03\" aria-hidden=\"true\"><\/i><\/a>\n\n<\/div><\/article><\/div><div class=\"visible wf-cell category-87\" data-post-id=\"1557257\" data-date=\"2025-08-15T08:11:18+02:00\" data-name=\"33. KW 2025\"><article class=\"post project-odd visible post-1557257 type-post status-publish format-standard has-post-thumbnail hentry category-laboklin-fuersiegelesen category-87\" data-name=\"33. KW 2025\" data-date=\"2025-08-15T08:11:18+02:00\">\n\n<div class=\"post-thumbnail-wrap\">\n\t<div class=\"post-thumbnail\">\n\t\t\n\t\t\n\t\t<a href=\"https:\/\/laboklin.de\/de\/fuer-sie-gelesen-33-kw-2025\/\" class=\"post-thumbnail-rollover layzr-bg layzr-bg\" ><img decoding=\"async\" class=\"iso-lazy-load preload-me iso-lazy-load aspect\" src=\"data:image\/svg+xml,%3Csvg%20xmlns%3D&#39;http%3A%2F%2Fwww.w3.org%2F2000%2Fsvg&#39;%20viewBox%3D&#39;0%200%20600%20400&#39;%2F%3E\" data-src=\"https:\/\/laboklin.de\/wp-content\/uploads\/2025\/08\/icon_fsg_kw33.jpg\" data-srcset=\"https:\/\/laboklin.de\/wp-content\/uploads\/2025\/08\/icon_fsg_kw33.jpg 600w\" loading=\"eager\" style=\"--ratio: 600 \/ 400\" sizes=\"(max-width: 600px) 100vw, 600px\" alt=\"icon fsg kw33\" title=\"ICON_fsg_kw33\" width=\"600\" height=\"400\"  \/><span class=\"gallery-zoom-ico icomoon-the7-font-the7-zoom-01\"><span><\/span><\/span><\/a>\t<\/div>\n<\/div>\n\n\n<div class=\"post-entry-content\">\n\n\t<h3 class=\"entry-title\">\n\t\t<a href=\"https:\/\/laboklin.de\/de\/fuer-sie-gelesen-33-kw-2025\/\" title=\"33. KW 2025\" rel=\"bookmark\">33. KW 2025<\/a>\n\t<\/h3>\n\n\t<div class=\"entry-meta\"><span class=\"category-link\"><a href=\"https:\/\/laboklin.de\/de\/category\/laboklin-fuersiegelesen\/\" >LABOKLIN F\u00fcrSieGelesen<\/a><\/span><\/div>\n\t<div class=\"entry-excerpt\"><p>+ Myxomatose wird auch f\u00fcr Hasen zur gro\u00dfen Gefahr + Milzbrand-Ausbruch in Kroatien + Toxoplasmose \u2013 auch f\u00fcr M\u00e4nner ein&hellip;<\/p>\n<\/div>\n\t\n<a href=\"https:\/\/laboklin.de\/de\/fuer-sie-gelesen-33-kw-2025\/\" class=\"post-details details-type-link\" aria-label=\"Read more about 33. KW 2025\">Artikel lesen...<i class=\"dt-icon-the7-arrow-03\" aria-hidden=\"true\"><\/i><\/a>\n\n<\/div><\/article><\/div><div class=\"visible wf-cell category-28\" data-post-id=\"1552508\" data-date=\"2025-07-30T10:30:53+02:00\" data-name=\"F\u00e4kale Biomarker bei chronischen Enteropathien von Hund und Katze\"><article class=\"post project-odd visible post-1552508 type-post status-publish format-standard has-post-thumbnail hentry category-laboklin-aktuell category-28\" data-name=\"F\u00e4kale Biomarker bei chronischen Enteropathien von Hund und Katze\" data-date=\"2025-07-30T10:30:53+02:00\">\n\n<div class=\"post-thumbnail-wrap\">\n\t<div class=\"post-thumbnail\">\n\t\t\n\t\t\n\t\t<a href=\"https:\/\/laboklin.de\/de\/faekale-biomarker-bei-chronischen-enteropathien-von-hund-und-katze\/\" class=\"post-thumbnail-rollover layzr-bg layzr-bg\" ><img decoding=\"async\" class=\"iso-lazy-load preload-me iso-lazy-load aspect\" src=\"data:image\/svg+xml,%3Csvg%20xmlns%3D&#39;http%3A%2F%2Fwww.w3.org%2F2000%2Fsvg&#39;%20viewBox%3D&#39;0%200%20768%20512&#39;%2F%3E\" data-src=\"https:\/\/laboklin.de\/wp-content\/uploads\/2025\/07\/faekale_biomarker_bei_chronischen_enteropathien-768x512.jpg\" data-srcset=\"https:\/\/laboklin.de\/wp-content\/uploads\/2025\/07\/faekale_biomarker_bei_chronischen_enteropathien-768x512.jpg 768w, https:\/\/laboklin.de\/wp-content\/uploads\/2025\/07\/faekale_biomarker_bei_chronischen_enteropathien-1080x720.jpg 1080w\" loading=\"eager\" style=\"--ratio: 768 \/ 512\" sizes=\"(max-width: 768px) 100vw, 768px\" alt=\"faekale biomarker bei chronischen enteropathien\"  width=\"768\" height=\"512\"  \/><span class=\"gallery-zoom-ico icomoon-the7-font-the7-zoom-01\"><span><\/span><\/span><\/a>\t<\/div>\n<\/div>\n\n\n<div class=\"post-entry-content\">\n\n\t<h3 class=\"entry-title\">\n\t\t<a href=\"https:\/\/laboklin.de\/de\/faekale-biomarker-bei-chronischen-enteropathien-von-hund-und-katze\/\" title=\"F\u00e4kale Biomarker bei chronischen Enteropathien von Hund und Katze\" rel=\"bookmark\">F\u00e4kale Biomarker bei chronischen Enteropathien von Hund und Katze<\/a>\n\t<\/h3>\n\n\t<div class=\"entry-meta\"><span class=\"category-link\"><a href=\"https:\/\/laboklin.de\/de\/category\/laboklin-aktuell\/\" >LABOKLIN aktuell<\/a><\/span><\/div>\n\t<div class=\"entry-excerpt\"><p>Intraokul\u00e4re melanozyt\u00e4re Tumore bei Hund und Katze: Klinik, Diagnose, Prognose<\/p>\n<\/div>\n\t\n<a href=\"https:\/\/laboklin.de\/de\/faekale-biomarker-bei-chronischen-enteropathien-von-hund-und-katze\/\" class=\"post-details details-type-link\" aria-label=\"Read more about F\u00e4kale Biomarker bei chronischen Enteropathien von Hund und Katze\">Artikel lesen...<i class=\"dt-icon-the7-arrow-03\" aria-hidden=\"true\"><\/i><\/a>\n\n<\/div><\/article><\/div><div class=\"visible wf-cell category-87\" data-post-id=\"1552120\" data-date=\"2025-07-28T10:59:57+02:00\" data-name=\"30. KW 2025\"><article class=\"post project-odd visible post-1552120 type-post status-publish format-standard has-post-thumbnail hentry category-laboklin-fuersiegelesen category-87\" data-name=\"30. KW 2025\" data-date=\"2025-07-28T10:59:57+02:00\">\n\n<div class=\"post-thumbnail-wrap\">\n\t<div class=\"post-thumbnail\">\n\t\t\n\t\t\n\t\t<a href=\"https:\/\/laboklin.de\/de\/fuersiegelesen_30-kw-2025\/\" class=\"post-thumbnail-rollover layzr-bg layzr-bg\" ><img decoding=\"async\" class=\"iso-lazy-load preload-me iso-lazy-load aspect\" src=\"data:image\/svg+xml,%3Csvg%20xmlns%3D&#39;http%3A%2F%2Fwww.w3.org%2F2000%2Fsvg&#39;%20viewBox%3D&#39;0%200%20600%20400&#39;%2F%3E\" data-src=\"https:\/\/laboklin.de\/wp-content\/uploads\/2025\/07\/fuchs_fsg3025_web-600x400.jpg\" data-srcset=\"https:\/\/laboklin.de\/wp-content\/uploads\/2025\/07\/fuchs_fsg3025_web-600x400.jpg 600w\" loading=\"eager\" style=\"--ratio: 600 \/ 400\" sizes=\"(max-width: 600px) 100vw, 600px\" alt=\"fuchs fsg3025 web\" title=\"Fuchs_FSG3025_web\" width=\"600\" height=\"400\"  \/><span class=\"gallery-zoom-ico icomoon-the7-font-the7-zoom-01\"><span><\/span><\/span><\/a>\t<\/div>\n<\/div>\n\n\n<div class=\"post-entry-content\">\n\n\t<h3 class=\"entry-title\">\n\t\t<a href=\"https:\/\/laboklin.de\/de\/fuersiegelesen_30-kw-2025\/\" title=\"30. KW 2025\" rel=\"bookmark\">30. KW 2025<\/a>\n\t<\/h3>\n\n\t<div class=\"entry-meta\"><span class=\"category-link\"><a href=\"https:\/\/laboklin.de\/de\/category\/laboklin-fuersiegelesen\/\" >LABOKLIN F\u00fcrSieGelesen<\/a><\/span><\/div>\n\t<div class=\"entry-excerpt\"><p>+ Afrikanische Schweinepest \u2013 neue Sperrzonen eingerichtet + Fuchsbandwurm beim Menschen \u2013 Echinokokkose-Fallzahlen alarmierend + Nicht nur Antibiotika gef\u00e4hrden die&hellip;<\/p>\n<\/div>\n\t\n<a href=\"https:\/\/laboklin.de\/de\/fuersiegelesen_30-kw-2025\/\" class=\"post-details details-type-link\" aria-label=\"Read more about 30. KW 2025\">Artikel lesen...<i class=\"dt-icon-the7-arrow-03\" aria-hidden=\"true\"><\/i><\/a>\n\n<\/div><\/article><\/div><div class=\"visible wf-cell category-90\" data-post-id=\"1550011\" data-date=\"2025-07-18T11:21:03+02:00\" data-name=\"Der kutane Lupus erythematodes beim Hund\"><article class=\"post project-odd visible post-1550011 type-post status-publish format-standard has-post-thumbnail hentry category-laboklin-allergie category-90\" data-name=\"Der kutane Lupus erythematodes beim Hund\" data-date=\"2025-07-18T11:21:03+02:00\">\n\n<div class=\"post-thumbnail-wrap\">\n\t<div class=\"post-thumbnail\">\n\t\t\n\t\t\n\t\t<a href=\"https:\/\/laboklin.de\/de\/der-kutane-lupus-erythematodes-beim-hund\/\" class=\"post-thumbnail-rollover layzr-bg layzr-bg\" ><img decoding=\"async\" class=\"iso-lazy-load preload-me iso-lazy-load aspect\" src=\"data:image\/svg+xml,%3Csvg%20xmlns%3D&#39;http%3A%2F%2Fwww.w3.org%2F2000%2Fsvg&#39;%20viewBox%3D&#39;0%200%20768%20512&#39;%2F%3E\" data-src=\"https:\/\/laboklin.de\/wp-content\/uploads\/2025\/07\/ulzera_und_hyperkeratose_im_bereich_des_nasenspiegels-768x512.jpg\" data-srcset=\"https:\/\/laboklin.de\/wp-content\/uploads\/2025\/07\/ulzera_und_hyperkeratose_im_bereich_des_nasenspiegels-768x512.jpg 768w, https:\/\/laboklin.de\/wp-content\/uploads\/2025\/07\/ulzera_und_hyperkeratose_im_bereich_des_nasenspiegels-1152x768.jpg 1152w\" loading=\"eager\" style=\"--ratio: 768 \/ 512\" sizes=\"(max-width: 768px) 100vw, 768px\" alt=\"Fazialer diskoider Lupus erythematodes mit Depigmentation, Ulzera und Hyperkeratose im Bereich des Nasenspiegels\"  width=\"768\" height=\"512\"  \/><span class=\"gallery-zoom-ico icomoon-the7-font-the7-zoom-01\"><span><\/span><\/span><\/a>\t<\/div>\n<\/div>\n\n\n<div class=\"post-entry-content\">\n\n\t<h3 class=\"entry-title\">\n\t\t<a href=\"https:\/\/laboklin.de\/de\/der-kutane-lupus-erythematodes-beim-hund\/\" title=\"Der kutane Lupus erythematodes beim Hund\" rel=\"bookmark\">Der kutane Lupus erythematodes beim Hund<\/a>\n\t<\/h3>\n\n\t<div class=\"entry-meta\"><span class=\"category-link\"><a href=\"https:\/\/laboklin.de\/de\/category\/laboklin-allergie\/\" >LABOKLIN Dermatologie<\/a><\/span><\/div>\n\t<div class=\"entry-excerpt\"><p>\u00dcberblick \u00fcber Formen, Diagnostik und Therapie des kutanen Lupus erythematodes beim Hund \u2013 praxisrelevant und aktuell<\/p>\n<\/div>\n\t\n<a href=\"https:\/\/laboklin.de\/de\/der-kutane-lupus-erythematodes-beim-hund\/\" class=\"post-details details-type-link\" aria-label=\"Read more about Der kutane Lupus erythematodes beim Hund\">Artikel lesen...<i class=\"dt-icon-the7-arrow-03\" aria-hidden=\"true\"><\/i><\/a>\n\n<\/div><\/article><\/div><div class=\"visible wf-cell category-87\" data-post-id=\"1532809\" data-date=\"2025-07-04T16:00:34+02:00\" data-name=\"27. KW 2025\"><article class=\"post project-odd visible post-1532809 type-post status-publish format-standard has-post-thumbnail hentry category-laboklin-fuersiegelesen category-87\" data-name=\"27. KW 2025\" data-date=\"2025-07-04T16:00:34+02:00\">\n\n<div class=\"post-thumbnail-wrap\">\n\t<div class=\"post-thumbnail\">\n\t\t\n\t\t\n\t\t<a href=\"https:\/\/laboklin.de\/de\/fuersiegelesen-27-kw-2025\/\" class=\"post-thumbnail-rollover layzr-bg layzr-bg\" ><img decoding=\"async\" class=\"iso-lazy-load preload-me iso-lazy-load aspect\" src=\"data:image\/svg+xml,%3Csvg%20xmlns%3D&#39;http%3A%2F%2Fwww.w3.org%2F2000%2Fsvg&#39;%20viewBox%3D&#39;0%200%20600%20400&#39;%2F%3E\" data-src=\"https:\/\/laboklin.de\/wp-content\/uploads\/2025\/07\/muecke_fsg2725_web-600x400.jpg\" data-srcset=\"https:\/\/laboklin.de\/wp-content\/uploads\/2025\/07\/muecke_fsg2725_web-600x400.jpg 600w\" loading=\"eager\" style=\"--ratio: 600 \/ 400\" sizes=\"(max-width: 600px) 100vw, 600px\" alt=\"muecke fsg2725 web\" title=\"Muecke_FSG2725_web\" width=\"600\" height=\"400\"  \/><span class=\"gallery-zoom-ico icomoon-the7-font-the7-zoom-01\"><span><\/span><\/span><\/a>\t<\/div>\n<\/div>\n\n\n<div class=\"post-entry-content\">\n\n\t<h3 class=\"entry-title\">\n\t\t<a href=\"https:\/\/laboklin.de\/de\/fuersiegelesen-27-kw-2025\/\" title=\"27. KW 2025\" rel=\"bookmark\">27. KW 2025<\/a>\n\t<\/h3>\n\n\t<div class=\"entry-meta\"><span class=\"category-link\"><a href=\"https:\/\/laboklin.de\/de\/category\/laboklin-fuersiegelesen\/\" >LABOKLIN F\u00fcrSieGelesen<\/a><\/span><\/div>\n\t<div class=\"entry-excerpt\"><p>+ Afrikanische Schweinepest \u2013 neue Virusvariante in NRW entdeckt + Lumpy Skin Disease auf dem Vormarsch + Hypervirulente RHDV2-Varianten \u2013&hellip;<\/p>\n<\/div>\n\t\n<a href=\"https:\/\/laboklin.de\/de\/fuersiegelesen-27-kw-2025\/\" class=\"post-details details-type-link\" aria-label=\"Read more about 27. KW 2025\">Artikel lesen...<i class=\"dt-icon-the7-arrow-03\" aria-hidden=\"true\"><\/i><\/a>\n\n<\/div><\/article><\/div><div class=\"visible wf-cell category-28\" data-post-id=\"1530075\" data-date=\"2025-06-16T09:40:14+02:00\" data-name=\"Dunkle Flecken im Sichtfeld: okul\u00e4re melanozyt\u00e4re Tumoren der Uvea bei Hund &amp; Katze\"><article class=\"post project-odd visible post-1530075 type-post status-publish format-standard has-post-thumbnail hentry category-laboklin-aktuell category-28\" data-name=\"Dunkle Flecken im Sichtfeld: okul\u00e4re melanozyt\u00e4re Tumoren der Uvea bei Hund &#038; Katze\" data-date=\"2025-06-16T09:40:14+02:00\">\n\n<div class=\"post-thumbnail-wrap\">\n\t<div class=\"post-thumbnail\">\n\t\t\n\t\t\n\t\t<a href=\"https:\/\/laboklin.de\/de\/dunkle-flecken-im-sichtfeld-okulaere-melanozytaere-tumoren-der-uvea-bei-hund-katze\/\" class=\"post-thumbnail-rollover layzr-bg layzr-bg\" ><img decoding=\"async\" class=\"iso-lazy-load preload-me iso-lazy-load aspect\" src=\"data:image\/svg+xml,%3Csvg%20xmlns%3D&#39;http%3A%2F%2Fwww.w3.org%2F2000%2Fsvg&#39;%20viewBox%3D&#39;0%200%20768%20512&#39;%2F%3E\" data-src=\"https:\/\/laboklin.de\/wp-content\/uploads\/2025\/06\/canines_melanozytom_der_vorderen_uvea-768x512.jpg\" data-srcset=\"https:\/\/laboklin.de\/wp-content\/uploads\/2025\/06\/canines_melanozytom_der_vorderen_uvea-768x512.jpg 768w, https:\/\/laboklin.de\/wp-content\/uploads\/2025\/06\/canines_melanozytom_der_vorderen_uvea-1152x768.jpg 1152w\" loading=\"eager\" style=\"--ratio: 768 \/ 512\" sizes=\"(max-width: 768px) 100vw, 768px\" alt=\"canines melanozytom der vorderen uvea\"  width=\"768\" height=\"512\"  \/><span class=\"gallery-zoom-ico icomoon-the7-font-the7-zoom-01\"><span><\/span><\/span><\/a>\t<\/div>\n<\/div>\n\n\n<div class=\"post-entry-content\">\n\n\t<h3 class=\"entry-title\">\n\t\t<a href=\"https:\/\/laboklin.de\/de\/dunkle-flecken-im-sichtfeld-okulaere-melanozytaere-tumoren-der-uvea-bei-hund-katze\/\" title=\"Dunkle Flecken im Sichtfeld: okul\u00e4re melanozyt\u00e4re Tumoren der Uvea bei Hund &#038; Katze\" rel=\"bookmark\">Dunkle Flecken im Sichtfeld: okul\u00e4re melanozyt\u00e4re Tumoren der Uvea bei Hund &#038; Katze<\/a>\n\t<\/h3>\n\n\t<div class=\"entry-meta\"><span class=\"category-link\"><a href=\"https:\/\/laboklin.de\/de\/category\/laboklin-aktuell\/\" >LABOKLIN aktuell<\/a><\/span><\/div>\n\t<div class=\"entry-excerpt\"><p>Intraokul\u00e4re melanozyt\u00e4re Tumore bei Hund und Katze: Klinik, Diagnose, Prognose<\/p>\n<\/div>\n\t\n<a href=\"https:\/\/laboklin.de\/de\/dunkle-flecken-im-sichtfeld-okulaere-melanozytaere-tumoren-der-uvea-bei-hund-katze\/\" class=\"post-details details-type-link\" aria-label=\"Read more about Dunkle Flecken im Sichtfeld: okul\u00e4re melanozyt\u00e4re Tumoren der Uvea bei Hund &#038; Katze\">Artikel lesen...<i class=\"dt-icon-the7-arrow-03\" aria-hidden=\"true\"><\/i><\/a>\n\n<\/div><\/article><\/div><div class=\"visible wf-cell category-87\" data-post-id=\"1530389\" data-date=\"2025-06-13T08:59:54+02:00\" data-name=\"24. KW 2025\"><article class=\"post project-odd visible post-1530389 type-post status-publish format-standard has-post-thumbnail hentry category-laboklin-fuersiegelesen category-87\" data-name=\"24. KW 2025\" data-date=\"2025-06-13T08:59:54+02:00\">\n\n<div class=\"post-thumbnail-wrap\">\n\t<div class=\"post-thumbnail\">\n\t\t\n\t\t\n\t\t<a href=\"https:\/\/laboklin.de\/de\/fuersiegelesen-24-kw-2025\/\" class=\"post-thumbnail-rollover layzr-bg layzr-bg\" ><img decoding=\"async\" class=\"iso-lazy-load preload-me iso-lazy-load aspect\" src=\"data:image\/svg+xml,%3Csvg%20xmlns%3D&#39;http%3A%2F%2Fwww.w3.org%2F2000%2Fsvg&#39;%20viewBox%3D&#39;0%200%20600%20400&#39;%2F%3E\" data-src=\"https:\/\/laboklin.de\/wp-content\/uploads\/2025\/06\/maus_fsg2425_web-600x400.jpg\" data-srcset=\"https:\/\/laboklin.de\/wp-content\/uploads\/2025\/06\/maus_fsg2425_web-600x400.jpg 600w\" loading=\"eager\" style=\"--ratio: 600 \/ 400\" sizes=\"(max-width: 600px) 100vw, 600px\" alt=\"maus fsg2425 web\" title=\"Maus_FSG2425_web\" width=\"600\" height=\"400\"  \/><span class=\"gallery-zoom-ico icomoon-the7-font-the7-zoom-01\"><span><\/span><\/span><\/a>\t<\/div>\n<\/div>\n\n\n<div class=\"post-entry-content\">\n\n\t<h3 class=\"entry-title\">\n\t\t<a href=\"https:\/\/laboklin.de\/de\/fuersiegelesen-24-kw-2025\/\" title=\"24. KW 2025\" rel=\"bookmark\">24. KW 2025<\/a>\n\t<\/h3>\n\n\t<div class=\"entry-meta\"><span class=\"category-link\"><a href=\"https:\/\/laboklin.de\/de\/category\/laboklin-fuersiegelesen\/\" >LABOKLIN F\u00fcrSieGelesen<\/a><\/span><\/div>\n\t<div class=\"entry-excerpt\"><p>+ Afrikanische Schweinepest \u2013 Zahlen r\u00fcckl\u00e4ufig + Impfung gegen BTV und EHD wird dringend empfohlen + Bornavirus \u2013 Mann in&hellip;<\/p>\n<\/div>\n\t\n<a href=\"https:\/\/laboklin.de\/de\/fuersiegelesen-24-kw-2025\/\" class=\"post-details details-type-link\" aria-label=\"Read more about 24. KW 2025\">Artikel lesen...<i class=\"dt-icon-the7-arrow-03\" aria-hidden=\"true\"><\/i><\/a>\n\n<\/div><\/article><\/div><div class=\"visible wf-cell category-28\" data-post-id=\"1526860\" data-date=\"2025-05-26T11:46:15+02:00\" data-name=\"Otitisdiagnostik beim Kaninchen\"><article class=\"post project-odd visible post-1526860 type-post status-publish format-standard has-post-thumbnail hentry category-laboklin-aktuell category-28\" data-name=\"Otitisdiagnostik beim Kaninchen\" data-date=\"2025-05-26T11:46:15+02:00\">\n\n<div class=\"post-thumbnail-wrap\">\n\t<div class=\"post-thumbnail\">\n\t\t\n\t\t\n\t\t<a href=\"https:\/\/laboklin.de\/de\/otitisdiagnostik-beim-kaninchen\/\" class=\"post-thumbnail-rollover layzr-bg layzr-bg\" ><img decoding=\"async\" class=\"iso-lazy-load preload-me iso-lazy-load aspect\" src=\"data:image\/svg+xml,%3Csvg%20xmlns%3D&#39;http%3A%2F%2Fwww.w3.org%2F2000%2Fsvg&#39;%20viewBox%3D&#39;0%200%20768%20512&#39;%2F%3E\" data-src=\"https:\/\/laboklin.de\/wp-content\/uploads\/2025\/05\/abb.1_untersuchung-des-aeusseren-gehoergangs-beim-kaninchen-mittels-otoskop-768x512.jpg\" data-srcset=\"https:\/\/laboklin.de\/wp-content\/uploads\/2025\/05\/abb.1_untersuchung-des-aeusseren-gehoergangs-beim-kaninchen-mittels-otoskop-768x512.jpg 768w, https:\/\/laboklin.de\/wp-content\/uploads\/2025\/05\/abb.1_untersuchung-des-aeusseren-gehoergangs-beim-kaninchen-mittels-otoskop-1000x666.jpg 1000w\" loading=\"eager\" style=\"--ratio: 768 \/ 512\" sizes=\"(max-width: 768px) 100vw, 768px\" alt=\"abb.1 untersuchung des \u00e4u\u00dferen geh\u00f6rgangs beim kaninchen mittels otoskop\"  width=\"768\" height=\"512\"  \/><span class=\"gallery-zoom-ico icomoon-the7-font-the7-zoom-01\"><span><\/span><\/span><\/a>\t<\/div>\n<\/div>\n\n\n<div class=\"post-entry-content\">\n\n\t<h3 class=\"entry-title\">\n\t\t<a href=\"https:\/\/laboklin.de\/de\/otitisdiagnostik-beim-kaninchen\/\" title=\"Otitisdiagnostik beim Kaninchen\" rel=\"bookmark\">Otitisdiagnostik beim Kaninchen<\/a>\n\t<\/h3>\n\n\t<div class=\"entry-meta\"><span class=\"category-link\"><a href=\"https:\/\/laboklin.de\/de\/category\/laboklin-aktuell\/\" >LABOKLIN aktuell<\/a><\/span><\/div>\n\t<div class=\"entry-excerpt\"><p>Alles \u00fcber die Otitisdiagnostik bei Kaninchen \u2013 Ursachen, Symptome und moderne Untersuchungsmethoden f\u00fcr eine gezielte Behandlung.<\/p>\n<\/div>\n\t\n<a href=\"https:\/\/laboklin.de\/de\/otitisdiagnostik-beim-kaninchen\/\" class=\"post-details details-type-link\" aria-label=\"Read more about Otitisdiagnostik beim Kaninchen\">Artikel lesen...<i class=\"dt-icon-the7-arrow-03\" aria-hidden=\"true\"><\/i><\/a>\n\n<\/div><\/article><\/div><div class=\"visible wf-cell category-87\" data-post-id=\"1526502\" data-date=\"2025-05-23T16:00:18+02:00\" data-name=\"21. KW 2025\"><article class=\"post project-odd visible post-1526502 type-post status-publish format-standard has-post-thumbnail hentry category-laboklin-fuersiegelesen category-87\" data-name=\"21. KW 2025\" data-date=\"2025-05-23T16:00:18+02:00\">\n\n<div class=\"post-thumbnail-wrap\">\n\t<div class=\"post-thumbnail\">\n\t\t\n\t\t\n\t\t<a href=\"https:\/\/laboklin.de\/de\/fuersiegelesen-21-kw-2025\/\" class=\"post-thumbnail-rollover layzr-bg layzr-bg\" ><img decoding=\"async\" class=\"iso-lazy-load preload-me iso-lazy-load aspect\" src=\"data:image\/svg+xml,%3Csvg%20xmlns%3D&#39;http%3A%2F%2Fwww.w3.org%2F2000%2Fsvg&#39;%20viewBox%3D&#39;0%200%20600%20400&#39;%2F%3E\" data-src=\"https:\/\/laboklin.de\/wp-content\/uploads\/2025\/05\/waschbaer_fsg2125_web-600x400.jpg\" data-srcset=\"https:\/\/laboklin.de\/wp-content\/uploads\/2025\/05\/waschbaer_fsg2125_web-600x400.jpg 600w\" loading=\"eager\" style=\"--ratio: 600 \/ 400\" sizes=\"(max-width: 600px) 100vw, 600px\" alt=\"waschbaer fsg2125 web\" title=\"Waschbaer_FSG2125_web\" width=\"600\" height=\"400\"  \/><span class=\"gallery-zoom-ico icomoon-the7-font-the7-zoom-01\"><span><\/span><\/span><\/a>\t<\/div>\n<\/div>\n\n\n<div class=\"post-entry-content\">\n\n\t<h3 class=\"entry-title\">\n\t\t<a href=\"https:\/\/laboklin.de\/de\/fuersiegelesen-21-kw-2025\/\" title=\"21. KW 2025\" rel=\"bookmark\">21. KW 2025<\/a>\n\t<\/h3>\n\n\t<div class=\"entry-meta\"><span class=\"category-link\"><a href=\"https:\/\/laboklin.de\/de\/category\/laboklin-fuersiegelesen\/\" >LABOKLIN F\u00fcrSieGelesen<\/a><\/span><\/div>\n\t<div class=\"entry-excerpt\"><p>+ Hochpathogene avi\u00e4re Influenza-Viren (HPAI) \u2013 Ausbreitung in Polen kaum zu stoppen + Auch in den USA entspannt sich die&hellip;<\/p>\n<\/div>\n\t\n<a href=\"https:\/\/laboklin.de\/de\/fuersiegelesen-21-kw-2025\/\" class=\"post-details details-type-link\" aria-label=\"Read more about 21. KW 2025\">Artikel lesen...<i class=\"dt-icon-the7-arrow-03\" aria-hidden=\"true\"><\/i><\/a>\n\n<\/div><\/article><\/div><div class=\"visible wf-cell category-28\" data-post-id=\"1524046\" data-date=\"2025-05-09T09:54:22+02:00\" data-name=\"Die Laboklin Expertenrunde zum Lymphom\"><article class=\"post project-odd visible post-1524046 type-post status-publish format-standard has-post-thumbnail hentry category-laboklin-aktuell category-28\" data-name=\"Die Laboklin Expertenrunde zum Lymphom\" data-date=\"2025-05-09T09:54:22+02:00\">\n\n<div class=\"post-thumbnail-wrap\">\n\t<div class=\"post-thumbnail\">\n\t\t\n\t\t\n\t\t<a href=\"https:\/\/laboklin.de\/de\/die-laboklin-expertenrunde-zum-lymphom\/\" class=\"post-thumbnail-rollover layzr-bg layzr-bg\" ><img decoding=\"async\" class=\"iso-lazy-load preload-me iso-lazy-load aspect\" src=\"data:image\/svg+xml,%3Csvg%20xmlns%3D&#39;http%3A%2F%2Fwww.w3.org%2F2000%2Fsvg&#39;%20viewBox%3D&#39;0%200%20600%20400&#39;%2F%3E\" data-src=\"https:\/\/laboklin.de\/wp-content\/uploads\/2025\/05\/lymphom_50x_diffquick-600x400.jpg\" data-srcset=\"https:\/\/laboklin.de\/wp-content\/uploads\/2025\/05\/lymphom_50x_diffquick-600x400.jpg 600w\" loading=\"eager\" style=\"--ratio: 600 \/ 400\" sizes=\"(max-width: 600px) 100vw, 600px\" alt=\"lymphom 50x diffquick\" title=\"Lymphom_50x_DiffQuick\" width=\"600\" height=\"400\"  \/><span class=\"gallery-zoom-ico icomoon-the7-font-the7-zoom-01\"><span><\/span><\/span><\/a>\t<\/div>\n<\/div>\n\n\n<div class=\"post-entry-content\">\n\n\t<h3 class=\"entry-title\">\n\t\t<a href=\"https:\/\/laboklin.de\/de\/die-laboklin-expertenrunde-zum-lymphom\/\" title=\"Die Laboklin Expertenrunde zum Lymphom\" rel=\"bookmark\">Die Laboklin Expertenrunde zum Lymphom<\/a>\n\t<\/h3>\n\n\t<div class=\"entry-meta\"><span class=\"category-link\"><a href=\"https:\/\/laboklin.de\/de\/category\/laboklin-aktuell\/\" >LABOKLIN aktuell<\/a><\/span><\/div>\n\t<div class=\"entry-excerpt\"><p>Experten geben Einblick in Diagnostik, Prognose und Therapiem\u00f6glichkeiten<\/p>\n<\/div>\n\t\n<a href=\"https:\/\/laboklin.de\/de\/die-laboklin-expertenrunde-zum-lymphom\/\" class=\"post-details details-type-link\" aria-label=\"Read more about Die Laboklin Expertenrunde zum Lymphom\">Artikel lesen...<i class=\"dt-icon-the7-arrow-03\" aria-hidden=\"true\"><\/i><\/a>\n\n<\/div><\/article><\/div><div class=\"visible wf-cell category-28\" data-post-id=\"1524016\" data-date=\"2025-05-09T09:05:30+02:00\" data-name=\"Bestandsbetreuung Rind \u2013 die Transitphase als Schl\u00fcssel f\u00fcr eine erfolgreiche Milchproduktion\"><article class=\"post project-odd visible post-1524016 type-post status-publish format-standard has-post-thumbnail hentry category-laboklin-aktuell category-28\" data-name=\"Bestandsbetreuung Rind \u2013 die Transitphase als Schl\u00fcssel f\u00fcr eine erfolgreiche Milchproduktion\" data-date=\"2025-05-09T09:05:30+02:00\">\n\n<div class=\"post-thumbnail-wrap\">\n\t<div class=\"post-thumbnail\">\n\t\t\n\t\t\n\t\t<a href=\"https:\/\/laboklin.de\/de\/bestandsbetreuung-rind-die-transitphase-als-schluessel-fuer-eine-erfolgreiche-milchproduktion\/\" class=\"post-thumbnail-rollover layzr-bg layzr-bg\" ><img decoding=\"async\" class=\"iso-lazy-load preload-me iso-lazy-load aspect\" src=\"data:image\/svg+xml,%3Csvg%20xmlns%3D&#39;http%3A%2F%2Fwww.w3.org%2F2000%2Fsvg&#39;%20viewBox%3D&#39;0%200%20200%20133&#39;%2F%3E\" data-src=\"https:\/\/laboklin.de\/wp-content\/uploads\/2015\/10\/laboklin-aktuell-200x133.png\" data-srcset=\"https:\/\/laboklin.de\/wp-content\/uploads\/2015\/10\/laboklin-aktuell-200x133.png 200w\" loading=\"eager\" style=\"--ratio: 200 \/ 133\" sizes=\"(max-width: 200px) 100vw, 200px\" alt=\"\" title=\"laboklin aktuell\" width=\"200\" height=\"133\"  \/><span class=\"gallery-zoom-ico icomoon-the7-font-the7-zoom-01\"><span><\/span><\/span><\/a>\t<\/div>\n<\/div>\n\n\n<div class=\"post-entry-content\">\n\n\t<h3 class=\"entry-title\">\n\t\t<a href=\"https:\/\/laboklin.de\/de\/bestandsbetreuung-rind-die-transitphase-als-schluessel-fuer-eine-erfolgreiche-milchproduktion\/\" title=\"Bestandsbetreuung Rind \u2013 die Transitphase als Schl\u00fcssel f\u00fcr eine erfolgreiche Milchproduktion\" rel=\"bookmark\">Bestandsbetreuung Rind \u2013 die Transitphase als Schl\u00fcssel f\u00fcr eine erfolgreiche Milchproduktion<\/a>\n\t<\/h3>\n\n\t<div class=\"entry-meta\"><span class=\"category-link\"><a href=\"https:\/\/laboklin.de\/de\/category\/laboklin-aktuell\/\" >LABOKLIN aktuell<\/a><\/span><\/div>\n\t<div class=\"entry-excerpt\"><p>Transitphase beim Rind: Labordiagnostik zur Fr\u00fcherkennung von Stoffwechselst\u00f6rungen und Immunstatus<\/p>\n<\/div>\n\t\n<a href=\"https:\/\/laboklin.de\/de\/bestandsbetreuung-rind-die-transitphase-als-schluessel-fuer-eine-erfolgreiche-milchproduktion\/\" class=\"post-details details-type-link\" aria-label=\"Read more about Bestandsbetreuung Rind \u2013 die Transitphase als Schl\u00fcssel f\u00fcr eine erfolgreiche Milchproduktion\">Artikel lesen...<i class=\"dt-icon-the7-arrow-03\" aria-hidden=\"true\"><\/i><\/a>\n\n<\/div><\/article><\/div><div class=\"visible wf-cell category-87\" data-post-id=\"1523295\" data-date=\"2025-05-02T12:00:02+02:00\" data-name=\"18. KW 2025\"><article class=\"post project-odd visible post-1523295 type-post status-publish format-standard has-post-thumbnail hentry category-laboklin-fuersiegelesen category-87\" data-name=\"18. KW 2025\" data-date=\"2025-05-02T12:00:02+02:00\">\n\n<div class=\"post-thumbnail-wrap\">\n\t<div class=\"post-thumbnail\">\n\t\t\n\t\t\n\t\t<a href=\"https:\/\/laboklin.de\/de\/fuersiegelesen-18-kw-2025\/\" class=\"post-thumbnail-rollover layzr-bg layzr-bg\" ><img decoding=\"async\" class=\"iso-lazy-load preload-me iso-lazy-load aspect\" src=\"data:image\/svg+xml,%3Csvg%20xmlns%3D&#39;http%3A%2F%2Fwww.w3.org%2F2000%2Fsvg&#39;%20viewBox%3D&#39;0%200%20600%20400&#39;%2F%3E\" data-src=\"https:\/\/laboklin.de\/wp-content\/uploads\/2025\/05\/igel_fsg1825_web-600x400.jpg\" data-srcset=\"https:\/\/laboklin.de\/wp-content\/uploads\/2025\/05\/igel_fsg1825_web-600x400.jpg 600w\" loading=\"eager\" style=\"--ratio: 600 \/ 400\" sizes=\"(max-width: 600px) 100vw, 600px\" alt=\"igel fsg1825 web\" title=\"Igel_FSG1825_web\" width=\"600\" height=\"400\"  \/><span class=\"gallery-zoom-ico icomoon-the7-font-the7-zoom-01\"><span><\/span><\/span><\/a>\t<\/div>\n<\/div>\n\n\n<div class=\"post-entry-content\">\n\n\t<h3 class=\"entry-title\">\n\t\t<a href=\"https:\/\/laboklin.de\/de\/fuersiegelesen-18-kw-2025\/\" title=\"18. KW 2025\" rel=\"bookmark\">18. KW 2025<\/a>\n\t<\/h3>\n\n\t<div class=\"entry-meta\"><span class=\"category-link\"><a href=\"https:\/\/laboklin.de\/de\/category\/laboklin-fuersiegelesen\/\" >LABOKLIN F\u00fcrSieGelesen<\/a><\/span><\/div>\n\t<div class=\"entry-excerpt\"><p>+ H5N1 \u2013 die hochpathogenen Viren zirkulieren weiter! + Maul- und Klauenseuche breitet sich weiter aus + Hormonhaltige Arzneimittel \u2013&hellip;<\/p>\n<\/div>\n\t\n<a href=\"https:\/\/laboklin.de\/de\/fuersiegelesen-18-kw-2025\/\" class=\"post-details details-type-link\" aria-label=\"Read more about 18. KW 2025\">Artikel lesen...<i class=\"dt-icon-the7-arrow-03\" aria-hidden=\"true\"><\/i><\/a>\n\n<\/div><\/article><\/div><div class=\"visible wf-cell category-90\" data-post-id=\"1522124\" data-date=\"2025-04-24T14:01:34+02:00\" data-name=\"Juckreiz verstehen und richtig behandeln\"><article class=\"post project-odd visible post-1522124 type-post status-publish format-standard has-post-thumbnail hentry category-laboklin-allergie category-90\" data-name=\"Juckreiz verstehen und richtig behandeln\" data-date=\"2025-04-24T14:01:34+02:00\">\n\n<div class=\"post-thumbnail-wrap\">\n\t<div class=\"post-thumbnail\">\n\t\t\n\t\t\n\t\t<a href=\"https:\/\/laboklin.de\/de\/juckreiz-verstehen-und-richtig-behandeln\/\" class=\"post-thumbnail-rollover layzr-bg layzr-bg\" ><img decoding=\"async\" class=\"iso-lazy-load preload-me iso-lazy-load aspect\" src=\"data:image\/svg+xml,%3Csvg%20xmlns%3D&#39;http%3A%2F%2Fwww.w3.org%2F2000%2Fsvg&#39;%20viewBox%3D&#39;0%200%20768%20512&#39;%2F%3E\" data-src=\"https:\/\/laboklin.de\/wp-content\/uploads\/2025\/04\/hund_mit_starkem_juckreiz_und_hot_spot-768x512.jpg\" data-srcset=\"https:\/\/laboklin.de\/wp-content\/uploads\/2025\/04\/hund_mit_starkem_juckreiz_und_hot_spot-768x512.jpg 768w, https:\/\/laboklin.de\/wp-content\/uploads\/2025\/04\/hund_mit_starkem_juckreiz_und_hot_spot-1152x768.jpg 1152w\" loading=\"eager\" style=\"--ratio: 768 \/ 512\" sizes=\"(max-width: 768px) 100vw, 768px\" alt=\"Hund mit starkem Juckreiz und Hot Spot\"  width=\"768\" height=\"512\"  \/><span class=\"gallery-zoom-ico icomoon-the7-font-the7-zoom-01\"><span><\/span><\/span><\/a>\t<\/div>\n<\/div>\n\n\n<div class=\"post-entry-content\">\n\n\t<h3 class=\"entry-title\">\n\t\t<a href=\"https:\/\/laboklin.de\/de\/juckreiz-verstehen-und-richtig-behandeln\/\" title=\"Juckreiz verstehen und richtig behandeln\" rel=\"bookmark\">Juckreiz verstehen und richtig behandeln<\/a>\n\t<\/h3>\n\n\t<div class=\"entry-meta\"><span class=\"category-link\"><a href=\"https:\/\/laboklin.de\/de\/category\/laboklin-allergie\/\" >LABOKLIN Dermatologie<\/a><\/span><\/div>\n\t<div class=\"entry-excerpt\"><p>Pruritus verstehen: Ursachen, Arten und Behandlungsm\u00f6glichkeiten bei Hunden und Katzen, f\u00fcr eine optimale Lebensqualit\u00e4t und wirksame Therapieans\u00e4tze.<\/p>\n<\/div>\n\t\n<a href=\"https:\/\/laboklin.de\/de\/juckreiz-verstehen-und-richtig-behandeln\/\" class=\"post-details details-type-link\" aria-label=\"Read more about Juckreiz verstehen und richtig behandeln\">Artikel lesen...<i class=\"dt-icon-the7-arrow-03\" aria-hidden=\"true\"><\/i><\/a>\n\n<\/div><\/article><\/div><div class=\"visible wf-cell category-28\" data-post-id=\"1521698\" data-date=\"2025-04-23T10:45:24+02:00\" data-name=\"Giardien \u2013 Vorteile und Nachteile unterschiedlicher Nachweisverfahren\"><article class=\"post project-odd visible post-1521698 type-post status-publish format-standard has-post-thumbnail hentry category-laboklin-aktuell category-28\" data-name=\"Giardien \u2013 Vorteile und Nachteile unterschiedlicher Nachweisverfahren\" data-date=\"2025-04-23T10:45:24+02:00\">\n\n<div class=\"post-thumbnail-wrap\">\n\t<div class=\"post-thumbnail\">\n\t\t\n\t\t\n\t\t<a href=\"https:\/\/laboklin.de\/de\/giardien-vorteile-und-nachteile-unterschiedlicher-nachweisverfahren\/\" class=\"post-thumbnail-rollover layzr-bg layzr-bg\" ><img decoding=\"async\" class=\"iso-lazy-load preload-me iso-lazy-load aspect\" src=\"data:image\/svg+xml,%3Csvg%20xmlns%3D&#39;http%3A%2F%2Fwww.w3.org%2F2000%2Fsvg&#39;%20viewBox%3D&#39;0%200%20768%20512&#39;%2F%3E\" data-src=\"https:\/\/laboklin.de\/wp-content\/uploads\/2025\/04\/titelbild_giardien-768x512.jpg\" data-srcset=\"https:\/\/laboklin.de\/wp-content\/uploads\/2025\/04\/titelbild_giardien-768x512.jpg 768w, https:\/\/laboklin.de\/wp-content\/uploads\/2025\/04\/titelbild_giardien.jpg 799w\" loading=\"eager\" style=\"--ratio: 768 \/ 512\" sizes=\"(max-width: 768px) 100vw, 768px\" alt=\"titelbild giardien\" title=\"Titelbild_Giardien\" width=\"768\" height=\"512\"  \/><span class=\"gallery-zoom-ico icomoon-the7-font-the7-zoom-01\"><span><\/span><\/span><\/a>\t<\/div>\n<\/div>\n\n\n<div class=\"post-entry-content\">\n\n\t<h3 class=\"entry-title\">\n\t\t<a href=\"https:\/\/laboklin.de\/de\/giardien-vorteile-und-nachteile-unterschiedlicher-nachweisverfahren\/\" title=\"Giardien \u2013 Vorteile und Nachteile unterschiedlicher Nachweisverfahren\" rel=\"bookmark\">Giardien \u2013 Vorteile und Nachteile unterschiedlicher Nachweisverfahren<\/a>\n\t<\/h3>\n\n\t<div class=\"entry-meta\"><span class=\"category-link\"><a href=\"https:\/\/laboklin.de\/de\/category\/laboklin-aktuell\/\" >LABOKLIN aktuell<\/a><\/span><\/div>\n\t<div class=\"entry-excerpt\"><p>Giardien, wann ist welcher Test sinnvoll?<\/p>\n<\/div>\n\t\n<a href=\"https:\/\/laboklin.de\/de\/giardien-vorteile-und-nachteile-unterschiedlicher-nachweisverfahren\/\" class=\"post-details details-type-link\" aria-label=\"Read more about Giardien \u2013 Vorteile und Nachteile unterschiedlicher Nachweisverfahren\">Artikel lesen...<i class=\"dt-icon-the7-arrow-03\" aria-hidden=\"true\"><\/i><\/a>\n\n<\/div><\/article><\/div><div class=\"visible wf-cell category-87\" data-post-id=\"1519048\" data-date=\"2025-04-11T09:22:07+02:00\" data-name=\"15. KW 2025\"><article class=\"post project-odd visible post-1519048 type-post status-publish format-standard has-post-thumbnail hentry category-laboklin-fuersiegelesen category-87\" data-name=\"15. KW 2025\" data-date=\"2025-04-11T09:22:07+02:00\">\n\n<div class=\"post-thumbnail-wrap\">\n\t<div class=\"post-thumbnail\">\n\t\t\n\t\t\n\t\t<a href=\"https:\/\/laboklin.de\/de\/fuersiegelesen-15-kw-2025\/\" class=\"post-thumbnail-rollover layzr-bg layzr-bg\" ><img decoding=\"async\" class=\"iso-lazy-load preload-me iso-lazy-load aspect\" src=\"data:image\/svg+xml,%3Csvg%20xmlns%3D&#39;http%3A%2F%2Fwww.w3.org%2F2000%2Fsvg&#39;%20viewBox%3D&#39;0%200%20600%20400&#39;%2F%3E\" data-src=\"https:\/\/laboklin.de\/wp-content\/uploads\/2025\/04\/pferd_fsg1525_web-600x400.jpg\" data-srcset=\"https:\/\/laboklin.de\/wp-content\/uploads\/2025\/04\/pferd_fsg1525_web-600x400.jpg 600w\" loading=\"eager\" style=\"--ratio: 600 \/ 400\" sizes=\"(max-width: 600px) 100vw, 600px\" alt=\"pferd fsg1525 web\" title=\"Pferd_FSG1525_web\" width=\"600\" height=\"400\"  \/><span class=\"gallery-zoom-ico icomoon-the7-font-the7-zoom-01\"><span><\/span><\/span><\/a>\t<\/div>\n<\/div>\n\n\n<div class=\"post-entry-content\">\n\n\t<h3 class=\"entry-title\">\n\t\t<a href=\"https:\/\/laboklin.de\/de\/fuersiegelesen-15-kw-2025\/\" title=\"15. KW 2025\" rel=\"bookmark\">15. KW 2025<\/a>\n\t<\/h3>\n\n\t<div class=\"entry-meta\"><span class=\"category-link\"><a href=\"https:\/\/laboklin.de\/de\/category\/laboklin-fuersiegelesen\/\" >LABOKLIN F\u00fcrSieGelesen<\/a><\/span><\/div>\n\t<div class=\"entry-excerpt\"><p>+ Vogelgrippe: H7N9-Ausbruch in Mississippi! + Borna-Virus \u2013 weiteres Pferd infiziert + Immunsystem \u2013 Wissenschaftler entdecken neue Teile + Hunde&hellip;<\/p>\n<\/div>\n\t\n<a href=\"https:\/\/laboklin.de\/de\/fuersiegelesen-15-kw-2025\/\" class=\"post-details details-type-link\" aria-label=\"Read more about 15. KW 2025\">Artikel lesen...<i class=\"dt-icon-the7-arrow-03\" aria-hidden=\"true\"><\/i><\/a>\n\n<\/div><\/article><\/div><div class=\"visible wf-cell category-28\" data-post-id=\"1515629\" data-date=\"2025-03-24T11:40:59+01:00\" data-name=\"Felines Leukose Virus (FeLV) und Felines Immundefizienz Virus (FIV) \u2013 selten aber wichtig\"><article class=\"post project-odd visible post-1515629 type-post status-publish format-standard has-post-thumbnail hentry category-laboklin-aktuell category-28\" data-name=\"Felines Leukose Virus (FeLV) und Felines Immundefizienz Virus (FIV) \u2013 selten aber wichtig\" data-date=\"2025-03-24T11:40:59+01:00\">\n\n<div class=\"post-thumbnail-wrap\">\n\t<div class=\"post-thumbnail\">\n\t\t\n\t\t\n\t\t<a href=\"https:\/\/laboklin.de\/de\/felines-leukose-virus-felv-und-felines-immundefizienz-virus-fiv-selten-aber-wichtig\/\" class=\"post-thumbnail-rollover layzr-bg layzr-bg\" ><img decoding=\"async\" class=\"iso-lazy-load preload-me iso-lazy-load aspect\" src=\"data:image\/svg+xml,%3Csvg%20xmlns%3D&#39;http%3A%2F%2Fwww.w3.org%2F2000%2Fsvg&#39;%20viewBox%3D&#39;0%200%20768%20512&#39;%2F%3E\" data-src=\"https:\/\/laboklin.de\/wp-content\/uploads\/2025\/03\/schematische-darstellung-moeglicher-felv-verlaufsformen-768x512.jpg\" data-srcset=\"https:\/\/laboklin.de\/wp-content\/uploads\/2025\/03\/schematische-darstellung-moeglicher-felv-verlaufsformen-768x512.jpg 768w, https:\/\/laboklin.de\/wp-content\/uploads\/2025\/03\/schematische-darstellung-moeglicher-felv-verlaufsformen-1152x768.jpg 1152w\" loading=\"eager\" style=\"--ratio: 768 \/ 512\" sizes=\"(max-width: 768px) 100vw, 768px\" alt=\"Schematische Darstellung m\u00f6glicher FeLV-Verlaufsformen\"  width=\"768\" height=\"512\"  \/><span class=\"gallery-zoom-ico icomoon-the7-font-the7-zoom-01\"><span><\/span><\/span><\/a>\t<\/div>\n<\/div>\n\n\n<div class=\"post-entry-content\">\n\n\t<h3 class=\"entry-title\">\n\t\t<a href=\"https:\/\/laboklin.de\/de\/felines-leukose-virus-felv-und-felines-immundefizienz-virus-fiv-selten-aber-wichtig\/\" title=\"Felines Leukose Virus (FeLV) und Felines Immundefizienz Virus (FIV) \u2013 selten aber wichtig\" rel=\"bookmark\">Felines Leukose Virus (FeLV) und Felines Immundefizienz Virus (FIV) \u2013 selten aber wichtig<\/a>\n\t<\/h3>\n\n\t<div class=\"entry-meta\"><span class=\"category-link\"><a href=\"https:\/\/laboklin.de\/de\/category\/laboklin-aktuell\/\" >LABOKLIN aktuell<\/a><\/span><\/div>\n\t<div class=\"entry-excerpt\"><p>Informationen \u00fcber das Feline Leukosevirus (FeLV) und Feline Immundefizienzvirus (FIV) \u2013 wichtige Details zur Diagnose, Pr\u00e4vention und Prognose.<\/p>\n<\/div>\n\t\n<a href=\"https:\/\/laboklin.de\/de\/felines-leukose-virus-felv-und-felines-immundefizienz-virus-fiv-selten-aber-wichtig\/\" class=\"post-details details-type-link\" aria-label=\"Read more about Felines Leukose Virus (FeLV) und Felines Immundefizienz Virus (FIV) \u2013 selten aber wichtig\">Artikel lesen...<i class=\"dt-icon-the7-arrow-03\" aria-hidden=\"true\"><\/i><\/a>\n\n<\/div><\/article><\/div><div class=\"visible wf-cell category-87\" data-post-id=\"1515832\" data-date=\"2025-03-21T11:56:43+01:00\" data-name=\"12. KW 2025\"><article class=\"post project-odd visible post-1515832 type-post status-publish format-standard has-post-thumbnail hentry category-laboklin-fuersiegelesen category-87\" data-name=\"12. KW 2025\" data-date=\"2025-03-21T11:56:43+01:00\">\n\n<div class=\"post-thumbnail-wrap\">\n\t<div class=\"post-thumbnail\">\n\t\t\n\t\t\n\t\t<a href=\"https:\/\/laboklin.de\/de\/fuersiegelesen-12-kw-2025\/\" class=\"post-thumbnail-rollover layzr-bg layzr-bg\" ><img decoding=\"async\" class=\"iso-lazy-load preload-me iso-lazy-load aspect\" src=\"data:image\/svg+xml,%3Csvg%20xmlns%3D&#39;http%3A%2F%2Fwww.w3.org%2F2000%2Fsvg&#39;%20viewBox%3D&#39;0%200%20600%20400&#39;%2F%3E\" data-src=\"https:\/\/laboklin.de\/wp-content\/uploads\/2025\/03\/huhn_fsg1325_web-600x400.jpg\" data-srcset=\"https:\/\/laboklin.de\/wp-content\/uploads\/2025\/03\/huhn_fsg1325_web-600x400.jpg 600w\" loading=\"eager\" style=\"--ratio: 600 \/ 400\" sizes=\"(max-width: 600px) 100vw, 600px\" alt=\"huhn fsg1325 web\" title=\"Huhn_FSG1325_web\" width=\"600\" height=\"400\"  \/><span class=\"gallery-zoom-ico icomoon-the7-font-the7-zoom-01\"><span><\/span><\/span><\/a>\t<\/div>\n<\/div>\n\n\n<div class=\"post-entry-content\">\n\n\t<h3 class=\"entry-title\">\n\t\t<a href=\"https:\/\/laboklin.de\/de\/fuersiegelesen-12-kw-2025\/\" title=\"12. KW 2025\" rel=\"bookmark\">12. KW 2025<\/a>\n\t<\/h3>\n\n\t<div class=\"entry-meta\"><span class=\"category-link\"><a href=\"https:\/\/laboklin.de\/de\/category\/laboklin-fuersiegelesen\/\" >LABOKLIN F\u00fcrSieGelesen<\/a><\/span><\/div>\n\t<div class=\"entry-excerpt\"><p>+ Gefl\u00fcgelpest breitet sich weiter aus! + Auch bei der Afrikanischen Schweinepest kein Aufatmen + StIKO Vet r\u00e4t zur fl\u00e4chendeckenden&hellip;<\/p>\n<\/div>\n\t\n<a href=\"https:\/\/laboklin.de\/de\/fuersiegelesen-12-kw-2025\/\" class=\"post-details details-type-link\" aria-label=\"Read more about 12. KW 2025\">Artikel lesen...<i class=\"dt-icon-the7-arrow-03\" aria-hidden=\"true\"><\/i><\/a>\n\n<\/div><\/article><\/div><div class=\"visible wf-cell category-87\" data-post-id=\"1511633\" data-date=\"2025-02-28T08:33:16+01:00\" data-name=\"09. KW 2025\"><article class=\"post project-odd visible post-1511633 type-post status-publish format-standard has-post-thumbnail hentry category-laboklin-fuersiegelesen category-87\" data-name=\"09. KW 2025\" data-date=\"2025-02-28T08:33:16+01:00\">\n\n<div class=\"post-thumbnail-wrap\">\n\t<div class=\"post-thumbnail\">\n\t\t\n\t\t\n\t\t<a href=\"https:\/\/laboklin.de\/de\/fuersiegelesen-09-kw-2025\/\" class=\"post-thumbnail-rollover layzr-bg layzr-bg\" ><img decoding=\"async\" class=\"iso-lazy-load preload-me iso-lazy-load aspect\" src=\"data:image\/svg+xml,%3Csvg%20xmlns%3D&#39;http%3A%2F%2Fwww.w3.org%2F2000%2Fsvg&#39;%20viewBox%3D&#39;0%200%20600%20400&#39;%2F%3E\" data-src=\"https:\/\/laboklin.de\/wp-content\/uploads\/2025\/02\/wildschwein_fsg0925_web-600x400.jpg\" data-srcset=\"https:\/\/laboklin.de\/wp-content\/uploads\/2025\/02\/wildschwein_fsg0925_web-600x400.jpg 600w\" loading=\"eager\" style=\"--ratio: 600 \/ 400\" sizes=\"(max-width: 600px) 100vw, 600px\" alt=\"wildschwein fsg0925 web\" title=\"Wildschwein_FSG0925_web\" width=\"600\" height=\"400\"  \/><span class=\"gallery-zoom-ico icomoon-the7-font-the7-zoom-01\"><span><\/span><\/span><\/a>\t<\/div>\n<\/div>\n\n\n<div class=\"post-entry-content\">\n\n\t<h3 class=\"entry-title\">\n\t\t<a href=\"https:\/\/laboklin.de\/de\/fuersiegelesen-09-kw-2025\/\" title=\"09. KW 2025\" rel=\"bookmark\">09. KW 2025<\/a>\n\t<\/h3>\n\n\t<div class=\"entry-meta\"><span class=\"category-link\"><a href=\"https:\/\/laboklin.de\/de\/category\/laboklin-fuersiegelesen\/\" >LABOKLIN F\u00fcrSieGelesen<\/a><\/span><\/div>\n\t<div class=\"entry-excerpt\"><p>+ Afrikanische Schweinepest \u2013 Zahl der F\u00e4lle in Polen steigt wieder stark an + Und auch in Sachsen gab es&hellip;<\/p>\n<\/div>\n\t\n<a href=\"https:\/\/laboklin.de\/de\/fuersiegelesen-09-kw-2025\/\" class=\"post-details details-type-link\" aria-label=\"Read more about 09. KW 2025\">Artikel lesen...<i class=\"dt-icon-the7-arrow-03\" aria-hidden=\"true\"><\/i><\/a>\n\n<\/div><\/article><\/div><div class=\"visible wf-cell category-28\" data-post-id=\"1510523\" data-date=\"2025-02-25T07:54:47+01:00\" data-name=\"Pr\u00e4analytik beim Kleins\u00e4uger \u2013 was ist wichtig?\"><article class=\"post project-odd visible post-1510523 type-post status-publish format-standard has-post-thumbnail hentry category-laboklin-aktuell category-28\" data-name=\"Pr\u00e4analytik beim Kleins\u00e4uger \u2013 was ist wichtig?\" data-date=\"2025-02-25T07:54:47+01:00\">\n\n<div class=\"post-thumbnail-wrap\">\n\t<div class=\"post-thumbnail\">\n\t\t\n\t\t\n\t\t<a href=\"https:\/\/laboklin.de\/de\/praeanalytik-beim-kleinsaeuger-was-ist-wichtig\/\" class=\"post-thumbnail-rollover layzr-bg layzr-bg\" ><img decoding=\"async\" class=\"iso-lazy-load preload-me iso-lazy-load aspect\" src=\"data:image\/svg+xml,%3Csvg%20xmlns%3D&#39;http%3A%2F%2Fwww.w3.org%2F2000%2Fsvg&#39;%20viewBox%3D&#39;0%200%20720%20480&#39;%2F%3E\" data-src=\"https:\/\/laboklin.de\/wp-content\/uploads\/2025\/02\/la_aktuell_kleinsaeuger_02.2025-720x480.jpg\" data-srcset=\"https:\/\/laboklin.de\/wp-content\/uploads\/2025\/02\/la_aktuell_kleinsaeuger_02.2025-720x480.jpg 720w\" loading=\"eager\" style=\"--ratio: 720 \/ 480\" sizes=\"(max-width: 720px) 100vw, 720px\" alt=\"la aktuell kleinsaeuger 02.2025\" title=\"LA_aktuell_KLEINSAEUGER_02.2025\" width=\"720\" height=\"480\"  \/><span class=\"gallery-zoom-ico icomoon-the7-font-the7-zoom-01\"><span><\/span><\/span><\/a>\t<\/div>\n<\/div>\n\n\n<div class=\"post-entry-content\">\n\n\t<h3 class=\"entry-title\">\n\t\t<a href=\"https:\/\/laboklin.de\/de\/praeanalytik-beim-kleinsaeuger-was-ist-wichtig\/\" title=\"Pr\u00e4analytik beim Kleins\u00e4uger \u2013 was ist wichtig?\" rel=\"bookmark\">Pr\u00e4analytik beim Kleins\u00e4uger \u2013 was ist wichtig?<\/a>\n\t<\/h3>\n\n\t<div class=\"entry-meta\"><span class=\"category-link\"><a href=\"https:\/\/laboklin.de\/de\/category\/laboklin-aktuell\/\" >LABOKLIN aktuell<\/a><\/span><\/div>\n\t<div class=\"entry-excerpt\"><p>Optimale Pr\u00e4analytik f\u00fcr Kleins\u00e4uger bei LABOKLIN Bad Kissingen. Vermeiden Sie pr\u00e4analytische Fallen und verbessern Sie die Probenqualit\u00e4t f\u00fcr aussagekr\u00e4ftige Ergebnisse.<\/p>\n<\/div>\n\t\n<a href=\"https:\/\/laboklin.de\/de\/praeanalytik-beim-kleinsaeuger-was-ist-wichtig\/\" class=\"post-details details-type-link\" aria-label=\"Read more about Pr\u00e4analytik beim Kleins\u00e4uger \u2013 was ist wichtig?\">Artikel lesen...<i class=\"dt-icon-the7-arrow-03\" aria-hidden=\"true\"><\/i><\/a>\n\n<\/div><\/article><\/div><div class=\"visible wf-cell category-28\" data-post-id=\"1508988\" data-date=\"2025-02-17T10:02:33+01:00\" data-name=\"Die Laboklin Expertenrunde zur Epilepsie\"><article class=\"post project-odd visible post-1508988 type-post status-publish format-standard has-post-thumbnail hentry category-laboklin-aktuell category-28\" data-name=\"Die Laboklin Expertenrunde zur Epilepsie\" data-date=\"2025-02-17T10:02:33+01:00\">\n\n<div class=\"post-thumbnail-wrap\">\n\t<div class=\"post-thumbnail\">\n\t\t\n\t\t\n\t\t<a href=\"https:\/\/laboklin.de\/de\/die-laboklin-expertenrunde-zur-epilepsie\/\" class=\"post-thumbnail-rollover layzr-bg layzr-bg\" ><img decoding=\"async\" class=\"iso-lazy-load preload-me iso-lazy-load aspect\" src=\"data:image\/svg+xml,%3Csvg%20xmlns%3D&#39;http%3A%2F%2Fwww.w3.org%2F2000%2Fsvg&#39;%20viewBox%3D&#39;0%200%20768%20512&#39;%2F%3E\" data-src=\"https:\/\/laboklin.de\/wp-content\/uploads\/2025\/02\/laboklin_aktuell_02.25_bei-anfallsleiden-ist-eine-gruendliche-abklaerung-moeglicher-ursachen-notwendig-768x512.jpg\" data-srcset=\"https:\/\/laboklin.de\/wp-content\/uploads\/2025\/02\/laboklin_aktuell_02.25_bei-anfallsleiden-ist-eine-gruendliche-abklaerung-moeglicher-ursachen-notwendig-768x512.jpg 768w, https:\/\/laboklin.de\/wp-content\/uploads\/2025\/02\/laboklin_aktuell_02.25_bei-anfallsleiden-ist-eine-gruendliche-abklaerung-moeglicher-ursachen-notwendig-1152x768.jpg 1152w\" loading=\"eager\" style=\"--ratio: 768 \/ 512\" sizes=\"(max-width: 768px) 100vw, 768px\" alt=\"laboklin aktuell 02.25 bei anfallsleiden ist eine gr\u00fcndliche abkl\u00e4rung m\u00f6glicher ursachen notwendig.\"  width=\"768\" height=\"512\"  \/><span class=\"gallery-zoom-ico icomoon-the7-font-the7-zoom-01\"><span><\/span><\/span><\/a>\t<\/div>\n<\/div>\n\n\n<div class=\"post-entry-content\">\n\n\t<h3 class=\"entry-title\">\n\t\t<a href=\"https:\/\/laboklin.de\/de\/die-laboklin-expertenrunde-zur-epilepsie\/\" title=\"Die Laboklin Expertenrunde zur Epilepsie\" rel=\"bookmark\">Die Laboklin Expertenrunde zur Epilepsie<\/a>\n\t<\/h3>\n\n\t<div class=\"entry-meta\"><span class=\"category-link\"><a href=\"https:\/\/laboklin.de\/de\/category\/laboklin-aktuell\/\" >LABOKLIN aktuell<\/a><\/span><\/div>\n\t<div class=\"entry-excerpt\"><p>LABOKLIN Expertenrunde zur Epilepsie: Fachvortr\u00e4ge von Experten \u00fcber Ursachen, Diagnostik, genetische Pr\u00e4dispositionen und Therapien bei Hund und Katze.<\/p>\n<\/div>\n\t\n<a href=\"https:\/\/laboklin.de\/de\/die-laboklin-expertenrunde-zur-epilepsie\/\" class=\"post-details details-type-link\" aria-label=\"Read more about Die Laboklin Expertenrunde zur Epilepsie\">Artikel lesen...<i class=\"dt-icon-the7-arrow-03\" aria-hidden=\"true\"><\/i><\/a>\n\n<\/div><\/article><\/div><div class=\"visible wf-cell category-87\" data-post-id=\"1507434\" data-date=\"2025-02-07T08:00:59+01:00\" data-name=\"06. KW 2025\"><article class=\"post project-odd visible post-1507434 type-post status-publish format-standard has-post-thumbnail hentry category-laboklin-fuersiegelesen category-87\" data-name=\"06. KW 2025\" data-date=\"2025-02-07T08:00:59+01:00\">\n\n<div class=\"post-thumbnail-wrap\">\n\t<div class=\"post-thumbnail\">\n\t\t\n\t\t\n\t\t<a href=\"https:\/\/laboklin.de\/de\/fuersiegelesen_06-kw-2025\/\" class=\"post-thumbnail-rollover layzr-bg layzr-bg\" ><img decoding=\"async\" class=\"iso-lazy-load preload-me iso-lazy-load aspect\" src=\"data:image\/svg+xml,%3Csvg%20xmlns%3D&#39;http%3A%2F%2Fwww.w3.org%2F2000%2Fsvg&#39;%20viewBox%3D&#39;0%200%20600%20400&#39;%2F%3E\" data-src=\"https:\/\/laboklin.de\/wp-content\/uploads\/2025\/02\/Schaf_FSG0625_web-600x400.jpg\" data-srcset=\"https:\/\/laboklin.de\/wp-content\/uploads\/2025\/02\/Schaf_FSG0625_web-600x400.jpg 600w\" loading=\"eager\" style=\"--ratio: 600 \/ 400\" sizes=\"(max-width: 600px) 100vw, 600px\" alt=\"schaf fsg0625 web\" title=\"Schaf_FSG0625_web\" width=\"600\" height=\"400\"  \/><span class=\"gallery-zoom-ico icomoon-the7-font-the7-zoom-01\"><span><\/span><\/span><\/a>\t<\/div>\n<\/div>\n\n\n<div class=\"post-entry-content\">\n\n\t<h3 class=\"entry-title\">\n\t\t<a href=\"https:\/\/laboklin.de\/de\/fuersiegelesen_06-kw-2025\/\" title=\"06. KW 2025\" rel=\"bookmark\">06. KW 2025<\/a>\n\t<\/h3>\n\n\t<div class=\"entry-meta\"><span class=\"category-link\"><a href=\"https:\/\/laboklin.de\/de\/category\/laboklin-fuersiegelesen\/\" >LABOKLIN F\u00fcrSieGelesen<\/a><\/span><\/div>\n\t<div class=\"entry-excerpt\"><p>+ Pest der kleinen Wiederk\u00e4uer \u2013 schon fast in \u00d6sterreich angekommen + Neues Flavivirus entdeckt + Hasenpest \u2013 Zoonose breitet&hellip;<\/p>\n<\/div>\n\t\n<a href=\"https:\/\/laboklin.de\/de\/fuersiegelesen_06-kw-2025\/\" class=\"post-details details-type-link\" aria-label=\"Read more about 06. KW 2025\">Artikel lesen...<i class=\"dt-icon-the7-arrow-03\" aria-hidden=\"true\"><\/i><\/a>\n\n<\/div><\/article><\/div><div class=\"visible wf-cell category-90\" data-post-id=\"1505707\" data-date=\"2025-02-03T07:24:07+01:00\" data-name=\"Dermatologische Zytologie\"><article class=\"post project-odd visible post-1505707 type-post status-publish format-standard has-post-thumbnail hentry category-laboklin-allergie category-90\" data-name=\"Dermatologische Zytologie\" data-date=\"2025-02-03T07:24:07+01:00\">\n\n<div class=\"post-thumbnail-wrap\">\n\t<div class=\"post-thumbnail\">\n\t\t\n\t\t\n\t\t<a href=\"https:\/\/laboklin.de\/de\/dermatologische-zytologie\/\" class=\"post-thumbnail-rollover layzr-bg layzr-bg\" ><img decoding=\"async\" class=\"iso-lazy-load preload-me iso-lazy-load aspect\" src=\"data:image\/svg+xml,%3Csvg%20xmlns%3D&#39;http%3A%2F%2Fwww.w3.org%2F2000%2Fsvg&#39;%20viewBox%3D&#39;0%200%20768%20512&#39;%2F%3E\" data-src=\"https:\/\/laboklin.de\/wp-content\/uploads\/2025\/02\/Abb.-1-z-768x512.jpg\" data-srcset=\"https:\/\/laboklin.de\/wp-content\/uploads\/2025\/02\/Abb.-1-z-768x512.jpg 768w, https:\/\/laboklin.de\/wp-content\/uploads\/2025\/02\/Abb.-1-z-1152x768.jpg 1152w\" loading=\"eager\" style=\"--ratio: 768 \/ 512\" sizes=\"(max-width: 768px) 100vw, 768px\" alt=\"Pyogranulomat\u00f6se Entz\u00fcndung mit Nachweis von Leishmanien\" title=\"Abb. 1 z\" width=\"768\" height=\"512\"  \/><span class=\"gallery-zoom-ico icomoon-the7-font-the7-zoom-01\"><span><\/span><\/span><\/a>\t<\/div>\n<\/div>\n\n\n<div class=\"post-entry-content\">\n\n\t<h3 class=\"entry-title\">\n\t\t<a href=\"https:\/\/laboklin.de\/de\/dermatologische-zytologie\/\" title=\"Dermatologische Zytologie\" rel=\"bookmark\">Dermatologische Zytologie<\/a>\n\t<\/h3>\n\n\t<div class=\"entry-meta\"><span class=\"category-link\"><a href=\"https:\/\/laboklin.de\/de\/category\/laboklin-allergie\/\" >LABOKLIN Dermatologie<\/a><\/span><\/div>\n\t<div class=\"entry-excerpt\"><p>Schnelle dermatologische Zytologie | Laboklin: Hautuntersuchung f\u00fcr Kleintiere \u2013 von Allergien bis Krebsdiagnostik. Pr\u00e4zise Befunde f\u00fcr optimale Therapie<\/p>\n<\/div>\n\t\n<a href=\"https:\/\/laboklin.de\/de\/dermatologische-zytologie\/\" class=\"post-details details-type-link\" aria-label=\"Read more about Dermatologische Zytologie\">Artikel lesen...<i class=\"dt-icon-the7-arrow-03\" aria-hidden=\"true\"><\/i><\/a>\n\n<\/div><\/article><\/div><div class=\"visible wf-cell category-87\" data-post-id=\"1502871\" data-date=\"2025-01-24T13:16:22+01:00\" data-name=\"04. KW 2025\"><article class=\"post project-odd visible post-1502871 type-post status-publish format-standard has-post-thumbnail hentry category-laboklin-fuersiegelesen category-87\" data-name=\"04. KW 2025\" data-date=\"2025-01-24T13:16:22+01:00\">\n\n<div class=\"post-thumbnail-wrap\">\n\t<div class=\"post-thumbnail\">\n\t\t\n\t\t\n\t\t<a href=\"https:\/\/laboklin.de\/de\/fuersiegelesen-04-kw-2025\/\" class=\"post-thumbnail-rollover layzr-bg layzr-bg\" ><img decoding=\"async\" class=\"iso-lazy-load preload-me iso-lazy-load aspect\" src=\"data:image\/svg+xml,%3Csvg%20xmlns%3D&#39;http%3A%2F%2Fwww.w3.org%2F2000%2Fsvg&#39;%20viewBox%3D&#39;0%200%20600%20400&#39;%2F%3E\" data-src=\"https:\/\/laboklin.de\/wp-content\/uploads\/2025\/01\/Rindernase_FSG0425_web-600x400.jpg\" data-srcset=\"https:\/\/laboklin.de\/wp-content\/uploads\/2025\/01\/Rindernase_FSG0425_web-600x400.jpg 600w\" loading=\"eager\" style=\"--ratio: 600 \/ 400\" sizes=\"(max-width: 600px) 100vw, 600px\" alt=\"rindernase fsg0425 web\" title=\"Rindernase_FSG0425_web\" width=\"600\" height=\"400\"  \/><span class=\"gallery-zoom-ico icomoon-the7-font-the7-zoom-01\"><span><\/span><\/span><\/a>\t<\/div>\n<\/div>\n\n\n<div class=\"post-entry-content\">\n\n\t<h3 class=\"entry-title\">\n\t\t<a href=\"https:\/\/laboklin.de\/de\/fuersiegelesen-04-kw-2025\/\" title=\"04. KW 2025\" rel=\"bookmark\">04. KW 2025<\/a>\n\t<\/h3>\n\n\t<div class=\"entry-meta\"><span class=\"category-link\"><a href=\"https:\/\/laboklin.de\/de\/category\/laboklin-fuersiegelesen\/\" >LABOKLIN F\u00fcrSieGelesen<\/a><\/span><\/div>\n\t<div class=\"entry-excerpt\"><p>+ Maul- und Klauenseuche \u2013 wie ist der Stand? + Blauzungenkrankheit \u2013 Impfstoffe gegen Serotyp 3 + H5N1 \u2013 \u00dcber&hellip;<\/p>\n<\/div>\n\t\n<a href=\"https:\/\/laboklin.de\/de\/fuersiegelesen-04-kw-2025\/\" class=\"post-details details-type-link\" aria-label=\"Read more about 04. KW 2025\">Artikel lesen...<i class=\"dt-icon-the7-arrow-03\" aria-hidden=\"true\"><\/i><\/a>\n\n<\/div><\/article><\/div><div class=\"visible wf-cell category-87\" data-post-id=\"1500620\" data-date=\"2025-01-10T16:10:31+01:00\" data-name=\"02. KW 2025\"><article class=\"post project-odd visible post-1500620 type-post status-publish format-standard has-post-thumbnail hentry category-laboklin-fuersiegelesen category-87\" data-name=\"02. KW 2025\" data-date=\"2025-01-10T16:10:31+01:00\">\n\n<div class=\"post-thumbnail-wrap\">\n\t<div class=\"post-thumbnail\">\n\t\t\n\t\t\n\t\t<a href=\"https:\/\/laboklin.de\/de\/fuersiegelesen-02-kw-2025\/\" class=\"post-thumbnail-rollover layzr-bg layzr-bg\" ><img decoding=\"async\" class=\"iso-lazy-load preload-me iso-lazy-load aspect\" src=\"data:image\/svg+xml,%3Csvg%20xmlns%3D&#39;http%3A%2F%2Fwww.w3.org%2F2000%2Fsvg&#39;%20viewBox%3D&#39;0%200%20600%20400&#39;%2F%3E\" data-src=\"https:\/\/laboklin.de\/wp-content\/uploads\/2025\/01\/02_25_KW_HP25-600x400.jpg\" data-srcset=\"https:\/\/laboklin.de\/wp-content\/uploads\/2025\/01\/02_25_KW_HP25-600x400.jpg 600w\" loading=\"eager\" style=\"--ratio: 600 \/ 400\" sizes=\"(max-width: 600px) 100vw, 600px\" alt=\"\" title=\"02_25_KW_HP25\" width=\"600\" height=\"400\"  \/><span class=\"gallery-zoom-ico icomoon-the7-font-the7-zoom-01\"><span><\/span><\/span><\/a>\t<\/div>\n<\/div>\n\n\n<div class=\"post-entry-content\">\n\n\t<h3 class=\"entry-title\">\n\t\t<a href=\"https:\/\/laboklin.de\/de\/fuersiegelesen-02-kw-2025\/\" title=\"02. KW 2025\" rel=\"bookmark\">02. KW 2025<\/a>\n\t<\/h3>\n\n\t<div class=\"entry-meta\"><span class=\"category-link\"><a href=\"https:\/\/laboklin.de\/de\/category\/laboklin-fuersiegelesen\/\" >LABOKLIN F\u00fcrSieGelesen<\/a><\/span><\/div>\n\t<div class=\"entry-excerpt\"><p>+ Avi\u00e4re Influenza \u2013 kein Ende in Sicht + Blauzungenkrankheit \u2013 auch im neuen Jahr problematisch + Erfreulich \u2013 Tierversuche&hellip;<\/p>\n<\/div>\n\t\n<a href=\"https:\/\/laboklin.de\/de\/fuersiegelesen-02-kw-2025\/\" class=\"post-details details-type-link\" aria-label=\"Read more about 02. KW 2025\">Artikel lesen...<i class=\"dt-icon-the7-arrow-03\" aria-hidden=\"true\"><\/i><\/a>\n\n<\/div><\/article><\/div><div class=\"visible wf-cell category-28\" data-post-id=\"1500148\" data-date=\"2025-01-08T15:48:10+01:00\" data-name=\"BRAF-Mutation und BRAF comp. Test \u2013 ein Update\"><article class=\"post project-odd visible post-1500148 type-post status-publish format-standard has-post-thumbnail hentry category-laboklin-aktuell category-28\" data-name=\"BRAF-Mutation und BRAF comp. Test \u2013 ein Update\" data-date=\"2025-01-08T15:48:10+01:00\">\n\n<div class=\"post-thumbnail-wrap\">\n\t<div class=\"post-thumbnail\">\n\t\t\n\t\t\n\t\t<a href=\"https:\/\/laboklin.de\/de\/braf-mutation-und-braf-comp-test-ein-update\/\" class=\"post-thumbnail-rollover layzr-bg layzr-bg\" ><img decoding=\"async\" class=\"iso-lazy-load preload-me iso-lazy-load aspect\" src=\"data:image\/svg+xml,%3Csvg%20xmlns%3D&#39;http%3A%2F%2Fwww.w3.org%2F2000%2Fsvg&#39;%20viewBox%3D&#39;0%200%20768%20512&#39;%2F%3E\" data-src=\"https:\/\/laboklin.de\/wp-content\/uploads\/2025\/01\/LA01_Ultraschallbild-eines-Harnblasenkarzinoms-768x512.jpg\" data-srcset=\"https:\/\/laboklin.de\/wp-content\/uploads\/2025\/01\/LA01_Ultraschallbild-eines-Harnblasenkarzinoms-768x512.jpg 768w, https:\/\/laboklin.de\/wp-content\/uploads\/2025\/01\/LA01_Ultraschallbild-eines-Harnblasenkarzinoms-1152x768.jpg 1152w\" loading=\"eager\" style=\"--ratio: 768 \/ 512\" sizes=\"(max-width: 768px) 100vw, 768px\" alt=\"Ultraschallbild eines Harnblasenkarzinoms\"  width=\"768\" height=\"512\"  \/><span class=\"gallery-zoom-ico icomoon-the7-font-the7-zoom-01\"><span><\/span><\/span><\/a>\t<\/div>\n<\/div>\n\n\n<div class=\"post-entry-content\">\n\n\t<h3 class=\"entry-title\">\n\t\t<a href=\"https:\/\/laboklin.de\/de\/braf-mutation-und-braf-comp-test-ein-update\/\" title=\"BRAF-Mutation und BRAF comp. Test \u2013 ein Update\" rel=\"bookmark\">BRAF-Mutation und BRAF comp. Test \u2013 ein Update<\/a>\n\t<\/h3>\n\n\t<div class=\"entry-meta\"><span class=\"category-link\"><a href=\"https:\/\/laboklin.de\/de\/category\/laboklin-aktuell\/\" >LABOKLIN aktuell<\/a><\/span><\/div>\n\t<div class=\"entry-excerpt\"><p>Erfahren Sie alles \u00fcber die BRAF-Mutation und den BRAF comp. Test beim Hund &#8211; wie diese Tests zur Diagnose von&hellip;<\/p>\n<\/div>\n\t\n<a href=\"https:\/\/laboklin.de\/de\/braf-mutation-und-braf-comp-test-ein-update\/\" class=\"post-details details-type-link\" aria-label=\"Read more about BRAF-Mutation und BRAF comp. Test \u2013 ein Update\">Artikel lesen...<i class=\"dt-icon-the7-arrow-03\" aria-hidden=\"true\"><\/i><\/a>\n\n<\/div><\/article><\/div><div class=\"visible wf-cell category-87\" data-post-id=\"1496937\" data-date=\"2024-12-06T09:28:27+01:00\" data-name=\"49. KW 2024\"><article class=\"post project-odd visible post-1496937 type-post status-publish format-standard has-post-thumbnail hentry category-laboklin-fuersiegelesen category-87\" data-name=\"49. KW 2024\" data-date=\"2024-12-06T09:28:27+01:00\">\n\n<div class=\"post-thumbnail-wrap\">\n\t<div class=\"post-thumbnail\">\n\t\t\n\t\t\n\t\t<a href=\"https:\/\/laboklin.de\/de\/49-kw-2024\/\" class=\"post-thumbnail-rollover layzr-bg layzr-bg\" ><img decoding=\"async\" class=\"iso-lazy-load preload-me iso-lazy-load aspect\" src=\"data:image\/svg+xml,%3Csvg%20xmlns%3D&#39;http%3A%2F%2Fwww.w3.org%2F2000%2Fsvg&#39;%20viewBox%3D&#39;0%200%20600%20400&#39;%2F%3E\" data-src=\"https:\/\/laboklin.de\/wp-content\/uploads\/2024\/12\/Jaeger_FSG4924_web-600x400.jpg\" data-srcset=\"https:\/\/laboklin.de\/wp-content\/uploads\/2024\/12\/Jaeger_FSG4924_web-600x400.jpg 600w\" loading=\"eager\" style=\"--ratio: 600 \/ 400\" sizes=\"(max-width: 600px) 100vw, 600px\" alt=\"\" title=\"Jaeger_FSG4924_web\" width=\"600\" height=\"400\"  \/><span class=\"gallery-zoom-ico icomoon-the7-font-the7-zoom-01\"><span><\/span><\/span><\/a>\t<\/div>\n<\/div>\n\n\n<div class=\"post-entry-content\">\n\n\t<h3 class=\"entry-title\">\n\t\t<a href=\"https:\/\/laboklin.de\/de\/49-kw-2024\/\" title=\"49. KW 2024\" rel=\"bookmark\">49. KW 2024<\/a>\n\t<\/h3>\n\n\t<div class=\"entry-meta\"><span class=\"category-link\"><a href=\"https:\/\/laboklin.de\/de\/category\/laboklin-fuersiegelesen\/\" >LABOKLIN F\u00fcrSieGelesen<\/a><\/span><\/div>\n\t<div class=\"entry-excerpt\"><p>+ Cave Hase: Rekordjahr 2024 f\u00fcr Tular\u00e4mie + H5N1 bei Minderj\u00e4hrigen nachgewiesen + Wertvolle Altersweisheit + Tarifverhandlungen zwischen bpt und&hellip;<\/p>\n<\/div>\n\t\n<a href=\"https:\/\/laboklin.de\/de\/49-kw-2024\/\" class=\"post-details details-type-link\" aria-label=\"Read more about 49. KW 2024\">Artikel lesen...<i class=\"dt-icon-the7-arrow-03\" aria-hidden=\"true\"><\/i><\/a>\n\n<\/div><\/article><\/div><div class=\"visible wf-cell category-90\" data-post-id=\"1495813\" data-date=\"2024-11-28T13:39:22+01:00\" data-name=\"Die Allergen-spezifische Immuntherapie (ASIT) bei Hunden \u2013 was sind die Gr\u00fcnde f\u00fcr einen Behandlungsabbruch und wie kann der Behandlungserfolg optimiert werden?\"><article class=\"post project-odd visible post-1495813 type-post status-publish format-standard has-post-thumbnail hentry category-laboklin-allergie category-90\" data-name=\"Die Allergen-spezifische Immuntherapie (ASIT) bei Hunden \u2013 was sind die Gr\u00fcnde f\u00fcr einen Behandlungsabbruch und wie kann der Behandlungserfolg optimiert werden?\" data-date=\"2024-11-28T13:39:22+01:00\">\n\n<div class=\"post-thumbnail-wrap\">\n\t<div class=\"post-thumbnail\">\n\t\t\n\t\t\n\t\t<a href=\"https:\/\/laboklin.de\/de\/die-allergen-spezifische-immuntherapie-asit-bei-hunden\/\" class=\"post-thumbnail-rollover layzr-bg layzr-bg\" ><img decoding=\"async\" class=\"iso-lazy-load preload-me iso-lazy-load aspect\" src=\"data:image\/svg+xml,%3Csvg%20xmlns%3D&#39;http%3A%2F%2Fwww.w3.org%2F2000%2Fsvg&#39;%20viewBox%3D&#39;0%200%20768%20512&#39;%2F%3E\" data-src=\"https:\/\/laboklin.de\/wp-content\/uploads\/2024\/11\/Gruende_fuer_Abbruch_einer_ASIT_bei_Hunden_nach_Folgebehandlung-768x512.jpg\" data-srcset=\"https:\/\/laboklin.de\/wp-content\/uploads\/2024\/11\/Gruende_fuer_Abbruch_einer_ASIT_bei_Hunden_nach_Folgebehandlung-768x512.jpg 768w, https:\/\/laboklin.de\/wp-content\/uploads\/2024\/11\/Gruende_fuer_Abbruch_einer_ASIT_bei_Hunden_nach_Folgebehandlung-961x641.jpg 961w\" loading=\"eager\" style=\"--ratio: 768 \/ 512\" sizes=\"(max-width: 768px) 100vw, 768px\" alt=\"Gr\u00fcnde f\u00fcr den Abbruch einer Allergen-spezifischen Immuntherapie (ASIT) bei Hunden nach mindestens einer Folgebehandlung\"  width=\"768\" height=\"512\"  \/><span class=\"gallery-zoom-ico icomoon-the7-font-the7-zoom-01\"><span><\/span><\/span><\/a>\t<\/div>\n<\/div>\n\n\n<div class=\"post-entry-content\">\n\n\t<h3 class=\"entry-title\">\n\t\t<a href=\"https:\/\/laboklin.de\/de\/die-allergen-spezifische-immuntherapie-asit-bei-hunden\/\" title=\"Die Allergen-spezifische Immuntherapie (ASIT) bei Hunden \u2013 was sind die Gr\u00fcnde f\u00fcr einen Behandlungsabbruch und wie kann der Behandlungserfolg optimiert werden?\" rel=\"bookmark\">Die Allergen-spezifische Immuntherapie (ASIT) bei Hunden \u2013 was sind die Gr\u00fcnde f\u00fcr einen Behandlungsabbruch und wie kann der Behandlungserfolg optimiert werden?<\/a>\n\t<\/h3>\n\n\t<div class=\"entry-meta\"><span class=\"category-link\"><a href=\"https:\/\/laboklin.de\/de\/category\/laboklin-allergie\/\" >LABOKLIN Dermatologie<\/a><\/span><\/div>\n\t<div class=\"entry-excerpt\"><p>Die Allergen-spezifische Immuntherapie (ASIT, Hyposensibilisierung) ist die einzige kausale Therapieform bei der Behandlung der Caninen Atopischen Dermatitis (CAD).<\/p>\n<\/div>\n\t\n<a href=\"https:\/\/laboklin.de\/de\/die-allergen-spezifische-immuntherapie-asit-bei-hunden\/\" class=\"post-details details-type-link\" aria-label=\"Read more about Die Allergen-spezifische Immuntherapie (ASIT) bei Hunden \u2013 was sind die Gr\u00fcnde f\u00fcr einen Behandlungsabbruch und wie kann der Behandlungserfolg optimiert werden?\">Artikel lesen...<i class=\"dt-icon-the7-arrow-03\" aria-hidden=\"true\"><\/i><\/a>\n\n<\/div><\/article><\/div><div class=\"visible wf-cell category-87\" data-post-id=\"1494316\" data-date=\"2024-11-18T08:00:14+01:00\" data-name=\"46. KW 2024\"><article class=\"post project-odd visible post-1494316 type-post status-publish format-standard has-post-thumbnail hentry category-laboklin-fuersiegelesen category-87\" data-name=\"46. KW 2024\" data-date=\"2024-11-18T08:00:14+01:00\">\n\n<div class=\"post-thumbnail-wrap\">\n\t<div class=\"post-thumbnail\">\n\t\t\n\t\t\n\t\t<a href=\"https:\/\/laboklin.de\/de\/46-kw-2024\/\" class=\"post-thumbnail-rollover layzr-bg layzr-bg\" ><img decoding=\"async\" class=\"iso-lazy-load preload-me iso-lazy-load aspect\" src=\"data:image\/svg+xml,%3Csvg%20xmlns%3D&#39;http%3A%2F%2Fwww.w3.org%2F2000%2Fsvg&#39;%20viewBox%3D&#39;0%200%20600%20400&#39;%2F%3E\" data-src=\"https:\/\/laboklin.de\/wp-content\/uploads\/2024\/11\/Rind_FSG4624_web-600x400.jpg\" data-srcset=\"https:\/\/laboklin.de\/wp-content\/uploads\/2024\/11\/Rind_FSG4624_web-600x400.jpg 600w\" loading=\"eager\" style=\"--ratio: 600 \/ 400\" sizes=\"(max-width: 600px) 100vw, 600px\" alt=\"\" title=\"Rind_FSG4624_web\" width=\"600\" height=\"400\"  \/><span class=\"gallery-zoom-ico icomoon-the7-font-the7-zoom-01\"><span><\/span><\/span><\/a>\t<\/div>\n<\/div>\n\n\n<div class=\"post-entry-content\">\n\n\t<h3 class=\"entry-title\">\n\t\t<a href=\"https:\/\/laboklin.de\/de\/46-kw-2024\/\" title=\"46. KW 2024\" rel=\"bookmark\">46. KW 2024<\/a>\n\t<\/h3>\n\n\t<div class=\"entry-meta\"><span class=\"category-link\"><a href=\"https:\/\/laboklin.de\/de\/category\/laboklin-fuersiegelesen\/\" >LABOKLIN F\u00fcrSieGelesen<\/a><\/span><\/div>\n\t<div class=\"entry-excerpt\"><p>+ Neues von der Gefl\u00fcgelpest + Memo: Im Januar kommt die E-Rechnung + Weniger B\u00fcrokratie, daf\u00fcr mehr Rechtssicherheit\u2026 + Risikoberechnung&hellip;<\/p>\n<\/div>\n\t\n<a href=\"https:\/\/laboklin.de\/de\/46-kw-2024\/\" class=\"post-details details-type-link\" aria-label=\"Read more about 46. KW 2024\">Artikel lesen...<i class=\"dt-icon-the7-arrow-03\" aria-hidden=\"true\"><\/i><\/a>\n\n<\/div><\/article><\/div><div class=\"visible wf-cell category-87\" data-post-id=\"1491133\" data-date=\"2024-10-25T09:18:40+02:00\" data-name=\"43. KW 2024\"><article class=\"post project-odd visible post-1491133 type-post status-publish format-standard has-post-thumbnail hentry category-laboklin-fuersiegelesen category-87\" data-name=\"43. KW 2024\" data-date=\"2024-10-25T09:18:40+02:00\">\n\n<div class=\"post-thumbnail-wrap\">\n\t<div class=\"post-thumbnail\">\n\t\t\n\t\t\n\t\t<a href=\"https:\/\/laboklin.de\/de\/43-kw-2024\/\" class=\"post-thumbnail-rollover layzr-bg layzr-bg\" ><img decoding=\"async\" class=\"iso-lazy-load preload-me iso-lazy-load aspect\" src=\"data:image\/svg+xml,%3Csvg%20xmlns%3D&#39;http%3A%2F%2Fwww.w3.org%2F2000%2Fsvg&#39;%20viewBox%3D&#39;0%200%20600%20400&#39;%2F%3E\" data-src=\"https:\/\/laboklin.de\/wp-content\/uploads\/2024\/10\/Hase_FSG4324_web-600x400.jpg\" data-srcset=\"https:\/\/laboklin.de\/wp-content\/uploads\/2024\/10\/Hase_FSG4324_web-600x400.jpg 600w\" loading=\"eager\" style=\"--ratio: 600 \/ 400\" sizes=\"(max-width: 600px) 100vw, 600px\" alt=\"\" title=\"Hase_FSG4324_web\" width=\"600\" height=\"400\"  \/><span class=\"gallery-zoom-ico icomoon-the7-font-the7-zoom-01\"><span><\/span><\/span><\/a>\t<\/div>\n<\/div>\n\n\n<div class=\"post-entry-content\">\n\n\t<h3 class=\"entry-title\">\n\t\t<a href=\"https:\/\/laboklin.de\/de\/43-kw-2024\/\" title=\"43. KW 2024\" rel=\"bookmark\">43. KW 2024<\/a>\n\t<\/h3>\n\n\t<div class=\"entry-meta\"><span class=\"category-link\"><a href=\"https:\/\/laboklin.de\/de\/category\/laboklin-fuersiegelesen\/\" >LABOKLIN F\u00fcrSieGelesen<\/a><\/span><\/div>\n\t<div class=\"entry-excerpt\"><p>+ Blauzungenvirus &#8211; neuer Stamm in den Niederlanden aufgetreten + Feldhasen in Gefahr durch Iberische Myxomavirus-Variante + Neues von der&hellip;<\/p>\n<\/div>\n\t\n<a href=\"https:\/\/laboklin.de\/de\/43-kw-2024\/\" class=\"post-details details-type-link\" aria-label=\"Read more about 43. KW 2024\">Artikel lesen...<i class=\"dt-icon-the7-arrow-03\" aria-hidden=\"true\"><\/i><\/a>\n\n<\/div><\/article><\/div><div class=\"visible wf-cell category-87\" data-post-id=\"1488547\" data-date=\"2024-10-04T12:56:14+02:00\" data-name=\"40. KW 2024\"><article class=\"post project-odd visible post-1488547 type-post status-publish format-standard has-post-thumbnail hentry category-laboklin-fuersiegelesen category-87\" data-name=\"40. KW 2024\" data-date=\"2024-10-04T12:56:14+02:00\">\n\n<div class=\"post-thumbnail-wrap\">\n\t<div class=\"post-thumbnail\">\n\t\t\n\t\t\n\t\t<a href=\"https:\/\/laboklin.de\/de\/40-kw-2024\/\" class=\"post-thumbnail-rollover layzr-bg layzr-bg\" ><img decoding=\"async\" class=\"iso-lazy-load preload-me iso-lazy-load aspect\" src=\"data:image\/svg+xml,%3Csvg%20xmlns%3D&#39;http%3A%2F%2Fwww.w3.org%2F2000%2Fsvg&#39;%20viewBox%3D&#39;0%200%20600%20400&#39;%2F%3E\" data-src=\"https:\/\/laboklin.de\/wp-content\/uploads\/2024\/10\/Amsel_FSG4024_web-600x400.jpg\" data-srcset=\"https:\/\/laboklin.de\/wp-content\/uploads\/2024\/10\/Amsel_FSG4024_web-600x400.jpg 600w\" loading=\"eager\" style=\"--ratio: 600 \/ 400\" sizes=\"(max-width: 600px) 100vw, 600px\" alt=\"\" title=\"Amsel_FSG4024_web\" width=\"600\" height=\"400\"  \/><span class=\"gallery-zoom-ico icomoon-the7-font-the7-zoom-01\"><span><\/span><\/span><\/a>\t<\/div>\n<\/div>\n\n\n<div class=\"post-entry-content\">\n\n\t<h3 class=\"entry-title\">\n\t\t<a href=\"https:\/\/laboklin.de\/de\/40-kw-2024\/\" title=\"40. KW 2024\" rel=\"bookmark\">40. KW 2024<\/a>\n\t<\/h3>\n\n\t<div class=\"entry-meta\"><span class=\"category-link\"><a href=\"https:\/\/laboklin.de\/de\/category\/laboklin-fuersiegelesen\/\" >LABOKLIN F\u00fcrSieGelesen<\/a><\/span><\/div>\n\t<div class=\"entry-excerpt\"><p>+ Vogelgrippe \u2013 Mensch zu Mensch \u00dcbertragung m\u00f6glich? + Usutu-Virus \u2013 doch nicht mehr so selten? + Blauzungenkrankheit bringt Tierhalter&hellip;<\/p>\n<\/div>\n\t\n<a href=\"https:\/\/laboklin.de\/de\/40-kw-2024\/\" class=\"post-details details-type-link\" aria-label=\"Read more about 40. KW 2024\">Artikel lesen...<i class=\"dt-icon-the7-arrow-03\" aria-hidden=\"true\"><\/i><\/a>\n\n<\/div><\/article><\/div><div class=\"visible wf-cell category-90\" data-post-id=\"1485312\" data-date=\"2024-09-16T13:42:37+02:00\" data-name=\"Pemphigus foliaceus bei Hunden und Katzen\"><article class=\"post project-odd visible post-1485312 type-post status-publish format-standard has-post-thumbnail hentry category-laboklin-allergie category-90\" data-name=\"Pemphigus foliaceus bei Hunden und Katzen\" data-date=\"2024-09-16T13:42:37+02:00\">\n\n<div class=\"post-thumbnail-wrap\">\n\t<div class=\"post-thumbnail\">\n\t\t\n\t\t\n\t\t<a href=\"https:\/\/laboklin.de\/de\/pemphigus-foliaceus-bei-hunden-und-katzen\/\" class=\"post-thumbnail-rollover layzr-bg layzr-bg\" ><img decoding=\"async\" class=\"iso-lazy-load preload-me iso-lazy-load aspect\" src=\"data:image\/svg+xml,%3Csvg%20xmlns%3D&#39;http%3A%2F%2Fwww.w3.org%2F2000%2Fsvg&#39;%20viewBox%3D&#39;0%200%20768%20512&#39;%2F%3E\" data-src=\"https:\/\/laboklin.de\/wp-content\/uploads\/2024\/09\/Katze_mit_Pemphigus_foliaceus-768x512.jpg\" data-srcset=\"https:\/\/laboklin.de\/wp-content\/uploads\/2024\/09\/Katze_mit_Pemphigus_foliaceus-768x512.jpg 768w, https:\/\/laboklin.de\/wp-content\/uploads\/2024\/09\/Katze_mit_Pemphigus_foliaceus-1152x768.jpg 1152w\" loading=\"eager\" style=\"--ratio: 768 \/ 512\" sizes=\"(max-width: 768px) 100vw, 768px\" alt=\"Katze mit PF in Remission\"  width=\"768\" height=\"512\"  \/><span class=\"gallery-zoom-ico icomoon-the7-font-the7-zoom-01\"><span><\/span><\/span><\/a>\t<\/div>\n<\/div>\n\n\n<div class=\"post-entry-content\">\n\n\t<h3 class=\"entry-title\">\n\t\t<a href=\"https:\/\/laboklin.de\/de\/pemphigus-foliaceus-bei-hunden-und-katzen\/\" title=\"Pemphigus foliaceus bei Hunden und Katzen\" rel=\"bookmark\">Pemphigus foliaceus bei Hunden und Katzen<\/a>\n\t<\/h3>\n\n\t<div class=\"entry-meta\"><span class=\"category-link\"><a href=\"https:\/\/laboklin.de\/de\/category\/laboklin-allergie\/\" >LABOKLIN Dermatologie<\/a><\/span><\/div>\n\t<div class=\"entry-excerpt\"><p>Pemphigus foliaceus (PF) ist die am h\u00e4ufigsten auftretende Autoimmunerkrankung der Haut bei Hunden und Katzen.<\/p>\n<\/div>\n\t\n<a href=\"https:\/\/laboklin.de\/de\/pemphigus-foliaceus-bei-hunden-und-katzen\/\" class=\"post-details details-type-link\" aria-label=\"Read more about Pemphigus foliaceus bei Hunden und Katzen\">Artikel lesen...<i class=\"dt-icon-the7-arrow-03\" aria-hidden=\"true\"><\/i><\/a>\n\n<\/div><\/article><\/div><div class=\"visible wf-cell category-87\" data-post-id=\"1485269\" data-date=\"2024-09-13T11:51:23+02:00\" data-name=\"37. KW 2024\"><article class=\"post project-odd visible post-1485269 type-post status-publish format-standard has-post-thumbnail hentry category-laboklin-fuersiegelesen category-87\" data-name=\"37. KW 2024\" data-date=\"2024-09-13T11:51:23+02:00\">\n\n<div class=\"post-thumbnail-wrap\">\n\t<div class=\"post-thumbnail\">\n\t\t\n\t\t\n\t\t<a href=\"https:\/\/laboklin.de\/de\/37-kw-2024\/\" class=\"post-thumbnail-rollover layzr-bg layzr-bg\" ><img decoding=\"async\" class=\"iso-lazy-load preload-me iso-lazy-load aspect\" src=\"data:image\/svg+xml,%3Csvg%20xmlns%3D&#39;http%3A%2F%2Fwww.w3.org%2F2000%2Fsvg&#39;%20viewBox%3D&#39;0%200%20600%20400&#39;%2F%3E\" data-src=\"https:\/\/laboklin.de\/wp-content\/uploads\/2024\/09\/Pinguine_FSG3724_web-600x400.jpg\" data-srcset=\"https:\/\/laboklin.de\/wp-content\/uploads\/2024\/09\/Pinguine_FSG3724_web-600x400.jpg 600w\" loading=\"eager\" style=\"--ratio: 600 \/ 400\" sizes=\"(max-width: 600px) 100vw, 600px\" alt=\"\" title=\"Pinguine_FSG3724_web\" width=\"600\" height=\"400\"  \/><span class=\"gallery-zoom-ico icomoon-the7-font-the7-zoom-01\"><span><\/span><\/span><\/a>\t<\/div>\n<\/div>\n\n\n<div class=\"post-entry-content\">\n\n\t<h3 class=\"entry-title\">\n\t\t<a href=\"https:\/\/laboklin.de\/de\/37-kw-2024\/\" title=\"37. KW 2024\" rel=\"bookmark\">37. KW 2024<\/a>\n\t<\/h3>\n\n\t<div class=\"entry-meta\"><span class=\"category-link\"><a href=\"https:\/\/laboklin.de\/de\/category\/laboklin-fuersiegelesen\/\" >LABOKLIN F\u00fcrSieGelesen<\/a><\/span><\/div>\n\t<div class=\"entry-excerpt\"><p>+ Avi\u00e4re Influenza \u2013 nun auch seltene Vogelarten bedroht + West-Nil-Virus weiter auf dem Vormarsch + Die StIKO reagiert und&hellip;<\/p>\n<\/div>\n\t\n<a href=\"https:\/\/laboklin.de\/de\/37-kw-2024\/\" class=\"post-details details-type-link\" aria-label=\"Read more about 37. KW 2024\">Artikel lesen...<i class=\"dt-icon-the7-arrow-03\" aria-hidden=\"true\"><\/i><\/a>\n\n<\/div><\/article><\/div><div class=\"visible wf-cell category-87\" data-post-id=\"1482607\" data-date=\"2024-08-23T18:18:48+02:00\" data-name=\"34. KW 2024\"><article class=\"post project-odd visible post-1482607 type-post status-publish format-standard has-post-thumbnail hentry category-laboklin-fuersiegelesen category-87\" data-name=\"34. KW 2024\" data-date=\"2024-08-23T18:18:48+02:00\">\n\n<div class=\"post-thumbnail-wrap\">\n\t<div class=\"post-thumbnail\">\n\t\t\n\t\t\n\t\t<a href=\"https:\/\/laboklin.de\/de\/fuer-seie-gelesen-34-kw-2024\/\" class=\"post-thumbnail-rollover layzr-bg layzr-bg\" ><img decoding=\"async\" class=\"iso-lazy-load preload-me iso-lazy-load aspect\" src=\"data:image\/svg+xml,%3Csvg%20xmlns%3D&#39;http%3A%2F%2Fwww.w3.org%2F2000%2Fsvg&#39;%20viewBox%3D&#39;0%200%20600%20400&#39;%2F%3E\" data-src=\"https:\/\/laboklin.de\/wp-content\/uploads\/2024\/08\/34_24_KW_HP-600x400.jpg\" data-srcset=\"https:\/\/laboklin.de\/wp-content\/uploads\/2024\/08\/34_24_KW_HP-600x400.jpg 600w\" loading=\"eager\" style=\"--ratio: 600 \/ 400\" sizes=\"(max-width: 600px) 100vw, 600px\" alt=\"\" title=\"34_24_KW_HP\" width=\"600\" height=\"400\"  \/><span class=\"gallery-zoom-ico icomoon-the7-font-the7-zoom-01\"><span><\/span><\/span><\/a>\t<\/div>\n<\/div>\n\n\n<div class=\"post-entry-content\">\n\n\t<h3 class=\"entry-title\">\n\t\t<a href=\"https:\/\/laboklin.de\/de\/fuer-seie-gelesen-34-kw-2024\/\" title=\"34. KW 2024\" rel=\"bookmark\">34. KW 2024<\/a>\n\t<\/h3>\n\n\t<div class=\"entry-meta\"><span class=\"category-link\"><a href=\"https:\/\/laboklin.de\/de\/category\/laboklin-fuersiegelesen\/\" >LABOKLIN F\u00fcrSieGelesen<\/a><\/span><\/div>\n\t<div class=\"entry-excerpt\"><p>+ Neues von der Afrikanischen Schweinepest + Neu dabei (?): Mpox + Interessantes zu Recht und Ordnung + Praktika f\u00fcr&hellip;<\/p>\n<\/div>\n\t\n<a href=\"https:\/\/laboklin.de\/de\/fuer-seie-gelesen-34-kw-2024\/\" class=\"post-details details-type-link\" aria-label=\"Read more about 34. KW 2024\">Artikel lesen...<i class=\"dt-icon-the7-arrow-03\" aria-hidden=\"true\"><\/i><\/a>\n\n<\/div><\/article><\/div><div class=\"visible wf-cell category-87\" data-post-id=\"1480541\" data-date=\"2024-08-05T09:00:36+02:00\" data-name=\"31. KW 2024\"><article class=\"post project-odd visible post-1480541 type-post status-publish format-standard has-post-thumbnail hentry category-laboklin-fuersiegelesen category-87\" data-name=\"31. KW 2024\" data-date=\"2024-08-05T09:00:36+02:00\">\n\n<div class=\"post-thumbnail-wrap\">\n\t<div class=\"post-thumbnail\">\n\t\t\n\t\t\n\t\t<a href=\"https:\/\/laboklin.de\/de\/31-kw-2024\/\" class=\"post-thumbnail-rollover layzr-bg layzr-bg\" ><img decoding=\"async\" class=\"iso-lazy-load preload-me iso-lazy-load aspect\" src=\"data:image\/svg+xml,%3Csvg%20xmlns%3D&#39;http%3A%2F%2Fwww.w3.org%2F2000%2Fsvg&#39;%20viewBox%3D&#39;0%200%20600%20400&#39;%2F%3E\" data-src=\"https:\/\/laboklin.de\/wp-content\/uploads\/2024\/08\/Pilz_FSG3124_web-600x400.jpg\" data-srcset=\"https:\/\/laboklin.de\/wp-content\/uploads\/2024\/08\/Pilz_FSG3124_web-600x400.jpg 600w\" loading=\"eager\" style=\"--ratio: 600 \/ 400\" sizes=\"(max-width: 600px) 100vw, 600px\" alt=\"\" title=\"Pilz_FSG3124_web\" width=\"600\" height=\"400\"  \/><span class=\"gallery-zoom-ico icomoon-the7-font-the7-zoom-01\"><span><\/span><\/span><\/a>\t<\/div>\n<\/div>\n\n\n<div class=\"post-entry-content\">\n\n\t<h3 class=\"entry-title\">\n\t\t<a href=\"https:\/\/laboklin.de\/de\/31-kw-2024\/\" title=\"31. KW 2024\" rel=\"bookmark\">31. KW 2024<\/a>\n\t<\/h3>\n\n\t<div class=\"entry-meta\"><span class=\"category-link\"><a href=\"https:\/\/laboklin.de\/de\/category\/laboklin-fuersiegelesen\/\" >LABOKLIN F\u00fcrSieGelesen<\/a><\/span><\/div>\n\t<div class=\"entry-excerpt\"><p>+ Neues von der Blauzungenkrankheit + Schimmelpilz gegen Schmerzen? + Vom Leben und Sterben der W\u00f6lfe + Tiermedizin trifft Genetik&hellip;<\/p>\n<\/div>\n\t\n<a href=\"https:\/\/laboklin.de\/de\/31-kw-2024\/\" class=\"post-details details-type-link\" aria-label=\"Read more about 31. KW 2024\">Artikel lesen...<i class=\"dt-icon-the7-arrow-03\" aria-hidden=\"true\"><\/i><\/a>\n\n<\/div><\/article><\/div><div class=\"visible wf-cell category-90\" data-post-id=\"1478548\" data-date=\"2024-07-08T13:42:07+02:00\" data-name=\"Erythema multiforme Komplex bei Hund und Katze\"><article class=\"post project-odd visible post-1478548 type-post status-publish format-standard has-post-thumbnail hentry category-laboklin-allergie category-90\" data-name=\"Erythema multiforme Komplex bei Hund und Katze\" data-date=\"2024-07-08T13:42:07+02:00\">\n\n<div class=\"post-thumbnail-wrap\">\n\t<div class=\"post-thumbnail\">\n\t\t\n\t\t\n\t\t<a href=\"https:\/\/laboklin.de\/de\/erythema-multiforme-komplex-bei-hund-und-katze\/\" class=\"post-thumbnail-rollover layzr-bg layzr-bg\" ><img decoding=\"async\" class=\"iso-lazy-load preload-me iso-lazy-load aspect\" src=\"data:image\/svg+xml,%3Csvg%20xmlns%3D&#39;http%3A%2F%2Fwww.w3.org%2F2000%2Fsvg&#39;%20viewBox%3D&#39;0%200%20768%20512&#39;%2F%3E\" data-src=\"https:\/\/laboklin.de\/wp-content\/uploads\/2024\/07\/Katze_Hund-768x512.jpg\" data-srcset=\"https:\/\/laboklin.de\/wp-content\/uploads\/2024\/07\/Katze_Hund-768x512.jpg 768w, https:\/\/laboklin.de\/wp-content\/uploads\/2024\/07\/Katze_Hund-1152x768.jpg 1152w\" loading=\"eager\" style=\"--ratio: 768 \/ 512\" sizes=\"(max-width: 768px) 100vw, 768px\" alt=\"\"  width=\"768\" height=\"512\"  \/><span class=\"gallery-zoom-ico icomoon-the7-font-the7-zoom-01\"><span><\/span><\/span><\/a>\t<\/div>\n<\/div>\n\n\n<div class=\"post-entry-content\">\n\n\t<h3 class=\"entry-title\">\n\t\t<a href=\"https:\/\/laboklin.de\/de\/erythema-multiforme-komplex-bei-hund-und-katze\/\" title=\"Erythema multiforme Komplex bei Hund und Katze\" rel=\"bookmark\">Erythema multiforme Komplex bei Hund und Katze<\/a>\n\t<\/h3>\n\n\t<div class=\"entry-meta\"><span class=\"category-link\"><a href=\"https:\/\/laboklin.de\/de\/category\/laboklin-allergie\/\" >LABOKLIN Dermatologie<\/a><\/span><\/div>\n\t<div class=\"entry-excerpt\"><p>Unter dem \u00dcberbegriff Erythema multiforme (EM)-Komplex ist eine Gruppe von seltenen immunmediierten Erkrankungen bei Hund und Katze zusammengefasst, bei der&hellip;<\/p>\n<\/div>\n\t\n<a href=\"https:\/\/laboklin.de\/de\/erythema-multiforme-komplex-bei-hund-und-katze\/\" class=\"post-details details-type-link\" aria-label=\"Read more about Erythema multiforme Komplex bei Hund und Katze\">Artikel lesen...<i class=\"dt-icon-the7-arrow-03\" aria-hidden=\"true\"><\/i><\/a>\n\n<\/div><\/article><\/div><div class=\"visible wf-cell category-87\" data-post-id=\"1478494\" data-date=\"2024-07-05T10:35:44+02:00\" data-name=\"27. KW 2024\"><article class=\"post project-odd visible post-1478494 type-post status-publish format-standard has-post-thumbnail hentry category-laboklin-fuersiegelesen category-87\" data-name=\"27. KW 2024\" data-date=\"2024-07-05T10:35:44+02:00\">\n\n<div class=\"post-thumbnail-wrap\">\n\t<div class=\"post-thumbnail\">\n\t\t\n\t\t\n\t\t<a href=\"https:\/\/laboklin.de\/de\/27-kw-2024\/\" class=\"post-thumbnail-rollover layzr-bg layzr-bg\" ><img decoding=\"async\" class=\"iso-lazy-load preload-me iso-lazy-load aspect\" src=\"data:image\/svg+xml,%3Csvg%20xmlns%3D&#39;http%3A%2F%2Fwww.w3.org%2F2000%2Fsvg&#39;%20viewBox%3D&#39;0%200%20600%20400&#39;%2F%3E\" data-src=\"https:\/\/laboklin.de\/wp-content\/uploads\/2024\/07\/Impfung_FSG2724_web-600x400.jpg\" data-srcset=\"https:\/\/laboklin.de\/wp-content\/uploads\/2024\/07\/Impfung_FSG2724_web-600x400.jpg 600w\" loading=\"eager\" style=\"--ratio: 600 \/ 400\" sizes=\"(max-width: 600px) 100vw, 600px\" alt=\"\"  width=\"600\" height=\"400\"  \/><span class=\"gallery-zoom-ico icomoon-the7-font-the7-zoom-01\"><span><\/span><\/span><\/a>\t<\/div>\n<\/div>\n\n\n<div class=\"post-entry-content\">\n\n\t<h3 class=\"entry-title\">\n\t\t<a href=\"https:\/\/laboklin.de\/de\/27-kw-2024\/\" title=\"27. KW 2024\" rel=\"bookmark\">27. KW 2024<\/a>\n\t<\/h3>\n\n\t<div class=\"entry-meta\"><span class=\"category-link\"><a href=\"https:\/\/laboklin.de\/de\/category\/laboklin-fuersiegelesen\/\" >LABOKLIN F\u00fcrSieGelesen<\/a><\/span><\/div>\n\t<div class=\"entry-excerpt\"><p>+ Neues von der Blauzungenkrankheit + Neues von der Gefl\u00fcgelpest + Krebs: H\u00f6heres Risiko f\u00fcr Generation X + Tierschutz: Immer&hellip;<\/p>\n<\/div>\n\t\n<a href=\"https:\/\/laboklin.de\/de\/27-kw-2024\/\" class=\"post-details details-type-link\" aria-label=\"Read more about 27. KW 2024\">Artikel lesen...<i class=\"dt-icon-the7-arrow-03\" aria-hidden=\"true\"><\/i><\/a>\n\n<\/div><\/article><\/div><div class=\"visible wf-cell category-87\" data-post-id=\"1477633\" data-date=\"2024-06-21T17:26:33+02:00\" data-name=\"25. KW 2024\"><article class=\"post project-odd visible post-1477633 type-post status-publish format-standard has-post-thumbnail hentry category-laboklin-fuersiegelesen category-87\" data-name=\"25. KW 2024\" data-date=\"2024-06-21T17:26:33+02:00\">\n\n<div class=\"post-thumbnail-wrap\">\n\t<div class=\"post-thumbnail\">\n\t\t\n\t\t\n\t\t<a href=\"https:\/\/laboklin.de\/de\/25-kw-2024\/\" class=\"post-thumbnail-rollover layzr-bg layzr-bg\" ><img decoding=\"async\" class=\"iso-lazy-load preload-me iso-lazy-load aspect\" src=\"data:image\/svg+xml,%3Csvg%20xmlns%3D&#39;http%3A%2F%2Fwww.w3.org%2F2000%2Fsvg&#39;%20viewBox%3D&#39;0%200%20600%20400&#39;%2F%3E\" data-src=\"https:\/\/laboklin.de\/wp-content\/uploads\/2024\/06\/Schafe_FSG2524_web-600x400.jpg\" data-srcset=\"https:\/\/laboklin.de\/wp-content\/uploads\/2024\/06\/Schafe_FSG2524_web-600x400.jpg 600w\" loading=\"eager\" style=\"--ratio: 600 \/ 400\" sizes=\"(max-width: 600px) 100vw, 600px\" alt=\"\" title=\"Schafe_FSG2524_web\" width=\"600\" height=\"400\"  \/><span class=\"gallery-zoom-ico icomoon-the7-font-the7-zoom-01\"><span><\/span><\/span><\/a>\t<\/div>\n<\/div>\n\n\n<div class=\"post-entry-content\">\n\n\t<h3 class=\"entry-title\">\n\t\t<a href=\"https:\/\/laboklin.de\/de\/25-kw-2024\/\" title=\"25. KW 2024\" rel=\"bookmark\">25. KW 2024<\/a>\n\t<\/h3>\n\n\t<div class=\"entry-meta\"><span class=\"category-link\"><a href=\"https:\/\/laboklin.de\/de\/category\/laboklin-fuersiegelesen\/\" >LABOKLIN F\u00fcrSieGelesen<\/a><\/span><\/div>\n\t<div class=\"entry-excerpt\"><p>+ Neues von der Blauzungenkrankheit + Neues von der afrikanischen Schweinepest + Neues von H5N2 + Br\u00fcllaffen: akute Gefahr durch&hellip;<\/p>\n<\/div>\n\t\n<a href=\"https:\/\/laboklin.de\/de\/25-kw-2024\/\" class=\"post-details details-type-link\" aria-label=\"Read more about 25. KW 2024\">Artikel lesen...<i class=\"dt-icon-the7-arrow-03\" aria-hidden=\"true\"><\/i><\/a>\n\n<\/div><\/article><\/div><div class=\"visible wf-cell category-87\" data-post-id=\"1475570\" data-date=\"2024-05-31T16:00:32+02:00\" data-name=\"22. KW 2024\"><article class=\"post project-odd visible post-1475570 type-post status-publish format-standard has-post-thumbnail hentry category-laboklin-fuersiegelesen category-87\" data-name=\"22. KW 2024\" data-date=\"2024-05-31T16:00:32+02:00\">\n\n<div class=\"post-thumbnail-wrap\">\n\t<div class=\"post-thumbnail\">\n\t\t\n\t\t\n\t\t<a href=\"https:\/\/laboklin.de\/de\/22-kw-2024\/\" class=\"post-thumbnail-rollover layzr-bg layzr-bg\" ><img decoding=\"async\" class=\"iso-lazy-load preload-me iso-lazy-load aspect\" src=\"data:image\/svg+xml,%3Csvg%20xmlns%3D&#39;http%3A%2F%2Fwww.w3.org%2F2000%2Fsvg&#39;%20viewBox%3D&#39;0%200%20600%20400&#39;%2F%3E\" data-src=\"https:\/\/laboklin.de\/wp-content\/uploads\/2024\/06\/Hund_FSG2224_web-600x400.jpg\" data-srcset=\"https:\/\/laboklin.de\/wp-content\/uploads\/2024\/06\/Hund_FSG2224_web-600x400.jpg 600w\" loading=\"eager\" style=\"--ratio: 600 \/ 400\" sizes=\"(max-width: 600px) 100vw, 600px\" alt=\"\" title=\"Hund_FSG2224_web\" width=\"600\" height=\"400\"  \/><span class=\"gallery-zoom-ico icomoon-the7-font-the7-zoom-01\"><span><\/span><\/span><\/a>\t<\/div>\n<\/div>\n\n\n<div class=\"post-entry-content\">\n\n\t<h3 class=\"entry-title\">\n\t\t<a href=\"https:\/\/laboklin.de\/de\/22-kw-2024\/\" title=\"22. KW 2024\" rel=\"bookmark\">22. KW 2024<\/a>\n\t<\/h3>\n\n\t<div class=\"entry-meta\"><span class=\"category-link\"><a href=\"https:\/\/laboklin.de\/de\/category\/laboklin-fuersiegelesen\/\" >LABOKLIN F\u00fcrSieGelesen<\/a><\/span><\/div>\n\t<div class=\"entry-excerpt\"><p>+ Neues von der Gefl\u00fcgelpest + Hypothyreose oder Non-Thyroidal-lllness? + Falltraining im Zoo: Pleiten, Pech und Pannen geht auf Tour&hellip;<\/p>\n<\/div>\n\t\n<a href=\"https:\/\/laboklin.de\/de\/22-kw-2024\/\" class=\"post-details details-type-link\" aria-label=\"Read more about 22. KW 2024\">Artikel lesen...<i class=\"dt-icon-the7-arrow-03\" aria-hidden=\"true\"><\/i><\/a>\n\n<\/div><\/article><\/div><div class=\"visible wf-cell category-87\" data-post-id=\"1474374\" data-date=\"2024-05-10T09:15:22+02:00\" data-name=\"19. KW 2024\"><article class=\"post project-odd visible post-1474374 type-post status-publish format-standard has-post-thumbnail hentry category-laboklin-fuersiegelesen category-87\" data-name=\"19. KW 2024\" data-date=\"2024-05-10T09:15:22+02:00\">\n\n<div class=\"post-thumbnail-wrap\">\n\t<div class=\"post-thumbnail\">\n\t\t\n\t\t\n\t\t<a href=\"https:\/\/laboklin.de\/de\/19-kw-2024\/\" class=\"post-thumbnail-rollover layzr-bg layzr-bg\" ><img decoding=\"async\" class=\"iso-lazy-load preload-me iso-lazy-load aspect\" src=\"data:image\/svg+xml,%3Csvg%20xmlns%3D&#39;http%3A%2F%2Fwww.w3.org%2F2000%2Fsvg&#39;%20viewBox%3D&#39;0%200%20600%20400&#39;%2F%3E\" data-src=\"https:\/\/laboklin.de\/wp-content\/uploads\/2024\/05\/Rinder_FSG1924_web-600x400.jpg\" data-srcset=\"https:\/\/laboklin.de\/wp-content\/uploads\/2024\/05\/Rinder_FSG1924_web-600x400.jpg 600w\" loading=\"eager\" style=\"--ratio: 600 \/ 400\" sizes=\"(max-width: 600px) 100vw, 600px\" alt=\"\" title=\"Rinder_FSG1924_web\" width=\"600\" height=\"400\"  \/><span class=\"gallery-zoom-ico icomoon-the7-font-the7-zoom-01\"><span><\/span><\/span><\/a>\t<\/div>\n<\/div>\n\n\n<div class=\"post-entry-content\">\n\n\t<h3 class=\"entry-title\">\n\t\t<a href=\"https:\/\/laboklin.de\/de\/19-kw-2024\/\" title=\"19. KW 2024\" rel=\"bookmark\">19. KW 2024<\/a>\n\t<\/h3>\n\n\t<div class=\"entry-meta\"><span class=\"category-link\"><a href=\"https:\/\/laboklin.de\/de\/category\/laboklin-fuersiegelesen\/\" >LABOKLIN F\u00fcrSieGelesen<\/a><\/span><\/div>\n\t<div class=\"entry-excerpt\"><p>+ Impfung gegen Blauzungenkrankheit: Hurra! Ach nee, doch nicht + Naturheilkunde mal anders + Coming soon: Ein neues Buch des&hellip;<\/p>\n<\/div>\n\t\n<a href=\"https:\/\/laboklin.de\/de\/19-kw-2024\/\" class=\"post-details details-type-link\" aria-label=\"Read more about 19. KW 2024\">Artikel lesen...<i class=\"dt-icon-the7-arrow-03\" aria-hidden=\"true\"><\/i><\/a>\n\n<\/div><\/article><\/div><div class=\"visible wf-cell category-90\" data-post-id=\"1470629\" data-date=\"2024-04-15T12:40:24+02:00\" data-name=\"Hautprobleme Pferd \u2013 hilfreiche Diagnostik aus dem Labor\"><article class=\"post project-odd visible post-1470629 type-post status-publish format-standard has-post-thumbnail hentry category-laboklin-allergie category-90\" data-name=\"Hautprobleme Pferd \u2013 hilfreiche Diagnostik aus dem Labor\" data-date=\"2024-04-15T12:40:24+02:00\">\n\n<div class=\"post-thumbnail-wrap\">\n\t<div class=\"post-thumbnail\">\n\t\t\n\t\t\n\t\t<a href=\"https:\/\/laboklin.de\/de\/hautprobleme-pferd-hilfreiche-diagnostik-aus-dem-labor\/\" class=\"post-thumbnail-rollover layzr-bg layzr-bg\" ><img decoding=\"async\" class=\"iso-lazy-load preload-me iso-lazy-load aspect\" src=\"data:image\/svg+xml,%3Csvg%20xmlns%3D&#39;http%3A%2F%2Fwww.w3.org%2F2000%2Fsvg&#39;%20viewBox%3D&#39;0%200%20768%20512&#39;%2F%3E\" data-src=\"https:\/\/laboklin.de\/wp-content\/uploads\/2024\/04\/Pferd_mit_Pemphigus_foliaceus-768x512.jpg\" data-srcset=\"https:\/\/laboklin.de\/wp-content\/uploads\/2024\/04\/Pferd_mit_Pemphigus_foliaceus-768x512.jpg 768w, https:\/\/laboklin.de\/wp-content\/uploads\/2024\/04\/Pferd_mit_Pemphigus_foliaceus-1152x768.jpg 1152w\" loading=\"eager\" style=\"--ratio: 768 \/ 512\" sizes=\"(max-width: 768px) 100vw, 768px\" alt=\"\"  width=\"768\" height=\"512\"  \/><span class=\"gallery-zoom-ico icomoon-the7-font-the7-zoom-01\"><span><\/span><\/span><\/a>\t<\/div>\n<\/div>\n\n\n<div class=\"post-entry-content\">\n\n\t<h3 class=\"entry-title\">\n\t\t<a href=\"https:\/\/laboklin.de\/de\/hautprobleme-pferd-hilfreiche-diagnostik-aus-dem-labor\/\" title=\"Hautprobleme Pferd \u2013 hilfreiche Diagnostik aus dem Labor\" rel=\"bookmark\">Hautprobleme Pferd \u2013 hilfreiche Diagnostik aus dem Labor<\/a>\n\t<\/h3>\n\n\t<div class=\"entry-meta\"><span class=\"category-link\"><a href=\"https:\/\/laboklin.de\/de\/category\/laboklin-allergie\/\" >LABOKLIN Dermatologie<\/a><\/span><\/div>\n\t<div class=\"entry-excerpt\"><p>Pferde sind zwar keine gro\u00dfen Hunde, dennoch gibt es viele Dinge, wie z. B. dermatologische Untersuchungsmethoden, die nahezu identisch mit&hellip;<\/p>\n<\/div>\n\t\n<a href=\"https:\/\/laboklin.de\/de\/hautprobleme-pferd-hilfreiche-diagnostik-aus-dem-labor\/\" class=\"post-details details-type-link\" aria-label=\"Read more about Hautprobleme Pferd \u2013 hilfreiche Diagnostik aus dem Labor\">Artikel lesen...<i class=\"dt-icon-the7-arrow-03\" aria-hidden=\"true\"><\/i><\/a>\n\n<\/div><\/article><\/div><div class=\"visible wf-cell category-87\" data-post-id=\"1470212\" data-date=\"2024-04-12T10:33:48+02:00\" data-name=\"15. KW 2024\"><article class=\"post project-odd visible post-1470212 type-post status-publish format-standard has-post-thumbnail hentry category-laboklin-fuersiegelesen category-87\" data-name=\"15. KW 2024\" data-date=\"2024-04-12T10:33:48+02:00\">\n\n<div class=\"post-thumbnail-wrap\">\n\t<div class=\"post-thumbnail\">\n\t\t\n\t\t\n\t\t<a href=\"https:\/\/laboklin.de\/de\/15-kw-2024\/\" class=\"post-thumbnail-rollover layzr-bg layzr-bg\" ><img decoding=\"async\" class=\"iso-lazy-load preload-me iso-lazy-load aspect\" src=\"data:image\/svg+xml,%3Csvg%20xmlns%3D&#39;http%3A%2F%2Fwww.w3.org%2F2000%2Fsvg&#39;%20viewBox%3D&#39;0%200%20600%20400&#39;%2F%3E\" data-src=\"https:\/\/laboklin.de\/wp-content\/uploads\/2024\/04\/Gefluegel_FSG1524_web-600x400.jpg\" data-srcset=\"https:\/\/laboklin.de\/wp-content\/uploads\/2024\/04\/Gefluegel_FSG1524_web-600x400.jpg 600w\" loading=\"eager\" style=\"--ratio: 600 \/ 400\" sizes=\"(max-width: 600px) 100vw, 600px\" alt=\"\" title=\"Gefluegel_FSG1524_web\" width=\"600\" height=\"400\"  \/><span class=\"gallery-zoom-ico icomoon-the7-font-the7-zoom-01\"><span><\/span><\/span><\/a>\t<\/div>\n<\/div>\n\n\n<div class=\"post-entry-content\">\n\n\t<h3 class=\"entry-title\">\n\t\t<a href=\"https:\/\/laboklin.de\/de\/15-kw-2024\/\" title=\"15. KW 2024\" rel=\"bookmark\">15. KW 2024<\/a>\n\t<\/h3>\n\n\t<div class=\"entry-meta\"><span class=\"category-link\"><a href=\"https:\/\/laboklin.de\/de\/category\/laboklin-fuersiegelesen\/\" >LABOKLIN F\u00fcrSieGelesen<\/a><\/span><\/div>\n\t<div class=\"entry-excerpt\"><p>+ Neues von der Gefl\u00fcgelpest + Ist da der Wurm drin? + Kurz und skurril: Mit Untergeschwindigkeit geblitzt + Immer&hellip;<\/p>\n<\/div>\n\t\n<a href=\"https:\/\/laboklin.de\/de\/15-kw-2024\/\" class=\"post-details details-type-link\" aria-label=\"Read more about 15. KW 2024\">Artikel lesen...<i class=\"dt-icon-the7-arrow-03\" aria-hidden=\"true\"><\/i><\/a>\n\n<\/div><\/article><\/div><div class=\"visible wf-cell category-87\" data-post-id=\"1467215\" data-date=\"2024-03-22T16:28:52+01:00\" data-name=\"12. KW 2024\"><article class=\"post project-odd visible post-1467215 type-post status-publish format-standard has-post-thumbnail hentry category-laboklin-fuersiegelesen category-87\" data-name=\"12. KW 2024\" data-date=\"2024-03-22T16:28:52+01:00\">\n\n<div class=\"post-thumbnail-wrap\">\n\t<div class=\"post-thumbnail\">\n\t\t\n\t\t\n\t\t<a href=\"https:\/\/laboklin.de\/de\/fuer-sie-gelesen-12-kw-2024\/\" class=\"post-thumbnail-rollover layzr-bg layzr-bg\" ><img decoding=\"async\" class=\"iso-lazy-load preload-me iso-lazy-load aspect\" src=\"data:image\/svg+xml,%3Csvg%20xmlns%3D&#39;http%3A%2F%2Fwww.w3.org%2F2000%2Fsvg&#39;%20viewBox%3D&#39;0%200%20600%20400&#39;%2F%3E\" data-src=\"https:\/\/laboklin.de\/wp-content\/uploads\/2024\/03\/Papagei_FSG1224_web-600x400.jpg\" data-srcset=\"https:\/\/laboklin.de\/wp-content\/uploads\/2024\/03\/Papagei_FSG1224_web-600x400.jpg 600w\" loading=\"eager\" style=\"--ratio: 600 \/ 400\" sizes=\"(max-width: 600px) 100vw, 600px\" alt=\"\"  width=\"600\" height=\"400\"  \/><span class=\"gallery-zoom-ico icomoon-the7-font-the7-zoom-01\"><span><\/span><\/span><\/a>\t<\/div>\n<\/div>\n\n\n<div class=\"post-entry-content\">\n\n\t<h3 class=\"entry-title\">\n\t\t<a href=\"https:\/\/laboklin.de\/de\/fuer-sie-gelesen-12-kw-2024\/\" title=\"12. KW 2024\" rel=\"bookmark\">12. KW 2024<\/a>\n\t<\/h3>\n\n\t<div class=\"entry-meta\"><span class=\"category-link\"><a href=\"https:\/\/laboklin.de\/de\/category\/laboklin-fuersiegelesen\/\" >LABOKLIN F\u00fcrSieGelesen<\/a><\/span><\/div>\n\t<div class=\"entry-excerpt\"><p>+ Alter Bekannter im Aufwind + Cave Papagei + \u2026 und ewig lockt der Futternapf + FIP und Remdesivir\/GS-441524 +&hellip;<\/p>\n<\/div>\n\t\n<a href=\"https:\/\/laboklin.de\/de\/fuer-sie-gelesen-12-kw-2024\/\" class=\"post-details details-type-link\" aria-label=\"Read more about 12. KW 2024\">Artikel lesen...<i class=\"dt-icon-the7-arrow-03\" aria-hidden=\"true\"><\/i><\/a>\n\n<\/div><\/article><\/div><div class=\"visible wf-cell category-87\" data-post-id=\"1465205\" data-date=\"2024-03-01T18:47:36+01:00\" data-name=\"09. KW 2024\"><article class=\"post project-odd visible post-1465205 type-post status-publish format-standard has-post-thumbnail hentry category-laboklin-fuersiegelesen category-87\" data-name=\"09. KW 2024\" data-date=\"2024-03-01T18:47:36+01:00\">\n\n<div class=\"post-thumbnail-wrap\">\n\t<div class=\"post-thumbnail\">\n\t\t\n\t\t\n\t\t<a href=\"https:\/\/laboklin.de\/de\/fuer-sie-gelesen-09-kw-2024\/\" class=\"post-thumbnail-rollover layzr-bg layzr-bg\" ><img decoding=\"async\" class=\"iso-lazy-load preload-me iso-lazy-load aspect\" src=\"data:image\/svg+xml,%3Csvg%20xmlns%3D&#39;http%3A%2F%2Fwww.w3.org%2F2000%2Fsvg&#39;%20viewBox%3D&#39;0%200%20600%20400&#39;%2F%3E\" data-src=\"https:\/\/laboklin.de\/wp-content\/uploads\/2024\/03\/09.24_KW_HP-600x400.jpg\" data-srcset=\"https:\/\/laboklin.de\/wp-content\/uploads\/2024\/03\/09.24_KW_HP-600x400.jpg 600w\" loading=\"eager\" style=\"--ratio: 600 \/ 400\" sizes=\"(max-width: 600px) 100vw, 600px\" alt=\"\" title=\"09.24_KW_HP\" width=\"600\" height=\"400\"  \/><span class=\"gallery-zoom-ico icomoon-the7-font-the7-zoom-01\"><span><\/span><\/span><\/a>\t<\/div>\n<\/div>\n\n\n<div class=\"post-entry-content\">\n\n\t<h3 class=\"entry-title\">\n\t\t<a href=\"https:\/\/laboklin.de\/de\/fuer-sie-gelesen-09-kw-2024\/\" title=\"09. KW 2024\" rel=\"bookmark\">09. KW 2024<\/a>\n\t<\/h3>\n\n\t<div class=\"entry-meta\"><span class=\"category-link\"><a href=\"https:\/\/laboklin.de\/de\/category\/laboklin-fuersiegelesen\/\" >LABOKLIN F\u00fcrSieGelesen<\/a><\/span><\/div>\n\t<div class=\"entry-excerpt\"><p>+ Neues von der Gefl\u00fcgelpest + Neues von den Pocken + Bef\u00f6rderung mal anders + Animal hoarding: bekanntes Problem auf&hellip;<\/p>\n<\/div>\n\t\n<a href=\"https:\/\/laboklin.de\/de\/fuer-sie-gelesen-09-kw-2024\/\" class=\"post-details details-type-link\" aria-label=\"Read more about 09. KW 2024\">Artikel lesen...<i class=\"dt-icon-the7-arrow-03\" aria-hidden=\"true\"><\/i><\/a>\n\n<\/div><\/article><\/div><div class=\"visible wf-cell category-87\" data-post-id=\"1461831\" data-date=\"2024-02-09T17:02:32+01:00\" data-name=\"06. KW 2024\"><article class=\"post project-odd visible post-1461831 type-post status-publish format-standard has-post-thumbnail hentry category-laboklin-fuersiegelesen category-87\" data-name=\"06. KW 2024\" data-date=\"2024-02-09T17:02:32+01:00\">\n\n<div class=\"post-thumbnail-wrap\">\n\t<div class=\"post-thumbnail\">\n\t\t\n\t\t\n\t\t<a href=\"https:\/\/laboklin.de\/de\/fuer-sie-gelesen-06-kw-2024\/\" class=\"post-thumbnail-rollover layzr-bg layzr-bg\" ><img decoding=\"async\" class=\"iso-lazy-load preload-me iso-lazy-load aspect\" src=\"data:image\/svg+xml,%3Csvg%20xmlns%3D&#39;http%3A%2F%2Fwww.w3.org%2F2000%2Fsvg&#39;%20viewBox%3D&#39;0%200%20600%20400&#39;%2F%3E\" data-src=\"https:\/\/laboklin.de\/wp-content\/uploads\/2024\/02\/06.24_KW_Titel-600x400.jpg\" data-srcset=\"https:\/\/laboklin.de\/wp-content\/uploads\/2024\/02\/06.24_KW_Titel-600x400.jpg 600w\" loading=\"eager\" style=\"--ratio: 600 \/ 400\" sizes=\"(max-width: 600px) 100vw, 600px\" alt=\"\" title=\"06.24_KW_Titel\" width=\"600\" height=\"400\"  \/><span class=\"gallery-zoom-ico icomoon-the7-font-the7-zoom-01\"><span><\/span><\/span><\/a>\t<\/div>\n<\/div>\n\n\n<div class=\"post-entry-content\">\n\n\t<h3 class=\"entry-title\">\n\t\t<a href=\"https:\/\/laboklin.de\/de\/fuer-sie-gelesen-06-kw-2024\/\" title=\"06. KW 2024\" rel=\"bookmark\">06. KW 2024<\/a>\n\t<\/h3>\n\n\t<div class=\"entry-meta\"><span class=\"category-link\"><a href=\"https:\/\/laboklin.de\/de\/category\/laboklin-fuersiegelesen\/\" >LABOKLIN F\u00fcrSieGelesen<\/a><\/span><\/div>\n\t<div class=\"entry-excerpt\"><p>+ Gefl\u00fcgelpest \u2013 Paradigmenwechsel in der Bek\u00e4mpfung + Und t\u00e4glich gr\u00fc\u00dft die Salmonelle + Non-Core-Vakzine: Impfen oder nicht impfen? +&hellip;<\/p>\n<\/div>\n\t\n<a href=\"https:\/\/laboklin.de\/de\/fuer-sie-gelesen-06-kw-2024\/\" class=\"post-details details-type-link\" aria-label=\"Read more about 06. KW 2024\">Artikel lesen...<i class=\"dt-icon-the7-arrow-03\" aria-hidden=\"true\"><\/i><\/a>\n\n<\/div><\/article><\/div><div class=\"visible wf-cell category-87\" data-post-id=\"1459837\" data-date=\"2024-01-19T18:27:55+01:00\" data-name=\"03. KW 2024\"><article class=\"post project-odd visible post-1459837 type-post status-publish format-standard has-post-thumbnail hentry category-laboklin-fuersiegelesen category-87\" data-name=\"03. KW 2024\" data-date=\"2024-01-19T18:27:55+01:00\">\n\n<div class=\"post-thumbnail-wrap\">\n\t<div class=\"post-thumbnail\">\n\t\t\n\t\t\n\t\t<a href=\"https:\/\/laboklin.de\/de\/fuer-sie-gelesen-03-kw-2024\/\" class=\"post-thumbnail-rollover layzr-bg layzr-bg\" ><img decoding=\"async\" class=\"iso-lazy-load preload-me iso-lazy-load aspect\" src=\"data:image\/svg+xml,%3Csvg%20xmlns%3D&#39;http%3A%2F%2Fwww.w3.org%2F2000%2Fsvg&#39;%20viewBox%3D&#39;0%200%20600%20400&#39;%2F%3E\" data-src=\"https:\/\/laboklin.de\/wp-content\/uploads\/2024\/01\/03.24_KW_Titel-600x400.jpg\" data-srcset=\"https:\/\/laboklin.de\/wp-content\/uploads\/2024\/01\/03.24_KW_Titel-600x400.jpg 600w\" loading=\"eager\" style=\"--ratio: 600 \/ 400\" sizes=\"(max-width: 600px) 100vw, 600px\" alt=\"\" title=\"03.24_KW_Titel\" width=\"600\" height=\"400\"  \/><span class=\"gallery-zoom-ico icomoon-the7-font-the7-zoom-01\"><span><\/span><\/span><\/a>\t<\/div>\n<\/div>\n\n\n<div class=\"post-entry-content\">\n\n\t<h3 class=\"entry-title\">\n\t\t<a href=\"https:\/\/laboklin.de\/de\/fuer-sie-gelesen-03-kw-2024\/\" title=\"03. KW 2024\" rel=\"bookmark\">03. KW 2024<\/a>\n\t<\/h3>\n\n\t<div class=\"entry-meta\"><span class=\"category-link\"><a href=\"https:\/\/laboklin.de\/de\/category\/laboklin-fuersiegelesen\/\" >LABOKLIN F\u00fcrSieGelesen<\/a><\/span><\/div>\n\t<div class=\"entry-excerpt\"><p>+ WHO: Milzbrand-Ausbruch in Sambia \u2013 Wettlauf gegen die Zeit + Biodiversit\u00e4tsverlust und Zoonosen: weniger Arten \u2013 mehr Krankheiten? +&hellip;<\/p>\n<\/div>\n\t\n<a href=\"https:\/\/laboklin.de\/de\/fuer-sie-gelesen-03-kw-2024\/\" class=\"post-details details-type-link\" aria-label=\"Read more about 03. KW 2024\">Artikel lesen...<i class=\"dt-icon-the7-arrow-03\" aria-hidden=\"true\"><\/i><\/a>\n\n<\/div><\/article><\/div><div class=\"visible wf-cell category-87\" data-post-id=\"1456857\" data-date=\"2024-01-05T15:26:33+01:00\" data-name=\"01. KW 2024\"><article class=\"post project-odd visible post-1456857 type-post status-publish format-standard has-post-thumbnail hentry category-laboklin-fuersiegelesen category-87\" data-name=\"01. KW 2024\" data-date=\"2024-01-05T15:26:33+01:00\">\n\n<div class=\"post-thumbnail-wrap\">\n\t<div class=\"post-thumbnail\">\n\t\t\n\t\t\n\t\t<a href=\"https:\/\/laboklin.de\/de\/fuer-sie-gelesen-01-kw-2024\/\" class=\"post-thumbnail-rollover layzr-bg layzr-bg\" ><img decoding=\"async\" class=\"iso-lazy-load preload-me iso-lazy-load aspect\" src=\"data:image\/svg+xml,%3Csvg%20xmlns%3D&#39;http%3A%2F%2Fwww.w3.org%2F2000%2Fsvg&#39;%20viewBox%3D&#39;0%200%20600%20400&#39;%2F%3E\" data-src=\"https:\/\/laboklin.de\/wp-content\/uploads\/2024\/01\/01.24_KW_HP-600x400.jpg\" data-srcset=\"https:\/\/laboklin.de\/wp-content\/uploads\/2024\/01\/01.24_KW_HP-600x400.jpg 600w\" loading=\"eager\" style=\"--ratio: 600 \/ 400\" sizes=\"(max-width: 600px) 100vw, 600px\" alt=\"\" title=\"01.24_KW_HP\" width=\"600\" height=\"400\"  \/><span class=\"gallery-zoom-ico icomoon-the7-font-the7-zoom-01\"><span><\/span><\/span><\/a>\t<\/div>\n<\/div>\n\n\n<div class=\"post-entry-content\">\n\n\t<h3 class=\"entry-title\">\n\t\t<a href=\"https:\/\/laboklin.de\/de\/fuer-sie-gelesen-01-kw-2024\/\" title=\"01. KW 2024\" rel=\"bookmark\">01. KW 2024<\/a>\n\t<\/h3>\n\n\t<div class=\"entry-meta\"><span class=\"category-link\"><a href=\"https:\/\/laboklin.de\/de\/category\/laboklin-fuersiegelesen\/\" >LABOKLIN F\u00fcrSieGelesen<\/a><\/span><\/div>\n\t<div class=\"entry-excerpt\"><p>+ Afrikanische Schweinepest in Italien: dramatischer Anstieg von F\u00e4llen + Bessere Tierschutzma\u00dfnahmen f\u00fcr Hunde und Katzen in der EU +&hellip;<\/p>\n<\/div>\n\t\n<a href=\"https:\/\/laboklin.de\/de\/fuer-sie-gelesen-01-kw-2024\/\" class=\"post-details details-type-link\" aria-label=\"Read more about 01. KW 2024\">Artikel lesen...<i class=\"dt-icon-the7-arrow-03\" aria-hidden=\"true\"><\/i><\/a>\n\n<\/div><\/article><\/div><div class=\"visible wf-cell category-87\" data-post-id=\"1456818\" data-date=\"2023-12-08T17:49:15+01:00\" data-name=\"49. KW 2023\"><article class=\"post project-odd visible post-1456818 type-post status-publish format-standard has-post-thumbnail hentry category-laboklin-fuersiegelesen category-87\" data-name=\"49. KW 2023\" data-date=\"2023-12-08T17:49:15+01:00\">\n\n<div class=\"post-thumbnail-wrap\">\n\t<div class=\"post-thumbnail\">\n\t\t\n\t\t\n\t\t<a href=\"https:\/\/laboklin.de\/de\/fuer-sie-gelesen-49-kw-2023\/\" class=\"post-thumbnail-rollover layzr-bg layzr-bg\" ><img decoding=\"async\" class=\"iso-lazy-load preload-me iso-lazy-load aspect\" src=\"data:image\/svg+xml,%3Csvg%20xmlns%3D&#39;http%3A%2F%2Fwww.w3.org%2F2000%2Fsvg&#39;%20viewBox%3D&#39;0%200%20600%20400&#39;%2F%3E\" data-src=\"https:\/\/laboklin.de\/wp-content\/uploads\/2024\/01\/49_KW_HPl-600x400.jpg\" data-srcset=\"https:\/\/laboklin.de\/wp-content\/uploads\/2024\/01\/49_KW_HPl-600x400.jpg 600w\" loading=\"eager\" style=\"--ratio: 600 \/ 400\" sizes=\"(max-width: 600px) 100vw, 600px\" alt=\"\" title=\"49_KW_HPl\" width=\"600\" height=\"400\"  \/><span class=\"gallery-zoom-ico icomoon-the7-font-the7-zoom-01\"><span><\/span><\/span><\/a>\t<\/div>\n<\/div>\n\n\n<div class=\"post-entry-content\">\n\n\t<h3 class=\"entry-title\">\n\t\t<a href=\"https:\/\/laboklin.de\/de\/fuer-sie-gelesen-49-kw-2023\/\" title=\"49. KW 2023\" rel=\"bookmark\">49. KW 2023<\/a>\n\t<\/h3>\n\n\t<div class=\"entry-meta\"><span class=\"category-link\"><a href=\"https:\/\/laboklin.de\/de\/category\/laboklin-fuersiegelesen\/\" >LABOKLIN F\u00fcrSieGelesen<\/a><\/span><\/div>\n\t<div class=\"entry-excerpt\"><p>+ West-Nil-Virus breitet sich weiter aus + Neue mysteri\u00f6se Krankheit bei Hunden in den USA + 71 % aller europ\u00e4ischer&hellip;<\/p>\n<\/div>\n\t\n<a href=\"https:\/\/laboklin.de\/de\/fuer-sie-gelesen-49-kw-2023\/\" class=\"post-details details-type-link\" aria-label=\"Read more about 49. KW 2023\">Artikel lesen...<i class=\"dt-icon-the7-arrow-03\" aria-hidden=\"true\"><\/i><\/a>\n\n<\/div><\/article><\/div><div class=\"visible wf-cell category-87\" data-post-id=\"1454152\" data-date=\"2023-11-23T15:23:01+01:00\" data-name=\"47. KW 2023\"><article class=\"post project-odd visible post-1454152 type-post status-publish format-standard has-post-thumbnail hentry category-laboklin-fuersiegelesen category-87\" data-name=\"47. KW 2023\" data-date=\"2023-11-23T15:23:01+01:00\">\n\n<div class=\"post-thumbnail-wrap\">\n\t<div class=\"post-thumbnail\">\n\t\t\n\t\t\n\t\t<a href=\"https:\/\/laboklin.de\/de\/fuer-sie-gelesen-47-kw-2023\/\" class=\"post-thumbnail-rollover layzr-bg layzr-bg\" ><img decoding=\"async\" class=\"iso-lazy-load preload-me iso-lazy-load aspect\" src=\"data:image\/svg+xml,%3Csvg%20xmlns%3D&#39;http%3A%2F%2Fwww.w3.org%2F2000%2Fsvg&#39;%20viewBox%3D&#39;0%200%20600%20400&#39;%2F%3E\" data-src=\"https:\/\/laboklin.de\/wp-content\/uploads\/2023\/11\/47_KW_Titel-600x400.jpg\" data-srcset=\"https:\/\/laboklin.de\/wp-content\/uploads\/2023\/11\/47_KW_Titel-600x400.jpg 600w\" loading=\"eager\" style=\"--ratio: 600 \/ 400\" sizes=\"(max-width: 600px) 100vw, 600px\" alt=\"\" title=\"47_KW_Titel\" width=\"600\" height=\"400\"  \/><span class=\"gallery-zoom-ico icomoon-the7-font-the7-zoom-01\"><span><\/span><\/span><\/a>\t<\/div>\n<\/div>\n\n\n<div class=\"post-entry-content\">\n\n\t<h3 class=\"entry-title\">\n\t\t<a href=\"https:\/\/laboklin.de\/de\/fuer-sie-gelesen-47-kw-2023\/\" title=\"47. KW 2023\" rel=\"bookmark\">47. KW 2023<\/a>\n\t<\/h3>\n\n\t<div class=\"entry-meta\"><span class=\"category-link\"><a href=\"https:\/\/laboklin.de\/de\/category\/laboklin-fuersiegelesen\/\" >LABOKLIN F\u00fcrSieGelesen<\/a><\/span><\/div>\n\t<div class=\"entry-excerpt\"><p>+ FIP: mutiertes felines Coronavirus mit hoher Pathogenit\u00e4t + Erster Impfstoff zugelassen \u2013 ein Lichtblick beim bovinen Coronavirus + Achtung,&hellip;<\/p>\n<\/div>\n\t\n<a href=\"https:\/\/laboklin.de\/de\/fuer-sie-gelesen-47-kw-2023\/\" class=\"post-details details-type-link\" aria-label=\"Read more about 47. KW 2023\">Artikel lesen...<i class=\"dt-icon-the7-arrow-03\" aria-hidden=\"true\"><\/i><\/a>\n\n<\/div><\/article><\/div><div class=\"visible wf-cell category-87\" data-post-id=\"1453432\" data-date=\"2023-11-13T14:08:51+01:00\" data-name=\"45. KW 2023\"><article class=\"post project-odd visible post-1453432 type-post status-publish format-standard has-post-thumbnail hentry category-laboklin-fuersiegelesen category-87\" data-name=\"45. KW 2023\" data-date=\"2023-11-13T14:08:51+01:00\">\n\n<div class=\"post-thumbnail-wrap\">\n\t<div class=\"post-thumbnail\">\n\t\t\n\t\t\n\t\t<a href=\"https:\/\/laboklin.de\/de\/fuer-sie-gelesen-45-kw-2023\/\" class=\"post-thumbnail-rollover layzr-bg layzr-bg\" ><img decoding=\"async\" class=\"iso-lazy-load preload-me iso-lazy-load aspect\" src=\"data:image\/svg+xml,%3Csvg%20xmlns%3D&#39;http%3A%2F%2Fwww.w3.org%2F2000%2Fsvg&#39;%20viewBox%3D&#39;0%200%20600%20400&#39;%2F%3E\" data-src=\"https:\/\/laboklin.de\/wp-content\/uploads\/2023\/11\/45_KW_Titel-600x400.jpg\" data-srcset=\"https:\/\/laboklin.de\/wp-content\/uploads\/2023\/11\/45_KW_Titel-600x400.jpg 600w\" loading=\"eager\" style=\"--ratio: 600 \/ 400\" sizes=\"(max-width: 600px) 100vw, 600px\" alt=\"\" title=\"45_KW_Titel\" width=\"600\" height=\"400\"  \/><span class=\"gallery-zoom-ico icomoon-the7-font-the7-zoom-01\"><span><\/span><\/span><\/a>\t<\/div>\n<\/div>\n\n\n<div class=\"post-entry-content\">\n\n\t<h3 class=\"entry-title\">\n\t\t<a href=\"https:\/\/laboklin.de\/de\/fuer-sie-gelesen-45-kw-2023\/\" title=\"45. KW 2023\" rel=\"bookmark\">45. KW 2023<\/a>\n\t<\/h3>\n\n\t<div class=\"entry-meta\"><span class=\"category-link\"><a href=\"https:\/\/laboklin.de\/de\/category\/laboklin-fuersiegelesen\/\" >LABOKLIN F\u00fcrSieGelesen<\/a><\/span><\/div>\n\t<div class=\"entry-excerpt\"><p>+ Schlechte Nachrichten aus dem Nachbarland Frankreich&#8230; + Gefahr in der Antarktis \u2013 H5N1 bei Raubm\u00f6wen nachgewiesen + Avi\u00e4re Influenza&hellip;<\/p>\n<\/div>\n\t\n<a href=\"https:\/\/laboklin.de\/de\/fuer-sie-gelesen-45-kw-2023\/\" class=\"post-details details-type-link\" aria-label=\"Read more about 45. KW 2023\">Artikel lesen...<i class=\"dt-icon-the7-arrow-03\" aria-hidden=\"true\"><\/i><\/a>\n\n<\/div><\/article><\/div><div class=\"visible wf-cell category-87\" data-post-id=\"1452247\" data-date=\"2023-10-30T11:35:33+01:00\" data-name=\"43. KW 2023\"><article class=\"post project-odd visible post-1452247 type-post status-publish format-standard has-post-thumbnail hentry category-laboklin-fuersiegelesen category-87\" data-name=\"43. KW 2023\" data-date=\"2023-10-30T11:35:33+01:00\">\n\n<div class=\"post-thumbnail-wrap\">\n\t<div class=\"post-thumbnail\">\n\t\t\n\t\t\n\t\t<a href=\"https:\/\/laboklin.de\/de\/fuer-sie-gelesen-43-kw-2023\/\" class=\"post-thumbnail-rollover layzr-bg layzr-bg\" ><img decoding=\"async\" class=\"iso-lazy-load preload-me iso-lazy-load aspect\" src=\"data:image\/svg+xml,%3Csvg%20xmlns%3D&#39;http%3A%2F%2Fwww.w3.org%2F2000%2Fsvg&#39;%20viewBox%3D&#39;0%200%20600%20400&#39;%2F%3E\" data-src=\"https:\/\/laboklin.de\/wp-content\/uploads\/2023\/10\/43_23_KW_Titel-600x400.jpg\" data-srcset=\"https:\/\/laboklin.de\/wp-content\/uploads\/2023\/10\/43_23_KW_Titel-600x400.jpg 600w\" loading=\"eager\" style=\"--ratio: 600 \/ 400\" sizes=\"(max-width: 600px) 100vw, 600px\" alt=\"\" title=\"43_23_KW_Titel\" width=\"600\" height=\"400\"  \/><span class=\"gallery-zoom-ico icomoon-the7-font-the7-zoom-01\"><span><\/span><\/span><\/a>\t<\/div>\n<\/div>\n\n\n<div class=\"post-entry-content\">\n\n\t<h3 class=\"entry-title\">\n\t\t<a href=\"https:\/\/laboklin.de\/de\/fuer-sie-gelesen-43-kw-2023\/\" title=\"43. KW 2023\" rel=\"bookmark\">43. KW 2023<\/a>\n\t<\/h3>\n\n\t<div class=\"entry-meta\"><span class=\"category-link\"><a href=\"https:\/\/laboklin.de\/de\/category\/laboklin-fuersiegelesen\/\" >LABOKLIN F\u00fcrSieGelesen<\/a><\/span><\/div>\n\t<div class=\"entry-excerpt\"><p>+ Erster best\u00e4tigter Fall der Blauzungenkrankheit in Deutschland + Bunter Vogel + 31 Jahre und 165 Tage alt ist er&hellip;<\/p>\n<\/div>\n\t\n<a href=\"https:\/\/laboklin.de\/de\/fuer-sie-gelesen-43-kw-2023\/\" class=\"post-details details-type-link\" aria-label=\"Read more about 43. KW 2023\">Artikel lesen...<i class=\"dt-icon-the7-arrow-03\" aria-hidden=\"true\"><\/i><\/a>\n\n<\/div><\/article><\/div><div class=\"visible wf-cell category-87\" data-post-id=\"1450928\" data-date=\"2023-10-13T16:28:58+02:00\" data-name=\"41. KW 2023\"><article class=\"post project-odd visible post-1450928 type-post status-publish format-standard has-post-thumbnail hentry category-laboklin-fuersiegelesen category-87\" data-name=\"41. KW 2023\" data-date=\"2023-10-13T16:28:58+02:00\">\n\n<div class=\"post-thumbnail-wrap\">\n\t<div class=\"post-thumbnail\">\n\t\t\n\t\t\n\t\t<a href=\"https:\/\/laboklin.de\/de\/fuer-sie-gelesen-41-kw-2023\/\" class=\"post-thumbnail-rollover layzr-bg layzr-bg\" ><img decoding=\"async\" class=\"iso-lazy-load preload-me iso-lazy-load aspect\" src=\"data:image\/svg+xml,%3Csvg%20xmlns%3D&#39;http%3A%2F%2Fwww.w3.org%2F2000%2Fsvg&#39;%20viewBox%3D&#39;0%200%20600%20400&#39;%2F%3E\" data-src=\"https:\/\/laboklin.de\/wp-content\/uploads\/2023\/10\/41_KW_HO-600x400.jpg\" data-srcset=\"https:\/\/laboklin.de\/wp-content\/uploads\/2023\/10\/41_KW_HO-600x400.jpg 600w\" loading=\"eager\" style=\"--ratio: 600 \/ 400\" sizes=\"(max-width: 600px) 100vw, 600px\" alt=\"\" title=\"41_KW_HO\" width=\"600\" height=\"400\"  \/><span class=\"gallery-zoom-ico icomoon-the7-font-the7-zoom-01\"><span><\/span><\/span><\/a>\t<\/div>\n<\/div>\n\n\n<div class=\"post-entry-content\">\n\n\t<h3 class=\"entry-title\">\n\t\t<a href=\"https:\/\/laboklin.de\/de\/fuer-sie-gelesen-41-kw-2023\/\" title=\"41. KW 2023\" rel=\"bookmark\">41. KW 2023<\/a>\n\t<\/h3>\n\n\t<div class=\"entry-meta\"><span class=\"category-link\"><a href=\"https:\/\/laboklin.de\/de\/category\/laboklin-fuersiegelesen\/\" >LABOKLIN F\u00fcrSieGelesen<\/a><\/span><\/div>\n\t<div class=\"entry-excerpt\"><p>+ Erster best\u00e4tigter West-Nil-Virus-Nachweis beim Pferd nun auch in Schleswig-Holstein + Warum Katzen derart tiefe T\u00f6ne erzeugen k\u00f6nnen + Als&hellip;<\/p>\n<\/div>\n\t\n<a href=\"https:\/\/laboklin.de\/de\/fuer-sie-gelesen-41-kw-2023\/\" class=\"post-details details-type-link\" aria-label=\"Read more about 41. KW 2023\">Artikel lesen...<i class=\"dt-icon-the7-arrow-03\" aria-hidden=\"true\"><\/i><\/a>\n\n<\/div><\/article><\/div><div class=\"visible wf-cell category-87\" data-post-id=\"1449794\" data-date=\"2023-09-29T15:32:33+02:00\" data-name=\"39. KW 2023\"><article class=\"post project-odd visible post-1449794 type-post status-publish format-standard has-post-thumbnail hentry category-laboklin-fuersiegelesen category-87\" data-name=\"39. KW 2023\" data-date=\"2023-09-29T15:32:33+02:00\">\n\n<div class=\"post-thumbnail-wrap\">\n\t<div class=\"post-thumbnail\">\n\t\t\n\t\t\n\t\t<a href=\"https:\/\/laboklin.de\/de\/fuer-sie-gelesen-39-kw-2023\/\" class=\"post-thumbnail-rollover layzr-bg layzr-bg\" ><img decoding=\"async\" class=\"iso-lazy-load preload-me iso-lazy-load aspect\" src=\"data:image\/svg+xml,%3Csvg%20xmlns%3D&#39;http%3A%2F%2Fwww.w3.org%2F2000%2Fsvg&#39;%20viewBox%3D&#39;0%200%20600%20400&#39;%2F%3E\" data-src=\"https:\/\/laboklin.de\/wp-content\/uploads\/2023\/09\/39.KW_news_DE-600x400.jpg\" data-srcset=\"https:\/\/laboklin.de\/wp-content\/uploads\/2023\/09\/39.KW_news_DE-600x400.jpg 600w\" loading=\"eager\" style=\"--ratio: 600 \/ 400\" sizes=\"(max-width: 600px) 100vw, 600px\" alt=\"\" title=\"39.KW_news_DE\" width=\"600\" height=\"400\"  \/><span class=\"gallery-zoom-ico icomoon-the7-font-the7-zoom-01\"><span><\/span><\/span><\/a>\t<\/div>\n<\/div>\n\n\n<div class=\"post-entry-content\">\n\n\t<h3 class=\"entry-title\">\n\t\t<a href=\"https:\/\/laboklin.de\/de\/fuer-sie-gelesen-39-kw-2023\/\" title=\"39. KW 2023\" rel=\"bookmark\">39. KW 2023<\/a>\n\t<\/h3>\n\n\t<div class=\"entry-meta\"><span class=\"category-link\"><a href=\"https:\/\/laboklin.de\/de\/category\/laboklin-fuersiegelesen\/\" >LABOKLIN F\u00fcrSieGelesen<\/a><\/span><\/div>\n\t<div class=\"entry-excerpt\"><p>+ Blauzungenkrankheit auf dem Vormarsch + Staupe in Niedersachsen nachgewiesen \u2013 F\u00fcchse als \u00dcbertr\u00e4ger + Erster West-Nil-Virus-Nachweis in Rheinland-Pfalz +&hellip;<\/p>\n<\/div>\n\t\n<a href=\"https:\/\/laboklin.de\/de\/fuer-sie-gelesen-39-kw-2023\/\" class=\"post-details details-type-link\" aria-label=\"Read more about 39. KW 2023\">Artikel lesen...<i class=\"dt-icon-the7-arrow-03\" aria-hidden=\"true\"><\/i><\/a>\n\n<\/div><\/article><\/div><div class=\"visible wf-cell category-87\" data-post-id=\"1449787\" data-date=\"2023-08-25T14:25:08+02:00\" data-name=\"34. KW 2023\"><article class=\"post project-odd visible post-1449787 type-post status-publish format-standard has-post-thumbnail hentry category-laboklin-fuersiegelesen category-87\" data-name=\"34. KW 2023\" data-date=\"2023-08-25T14:25:08+02:00\">\n\n<div class=\"post-thumbnail-wrap\">\n\t<div class=\"post-thumbnail\">\n\t\t\n\t\t\n\t\t<a href=\"https:\/\/laboklin.de\/de\/fuer-sie-gelesen-34-kw-2023\/\" class=\"post-thumbnail-rollover layzr-bg layzr-bg\" ><img decoding=\"async\" class=\"iso-lazy-load preload-me iso-lazy-load aspect\" src=\"data:image\/svg+xml,%3Csvg%20xmlns%3D&#39;http%3A%2F%2Fwww.w3.org%2F2000%2Fsvg&#39;%20viewBox%3D&#39;0%200%20600%20400&#39;%2F%3E\" data-src=\"https:\/\/laboklin.de\/wp-content\/uploads\/2023\/09\/34.KW_news-600x400.jpg\" data-srcset=\"https:\/\/laboklin.de\/wp-content\/uploads\/2023\/09\/34.KW_news-600x400.jpg 600w\" loading=\"eager\" style=\"--ratio: 600 \/ 400\" sizes=\"(max-width: 600px) 100vw, 600px\" alt=\"\" title=\"34.KW_news\" width=\"600\" height=\"400\"  \/><span class=\"gallery-zoom-ico icomoon-the7-font-the7-zoom-01\"><span><\/span><\/span><\/a>\t<\/div>\n<\/div>\n\n\n<div class=\"post-entry-content\">\n\n\t<h3 class=\"entry-title\">\n\t\t<a href=\"https:\/\/laboklin.de\/de\/fuer-sie-gelesen-34-kw-2023\/\" title=\"34. KW 2023\" rel=\"bookmark\">34. KW 2023<\/a>\n\t<\/h3>\n\n\t<div class=\"entry-meta\"><span class=\"category-link\"><a href=\"https:\/\/laboklin.de\/de\/category\/laboklin-fuersiegelesen\/\" >LABOKLIN F\u00fcrSieGelesen<\/a><\/span><\/div>\n\t<div class=\"entry-excerpt\"><p>+ Afrikanische Schweinepest \u2013 Zahl der Ausbr\u00fcche steigt weiter + Blutbestandteile mit Anti-Aging-Wirkung? + Erfreuliches von der Resistenz-Risiko-Front + Sp\u00e4tsommer&hellip;<\/p>\n<\/div>\n\t\n<a href=\"https:\/\/laboklin.de\/de\/fuer-sie-gelesen-34-kw-2023\/\" class=\"post-details details-type-link\" aria-label=\"Read more about 34. KW 2023\">Artikel lesen...<i class=\"dt-icon-the7-arrow-03\" aria-hidden=\"true\"><\/i><\/a>\n\n<\/div><\/article><\/div><div class=\"visible wf-cell category-87\" data-post-id=\"1445417\" data-date=\"2023-08-04T17:11:59+02:00\" data-name=\"31. KW 2023\"><article class=\"post project-odd visible post-1445417 type-post status-publish format-standard has-post-thumbnail hentry category-laboklin-fuersiegelesen category-87\" data-name=\"31. KW 2023\" data-date=\"2023-08-04T17:11:59+02:00\">\n\n<div class=\"post-thumbnail-wrap\">\n\t<div class=\"post-thumbnail\">\n\t\t\n\t\t\n\t\t<a href=\"https:\/\/laboklin.de\/de\/fuer-sie-gelesen-31-kw-2023\/\" class=\"post-thumbnail-rollover layzr-bg layzr-bg\" ><img decoding=\"async\" class=\"iso-lazy-load preload-me iso-lazy-load aspect\" src=\"data:image\/svg+xml,%3Csvg%20xmlns%3D&#39;http%3A%2F%2Fwww.w3.org%2F2000%2Fsvg&#39;%20viewBox%3D&#39;0%200%20600%20400&#39;%2F%3E\" data-src=\"https:\/\/laboklin.de\/wp-content\/uploads\/2023\/08\/31_KW_01-600x400.jpg\" data-srcset=\"https:\/\/laboklin.de\/wp-content\/uploads\/2023\/08\/31_KW_01-600x400.jpg 600w\" loading=\"eager\" style=\"--ratio: 600 \/ 400\" sizes=\"(max-width: 600px) 100vw, 600px\" alt=\"\" title=\"31_KW_01\" width=\"600\" height=\"400\"  \/><span class=\"gallery-zoom-ico icomoon-the7-font-the7-zoom-01\"><span><\/span><\/span><\/a>\t<\/div>\n<\/div>\n\n\n<div class=\"post-entry-content\">\n\n\t<h3 class=\"entry-title\">\n\t\t<a href=\"https:\/\/laboklin.de\/de\/fuer-sie-gelesen-31-kw-2023\/\" title=\"31. KW 2023\" rel=\"bookmark\">31. KW 2023<\/a>\n\t<\/h3>\n\n\t<div class=\"entry-meta\"><span class=\"category-link\"><a href=\"https:\/\/laboklin.de\/de\/category\/laboklin-fuersiegelesen\/\" >LABOKLIN F\u00fcrSieGelesen<\/a><\/span><\/div>\n\t<div class=\"entry-excerpt\"><p>+ Gefl\u00fcgelpest bei Katzen + Es nimmt kein Ende \u2013 neues von Zecken \u00fcbertragbares Virus&#8230; + Alarmierender FIP-Ausbruch auf Zypern&hellip;<\/p>\n<\/div>\n\t\n<a href=\"https:\/\/laboklin.de\/de\/fuer-sie-gelesen-31-kw-2023\/\" class=\"post-details details-type-link\" aria-label=\"Read more about 31. KW 2023\">Artikel lesen...<i class=\"dt-icon-the7-arrow-03\" aria-hidden=\"true\"><\/i><\/a>\n\n<\/div><\/article><\/div><div class=\"visible wf-cell category-87\" data-post-id=\"1445490\" data-date=\"2023-07-14T16:30:54+02:00\" data-name=\"28. KW 2023\"><article class=\"post project-odd visible post-1445490 type-post status-publish format-standard has-post-thumbnail hentry category-laboklin-fuersiegelesen category-87\" data-name=\"28. KW 2023\" data-date=\"2023-07-14T16:30:54+02:00\">\n\n<div class=\"post-thumbnail-wrap\">\n\t<div class=\"post-thumbnail\">\n\t\t\n\t\t\n\t\t<a href=\"https:\/\/laboklin.de\/de\/28-kw-2023\/\" class=\"post-thumbnail-rollover layzr-bg layzr-bg\" ><img decoding=\"async\" class=\"iso-lazy-load preload-me iso-lazy-load aspect\" src=\"data:image\/svg+xml,%3Csvg%20xmlns%3D&#39;http%3A%2F%2Fwww.w3.org%2F2000%2Fsvg&#39;%20viewBox%3D&#39;0%200%20600%20400&#39;%2F%3E\" data-src=\"https:\/\/laboklin.de\/wp-content\/uploads\/2023\/08\/28_KW_01-600x400.jpg\" data-srcset=\"https:\/\/laboklin.de\/wp-content\/uploads\/2023\/08\/28_KW_01-600x400.jpg 600w\" loading=\"eager\" style=\"--ratio: 600 \/ 400\" sizes=\"(max-width: 600px) 100vw, 600px\" alt=\"\" title=\"28_KW_01\" width=\"600\" height=\"400\"  \/><span class=\"gallery-zoom-ico icomoon-the7-font-the7-zoom-01\"><span><\/span><\/span><\/a>\t<\/div>\n<\/div>\n\n\n<div class=\"post-entry-content\">\n\n\t<h3 class=\"entry-title\">\n\t\t<a href=\"https:\/\/laboklin.de\/de\/28-kw-2023\/\" title=\"28. KW 2023\" rel=\"bookmark\">28. KW 2023<\/a>\n\t<\/h3>\n\n\t<div class=\"entry-meta\"><span class=\"category-link\"><a href=\"https:\/\/laboklin.de\/de\/category\/laboklin-fuersiegelesen\/\" >LABOKLIN F\u00fcrSieGelesen<\/a><\/span><\/div>\n\t<div class=\"entry-excerpt\"><p>+ Hundenasen als Post-Covid-Tester + Durchbruch f\u00fcr das alternde Gehirn? + Zecken \u2013 zurecht unbeliebt, aber untersch\u00e4tzt +\u201eFlossy\u201c \u2013 die&hellip;<\/p>\n<\/div>\n\t\n<a href=\"https:\/\/laboklin.de\/de\/28-kw-2023\/\" class=\"post-details details-type-link\" aria-label=\"Read more about 28. KW 2023\">Artikel lesen...<i class=\"dt-icon-the7-arrow-03\" aria-hidden=\"true\"><\/i><\/a>\n\n<\/div><\/article><\/div><div class=\"visible wf-cell category-87\" data-post-id=\"1442194\" data-date=\"2023-06-30T17:39:11+02:00\" data-name=\"26. KW 2023\"><article class=\"post project-odd visible post-1442194 type-post status-publish format-standard has-post-thumbnail hentry category-laboklin-fuersiegelesen category-87\" data-name=\"26. KW 2023\" data-date=\"2023-06-30T17:39:11+02:00\">\n\n<div class=\"post-thumbnail-wrap\">\n\t<div class=\"post-thumbnail\">\n\t\t\n\t\t\n\t\t<a href=\"https:\/\/laboklin.de\/de\/fuer-sie-gelesen-26-kw-2023\/\" class=\"post-thumbnail-rollover layzr-bg layzr-bg\" ><img decoding=\"async\" class=\"iso-lazy-load preload-me iso-lazy-load aspect\" src=\"data:image\/svg+xml,%3Csvg%20xmlns%3D&#39;http%3A%2F%2Fwww.w3.org%2F2000%2Fsvg&#39;%20viewBox%3D&#39;0%200%20600%20400&#39;%2F%3E\" data-src=\"https:\/\/laboklin.de\/wp-content\/uploads\/2023\/07\/26KW_01-600x400.jpg\" data-srcset=\"https:\/\/laboklin.de\/wp-content\/uploads\/2023\/07\/26KW_01-600x400.jpg 600w\" loading=\"eager\" style=\"--ratio: 600 \/ 400\" sizes=\"(max-width: 600px) 100vw, 600px\" alt=\"\" title=\"26KW_01\" width=\"600\" height=\"400\"  \/><span class=\"gallery-zoom-ico icomoon-the7-font-the7-zoom-01\"><span><\/span><\/span><\/a>\t<\/div>\n<\/div>\n\n\n<div class=\"post-entry-content\">\n\n\t<h3 class=\"entry-title\">\n\t\t<a href=\"https:\/\/laboklin.de\/de\/fuer-sie-gelesen-26-kw-2023\/\" title=\"26. KW 2023\" rel=\"bookmark\">26. KW 2023<\/a>\n\t<\/h3>\n\n\t<div class=\"entry-meta\"><span class=\"category-link\"><a href=\"https:\/\/laboklin.de\/de\/category\/laboklin-fuersiegelesen\/\" >LABOKLIN F\u00fcrSieGelesen<\/a><\/span><\/div>\n\t<div class=\"entry-excerpt\"><p>+ Virale Zoonosen und One Health + Das Y-Chromosom der M\u00e4nner + mRNA-Impfungen gegen Krebs + Delphine sind uns \u00e4hnlich!&hellip;<\/p>\n<\/div>\n\t\n<a href=\"https:\/\/laboklin.de\/de\/fuer-sie-gelesen-26-kw-2023\/\" class=\"post-details details-type-link\" aria-label=\"Read more about 26. KW 2023\">Artikel lesen...<i class=\"dt-icon-the7-arrow-03\" aria-hidden=\"true\"><\/i><\/a>\n\n<\/div><\/article><\/div><div class=\"visible wf-cell category-87\" data-post-id=\"1440910\" data-date=\"2023-06-16T18:37:42+02:00\" data-name=\"24. KW 2023\"><article class=\"post project-odd visible post-1440910 type-post status-publish format-standard has-post-thumbnail hentry category-laboklin-fuersiegelesen category-87\" data-name=\"24. KW 2023\" data-date=\"2023-06-16T18:37:42+02:00\">\n\n<div class=\"post-thumbnail-wrap\">\n\t<div class=\"post-thumbnail\">\n\t\t\n\t\t\n\t\t<a href=\"https:\/\/laboklin.de\/de\/fuer-sie-gelesen-24-kw-2023\/\" class=\"post-thumbnail-rollover layzr-bg layzr-bg\" ><img decoding=\"async\" class=\"iso-lazy-load preload-me iso-lazy-load aspect\" src=\"data:image\/svg+xml,%3Csvg%20xmlns%3D&#39;http%3A%2F%2Fwww.w3.org%2F2000%2Fsvg&#39;%20viewBox%3D&#39;0%200%20600%20400&#39;%2F%3E\" data-src=\"https:\/\/laboklin.de\/wp-content\/uploads\/2023\/06\/24_KW_Titel-600x400.jpg\" data-srcset=\"https:\/\/laboklin.de\/wp-content\/uploads\/2023\/06\/24_KW_Titel-600x400.jpg 600w\" loading=\"eager\" style=\"--ratio: 600 \/ 400\" sizes=\"(max-width: 600px) 100vw, 600px\" alt=\"\" title=\"24_KW_Titel\" width=\"600\" height=\"400\"  \/><span class=\"gallery-zoom-ico icomoon-the7-font-the7-zoom-01\"><span><\/span><\/span><\/a>\t<\/div>\n<\/div>\n\n\n<div class=\"post-entry-content\">\n\n\t<h3 class=\"entry-title\">\n\t\t<a href=\"https:\/\/laboklin.de\/de\/fuer-sie-gelesen-24-kw-2023\/\" title=\"24. KW 2023\" rel=\"bookmark\">24. KW 2023<\/a>\n\t<\/h3>\n\n\t<div class=\"entry-meta\"><span class=\"category-link\"><a href=\"https:\/\/laboklin.de\/de\/category\/laboklin-fuersiegelesen\/\" >LABOKLIN F\u00fcrSieGelesen<\/a><\/span><\/div>\n\t<div class=\"entry-excerpt\"><p>+ Und noch mehr \u00c4rger mit Vektoren + Der untersch\u00e4tzte Kuhmagen + Wozu Insekten so f\u00e4hig sind + Im Allergiedschungel&hellip;<\/p>\n<\/div>\n\t\n<a href=\"https:\/\/laboklin.de\/de\/fuer-sie-gelesen-24-kw-2023\/\" class=\"post-details details-type-link\" aria-label=\"Read more about 24. KW 2023\">Artikel lesen...<i class=\"dt-icon-the7-arrow-03\" aria-hidden=\"true\"><\/i><\/a>\n\n<\/div><\/article><\/div><div class=\"visible wf-cell category-87\" data-post-id=\"1438985\" data-date=\"2023-05-26T19:03:50+02:00\" data-name=\"21. KW 2023\"><article class=\"post project-odd visible post-1438985 type-post status-publish format-standard has-post-thumbnail hentry category-laboklin-fuersiegelesen category-87\" data-name=\"21. KW 2023\" data-date=\"2023-05-26T19:03:50+02:00\">\n\n<div class=\"post-thumbnail-wrap\">\n\t<div class=\"post-thumbnail\">\n\t\t\n\t\t\n\t\t<a href=\"https:\/\/laboklin.de\/de\/fuer-sie-gelesen-21-kw-2023\/\" class=\"post-thumbnail-rollover layzr-bg layzr-bg\" ><img decoding=\"async\" class=\"iso-lazy-load preload-me iso-lazy-load aspect\" src=\"data:image\/svg+xml,%3Csvg%20xmlns%3D&#39;http%3A%2F%2Fwww.w3.org%2F2000%2Fsvg&#39;%20viewBox%3D&#39;0%200%20600%20400&#39;%2F%3E\" data-src=\"https:\/\/laboklin.de\/wp-content\/uploads\/2023\/05\/21_KW_01-600x400.jpg\" data-srcset=\"https:\/\/laboklin.de\/wp-content\/uploads\/2023\/05\/21_KW_01-600x400.jpg 600w\" loading=\"eager\" style=\"--ratio: 600 \/ 400\" sizes=\"(max-width: 600px) 100vw, 600px\" alt=\"\" title=\"21_KW_01\" width=\"600\" height=\"400\"  \/><span class=\"gallery-zoom-ico icomoon-the7-font-the7-zoom-01\"><span><\/span><\/span><\/a>\t<\/div>\n<\/div>\n\n\n<div class=\"post-entry-content\">\n\n\t<h3 class=\"entry-title\">\n\t\t<a href=\"https:\/\/laboklin.de\/de\/fuer-sie-gelesen-21-kw-2023\/\" title=\"21. KW 2023\" rel=\"bookmark\">21. KW 2023<\/a>\n\t<\/h3>\n\n\t<div class=\"entry-meta\"><span class=\"category-link\"><a href=\"https:\/\/laboklin.de\/de\/category\/laboklin-fuersiegelesen\/\" >LABOKLIN F\u00fcrSieGelesen<\/a><\/span><\/div>\n\t<div class=\"entry-excerpt\"><p>+ Neue Risikoeinsch\u00e4tzung zur Gefl\u00fcgelpest + Schwein gehabt? + Besonderes Kraftfutter + Der \u00e4lteste Hund der Welt ist am 11.&hellip;<\/p>\n<\/div>\n\t\n<a href=\"https:\/\/laboklin.de\/de\/fuer-sie-gelesen-21-kw-2023\/\" class=\"post-details details-type-link\" aria-label=\"Read more about 21. KW 2023\">Artikel lesen...<i class=\"dt-icon-the7-arrow-03\" aria-hidden=\"true\"><\/i><\/a>\n\n<\/div><\/article><\/div><div class=\"visible wf-cell category-87\" data-post-id=\"1436713\" data-date=\"2023-05-05T19:25:53+02:00\" data-name=\"18. KW 2023\"><article class=\"post project-odd visible post-1436713 type-post status-publish format-standard has-post-thumbnail hentry category-laboklin-fuersiegelesen category-87\" data-name=\"18. KW 2023\" data-date=\"2023-05-05T19:25:53+02:00\">\n\n<div class=\"post-thumbnail-wrap\">\n\t<div class=\"post-thumbnail\">\n\t\t\n\t\t\n\t\t<a href=\"https:\/\/laboklin.de\/de\/18-kw-2023\/\" class=\"post-thumbnail-rollover layzr-bg layzr-bg\" ><img decoding=\"async\" class=\"iso-lazy-load preload-me iso-lazy-load aspect\" src=\"data:image\/svg+xml,%3Csvg%20xmlns%3D&#39;http%3A%2F%2Fwww.w3.org%2F2000%2Fsvg&#39;%20viewBox%3D&#39;0%200%20600%20400&#39;%2F%3E\" data-src=\"https:\/\/laboklin.de\/wp-content\/uploads\/2023\/05\/18.KW_news-600x400.jpg\" data-srcset=\"https:\/\/laboklin.de\/wp-content\/uploads\/2023\/05\/18.KW_news-600x400.jpg 600w\" loading=\"eager\" style=\"--ratio: 600 \/ 400\" sizes=\"(max-width: 600px) 100vw, 600px\" alt=\"\" title=\"18.KW_news\" width=\"600\" height=\"400\"  \/><span class=\"gallery-zoom-ico icomoon-the7-font-the7-zoom-01\"><span><\/span><\/span><\/a>\t<\/div>\n<\/div>\n\n\n<div class=\"post-entry-content\">\n\n\t<h3 class=\"entry-title\">\n\t\t<a href=\"https:\/\/laboklin.de\/de\/18-kw-2023\/\" title=\"18. KW 2023\" rel=\"bookmark\">18. KW 2023<\/a>\n\t<\/h3>\n\n\t<div class=\"entry-meta\"><span class=\"category-link\"><a href=\"https:\/\/laboklin.de\/de\/category\/laboklin-fuersiegelesen\/\" >LABOKLIN F\u00fcrSieGelesen<\/a><\/span><\/div>\n\t<div class=\"entry-excerpt\"><p>+ Ein Jahr Affenpocken \u2013 das sagt die WHO + Wie Mikroplastik die Blut-Hirn-Schranke \u00fcberwindet + Neuer Zelltyp entdeckt! +&hellip;<\/p>\n<\/div>\n\t\n<a href=\"https:\/\/laboklin.de\/de\/18-kw-2023\/\" class=\"post-details details-type-link\" aria-label=\"Read more about 18. KW 2023\">Artikel lesen...<i class=\"dt-icon-the7-arrow-03\" aria-hidden=\"true\"><\/i><\/a>\n\n<\/div><\/article><\/div><div class=\"visible wf-cell category-87\" data-post-id=\"1435346\" data-date=\"2023-04-22T18:11:25+02:00\" data-name=\"16. KW 2023\"><article class=\"post project-odd visible post-1435346 type-post status-publish format-standard has-post-thumbnail hentry category-laboklin-fuersiegelesen category-87\" data-name=\"16. KW 2023\" data-date=\"2023-04-22T18:11:25+02:00\">\n\n<div class=\"post-thumbnail-wrap\">\n\t<div class=\"post-thumbnail\">\n\t\t\n\t\t\n\t\t<a href=\"https:\/\/laboklin.de\/de\/16-kw-2023\/\" class=\"post-thumbnail-rollover layzr-bg layzr-bg\" ><img decoding=\"async\" class=\"iso-lazy-load preload-me iso-lazy-load aspect\" src=\"data:image\/svg+xml,%3Csvg%20xmlns%3D&#39;http%3A%2F%2Fwww.w3.org%2F2000%2Fsvg&#39;%20viewBox%3D&#39;0%200%20600%20400&#39;%2F%3E\" data-src=\"https:\/\/laboklin.de\/wp-content\/uploads\/2023\/04\/16.KW_news-600x400.jpg\" data-srcset=\"https:\/\/laboklin.de\/wp-content\/uploads\/2023\/04\/16.KW_news-600x400.jpg 600w\" loading=\"eager\" style=\"--ratio: 600 \/ 400\" sizes=\"(max-width: 600px) 100vw, 600px\" alt=\"\" title=\"16.KW_news\" width=\"600\" height=\"400\"  \/><span class=\"gallery-zoom-ico icomoon-the7-font-the7-zoom-01\"><span><\/span><\/span><\/a>\t<\/div>\n<\/div>\n\n\n<div class=\"post-entry-content\">\n\n\t<h3 class=\"entry-title\">\n\t\t<a href=\"https:\/\/laboklin.de\/de\/16-kw-2023\/\" title=\"16. KW 2023\" rel=\"bookmark\">16. KW 2023<\/a>\n\t<\/h3>\n\n\t<div class=\"entry-meta\"><span class=\"category-link\"><a href=\"https:\/\/laboklin.de\/de\/category\/laboklin-fuersiegelesen\/\" >LABOKLIN F\u00fcrSieGelesen<\/a><\/span><\/div>\n\t<div class=\"entry-excerpt\"><p>+ Coronaviren, Flederm\u00e4use und menschliche Eingriffe + Der Jojo-Effekt \u2013 das Gehirn ist schuld! + Von wegen \u201ePflanzen f\u00fchlen nix\u201c!&hellip;<\/p>\n<\/div>\n\t\n<a href=\"https:\/\/laboklin.de\/de\/16-kw-2023\/\" class=\"post-details details-type-link\" aria-label=\"Read more about 16. KW 2023\">Artikel lesen...<i class=\"dt-icon-the7-arrow-03\" aria-hidden=\"true\"><\/i><\/a>\n\n<\/div><\/article><\/div><div class=\"visible wf-cell category-87\" data-post-id=\"1431615\" data-date=\"2023-03-31T16:54:18+02:00\" data-name=\"13. KW 2023\"><article class=\"post project-odd visible post-1431615 type-post status-publish format-standard has-post-thumbnail hentry category-laboklin-fuersiegelesen category-87\" data-name=\"13. KW 2023\" data-date=\"2023-03-31T16:54:18+02:00\">\n\n<div class=\"post-thumbnail-wrap\">\n\t<div class=\"post-thumbnail\">\n\t\t\n\t\t\n\t\t<a href=\"https:\/\/laboklin.de\/de\/13-kw-2023\/\" class=\"post-thumbnail-rollover layzr-bg layzr-bg\" ><img decoding=\"async\" class=\"iso-lazy-load preload-me iso-lazy-load aspect\" src=\"data:image\/svg+xml,%3Csvg%20xmlns%3D&#39;http%3A%2F%2Fwww.w3.org%2F2000%2Fsvg&#39;%20viewBox%3D&#39;0%200%20600%20400&#39;%2F%3E\" data-src=\"https:\/\/laboklin.de\/wp-content\/uploads\/2023\/04\/13_KW_01-600x400.jpg\" data-srcset=\"https:\/\/laboklin.de\/wp-content\/uploads\/2023\/04\/13_KW_01-600x400.jpg 600w\" loading=\"eager\" style=\"--ratio: 600 \/ 400\" sizes=\"(max-width: 600px) 100vw, 600px\" alt=\"\" title=\"13_KW_01\" width=\"600\" height=\"400\"  \/><span class=\"gallery-zoom-ico icomoon-the7-font-the7-zoom-01\"><span><\/span><\/span><\/a>\t<\/div>\n<\/div>\n\n\n<div class=\"post-entry-content\">\n\n\t<h3 class=\"entry-title\">\n\t\t<a href=\"https:\/\/laboklin.de\/de\/13-kw-2023\/\" title=\"13. KW 2023\" rel=\"bookmark\">13. KW 2023<\/a>\n\t<\/h3>\n\n\t<div class=\"entry-meta\"><span class=\"category-link\"><a href=\"https:\/\/laboklin.de\/de\/category\/laboklin-fuersiegelesen\/\" >LABOKLIN F\u00fcrSieGelesen<\/a><\/span><\/div>\n\t<div class=\"entry-excerpt\"><p>+ Gefl\u00fcgelpestvirus H5N1: F\u00e4lle bei F\u00fcchsen in Niedersachsen + Richtlinie \u00fcber Mittel und Verfahren f\u00fcr die Durchf\u00fchrung der Desinfektion bei&hellip;<\/p>\n<\/div>\n\t\n<a href=\"https:\/\/laboklin.de\/de\/13-kw-2023\/\" class=\"post-details details-type-link\" aria-label=\"Read more about 13. KW 2023\">Artikel lesen...<i class=\"dt-icon-the7-arrow-03\" aria-hidden=\"true\"><\/i><\/a>\n\n<\/div><\/article><\/div><div class=\"visible wf-cell category-87\" data-post-id=\"1429667\" data-date=\"2023-03-17T16:53:15+01:00\" data-name=\"11. KW 2023\"><article class=\"post project-odd visible post-1429667 type-post status-publish format-standard has-post-thumbnail hentry category-laboklin-fuersiegelesen category-87\" data-name=\"11. KW 2023\" data-date=\"2023-03-17T16:53:15+01:00\">\n\n<div class=\"post-thumbnail-wrap\">\n\t<div class=\"post-thumbnail\">\n\t\t\n\t\t\n\t\t<a href=\"https:\/\/laboklin.de\/de\/11-kw-2023\/\" class=\"post-thumbnail-rollover layzr-bg layzr-bg\" ><img decoding=\"async\" class=\"iso-lazy-load preload-me iso-lazy-load aspect\" src=\"data:image\/svg+xml,%3Csvg%20xmlns%3D&#39;http%3A%2F%2Fwww.w3.org%2F2000%2Fsvg&#39;%20viewBox%3D&#39;0%200%20600%20400&#39;%2F%3E\" data-src=\"https:\/\/laboklin.de\/wp-content\/uploads\/2023\/03\/11_KW_01-600x400.jpg\" data-srcset=\"https:\/\/laboklin.de\/wp-content\/uploads\/2023\/03\/11_KW_01-600x400.jpg 600w\" loading=\"eager\" style=\"--ratio: 600 \/ 400\" sizes=\"(max-width: 600px) 100vw, 600px\" alt=\"\" title=\"11_KW_01\" width=\"600\" height=\"400\"  \/><span class=\"gallery-zoom-ico icomoon-the7-font-the7-zoom-01\"><span><\/span><\/span><\/a>\t<\/div>\n<\/div>\n\n\n<div class=\"post-entry-content\">\n\n\t<h3 class=\"entry-title\">\n\t\t<a href=\"https:\/\/laboklin.de\/de\/11-kw-2023\/\" title=\"11. KW 2023\" rel=\"bookmark\">11. KW 2023<\/a>\n\t<\/h3>\n\n\t<div class=\"entry-meta\"><span class=\"category-link\"><a href=\"https:\/\/laboklin.de\/de\/category\/laboklin-fuersiegelesen\/\" >LABOKLIN F\u00fcrSieGelesen<\/a><\/span><\/div>\n\t<div class=\"entry-excerpt\"><p>+ Das RKI definiert neue FSME-Risikogebiete + BSE bei K\u00fchen \u2013 noch nicht ganz von der Bildfl\u00e4che verschwunden + Das&hellip;<\/p>\n<\/div>\n\t\n<a href=\"https:\/\/laboklin.de\/de\/11-kw-2023\/\" class=\"post-details details-type-link\" aria-label=\"Read more about 11. KW 2023\">Artikel lesen...<i class=\"dt-icon-the7-arrow-03\" aria-hidden=\"true\"><\/i><\/a>\n\n<\/div><\/article><\/div><div class=\"visible wf-cell category-87\" data-post-id=\"1338545\" data-date=\"2023-03-03T18:24:05+01:00\" data-name=\"09. KW 2023\"><article class=\"post project-odd visible post-1338545 type-post status-publish format-standard has-post-thumbnail hentry category-laboklin-fuersiegelesen category-87\" data-name=\"09. KW 2023\" data-date=\"2023-03-03T18:24:05+01:00\">\n\n<div class=\"post-thumbnail-wrap\">\n\t<div class=\"post-thumbnail\">\n\t\t\n\t\t\n\t\t<a href=\"https:\/\/laboklin.de\/de\/09-kw-2023\/\" class=\"post-thumbnail-rollover layzr-bg layzr-bg\" ><img decoding=\"async\" class=\"iso-lazy-load preload-me iso-lazy-load aspect\" src=\"data:image\/svg+xml,%3Csvg%20xmlns%3D&#39;http%3A%2F%2Fwww.w3.org%2F2000%2Fsvg&#39;%20viewBox%3D&#39;0%200%20600%20400&#39;%2F%3E\" data-src=\"https:\/\/laboklin.de\/wp-content\/uploads\/2023\/03\/09_KW_01-600x400.jpg\" data-srcset=\"https:\/\/laboklin.de\/wp-content\/uploads\/2023\/03\/09_KW_01-600x400.jpg 600w\" loading=\"eager\" style=\"--ratio: 600 \/ 400\" sizes=\"(max-width: 600px) 100vw, 600px\" alt=\"\" title=\"09_KW_01\" width=\"600\" height=\"400\"  \/><span class=\"gallery-zoom-ico icomoon-the7-font-the7-zoom-01\"><span><\/span><\/span><\/a>\t<\/div>\n<\/div>\n\n\n<div class=\"post-entry-content\">\n\n\t<h3 class=\"entry-title\">\n\t\t<a href=\"https:\/\/laboklin.de\/de\/09-kw-2023\/\" title=\"09. KW 2023\" rel=\"bookmark\">09. KW 2023<\/a>\n\t<\/h3>\n\n\t<div class=\"entry-meta\"><span class=\"category-link\"><a href=\"https:\/\/laboklin.de\/de\/category\/laboklin-fuersiegelesen\/\" >LABOKLIN F\u00fcrSieGelesen<\/a><\/span><\/div>\n\t<div class=\"entry-excerpt\"><p>+ Rustrela-Virus verursacht Staggering Disease bei Katzen + Warum die niedlichen B\u00e4ren doch gef\u00e4hrlich sein k\u00f6nnen + Neue Pandemie im&hellip;<\/p>\n<\/div>\n\t\n<a href=\"https:\/\/laboklin.de\/de\/09-kw-2023\/\" class=\"post-details details-type-link\" aria-label=\"Read more about 09. KW 2023\">Artikel lesen...<i class=\"dt-icon-the7-arrow-03\" aria-hidden=\"true\"><\/i><\/a>\n\n<\/div><\/article><\/div><div class=\"visible wf-cell category-87\" data-post-id=\"1338233\" data-date=\"2023-02-10T17:44:07+01:00\" data-name=\"06. KW 2023\"><article class=\"post project-odd visible post-1338233 type-post status-publish format-standard has-post-thumbnail hentry category-laboklin-fuersiegelesen category-87\" data-name=\"06. KW 2023\" data-date=\"2023-02-10T17:44:07+01:00\">\n\n<div class=\"post-thumbnail-wrap\">\n\t<div class=\"post-thumbnail\">\n\t\t\n\t\t\n\t\t<a href=\"https:\/\/laboklin.de\/de\/06-kw-2023\/\" class=\"post-thumbnail-rollover layzr-bg layzr-bg\" ><img decoding=\"async\" class=\"iso-lazy-load preload-me iso-lazy-load aspect\" src=\"data:image\/svg+xml,%3Csvg%20xmlns%3D&#39;http%3A%2F%2Fwww.w3.org%2F2000%2Fsvg&#39;%20viewBox%3D&#39;0%200%20600%20400&#39;%2F%3E\" data-src=\"https:\/\/laboklin.de\/wp-content\/uploads\/2023\/02\/06_KW_01-600x400.jpg\" data-srcset=\"https:\/\/laboklin.de\/wp-content\/uploads\/2023\/02\/06_KW_01-600x400.jpg 600w\" loading=\"eager\" style=\"--ratio: 600 \/ 400\" sizes=\"(max-width: 600px) 100vw, 600px\" alt=\"\" title=\"06_KW_01\" width=\"600\" height=\"400\"  \/><span class=\"gallery-zoom-ico icomoon-the7-font-the7-zoom-01\"><span><\/span><\/span><\/a>\t<\/div>\n<\/div>\n\n\n<div class=\"post-entry-content\">\n\n\t<h3 class=\"entry-title\">\n\t\t<a href=\"https:\/\/laboklin.de\/de\/06-kw-2023\/\" title=\"06. KW 2023\" rel=\"bookmark\">06. KW 2023<\/a>\n\t<\/h3>\n\n\t<div class=\"entry-meta\"><span class=\"category-link\"><a href=\"https:\/\/laboklin.de\/de\/category\/laboklin-fuersiegelesen\/\" >LABOKLIN F\u00fcrSieGelesen<\/a><\/span><\/div>\n\t<div class=\"entry-excerpt\"><p>+ ESARS-CoV-2: \u00dcbertragung von Hund auf Mensch? Oder doch umgekehrt? + IH5N1 \u2013 das ist doch nur was f\u00fcr V\u00f6gel?&hellip;<\/p>\n<\/div>\n\t\n<a href=\"https:\/\/laboklin.de\/de\/06-kw-2023\/\" class=\"post-details details-type-link\" aria-label=\"Read more about 06. KW 2023\">Artikel lesen...<i class=\"dt-icon-the7-arrow-03\" aria-hidden=\"true\"><\/i><\/a>\n\n<\/div><\/article><\/div><div class=\"visible wf-cell category-87\" data-post-id=\"1320529\" data-date=\"2023-01-13T17:15:06+01:00\" data-name=\"02. KW 2023\"><article class=\"post project-odd visible post-1320529 type-post status-publish format-standard has-post-thumbnail hentry category-laboklin-fuersiegelesen category-87\" data-name=\"02. KW 2023\" data-date=\"2023-01-13T17:15:06+01:00\">\n\n<div class=\"post-thumbnail-wrap\">\n\t<div class=\"post-thumbnail\">\n\t\t\n\t\t\n\t\t<a href=\"https:\/\/laboklin.de\/de\/02-kw-2023\/\" class=\"post-thumbnail-rollover layzr-bg layzr-bg\" ><img decoding=\"async\" class=\"iso-lazy-load preload-me iso-lazy-load aspect\" src=\"data:image\/svg+xml,%3Csvg%20xmlns%3D&#39;http%3A%2F%2Fwww.w3.org%2F2000%2Fsvg&#39;%20viewBox%3D&#39;0%200%20600%20400&#39;%2F%3E\" data-src=\"https:\/\/laboklin.de\/wp-content\/uploads\/2023\/01\/News_02KW.23_QS-600x400.jpg\" data-srcset=\"https:\/\/laboklin.de\/wp-content\/uploads\/2023\/01\/News_02KW.23_QS-600x400.jpg 600w\" loading=\"eager\" style=\"--ratio: 600 \/ 400\" sizes=\"(max-width: 600px) 100vw, 600px\" alt=\"\" title=\"News_02KW.23_QS\" width=\"600\" height=\"400\"  \/><span class=\"gallery-zoom-ico icomoon-the7-font-the7-zoom-01\"><span><\/span><\/span><\/a>\t<\/div>\n<\/div>\n\n\n<div class=\"post-entry-content\">\n\n\t<h3 class=\"entry-title\">\n\t\t<a href=\"https:\/\/laboklin.de\/de\/02-kw-2023\/\" title=\"02. KW 2023\" rel=\"bookmark\">02. KW 2023<\/a>\n\t<\/h3>\n\n\t<div class=\"entry-meta\"><span class=\"category-link\"><a href=\"https:\/\/laboklin.de\/de\/category\/laboklin-fuersiegelesen\/\" >LABOKLIN F\u00fcrSieGelesen<\/a><\/span><\/div>\n\t<div class=\"entry-excerpt\"><p>+ Neue Omikronsubvariante XBB.1.5 ist Grund zur Sorge + Der bivalente Booster-Impfstoff sch\u00fctzt + Verbrauchsmengenerfassung antimikrobieller Substanzen f\u00fcr viele Nutztiere&hellip;<\/p>\n<\/div>\n\t\n<a href=\"https:\/\/laboklin.de\/de\/02-kw-2023\/\" class=\"post-details details-type-link\" aria-label=\"Read more about 02. KW 2023\">Artikel lesen...<i class=\"dt-icon-the7-arrow-03\" aria-hidden=\"true\"><\/i><\/a>\n\n<\/div><\/article><\/div><div class=\"visible wf-cell category-87\" data-post-id=\"1320453\" data-date=\"2022-12-16T17:46:41+01:00\" data-name=\"50. KW\"><article class=\"post project-odd visible post-1320453 type-post status-publish format-standard has-post-thumbnail hentry category-laboklin-fuersiegelesen category-87\" data-name=\"50. KW\" data-date=\"2022-12-16T17:46:41+01:00\">\n\n<div class=\"post-thumbnail-wrap\">\n\t<div class=\"post-thumbnail\">\n\t\t\n\t\t\n\t\t<a href=\"https:\/\/laboklin.de\/de\/fuer-sie-gelesen-50kw\/\" class=\"post-thumbnail-rollover layzr-bg layzr-bg\" ><img decoding=\"async\" class=\"iso-lazy-load preload-me iso-lazy-load aspect\" src=\"data:image\/svg+xml,%3Csvg%20xmlns%3D&#39;http%3A%2F%2Fwww.w3.org%2F2000%2Fsvg&#39;%20viewBox%3D&#39;0%200%20600%20400&#39;%2F%3E\" data-src=\"https:\/\/laboklin.de\/wp-content\/uploads\/2023\/01\/News_50KW_01-600x400.jpg\" data-srcset=\"https:\/\/laboklin.de\/wp-content\/uploads\/2023\/01\/News_50KW_01-600x400.jpg 600w\" loading=\"eager\" style=\"--ratio: 600 \/ 400\" sizes=\"(max-width: 600px) 100vw, 600px\" alt=\"\" title=\"News_50KW_01\" width=\"600\" height=\"400\"  \/><span class=\"gallery-zoom-ico icomoon-the7-font-the7-zoom-01\"><span><\/span><\/span><\/a>\t<\/div>\n<\/div>\n\n\n<div class=\"post-entry-content\">\n\n\t<h3 class=\"entry-title\">\n\t\t<a href=\"https:\/\/laboklin.de\/de\/fuer-sie-gelesen-50kw\/\" title=\"50. KW\" rel=\"bookmark\">50. KW<\/a>\n\t<\/h3>\n\n\t<div class=\"entry-meta\"><span class=\"category-link\"><a href=\"https:\/\/laboklin.de\/de\/category\/laboklin-fuersiegelesen\/\" >LABOKLIN F\u00fcrSieGelesen<\/a><\/span><\/div>\n\t<div class=\"entry-excerpt\"><p>+ Gefl\u00fcgelpest + Subventioniertes Tierleid + Erfolgreich mit Toxoplasmen + Der Influenza auf der Spur \u2013 wer macht mit?<\/p>\n<\/div>\n\t\n<a href=\"https:\/\/laboklin.de\/de\/fuer-sie-gelesen-50kw\/\" class=\"post-details details-type-link\" aria-label=\"Read more about 50. KW\">Artikel lesen...<i class=\"dt-icon-the7-arrow-03\" aria-hidden=\"true\"><\/i><\/a>\n\n<\/div><\/article><\/div><div class=\"visible wf-cell category-87\" data-post-id=\"1319939\" data-date=\"2022-11-25T17:45:27+01:00\" data-name=\"47. KW\"><article class=\"post project-odd visible post-1319939 type-post status-publish format-standard has-post-thumbnail hentry category-laboklin-fuersiegelesen category-87\" data-name=\"47. KW\" data-date=\"2022-11-25T17:45:27+01:00\">\n\n<div class=\"post-thumbnail-wrap\">\n\t<div class=\"post-thumbnail\">\n\t\t\n\t\t\n\t\t<a href=\"https:\/\/laboklin.de\/de\/fuer-sie-gelesen-47-kw\/\" class=\"post-thumbnail-rollover layzr-bg layzr-bg\" ><img decoding=\"async\" class=\"iso-lazy-load preload-me iso-lazy-load aspect\" src=\"data:image\/svg+xml,%3Csvg%20xmlns%3D&#39;http%3A%2F%2Fwww.w3.org%2F2000%2Fsvg&#39;%20viewBox%3D&#39;0%200%20600%20400&#39;%2F%3E\" data-src=\"https:\/\/laboklin.de\/wp-content\/uploads\/2022\/12\/News_47KW_01a-600x400.jpg\" data-srcset=\"https:\/\/laboklin.de\/wp-content\/uploads\/2022\/12\/News_47KW_01a-600x400.jpg 600w\" loading=\"eager\" style=\"--ratio: 600 \/ 400\" sizes=\"(max-width: 600px) 100vw, 600px\" alt=\"\" title=\"News_47KW_01a\" width=\"600\" height=\"400\"  \/><span class=\"gallery-zoom-ico icomoon-the7-font-the7-zoom-01\"><span><\/span><\/span><\/a>\t<\/div>\n<\/div>\n\n\n<div class=\"post-entry-content\">\n\n\t<h3 class=\"entry-title\">\n\t\t<a href=\"https:\/\/laboklin.de\/de\/fuer-sie-gelesen-47-kw\/\" title=\"47. KW\" rel=\"bookmark\">47. KW<\/a>\n\t<\/h3>\n\n\t<div class=\"entry-meta\"><span class=\"category-link\"><a href=\"https:\/\/laboklin.de\/de\/category\/laboklin-fuersiegelesen\/\" >LABOKLIN F\u00fcrSieGelesen<\/a><\/span><\/div>\n\t<div class=\"entry-excerpt\"><p>+ Vogelgrippe beim Menschen + Isolationspflicht f\u00fcr Coronainfizierte + Kein Hanf f\u00fcr K\u00fche! + Nicht schon wieder + Ophthalmologie f\u00fcr&hellip;<\/p>\n<\/div>\n\t\n<a href=\"https:\/\/laboklin.de\/de\/fuer-sie-gelesen-47-kw\/\" class=\"post-details details-type-link\" aria-label=\"Read more about 47. KW\">Artikel lesen...<i class=\"dt-icon-the7-arrow-03\" aria-hidden=\"true\"><\/i><\/a>\n\n<\/div><\/article><\/div><div class=\"visible wf-cell category-87\" data-post-id=\"1320035\" data-date=\"2022-11-11T16:57:40+01:00\" data-name=\"45. KW\"><article class=\"post project-odd visible post-1320035 type-post status-publish format-standard has-post-thumbnail hentry category-laboklin-fuersiegelesen category-87\" data-name=\"45. KW\" data-date=\"2022-11-11T16:57:40+01:00\">\n\n<div class=\"post-thumbnail-wrap\">\n\t<div class=\"post-thumbnail\">\n\t\t\n\t\t\n\t\t<a href=\"https:\/\/laboklin.de\/de\/fuer-sie-gelesen-45-kw\/\" class=\"post-thumbnail-rollover layzr-bg layzr-bg\" ><img decoding=\"async\" class=\"iso-lazy-load preload-me iso-lazy-load aspect\" src=\"data:image\/svg+xml,%3Csvg%20xmlns%3D&#39;http%3A%2F%2Fwww.w3.org%2F2000%2Fsvg&#39;%20viewBox%3D&#39;0%200%20600%20400&#39;%2F%3E\" data-src=\"https:\/\/laboklin.de\/wp-content\/uploads\/2022\/12\/News_45KW_01-600x400.jpg\" data-srcset=\"https:\/\/laboklin.de\/wp-content\/uploads\/2022\/12\/News_45KW_01-600x400.jpg 600w\" loading=\"eager\" style=\"--ratio: 600 \/ 400\" sizes=\"(max-width: 600px) 100vw, 600px\" alt=\"\" title=\"News_45KW_01\" width=\"600\" height=\"400\"  \/><span class=\"gallery-zoom-ico icomoon-the7-font-the7-zoom-01\"><span><\/span><\/span><\/a>\t<\/div>\n<\/div>\n\n\n<div class=\"post-entry-content\">\n\n\t<h3 class=\"entry-title\">\n\t\t<a href=\"https:\/\/laboklin.de\/de\/fuer-sie-gelesen-45-kw\/\" title=\"45. KW\" rel=\"bookmark\">45. KW<\/a>\n\t<\/h3>\n\n\t<div class=\"entry-meta\"><span class=\"category-link\"><a href=\"https:\/\/laboklin.de\/de\/category\/laboklin-fuersiegelesen\/\" >LABOKLIN F\u00fcrSieGelesen<\/a><\/span><\/div>\n\t<div class=\"entry-excerpt\"><p>+ SARS-CoV-2 Ursprung \u2013 Diskussion geht weiter + West-Nil-Virus Infektionen bei Menschen in Deutschland + One-Health-Ansatz \u2013 B\u00fcndelung von Kompetenzen&hellip;<\/p>\n<\/div>\n\t\n<a href=\"https:\/\/laboklin.de\/de\/fuer-sie-gelesen-45-kw\/\" class=\"post-details details-type-link\" aria-label=\"Read more about 45. KW\">Artikel lesen...<i class=\"dt-icon-the7-arrow-03\" aria-hidden=\"true\"><\/i><\/a>\n\n<\/div><\/article><\/div><div class=\"visible wf-cell category-87\" data-post-id=\"1319561\" data-date=\"2022-10-28T17:55:34+02:00\" data-name=\"43. KW\"><article class=\"post project-odd visible post-1319561 type-post status-publish format-standard has-post-thumbnail hentry category-laboklin-fuersiegelesen category-87\" data-name=\"43. KW\" data-date=\"2022-10-28T17:55:34+02:00\">\n\n<div class=\"post-thumbnail-wrap\">\n\t<div class=\"post-thumbnail\">\n\t\t\n\t\t\n\t\t<a href=\"https:\/\/laboklin.de\/de\/fuer-sie-gelesen-43-kw\/\" class=\"post-thumbnail-rollover layzr-bg layzr-bg\" ><img decoding=\"async\" class=\"iso-lazy-load preload-me iso-lazy-load aspect\" src=\"data:image\/svg+xml,%3Csvg%20xmlns%3D&#39;http%3A%2F%2Fwww.w3.org%2F2000%2Fsvg&#39;%20viewBox%3D&#39;0%200%20768%20512&#39;%2F%3E\" data-src=\"https:\/\/laboklin.de\/wp-content\/uploads\/2022\/11\/43_KW_Header_Titel_01H-768x512.jpg\" data-srcset=\"https:\/\/laboklin.de\/wp-content\/uploads\/2022\/11\/43_KW_Header_Titel_01H-768x512.jpg 768w, https:\/\/laboklin.de\/wp-content\/uploads\/2022\/11\/43_KW_Header_Titel_01H-771x514.jpg 771w\" loading=\"eager\" style=\"--ratio: 768 \/ 512\" sizes=\"(max-width: 768px) 100vw, 768px\" alt=\"\" title=\"43_KW_Header_Titel_01H\" width=\"768\" height=\"512\"  \/><span class=\"gallery-zoom-ico icomoon-the7-font-the7-zoom-01\"><span><\/span><\/span><\/a>\t<\/div>\n<\/div>\n\n\n<div class=\"post-entry-content\">\n\n\t<h3 class=\"entry-title\">\n\t\t<a href=\"https:\/\/laboklin.de\/de\/fuer-sie-gelesen-43-kw\/\" title=\"43. KW\" rel=\"bookmark\">43. KW<\/a>\n\t<\/h3>\n\n\t<div class=\"entry-meta\"><span class=\"category-link\"><a href=\"https:\/\/laboklin.de\/de\/category\/laboklin-fuersiegelesen\/\" >LABOKLIN F\u00fcrSieGelesen<\/a><\/span><\/div>\n\t<div class=\"entry-excerpt\"><p>+ Bayern: Impfzentren vor dem Aus + Update Gefl\u00fcgelpest + Afrikanische Schweinepest: Neues Forschungsprojekt + Tierarzneimittelgesetz + Save the date:&hellip;<\/p>\n<\/div>\n\t\n<a href=\"https:\/\/laboklin.de\/de\/fuer-sie-gelesen-43-kw\/\" class=\"post-details details-type-link\" aria-label=\"Read more about 43. KW\">Artikel lesen...<i class=\"dt-icon-the7-arrow-03\" aria-hidden=\"true\"><\/i><\/a>\n\n<\/div><\/article><\/div><div class=\"visible wf-cell category-87\" data-post-id=\"1319139\" data-date=\"2022-10-17T09:10:24+02:00\" data-name=\"41. KW\"><article class=\"post project-odd visible post-1319139 type-post status-publish format-standard has-post-thumbnail hentry category-laboklin-fuersiegelesen category-87\" data-name=\"41. KW\" data-date=\"2022-10-17T09:10:24+02:00\">\n\n<div class=\"post-thumbnail-wrap\">\n\t<div class=\"post-thumbnail\">\n\t\t\n\t\t\n\t\t<a href=\"https:\/\/laboklin.de\/de\/fuer-sie-gelesen-41kw\/\" class=\"post-thumbnail-rollover layzr-bg layzr-bg\" ><img decoding=\"async\" class=\"iso-lazy-load preload-me iso-lazy-load aspect\" src=\"data:image\/svg+xml,%3Csvg%20xmlns%3D&#39;http%3A%2F%2Fwww.w3.org%2F2000%2Fsvg&#39;%20viewBox%3D&#39;0%200%20600%20400&#39;%2F%3E\" data-src=\"https:\/\/laboklin.de\/wp-content\/uploads\/2022\/10\/News_41KW_01-600x400.jpg\" data-srcset=\"https:\/\/laboklin.de\/wp-content\/uploads\/2022\/10\/News_41KW_01-600x400.jpg 600w\" loading=\"eager\" style=\"--ratio: 600 \/ 400\" sizes=\"(max-width: 600px) 100vw, 600px\" alt=\"\" title=\"News_41KW_01\" width=\"600\" height=\"400\"  \/><span class=\"gallery-zoom-ico icomoon-the7-font-the7-zoom-01\"><span><\/span><\/span><\/a>\t<\/div>\n<\/div>\n\n\n<div class=\"post-entry-content\">\n\n\t<h3 class=\"entry-title\">\n\t\t<a href=\"https:\/\/laboklin.de\/de\/fuer-sie-gelesen-41kw\/\" title=\"41. KW\" rel=\"bookmark\">41. KW<\/a>\n\t<\/h3>\n\n\t<div class=\"entry-meta\"><span class=\"category-link\"><a href=\"https:\/\/laboklin.de\/de\/category\/laboklin-fuersiegelesen\/\" >LABOKLIN F\u00fcrSieGelesen<\/a><\/span><\/div>\n\t<div class=\"entry-excerpt\"><p>+ Vorbeugen ist besser als Heilen: Wie vermeidet man Pandemien? + Boostern oder nicht boostern \u2013 das ist hier die&hellip;<\/p>\n<\/div>\n\t\n<a href=\"https:\/\/laboklin.de\/de\/fuer-sie-gelesen-41kw\/\" class=\"post-details details-type-link\" aria-label=\"Read more about 41. KW\">Artikel lesen...<i class=\"dt-icon-the7-arrow-03\" aria-hidden=\"true\"><\/i><\/a>\n\n<\/div><\/article><\/div><div class=\"visible wf-cell category-87\" data-post-id=\"1317541\" data-date=\"2022-08-22T09:06:10+02:00\" data-name=\"33. KW\"><article class=\"post project-odd visible post-1317541 type-post status-publish format-standard has-post-thumbnail hentry category-laboklin-fuersiegelesen category-87\" data-name=\"33. KW\" data-date=\"2022-08-22T09:06:10+02:00\">\n\n<div class=\"post-thumbnail-wrap\">\n\t<div class=\"post-thumbnail\">\n\t\t\n\t\t\n\t\t<a href=\"https:\/\/laboklin.de\/de\/laboklin-fuer-sie-gelesen-33-kw\/\" class=\"post-thumbnail-rollover layzr-bg layzr-bg\" ><img decoding=\"async\" class=\"iso-lazy-load preload-me iso-lazy-load aspect\" src=\"data:image\/svg+xml,%3Csvg%20xmlns%3D&#39;http%3A%2F%2Fwww.w3.org%2F2000%2Fsvg&#39;%20viewBox%3D&#39;0%200%20768%20512&#39;%2F%3E\" data-src=\"https:\/\/laboklin.de\/wp-content\/uploads\/2022\/08\/33_KW_Header_Titel_180-768x512.jpg\" data-srcset=\"https:\/\/laboklin.de\/wp-content\/uploads\/2022\/08\/33_KW_Header_Titel_180-768x512.jpg 768w, https:\/\/laboklin.de\/wp-content\/uploads\/2022\/08\/33_KW_Header_Titel_180-771x514.jpg 771w\" loading=\"eager\" style=\"--ratio: 768 \/ 512\" sizes=\"(max-width: 768px) 100vw, 768px\" alt=\"\" title=\"33_KW_Header_Titel_180\" width=\"768\" height=\"512\"  \/><span class=\"gallery-zoom-ico icomoon-the7-font-the7-zoom-01\"><span><\/span><\/span><\/a>\t<\/div>\n<\/div>\n\n\n<div class=\"post-entry-content\">\n\n\t<h3 class=\"entry-title\">\n\t\t<a href=\"https:\/\/laboklin.de\/de\/laboklin-fuer-sie-gelesen-33-kw\/\" title=\"33. KW\" rel=\"bookmark\">33. KW<\/a>\n\t<\/h3>\n\n\t<div class=\"entry-meta\"><span class=\"category-link\"><a href=\"https:\/\/laboklin.de\/de\/category\/laboklin-fuersiegelesen\/\" >LABOKLIN F\u00fcrSieGelesen<\/a><\/span><\/div>\n\t<div class=\"entry-excerpt\"><p>+ Long Covid: Der Ursache auf der Spur + Viertimpfung \u2013 ja\/nein\/vielleicht &#8211; Teil II + Affenpocken + Weniger tot&hellip;<\/p>\n<\/div>\n\t\n<a href=\"https:\/\/laboklin.de\/de\/laboklin-fuer-sie-gelesen-33-kw\/\" class=\"post-details details-type-link\" aria-label=\"Read more about 33. KW\">Artikel lesen...<i class=\"dt-icon-the7-arrow-03\" aria-hidden=\"true\"><\/i><\/a>\n\n<\/div><\/article><\/div><div class=\"visible wf-cell category-87\" data-post-id=\"1317373\" data-date=\"2022-08-08T09:00:58+02:00\" data-name=\"31. KW\"><article class=\"post project-odd visible post-1317373 type-post status-publish format-standard has-post-thumbnail hentry category-laboklin-fuersiegelesen category-87\" data-name=\"31. KW\" data-date=\"2022-08-08T09:00:58+02:00\">\n\n<div class=\"post-thumbnail-wrap\">\n\t<div class=\"post-thumbnail\">\n\t\t\n\t\t\n\t\t<a href=\"https:\/\/laboklin.de\/de\/fuer-sie-gelesen-31-kw\/\" class=\"post-thumbnail-rollover layzr-bg layzr-bg\" ><img decoding=\"async\" class=\"iso-lazy-load preload-me iso-lazy-load aspect\" src=\"data:image\/svg+xml,%3Csvg%20xmlns%3D&#39;http%3A%2F%2Fwww.w3.org%2F2000%2Fsvg&#39;%20viewBox%3D&#39;0%200%20768%20512&#39;%2F%3E\" data-src=\"https:\/\/laboklin.de\/wp-content\/uploads\/2022\/08\/31_KW_Header_Titel_01-768x512.jpg\" data-srcset=\"https:\/\/laboklin.de\/wp-content\/uploads\/2022\/08\/31_KW_Header_Titel_01-768x512.jpg 768w, https:\/\/laboklin.de\/wp-content\/uploads\/2022\/08\/31_KW_Header_Titel_01-771x514.jpg 771w\" loading=\"eager\" style=\"--ratio: 768 \/ 512\" sizes=\"(max-width: 768px) 100vw, 768px\" alt=\"\" title=\"31_KW_Header_Titel_01\" width=\"768\" height=\"512\"  \/><span class=\"gallery-zoom-ico icomoon-the7-font-the7-zoom-01\"><span><\/span><\/span><\/a>\t<\/div>\n<\/div>\n\n\n<div class=\"post-entry-content\">\n\n\t<h3 class=\"entry-title\">\n\t\t<a href=\"https:\/\/laboklin.de\/de\/fuer-sie-gelesen-31-kw\/\" title=\"31. KW\" rel=\"bookmark\">31. KW<\/a>\n\t<\/h3>\n\n\t<div class=\"entry-meta\"><span class=\"category-link\"><a href=\"https:\/\/laboklin.de\/de\/category\/laboklin-fuersiegelesen\/\" >LABOKLIN F\u00fcrSieGelesen<\/a><\/span><\/div>\n\t<div class=\"entry-excerpt\"><p>+ Corona-Ma\u00dfnahmen: Der Fahrplan f\u00fcr den Herbst steht + Viertimpfung \u2013 ja\/nein\/vielleicht? + Affenpocken + BARFEN + FLI als Koordinator&hellip;<\/p>\n<\/div>\n\t\n<a href=\"https:\/\/laboklin.de\/de\/fuer-sie-gelesen-31-kw\/\" class=\"post-details details-type-link\" aria-label=\"Read more about 31. KW\">Artikel lesen...<i class=\"dt-icon-the7-arrow-03\" aria-hidden=\"true\"><\/i><\/a>\n\n<\/div><\/article><\/div><div class=\"visible wf-cell category-87\" data-post-id=\"1317090\" data-date=\"2022-07-11T08:18:53+02:00\" data-name=\"27. KW\"><article class=\"post project-odd visible post-1317090 type-post status-publish format-standard has-post-thumbnail hentry category-laboklin-fuersiegelesen category-87\" data-name=\"27. KW\" data-date=\"2022-07-11T08:18:53+02:00\">\n\n<div class=\"post-thumbnail-wrap\">\n\t<div class=\"post-thumbnail\">\n\t\t\n\t\t\n\t\t<a href=\"https:\/\/laboklin.de\/de\/fuer-sie-gelesen-27-kw\/\" class=\"post-thumbnail-rollover layzr-bg layzr-bg\" ><img decoding=\"async\" class=\"iso-lazy-load preload-me iso-lazy-load aspect\" src=\"data:image\/svg+xml,%3Csvg%20xmlns%3D&#39;http%3A%2F%2Fwww.w3.org%2F2000%2Fsvg&#39;%20viewBox%3D&#39;0%200%20768%20512&#39;%2F%3E\" data-src=\"https:\/\/laboklin.de\/wp-content\/uploads\/2022\/07\/27_KW_Header_Titel_01H-768x512.jpg\" data-srcset=\"https:\/\/laboklin.de\/wp-content\/uploads\/2022\/07\/27_KW_Header_Titel_01H-768x512.jpg 768w, https:\/\/laboklin.de\/wp-content\/uploads\/2022\/07\/27_KW_Header_Titel_01H-771x514.jpg 771w\" loading=\"eager\" style=\"--ratio: 768 \/ 512\" sizes=\"(max-width: 768px) 100vw, 768px\" alt=\"\" title=\"27_KW_Header_Titel_01H\" width=\"768\" height=\"512\"  \/><span class=\"gallery-zoom-ico icomoon-the7-font-the7-zoom-01\"><span><\/span><\/span><\/a>\t<\/div>\n<\/div>\n\n\n<div class=\"post-entry-content\">\n\n\t<h3 class=\"entry-title\">\n\t\t<a href=\"https:\/\/laboklin.de\/de\/fuer-sie-gelesen-27-kw\/\" title=\"27. KW\" rel=\"bookmark\">27. KW<\/a>\n\t<\/h3>\n\n\t<div class=\"entry-meta\"><span class=\"category-link\"><a href=\"https:\/\/laboklin.de\/de\/category\/laboklin-fuersiegelesen\/\" >LABOKLIN F\u00fcrSieGelesen<\/a><\/span><\/div>\n\t<div class=\"entry-excerpt\"><p>+ Herbstwelle schon im Sommer? + Abwasseruntersuchungen zur Pandemiekontrolle? + Affenpocken + Afrikanische Schweinepest + Putzige Problemb\u00e4ren + Doch kein&hellip;<\/p>\n<\/div>\n\t\n<a href=\"https:\/\/laboklin.de\/de\/fuer-sie-gelesen-27-kw\/\" class=\"post-details details-type-link\" aria-label=\"Read more about 27. KW\">Artikel lesen...<i class=\"dt-icon-the7-arrow-03\" aria-hidden=\"true\"><\/i><\/a>\n\n<\/div><\/article><\/div><div class=\"visible wf-cell category-91\" data-post-id=\"1580531\" data-date=\"2026-01-07T13:03:20+01:00\" data-name=\"Equine Sarkoidose\"><article class=\"post project-odd visible post-1580531 type-post status-publish format-standard has-post-thumbnail hentry category-laboklin-pferd category-91\" data-name=\"Equine Sarkoidose\" data-date=\"2026-01-07T13:03:20+01:00\">\n\n<div class=\"post-thumbnail-wrap\">\n\t<div class=\"post-thumbnail\">\n\t\t\n\t\t\n\t\t<a href=\"https:\/\/laboklin.de\/de\/equine-sarkoidose\/\" class=\"post-thumbnail-rollover layzr-bg layzr-bg\" ><img decoding=\"async\" class=\"iso-lazy-load preload-me iso-lazy-load aspect\" src=\"data:image\/svg+xml,%3Csvg%20xmlns%3D&#39;http%3A%2F%2Fwww.w3.org%2F2000%2Fsvg&#39;%20viewBox%3D&#39;0%200%20768%20512&#39;%2F%3E\" data-src=\"https:\/\/laboklin.de\/wp-content\/uploads\/2026\/01\/pferd_mit_generalisierter_equinen_sarkoidose-768x512.jpg\" data-srcset=\"https:\/\/laboklin.de\/wp-content\/uploads\/2026\/01\/pferd_mit_generalisierter_equinen_sarkoidose-768x512.jpg 768w, https:\/\/laboklin.de\/wp-content\/uploads\/2026\/01\/pferd_mit_generalisierter_equinen_sarkoidose-1152x768.jpg 1152w\" loading=\"eager\" style=\"--ratio: 768 \/ 512\" sizes=\"(max-width: 768px) 100vw, 768px\" alt=\"Pferd mit generalisierter ES: schlechter Allgemeinzustand, disseminierte schuppende und krust\u00f6se Hautver\u00e4nderungen\"  width=\"768\" height=\"512\"  \/><span class=\"gallery-zoom-ico icomoon-the7-font-the7-zoom-01\"><span><\/span><\/span><\/a>\t<\/div>\n<\/div>\n\n\n<div class=\"post-entry-content\">\n\n\t<h3 class=\"entry-title\">\n\t\t<a href=\"https:\/\/laboklin.de\/de\/equine-sarkoidose\/\" title=\"Equine Sarkoidose\" rel=\"bookmark\">Equine Sarkoidose<\/a>\n\t<\/h3>\n\n\t<div class=\"entry-meta\"><span class=\"category-link\"><a href=\"https:\/\/laboklin.de\/de\/category\/laboklin-pferd\/\" >Laboklin Pferd<\/a><\/span><\/div>\n\t<div class=\"entry-excerpt\"><p>Der Artikel gibt einen \u00dcberblick \u00fcber Klinik, Pathogenese, Diagnostik und Therapie der equinen Sarkoidose und ordnet die Erkrankung im veterin\u00e4rmedizinischen&hellip;<\/p>\n<\/div>\n\t\n<a href=\"https:\/\/laboklin.de\/de\/equine-sarkoidose\/\" class=\"post-details details-type-link\" aria-label=\"Read more about Equine Sarkoidose\">Artikel lesen...<i class=\"dt-icon-the7-arrow-03\" aria-hidden=\"true\"><\/i><\/a>\n\n<\/div><\/article><\/div><div class=\"visible wf-cell category-91\" data-post-id=\"1570613\" data-date=\"2025-10-28T13:01:56+01:00\" data-name=\"Lebererkrankungen beim Pferd: fr\u00fch erkennen, richtig handeln\"><article class=\"post project-odd visible post-1570613 type-post status-publish format-standard has-post-thumbnail hentry category-laboklin-pferd category-91\" data-name=\"Lebererkrankungen beim Pferd: fr\u00fch erkennen, richtig handeln\" data-date=\"2025-10-28T13:01:56+01:00\">\n\n<div class=\"post-thumbnail-wrap\">\n\t<div class=\"post-thumbnail\">\n\t\t\n\t\t\n\t\t<a href=\"https:\/\/laboklin.de\/de\/lebererkrankungen-beim-pferd-frueh-erkennen-richtig-handeln\/\" class=\"post-thumbnail-rollover layzr-bg layzr-bg\" ><img decoding=\"async\" class=\"iso-lazy-load preload-me iso-lazy-load aspect\" src=\"data:image\/svg+xml,%3Csvg%20xmlns%3D&#39;http%3A%2F%2Fwww.w3.org%2F2000%2Fsvg&#39;%20viewBox%3D&#39;0%200%20768%20512&#39;%2F%3E\" data-src=\"https:\/\/laboklin.de\/wp-content\/uploads\/2025\/10\/titelbild_schwarzes_pferd-768x512.jpg\" data-srcset=\"https:\/\/laboklin.de\/wp-content\/uploads\/2025\/10\/titelbild_schwarzes_pferd-768x512.jpg 768w, https:\/\/laboklin.de\/wp-content\/uploads\/2025\/10\/titelbild_schwarzes_pferd-1152x768.jpg 1152w\" loading=\"eager\" style=\"--ratio: 768 \/ 512\" sizes=\"(max-width: 768px) 100vw, 768px\" alt=\"titelbild schwarzes pferd\" title=\"Titelbild_schwarzes_Pferd\" width=\"768\" height=\"512\"  \/><span class=\"gallery-zoom-ico icomoon-the7-font-the7-zoom-01\"><span><\/span><\/span><\/a>\t<\/div>\n<\/div>\n\n\n<div class=\"post-entry-content\">\n\n\t<h3 class=\"entry-title\">\n\t\t<a href=\"https:\/\/laboklin.de\/de\/lebererkrankungen-beim-pferd-frueh-erkennen-richtig-handeln\/\" title=\"Lebererkrankungen beim Pferd: fr\u00fch erkennen, richtig handeln\" rel=\"bookmark\">Lebererkrankungen beim Pferd: fr\u00fch erkennen, richtig handeln<\/a>\n\t<\/h3>\n\n\t<div class=\"entry-meta\"><span class=\"category-link\"><a href=\"https:\/\/laboklin.de\/de\/category\/laboklin-pferd\/\" >Laboklin Pferd<\/a><\/span><\/div>\n\t<div class=\"entry-excerpt\"><p>Hepatopathien: Ursachen, Diagnose und Therapie. Fr\u00fcherkennung, Behandlung und Pr\u00e4vention durch F\u00fctterungs- und Weidemanagement.<\/p>\n<\/div>\n\t\n<a href=\"https:\/\/laboklin.de\/de\/lebererkrankungen-beim-pferd-frueh-erkennen-richtig-handeln\/\" class=\"post-details details-type-link\" aria-label=\"Read more about Lebererkrankungen beim Pferd: fr\u00fch erkennen, richtig handeln\">Artikel lesen...<i class=\"dt-icon-the7-arrow-03\" aria-hidden=\"true\"><\/i><\/a>\n\n<\/div><\/article><\/div><div class=\"visible wf-cell category-91\" data-post-id=\"1532291\" data-date=\"2025-07-07T09:08:11+02:00\" data-name=\"Haemonchus contortus bei kleinen Wiederk\u00e4uern und Neuweltkamelen\"><article class=\"post project-odd visible post-1532291 type-post status-publish format-standard has-post-thumbnail hentry category-laboklin-pferd category-91\" data-name=\"Haemonchus contortus bei kleinen Wiederk\u00e4uern und Neuweltkamelen\" data-date=\"2025-07-07T09:08:11+02:00\">\n\n<div class=\"post-thumbnail-wrap\">\n\t<div class=\"post-thumbnail\">\n\t\t\n\t\t\n\t\t<a href=\"https:\/\/laboklin.de\/de\/haemonchus-contortus-bei-kleinen-wiederkaeuern-und-neuweltkamelen\/\" class=\"post-thumbnail-rollover layzr-bg layzr-bg\" ><img decoding=\"async\" class=\"iso-lazy-load preload-me iso-lazy-load aspect\" src=\"data:image\/svg+xml,%3Csvg%20xmlns%3D&#39;http%3A%2F%2Fwww.w3.org%2F2000%2Fsvg&#39;%20viewBox%3D&#39;0%200%20768%20512&#39;%2F%3E\" data-src=\"https:\/\/laboklin.de\/wp-content\/uploads\/2025\/07\/titelseite_haemonchus_contortus-768x512.jpg\" data-srcset=\"https:\/\/laboklin.de\/wp-content\/uploads\/2025\/07\/titelseite_haemonchus_contortus-768x512.jpg 768w, https:\/\/laboklin.de\/wp-content\/uploads\/2025\/07\/titelseite_haemonchus_contortus-939x626.jpg 939w\" loading=\"eager\" style=\"--ratio: 768 \/ 512\" sizes=\"(max-width: 768px) 100vw, 768px\" alt=\"titelseite haemonchus contortus\" title=\"Titelseite_Haemonchus_contortus\" width=\"768\" height=\"512\"  \/><span class=\"gallery-zoom-ico icomoon-the7-font-the7-zoom-01\"><span><\/span><\/span><\/a>\t<\/div>\n<\/div>\n\n\n<div class=\"post-entry-content\">\n\n\t<h3 class=\"entry-title\">\n\t\t<a href=\"https:\/\/laboklin.de\/de\/haemonchus-contortus-bei-kleinen-wiederkaeuern-und-neuweltkamelen\/\" title=\"Haemonchus contortus bei kleinen Wiederk\u00e4uern und Neuweltkamelen\" rel=\"bookmark\">Haemonchus contortus bei kleinen Wiederk\u00e4uern und Neuweltkamelen<\/a>\n\t<\/h3>\n\n\t<div class=\"entry-meta\"><span class=\"category-link\"><a href=\"https:\/\/laboklin.de\/de\/category\/laboklin-pferd\/\" >Laboklin Pferd<\/a><\/span><\/div>\n\t<div class=\"entry-excerpt\"><p>Haemonchus contortus: Diagnostik, Behandlung und Prophylaxe bei Schafen, Ziegen und Neuweltkamelen<\/p>\n<\/div>\n\t\n<a href=\"https:\/\/laboklin.de\/de\/haemonchus-contortus-bei-kleinen-wiederkaeuern-und-neuweltkamelen\/\" class=\"post-details details-type-link\" aria-label=\"Read more about Haemonchus contortus bei kleinen Wiederk\u00e4uern und Neuweltkamelen\">Artikel lesen...<i class=\"dt-icon-the7-arrow-03\" aria-hidden=\"true\"><\/i><\/a>\n\n<\/div><\/article><\/div><div class=\"visible wf-cell category-91\" data-post-id=\"1517680\" data-date=\"2025-04-03T13:33:02+02:00\" data-name=\"Pilznachweis in der Zuchthygiene \u2013 H\u00e4ufigkeit und Bewertung\"><article class=\"post project-odd visible post-1517680 type-post status-publish format-standard has-post-thumbnail hentry category-laboklin-pferd category-91\" data-name=\"Pilznachweis in der Zuchthygiene \u2013 H\u00e4ufigkeit und Bewertung\" data-date=\"2025-04-03T13:33:02+02:00\">\n\n<div class=\"post-thumbnail-wrap\">\n\t<div class=\"post-thumbnail\">\n\t\t\n\t\t\n\t\t<a href=\"https:\/\/laboklin.de\/de\/pilznachweis-in-der-zuchthygiene-haeufigkeit-und-bewertung\/\" class=\"post-thumbnail-rollover layzr-bg layzr-bg\" ><img decoding=\"async\" class=\"iso-lazy-load preload-me iso-lazy-load aspect\" src=\"data:image\/svg+xml,%3Csvg%20xmlns%3D&#39;http%3A%2F%2Fwww.w3.org%2F2000%2Fsvg&#39;%20viewBox%3D&#39;0%200%20768%20512&#39;%2F%3E\" data-src=\"https:\/\/laboklin.de\/wp-content\/uploads\/2025\/04\/stute_mit_fohlen-768x512.jpg\" data-srcset=\"https:\/\/laboklin.de\/wp-content\/uploads\/2025\/04\/stute_mit_fohlen-768x512.jpg 768w, https:\/\/laboklin.de\/wp-content\/uploads\/2025\/04\/stute_mit_fohlen-1011x674.jpg 1011w\" loading=\"eager\" style=\"--ratio: 768 \/ 512\" sizes=\"(max-width: 768px) 100vw, 768px\" alt=\"stute mit fohlen\" title=\"Stute_mit_Fohlen\" width=\"768\" height=\"512\"  \/><span class=\"gallery-zoom-ico icomoon-the7-font-the7-zoom-01\"><span><\/span><\/span><\/a>\t<\/div>\n<\/div>\n\n\n<div class=\"post-entry-content\">\n\n\t<h3 class=\"entry-title\">\n\t\t<a href=\"https:\/\/laboklin.de\/de\/pilznachweis-in-der-zuchthygiene-haeufigkeit-und-bewertung\/\" title=\"Pilznachweis in der Zuchthygiene \u2013 H\u00e4ufigkeit und Bewertung\" rel=\"bookmark\">Pilznachweis in der Zuchthygiene \u2013 H\u00e4ufigkeit und Bewertung<\/a>\n\t<\/h3>\n\n\t<div class=\"entry-meta\"><span class=\"category-link\"><a href=\"https:\/\/laboklin.de\/de\/category\/laboklin-pferd\/\" >Laboklin Pferd<\/a><\/span><\/div>\n\t<div class=\"entry-excerpt\"><p>Zuchthygiene beim Pferd: Pilzinfektionen diagnostizieren, bewerten und therapieren.<\/p>\n<\/div>\n\t\n<a href=\"https:\/\/laboklin.de\/de\/pilznachweis-in-der-zuchthygiene-haeufigkeit-und-bewertung\/\" class=\"post-details details-type-link\" aria-label=\"Read more about Pilznachweis in der Zuchthygiene \u2013 H\u00e4ufigkeit und Bewertung\">Artikel lesen...<i class=\"dt-icon-the7-arrow-03\" aria-hidden=\"true\"><\/i><\/a>\n\n<\/div><\/article><\/div><div class=\"hidden wf-cell category-91\" data-post-id=\"1489624\" data-date=\"2024-10-17T17:14:36+02:00\" data-name=\"Biosicherheit bei Neuweltkamelen und M\u00f6glichkeiten f\u00fcr Handels- und Zuchtuntersuchungen\"><article class=\"post project-odd visible post-1489624 type-post status-publish format-standard has-post-thumbnail hentry category-laboklin-pferd category-91\" data-name=\"Biosicherheit bei Neuweltkamelen und M\u00f6glichkeiten f\u00fcr Handels- und Zuchtuntersuchungen\" data-date=\"2024-10-17T17:14:36+02:00\">\n\n<div class=\"post-thumbnail-wrap\">\n\t<div class=\"post-thumbnail\">\n\t\t\n\t\t\n\t\t<a href=\"https:\/\/laboklin.de\/de\/biosicherheit-bei-neuweltkamelen-und-moeglichkeiten-fuer-handels-und-zuchtuntersuchungen\/\" class=\"post-thumbnail-rollover layzr-bg layzr-bg\" ><img decoding=\"async\" class=\"iso-lazy-load preload-me iso-lazy-load aspect\" src=\"data:image\/svg+xml,%3Csvg%20xmlns%3D&#39;http%3A%2F%2Fwww.w3.org%2F2000%2Fsvg&#39;%20viewBox%3D&#39;0%200%20768%20512&#39;%2F%3E\" data-src=\"https:\/\/laboklin.de\/wp-content\/uploads\/2024\/10\/Beim-Alpaka-oder-Lama-Trekking-ergeben-sich-enge-Tier-Mensch-Kontakte-768x512.jpg\" data-srcset=\"https:\/\/laboklin.de\/wp-content\/uploads\/2024\/10\/Beim-Alpaka-oder-Lama-Trekking-ergeben-sich-enge-Tier-Mensch-Kontakte-768x512.jpg 768w, https:\/\/laboklin.de\/wp-content\/uploads\/2024\/10\/Beim-Alpaka-oder-Lama-Trekking-ergeben-sich-enge-Tier-Mensch-Kontakte-1152x768.jpg 1152w\" loading=\"eager\" style=\"--ratio: 768 \/ 512\" sizes=\"(max-width: 768px) 100vw, 768px\" alt=\"\"  width=\"768\" height=\"512\"  \/><span class=\"gallery-zoom-ico icomoon-the7-font-the7-zoom-01\"><span><\/span><\/span><\/a>\t<\/div>\n<\/div>\n\n\n<div class=\"post-entry-content\">\n\n\t<h3 class=\"entry-title\">\n\t\t<a href=\"https:\/\/laboklin.de\/de\/biosicherheit-bei-neuweltkamelen-und-moeglichkeiten-fuer-handels-und-zuchtuntersuchungen\/\" title=\"Biosicherheit bei Neuweltkamelen und M\u00f6glichkeiten f\u00fcr Handels- und Zuchtuntersuchungen\" rel=\"bookmark\">Biosicherheit bei Neuweltkamelen und M\u00f6glichkeiten f\u00fcr Handels- und Zuchtuntersuchungen<\/a>\n\t<\/h3>\n\n\t<div class=\"entry-meta\"><span class=\"category-link\"><a href=\"https:\/\/laboklin.de\/de\/category\/laboklin-pferd\/\" >Laboklin Pferd<\/a><\/span><\/div>\n\t<div class=\"entry-excerpt\"><p>Erfahren Sie alles \u00fcber Biosicherheit bei Neuweltkamelen und wichtige Untersuchungen f\u00fcr Handel und Zucht. Sch\u00fctzen Sie Ihre Herde effektiv.<\/p>\n<\/div>\n\t\n<a href=\"https:\/\/laboklin.de\/de\/biosicherheit-bei-neuweltkamelen-und-moeglichkeiten-fuer-handels-und-zuchtuntersuchungen\/\" class=\"post-details details-type-link\" aria-label=\"Read more about Biosicherheit bei Neuweltkamelen und M\u00f6glichkeiten f\u00fcr Handels- und Zuchtuntersuchungen\">Artikel lesen...<i class=\"dt-icon-the7-arrow-03\" aria-hidden=\"true\"><\/i><\/a>\n\n<\/div><\/article><\/div><div class=\"hidden wf-cell category-91\" data-post-id=\"1480843\" data-date=\"2024-08-05T16:21:07+02:00\" data-name=\"Hygienemanagement in der Pferdepraxis\"><article class=\"post project-odd visible post-1480843 type-post status-publish format-standard has-post-thumbnail hentry category-laboklin-pferd category-91\" data-name=\"Hygienemanagement in der Pferdepraxis\" data-date=\"2024-08-05T16:21:07+02:00\">\n\n<div class=\"post-thumbnail-wrap\">\n\t<div class=\"post-thumbnail\">\n\t\t\n\t\t\n\t\t<a href=\"https:\/\/laboklin.de\/de\/hygienemanagement-in-der-pferdepraxis\/\" class=\"post-thumbnail-rollover layzr-bg layzr-bg\" ><img decoding=\"async\" class=\"iso-lazy-load preload-me iso-lazy-load aspect\" src=\"data:image\/svg+xml,%3Csvg%20xmlns%3D&#39;http%3A%2F%2Fwww.w3.org%2F2000%2Fsvg&#39;%20viewBox%3D&#39;0%200%20768%20512&#39;%2F%3E\" data-src=\"https:\/\/laboklin.de\/wp-content\/uploads\/2024\/08\/Ergebnisse-der-von-Pferdepraxen_kliniken-eingesandten-768x512.jpg\" data-srcset=\"https:\/\/laboklin.de\/wp-content\/uploads\/2024\/08\/Ergebnisse-der-von-Pferdepraxen_kliniken-eingesandten-768x512.jpg 768w, https:\/\/laboklin.de\/wp-content\/uploads\/2024\/08\/Ergebnisse-der-von-Pferdepraxen_kliniken-eingesandten-903x602.jpg 903w\" loading=\"eager\" style=\"--ratio: 768 \/ 512\" sizes=\"(max-width: 768px) 100vw, 768px\" alt=\"\"  width=\"768\" height=\"512\"  \/><span class=\"gallery-zoom-ico icomoon-the7-font-the7-zoom-01\"><span><\/span><\/span><\/a>\t<\/div>\n<\/div>\n\n\n<div class=\"post-entry-content\">\n\n\t<h3 class=\"entry-title\">\n\t\t<a href=\"https:\/\/laboklin.de\/de\/hygienemanagement-in-der-pferdepraxis\/\" title=\"Hygienemanagement in der Pferdepraxis\" rel=\"bookmark\">Hygienemanagement in der Pferdepraxis<\/a>\n\t<\/h3>\n\n\t<div class=\"entry-meta\"><span class=\"category-link\"><a href=\"https:\/\/laboklin.de\/de\/category\/laboklin-pferd\/\" >Laboklin Pferd<\/a><\/span><\/div>\n\t<div class=\"entry-excerpt\"><p>Ziel von Hygienema\u00dfnahmen in Tierarztpraxen und -kliniken ist es, die Verbreitung und \u00dcbertragung von Infektionserregern zu verhindern.<\/p>\n<\/div>\n\t\n<a href=\"https:\/\/laboklin.de\/de\/hygienemanagement-in-der-pferdepraxis\/\" class=\"post-details details-type-link\" aria-label=\"Read more about Hygienemanagement in der Pferdepraxis\">Artikel lesen...<i class=\"dt-icon-the7-arrow-03\" aria-hidden=\"true\"><\/i><\/a>\n\n<\/div><\/article><\/div><div class=\"hidden wf-cell category-91\" data-post-id=\"1474437\" data-date=\"2024-05-13T10:26:04+02:00\" data-name=\"Ovarver\u00e4nderungen der Stute: Labordiagnostische M\u00f6glichkeiten zur Abkl\u00e4rung\"><article class=\"post project-odd visible post-1474437 type-post status-publish format-standard has-post-thumbnail hentry category-laboklin-pferd category-91\" data-name=\"Ovarver\u00e4nderungen der Stute: Labordiagnostische M\u00f6glichkeiten zur Abkl\u00e4rung\" data-date=\"2024-05-13T10:26:04+02:00\">\n\n<div class=\"post-thumbnail-wrap\">\n\t<div class=\"post-thumbnail\">\n\t\t\n\t\t\n\t\t<a href=\"https:\/\/laboklin.de\/de\/ovarveraenderungen-der-stute-labordiagnostische-moeglichkeiten-zur-abklaerung\/\" class=\"post-thumbnail-rollover layzr-bg layzr-bg\" ><img decoding=\"async\" class=\"iso-lazy-load preload-me iso-lazy-load aspect\" src=\"data:image\/svg+xml,%3Csvg%20xmlns%3D&#39;http%3A%2F%2Fwww.w3.org%2F2000%2Fsvg&#39;%20viewBox%3D&#39;0%200%20768%20512&#39;%2F%3E\" data-src=\"https:\/\/laboklin.de\/wp-content\/uploads\/2024\/05\/Pferd_mit_Fohlen-768x512.jpg\" data-srcset=\"https:\/\/laboklin.de\/wp-content\/uploads\/2024\/05\/Pferd_mit_Fohlen-768x512.jpg 768w, https:\/\/laboklin.de\/wp-content\/uploads\/2024\/05\/Pferd_mit_Fohlen-1152x768.jpg 1152w\" loading=\"eager\" style=\"--ratio: 768 \/ 512\" sizes=\"(max-width: 768px) 100vw, 768px\" alt=\"\" title=\"Pferd_mit_Fohlen\" width=\"768\" height=\"512\"  \/><span class=\"gallery-zoom-ico icomoon-the7-font-the7-zoom-01\"><span><\/span><\/span><\/a>\t<\/div>\n<\/div>\n\n\n<div class=\"post-entry-content\">\n\n\t<h3 class=\"entry-title\">\n\t\t<a href=\"https:\/\/laboklin.de\/de\/ovarveraenderungen-der-stute-labordiagnostische-moeglichkeiten-zur-abklaerung\/\" title=\"Ovarver\u00e4nderungen der Stute: Labordiagnostische M\u00f6glichkeiten zur Abkl\u00e4rung\" rel=\"bookmark\">Ovarver\u00e4nderungen der Stute: Labordiagnostische M\u00f6glichkeiten zur Abkl\u00e4rung<\/a>\n\t<\/h3>\n\n\t<div class=\"entry-meta\"><span class=\"category-link\"><a href=\"https:\/\/laboklin.de\/de\/category\/laboklin-pferd\/\" >Laboklin Pferd<\/a><\/span><\/div>\n\t<div class=\"entry-excerpt\"><p>Erfahren Sie, wie Verhaltens\u00e4nderungen und Hormonanalysen helfen, den Granulosazelltumor (GZT) bei Stuten fr\u00fchzeitig zu erkennen. | LABOKLIN aktuell &#8211; Pferd<\/p>\n<\/div>\n\t\n<a href=\"https:\/\/laboklin.de\/de\/ovarveraenderungen-der-stute-labordiagnostische-moeglichkeiten-zur-abklaerung\/\" class=\"post-details details-type-link\" aria-label=\"Read more about Ovarver\u00e4nderungen der Stute: Labordiagnostische M\u00f6glichkeiten zur Abkl\u00e4rung\">Artikel lesen...<i class=\"dt-icon-the7-arrow-03\" aria-hidden=\"true\"><\/i><\/a>\n\n<\/div><\/article><\/div><div class=\"hidden wf-cell category-91\" data-post-id=\"1470274\" data-date=\"2024-04-15T12:31:22+02:00\" data-name=\"Hautprobleme Pferd \u2013 hilfreiche Diagnostik aus dem Labor\"><article class=\"post project-odd visible post-1470274 type-post status-publish format-standard has-post-thumbnail hentry category-laboklin-pferd category-91\" data-name=\"Hautprobleme Pferd \u2013 hilfreiche Diagnostik aus dem Labor\" data-date=\"2024-04-15T12:31:22+02:00\">\n\n<div class=\"post-thumbnail-wrap\">\n\t<div class=\"post-thumbnail\">\n\t\t\n\t\t\n\t\t<a href=\"https:\/\/laboklin.de\/de\/hautprobleme-pferd-hilfreiche-diagnostik-aus-dem-labor-2\/\" class=\"post-thumbnail-rollover layzr-bg layzr-bg\" ><img decoding=\"async\" class=\"iso-lazy-load preload-me iso-lazy-load aspect\" src=\"data:image\/svg+xml,%3Csvg%20xmlns%3D&#39;http%3A%2F%2Fwww.w3.org%2F2000%2Fsvg&#39;%20viewBox%3D&#39;0%200%20768%20512&#39;%2F%3E\" data-src=\"https:\/\/laboklin.de\/wp-content\/uploads\/2024\/04\/Pferd_mit_Pemphigus_foliaceus-768x512.jpg\" data-srcset=\"https:\/\/laboklin.de\/wp-content\/uploads\/2024\/04\/Pferd_mit_Pemphigus_foliaceus-768x512.jpg 768w, https:\/\/laboklin.de\/wp-content\/uploads\/2024\/04\/Pferd_mit_Pemphigus_foliaceus-1152x768.jpg 1152w\" loading=\"eager\" style=\"--ratio: 768 \/ 512\" sizes=\"(max-width: 768px) 100vw, 768px\" alt=\"\"  width=\"768\" height=\"512\"  \/><span class=\"gallery-zoom-ico icomoon-the7-font-the7-zoom-01\"><span><\/span><\/span><\/a>\t<\/div>\n<\/div>\n\n\n<div class=\"post-entry-content\">\n\n\t<h3 class=\"entry-title\">\n\t\t<a href=\"https:\/\/laboklin.de\/de\/hautprobleme-pferd-hilfreiche-diagnostik-aus-dem-labor-2\/\" title=\"Hautprobleme Pferd \u2013 hilfreiche Diagnostik aus dem Labor\" rel=\"bookmark\">Hautprobleme Pferd \u2013 hilfreiche Diagnostik aus dem Labor<\/a>\n\t<\/h3>\n\n\t<div class=\"entry-meta\"><span class=\"category-link\"><a href=\"https:\/\/laboklin.de\/de\/category\/laboklin-pferd\/\" >Laboklin Pferd<\/a><\/span><\/div>\n\t<div class=\"entry-excerpt\"><p>Erfahren Sie, wie Sie bei Pferden Hautuntersuchungen durchf\u00fchren: Anamnese, Hautgeschabsel, Trichogramm und Pilzkulturen einfach erkl\u00e4rt.<\/p>\n<\/div>\n\t\n<a href=\"https:\/\/laboklin.de\/de\/hautprobleme-pferd-hilfreiche-diagnostik-aus-dem-labor-2\/\" class=\"post-details details-type-link\" aria-label=\"Read more about Hautprobleme Pferd \u2013 hilfreiche Diagnostik aus dem Labor\">Artikel lesen...<i class=\"dt-icon-the7-arrow-03\" aria-hidden=\"true\"><\/i><\/a>\n\n<\/div><\/article><\/div><div class=\"hidden wf-cell category-91\" data-post-id=\"1459768\" data-date=\"2024-01-25T09:24:13+01:00\" data-name=\"Neues von internationalen Kongressen (2023) zur Pferdemedizin\"><article class=\"post project-odd visible post-1459768 type-post status-publish format-standard has-post-thumbnail hentry category-laboklin-pferd category-91\" data-name=\"Neues von internationalen Kongressen (2023) zur Pferdemedizin\" data-date=\"2024-01-25T09:24:13+01:00\">\n\n<div class=\"post-thumbnail-wrap\">\n\t<div class=\"post-thumbnail\">\n\t\t\n\t\t\n\t\t<a href=\"https:\/\/laboklin.de\/de\/neues-von-internationalen-kongressen-zur-pferdemedizin-2023\/\" class=\"post-thumbnail-rollover layzr-bg layzr-bg\" ><img decoding=\"async\" class=\"iso-lazy-load preload-me iso-lazy-load aspect\" src=\"data:image\/svg+xml,%3Csvg%20xmlns%3D&#39;http%3A%2F%2Fwww.w3.org%2F2000%2Fsvg&#39;%20viewBox%3D&#39;0%200%20669%20446&#39;%2F%3E\" data-src=\"https:\/\/laboklin.de\/wp-content\/uploads\/2024\/01\/Pferde_im_Schnee-669x446.jpg\" data-srcset=\"https:\/\/laboklin.de\/wp-content\/uploads\/2024\/01\/Pferde_im_Schnee-669x446.jpg 669w\" loading=\"eager\" style=\"--ratio: 669 \/ 446\" sizes=\"(max-width: 669px) 100vw, 669px\" alt=\"\"  width=\"669\" height=\"446\"  \/><span class=\"gallery-zoom-ico icomoon-the7-font-the7-zoom-01\"><span><\/span><\/span><\/a>\t<\/div>\n<\/div>\n\n\n<div class=\"post-entry-content\">\n\n\t<h3 class=\"entry-title\">\n\t\t<a href=\"https:\/\/laboklin.de\/de\/neues-von-internationalen-kongressen-zur-pferdemedizin-2023\/\" title=\"Neues von internationalen Kongressen (2023) zur Pferdemedizin\" rel=\"bookmark\">Neues von internationalen Kongressen (2023) zur Pferdemedizin<\/a>\n\t<\/h3>\n\n\t<div class=\"entry-meta\"><span class=\"category-link\"><a href=\"https:\/\/laboklin.de\/de\/category\/laboklin-pferd\/\" >Laboklin Pferd<\/a><\/span><\/div>\n\t<div class=\"entry-excerpt\"><p>Die Autorin griff das Thema chronischer Gewichtsverlust bei adulten Pferden auf und ging hierbei insbesondere auf die \u201einflammatory bowl disease\u201c&hellip;<\/p>\n<\/div>\n\t\n<a href=\"https:\/\/laboklin.de\/de\/neues-von-internationalen-kongressen-zur-pferdemedizin-2023\/\" class=\"post-details details-type-link\" aria-label=\"Read more about Neues von internationalen Kongressen (2023) zur Pferdemedizin\">Artikel lesen...<i class=\"dt-icon-the7-arrow-03\" aria-hidden=\"true\"><\/i><\/a>\n\n<\/div><\/article><\/div><div class=\"hidden wf-cell category-87\" data-post-id=\"1317102\" data-date=\"2022-06-20T09:56:05+02:00\" data-name=\"24. KW\"><article class=\"post project-odd visible post-1317102 type-post status-publish format-standard has-post-thumbnail hentry category-laboklin-fuersiegelesen category-87\" data-name=\"24. KW\" data-date=\"2022-06-20T09:56:05+02:00\">\n\n<div class=\"post-thumbnail-wrap\">\n\t<div class=\"post-thumbnail\">\n\t\t\n\t\t\n\t\t<a href=\"https:\/\/laboklin.de\/de\/fuer-sie-gelesen-24-kw\/\" class=\"post-thumbnail-rollover layzr-bg layzr-bg\" ><img decoding=\"async\" class=\"iso-lazy-load preload-me iso-lazy-load aspect\" src=\"data:image\/svg+xml,%3Csvg%20xmlns%3D&#39;http%3A%2F%2Fwww.w3.org%2F2000%2Fsvg&#39;%20viewBox%3D&#39;0%200%20768%20512&#39;%2F%3E\" data-src=\"https:\/\/laboklin.de\/wp-content\/uploads\/2022\/07\/24_KW_Header_Titel_01H-768x512.jpg\" data-srcset=\"https:\/\/laboklin.de\/wp-content\/uploads\/2022\/07\/24_KW_Header_Titel_01H-768x512.jpg 768w, https:\/\/laboklin.de\/wp-content\/uploads\/2022\/07\/24_KW_Header_Titel_01H-771x514.jpg 771w\" loading=\"eager\" style=\"--ratio: 768 \/ 512\" sizes=\"(max-width: 768px) 100vw, 768px\" alt=\"\" title=\"24_KW_Header_Titel_01H\" width=\"768\" height=\"512\"  \/><span class=\"gallery-zoom-ico icomoon-the7-font-the7-zoom-01\"><span><\/span><\/span><\/a>\t<\/div>\n<\/div>\n\n\n<div class=\"post-entry-content\">\n\n\t<h3 class=\"entry-title\">\n\t\t<a href=\"https:\/\/laboklin.de\/de\/fuer-sie-gelesen-24-kw\/\" title=\"24. KW\" rel=\"bookmark\">24. KW<\/a>\n\t<\/h3>\n\n\t<div class=\"entry-meta\"><span class=\"category-link\"><a href=\"https:\/\/laboklin.de\/de\/category\/laboklin-fuersiegelesen\/\" >LABOKLIN F\u00fcrSieGelesen<\/a><\/span><\/div>\n\t<div class=\"entry-excerpt\"><p>+ Sonnig mit Aussicht auf Infektionen + Die Katze wars + Affenpocken + Der Allesk\u00f6nner + Antibiotika-Resistenzen + Unsere Pferdeaktion&hellip;<\/p>\n<\/div>\n\t\n<a href=\"https:\/\/laboklin.de\/de\/fuer-sie-gelesen-24-kw\/\" class=\"post-details details-type-link\" aria-label=\"Read more about 24. KW\">Artikel lesen...<i class=\"dt-icon-the7-arrow-03\" aria-hidden=\"true\"><\/i><\/a>\n\n<\/div><\/article><\/div><div class=\"hidden wf-cell category-87\" data-post-id=\"1317110\" data-date=\"2022-06-06T11:03:22+02:00\" data-name=\"22. KW\"><article class=\"post project-odd visible post-1317110 type-post status-publish format-standard has-post-thumbnail hentry category-laboklin-fuersiegelesen category-87\" data-name=\"22. KW\" data-date=\"2022-06-06T11:03:22+02:00\">\n\n<div class=\"post-thumbnail-wrap\">\n\t<div class=\"post-thumbnail\">\n\t\t\n\t\t\n\t\t<a href=\"https:\/\/laboklin.de\/de\/fuer-sie-gelesen-22-kw\/\" class=\"post-thumbnail-rollover layzr-bg layzr-bg\" ><img decoding=\"async\" class=\"iso-lazy-load preload-me iso-lazy-load aspect\" src=\"data:image\/svg+xml,%3Csvg%20xmlns%3D&#39;http%3A%2F%2Fwww.w3.org%2F2000%2Fsvg&#39;%20viewBox%3D&#39;0%200%20768%20512&#39;%2F%3E\" data-src=\"https:\/\/laboklin.de\/wp-content\/uploads\/2022\/06\/News_22KW_01HP-768x512.jpg\" data-srcset=\"https:\/\/laboklin.de\/wp-content\/uploads\/2022\/06\/News_22KW_01HP-768x512.jpg 768w, https:\/\/laboklin.de\/wp-content\/uploads\/2022\/06\/News_22KW_01HP-771x514.jpg 771w\" loading=\"eager\" style=\"--ratio: 768 \/ 512\" sizes=\"(max-width: 768px) 100vw, 768px\" alt=\"\" title=\"News_22KW_01HP\" width=\"768\" height=\"512\"  \/><span class=\"gallery-zoom-ico icomoon-the7-font-the7-zoom-01\"><span><\/span><\/span><\/a>\t<\/div>\n<\/div>\n\n\n<div class=\"post-entry-content\">\n\n\t<h3 class=\"entry-title\">\n\t\t<a href=\"https:\/\/laboklin.de\/de\/fuer-sie-gelesen-22-kw\/\" title=\"22. KW\" rel=\"bookmark\">22. KW<\/a>\n\t<\/h3>\n\n\t<div class=\"entry-meta\"><span class=\"category-link\"><a href=\"https:\/\/laboklin.de\/de\/category\/laboklin-fuersiegelesen\/\" >LABOKLIN F\u00fcrSieGelesen<\/a><\/span><\/div>\n\t<div class=\"entry-excerpt\"><p>+ Kinder und die Impfung: neue Empfehlung der St\u00e4ndigen Impfkommission + Immunit\u00e4t per Nasenspray + Affenpocken: Update + \u00dcbungsszenarien f\u00fcr&hellip;<\/p>\n<\/div>\n\t\n<a href=\"https:\/\/laboklin.de\/de\/fuer-sie-gelesen-22-kw\/\" class=\"post-details details-type-link\" aria-label=\"Read more about 22. KW\">Artikel lesen...<i class=\"dt-icon-the7-arrow-03\" aria-hidden=\"true\"><\/i><\/a>\n\n<\/div><\/article><\/div><div class=\"hidden wf-cell category-87\" data-post-id=\"1316390\" data-date=\"2022-05-06T17:25:53+02:00\" data-name=\"18. KW\"><article class=\"post project-odd visible post-1316390 type-post status-publish format-standard has-post-thumbnail hentry category-laboklin-fuersiegelesen category-87\" data-name=\"18. KW\" data-date=\"2022-05-06T17:25:53+02:00\">\n\n<div class=\"post-thumbnail-wrap\">\n\t<div class=\"post-thumbnail\">\n\t\t\n\t\t\n\t\t<a href=\"https:\/\/laboklin.de\/de\/fuer-sie-gelesen-18-kw\/\" class=\"post-thumbnail-rollover layzr-bg layzr-bg\" ><img decoding=\"async\" class=\"iso-lazy-load preload-me iso-lazy-load aspect\" src=\"data:image\/svg+xml,%3Csvg%20xmlns%3D&#39;http%3A%2F%2Fwww.w3.org%2F2000%2Fsvg&#39;%20viewBox%3D&#39;0%200%20768%20512&#39;%2F%3E\" data-src=\"https:\/\/laboklin.de\/wp-content\/uploads\/2022\/05\/18_KW_Header_Titel_01H-768x512.jpg\" data-srcset=\"https:\/\/laboklin.de\/wp-content\/uploads\/2022\/05\/18_KW_Header_Titel_01H-768x512.jpg 768w, https:\/\/laboklin.de\/wp-content\/uploads\/2022\/05\/18_KW_Header_Titel_01H-771x514.jpg 771w\" loading=\"eager\" style=\"--ratio: 768 \/ 512\" sizes=\"(max-width: 768px) 100vw, 768px\" alt=\"\" title=\"18_KW_Header_Titel_01H\" width=\"768\" height=\"512\"  \/><span class=\"gallery-zoom-ico icomoon-the7-font-the7-zoom-01\"><span><\/span><\/span><\/a>\t<\/div>\n<\/div>\n\n\n<div class=\"post-entry-content\">\n\n\t<h3 class=\"entry-title\">\n\t\t<a href=\"https:\/\/laboklin.de\/de\/fuer-sie-gelesen-18-kw\/\" title=\"18. KW\" rel=\"bookmark\">18. KW<\/a>\n\t<\/h3>\n\n\t<div class=\"entry-meta\"><span class=\"category-link\"><a href=\"https:\/\/laboklin.de\/de\/category\/laboklin-fuersiegelesen\/\" >LABOKLIN F\u00fcrSieGelesen<\/a><\/span><\/div>\n\t<div class=\"entry-excerpt\"><p>+ Isolation light + Risikofaktoren: altersabh\u00e4ngig + Impfstoffe \u2013 next generation + Wichtige Info zur Aktion kostenloser Tollwuttiterbestimmungen + Putzige&hellip;<\/p>\n<\/div>\n\t\n<a href=\"https:\/\/laboklin.de\/de\/fuer-sie-gelesen-18-kw\/\" class=\"post-details details-type-link\" aria-label=\"Read more about 18. KW\">Artikel lesen...<i class=\"dt-icon-the7-arrow-03\" aria-hidden=\"true\"><\/i><\/a>\n\n<\/div><\/article><\/div><div class=\"hidden wf-cell category-87\" data-post-id=\"1315886\" data-date=\"2022-04-22T16:32:58+02:00\" data-name=\"16. KW\"><article class=\"post project-odd visible post-1315886 type-post status-publish format-standard has-post-thumbnail hentry category-laboklin-fuersiegelesen category-87\" data-name=\"16. KW\" data-date=\"2022-04-22T16:32:58+02:00\">\n\n<div class=\"post-thumbnail-wrap\">\n\t<div class=\"post-thumbnail\">\n\t\t\n\t\t\n\t\t<a href=\"https:\/\/laboklin.de\/de\/laboklin-fuer-sie-gelesen-16-kw-22\/\" class=\"post-thumbnail-rollover layzr-bg layzr-bg\" ><img decoding=\"async\" class=\"iso-lazy-load preload-me iso-lazy-load aspect\" src=\"data:image\/svg+xml,%3Csvg%20xmlns%3D&#39;http%3A%2F%2Fwww.w3.org%2F2000%2Fsvg&#39;%20viewBox%3D&#39;0%200%20564%20376&#39;%2F%3E\" data-src=\"https:\/\/laboklin.de\/wp-content\/uploads\/2022\/04\/News_16KW_Teaser-564x376.jpg\" data-srcset=\"https:\/\/laboklin.de\/wp-content\/uploads\/2022\/04\/News_16KW_Teaser-564x376.jpg 564w\" loading=\"eager\" style=\"--ratio: 564 \/ 376\" sizes=\"(max-width: 564px) 100vw, 564px\" alt=\"\" title=\"News_16KW_Teaser\" width=\"564\" height=\"376\"  \/><span class=\"gallery-zoom-ico icomoon-the7-font-the7-zoom-01\"><span><\/span><\/span><\/a>\t<\/div>\n<\/div>\n\n\n<div class=\"post-entry-content\">\n\n\t<h3 class=\"entry-title\">\n\t\t<a href=\"https:\/\/laboklin.de\/de\/laboklin-fuer-sie-gelesen-16-kw-22\/\" title=\"16. KW\" rel=\"bookmark\">16. KW<\/a>\n\t<\/h3>\n\n\t<div class=\"entry-meta\"><span class=\"category-link\"><a href=\"https:\/\/laboklin.de\/de\/category\/laboklin-fuersiegelesen\/\" >LABOKLIN F\u00fcrSieGelesen<\/a><\/span><\/div>\n\t<div class=\"entry-excerpt\"><p>+ Die Langzeitfolgen + Ein Hauch von Covid + Tiere und SARS-CoV-2: Impfen oder nicht impfen? + Alpha-Chloralose: Vorsicht, Vergiftungsgefahr&hellip;<\/p>\n<\/div>\n\t\n<a href=\"https:\/\/laboklin.de\/de\/laboklin-fuer-sie-gelesen-16-kw-22\/\" class=\"post-details details-type-link\" aria-label=\"Read more about 16. KW\">Artikel lesen...<i class=\"dt-icon-the7-arrow-03\" aria-hidden=\"true\"><\/i><\/a>\n\n<\/div><\/article><\/div><div class=\"hidden wf-cell category-87\" data-post-id=\"1315517\" data-date=\"2022-04-01T16:17:22+02:00\" data-name=\"13. KW\"><article class=\"post project-odd visible post-1315517 type-post status-publish format-standard has-post-thumbnail hentry category-laboklin-fuersiegelesen category-87\" data-name=\"13. KW\" data-date=\"2022-04-01T16:17:22+02:00\">\n\n<div class=\"post-thumbnail-wrap\">\n\t<div class=\"post-thumbnail\">\n\t\t\n\t\t\n\t\t<a href=\"https:\/\/laboklin.de\/de\/fuer-sie-gelesen-13-kw\/\" class=\"post-thumbnail-rollover layzr-bg layzr-bg\" ><img decoding=\"async\" class=\"iso-lazy-load preload-me iso-lazy-load aspect\" src=\"data:image\/svg+xml,%3Csvg%20xmlns%3D&#39;http%3A%2F%2Fwww.w3.org%2F2000%2Fsvg&#39;%20viewBox%3D&#39;0%200%20768%20512&#39;%2F%3E\" data-src=\"https:\/\/laboklin.de\/wp-content\/uploads\/2022\/04\/13_KW_Header_Titel_01H-768x512.jpg\" data-srcset=\"https:\/\/laboklin.de\/wp-content\/uploads\/2022\/04\/13_KW_Header_Titel_01H-768x512.jpg 768w, https:\/\/laboklin.de\/wp-content\/uploads\/2022\/04\/13_KW_Header_Titel_01H-771x514.jpg 771w\" loading=\"eager\" style=\"--ratio: 768 \/ 512\" sizes=\"(max-width: 768px) 100vw, 768px\" alt=\"\" title=\"13_KW_Header_Titel_01H\" width=\"768\" height=\"512\"  \/><span class=\"gallery-zoom-ico icomoon-the7-font-the7-zoom-01\"><span><\/span><\/span><\/a>\t<\/div>\n<\/div>\n\n\n<div class=\"post-entry-content\">\n\n\t<h3 class=\"entry-title\">\n\t\t<a href=\"https:\/\/laboklin.de\/de\/fuer-sie-gelesen-13-kw\/\" title=\"13. KW\" rel=\"bookmark\">13. KW<\/a>\n\t<\/h3>\n\n\t<div class=\"entry-meta\"><span class=\"category-link\"><a href=\"https:\/\/laboklin.de\/de\/category\/laboklin-fuersiegelesen\/\" >LABOKLIN F\u00fcrSieGelesen<\/a><\/span><\/div>\n\t<div class=\"entry-excerpt\"><p>+ Schnelltests: Kritik an PEI-Studie + SARS-CoV-2, Ivermectin und der Zwergfadenwurm + 4. Dosis f\u00fcr alle! (\u00dcber 60-J\u00e4hrigen.) Vielleicht. +&hellip;<\/p>\n<\/div>\n\t\n<a href=\"https:\/\/laboklin.de\/de\/fuer-sie-gelesen-13-kw\/\" class=\"post-details details-type-link\" aria-label=\"Read more about 13. KW\">Artikel lesen...<i class=\"dt-icon-the7-arrow-03\" aria-hidden=\"true\"><\/i><\/a>\n\n<\/div><\/article><\/div><div class=\"hidden wf-cell category-87\" data-post-id=\"1315247\" data-date=\"2022-03-18T17:40:49+01:00\" data-name=\"11. KW\"><article class=\"post project-odd visible post-1315247 type-post status-publish format-standard has-post-thumbnail hentry category-laboklin-fuersiegelesen category-87\" data-name=\"11. KW\" data-date=\"2022-03-18T17:40:49+01:00\">\n\n<div class=\"post-thumbnail-wrap\">\n\t<div class=\"post-thumbnail\">\n\t\t\n\t\t\n\t\t<a href=\"https:\/\/laboklin.de\/de\/fuer-sie-gelesen-11-kw\/\" class=\"post-thumbnail-rollover layzr-bg layzr-bg\" ><img decoding=\"async\" class=\"iso-lazy-load preload-me iso-lazy-load aspect\" src=\"data:image\/svg+xml,%3Csvg%20xmlns%3D&#39;http%3A%2F%2Fwww.w3.org%2F2000%2Fsvg&#39;%20viewBox%3D&#39;0%200%20768%20512&#39;%2F%3E\" data-src=\"https:\/\/laboklin.de\/wp-content\/uploads\/2022\/03\/11_KW_Header_Titel_01H-768x512.jpg\" data-srcset=\"https:\/\/laboklin.de\/wp-content\/uploads\/2022\/03\/11_KW_Header_Titel_01H-768x512.jpg 768w, https:\/\/laboklin.de\/wp-content\/uploads\/2022\/03\/11_KW_Header_Titel_01H-771x514.jpg 771w\" loading=\"eager\" style=\"--ratio: 768 \/ 512\" sizes=\"(max-width: 768px) 100vw, 768px\" alt=\"\" title=\"11_KW_Header_Titel_01H\" width=\"768\" height=\"512\"  \/><span class=\"gallery-zoom-ico icomoon-the7-font-the7-zoom-01\"><span><\/span><\/span><\/a>\t<\/div>\n<\/div>\n\n\n<div class=\"post-entry-content\">\n\n\t<h3 class=\"entry-title\">\n\t\t<a href=\"https:\/\/laboklin.de\/de\/fuer-sie-gelesen-11-kw\/\" title=\"11. KW\" rel=\"bookmark\">11. KW<\/a>\n\t<\/h3>\n\n\t<div class=\"entry-meta\"><span class=\"category-link\"><a href=\"https:\/\/laboklin.de\/de\/category\/laboklin-fuersiegelesen\/\" >LABOKLIN F\u00fcrSieGelesen<\/a><\/span><\/div>\n\t<div class=\"entry-excerpt\"><p>+ Schwere Erkrankung oder nur ein Schnupfen? Langwierig oder kurz? + Oh deer\u2026 Update SARS-CoV-2 und Rotwild + Ukraine-Krieg \u2013&hellip;<\/p>\n<\/div>\n\t\n<a href=\"https:\/\/laboklin.de\/de\/fuer-sie-gelesen-11-kw\/\" class=\"post-details details-type-link\" aria-label=\"Read more about 11. KW\">Artikel lesen...<i class=\"dt-icon-the7-arrow-03\" aria-hidden=\"true\"><\/i><\/a>\n\n<\/div><\/article><\/div><div class=\"hidden wf-cell category-87\" data-post-id=\"1314979\" data-date=\"2022-03-04T17:22:39+01:00\" data-name=\"09. KW\"><article class=\"post project-odd visible post-1314979 type-post status-publish format-standard has-post-thumbnail hentry category-laboklin-fuersiegelesen category-87\" data-name=\"09. KW\" data-date=\"2022-03-04T17:22:39+01:00\">\n\n<div class=\"post-thumbnail-wrap\">\n\t<div class=\"post-thumbnail\">\n\t\t\n\t\t\n\t\t<a href=\"https:\/\/laboklin.de\/de\/fuer-sie-gelesen-09-kw\/\" class=\"post-thumbnail-rollover layzr-bg layzr-bg\" ><img decoding=\"async\" class=\"iso-lazy-load preload-me iso-lazy-load aspect\" src=\"data:image\/svg+xml,%3Csvg%20xmlns%3D&#39;http%3A%2F%2Fwww.w3.org%2F2000%2Fsvg&#39;%20viewBox%3D&#39;0%200%20768%20512&#39;%2F%3E\" data-src=\"https:\/\/laboklin.de\/wp-content\/uploads\/2022\/03\/09_KW_Header_Titel_01H-768x512.jpg\" data-srcset=\"https:\/\/laboklin.de\/wp-content\/uploads\/2022\/03\/09_KW_Header_Titel_01H-768x512.jpg 768w, https:\/\/laboklin.de\/wp-content\/uploads\/2022\/03\/09_KW_Header_Titel_01H-771x514.jpg 771w\" loading=\"eager\" style=\"--ratio: 768 \/ 512\" sizes=\"(max-width: 768px) 100vw, 768px\" alt=\"\" title=\"09_KW_Header_Titel_01H\" width=\"768\" height=\"512\"  \/><span class=\"gallery-zoom-ico icomoon-the7-font-the7-zoom-01\"><span><\/span><\/span><\/a>\t<\/div>\n<\/div>\n\n\n<div class=\"post-entry-content\">\n\n\t<h3 class=\"entry-title\">\n\t\t<a href=\"https:\/\/laboklin.de\/de\/fuer-sie-gelesen-09-kw\/\" title=\"09. KW\" rel=\"bookmark\">09. KW<\/a>\n\t<\/h3>\n\n\t<div class=\"entry-meta\"><span class=\"category-link\"><a href=\"https:\/\/laboklin.de\/de\/category\/laboklin-fuersiegelesen\/\" >LABOKLIN F\u00fcrSieGelesen<\/a><\/span><\/div>\n\t<div class=\"entry-excerpt\"><p>+ Woher kommst Du? + Booster gegen Omikron: Kein Vorteil durch angepassten Impfstoff + Der Omikron-Faktor + Vor\u00fcbergehend erleichterte Einreisebedingungen&hellip;<\/p>\n<\/div>\n\t\n<a href=\"https:\/\/laboklin.de\/de\/fuer-sie-gelesen-09-kw\/\" class=\"post-details details-type-link\" aria-label=\"Read more about 09. KW\">Artikel lesen...<i class=\"dt-icon-the7-arrow-03\" aria-hidden=\"true\"><\/i><\/a>\n\n<\/div><\/article><\/div><div class=\"hidden wf-cell category-87\" data-post-id=\"1314759\" data-date=\"2022-02-18T17:35:21+01:00\" data-name=\"07. KW\"><article class=\"post project-odd visible post-1314759 type-post status-publish format-standard has-post-thumbnail hentry category-laboklin-fuersiegelesen category-87\" data-name=\"07. KW\" data-date=\"2022-02-18T17:35:21+01:00\">\n\n<div class=\"post-thumbnail-wrap\">\n\t<div class=\"post-thumbnail\">\n\t\t\n\t\t\n\t\t<a href=\"https:\/\/laboklin.de\/de\/fuer-sie-gelesen-07-kw\/\" class=\"post-thumbnail-rollover layzr-bg layzr-bg\" ><img decoding=\"async\" class=\"iso-lazy-load preload-me iso-lazy-load aspect\" src=\"data:image\/svg+xml,%3Csvg%20xmlns%3D&#39;http%3A%2F%2Fwww.w3.org%2F2000%2Fsvg&#39;%20viewBox%3D&#39;0%200%20768%20512&#39;%2F%3E\" data-src=\"https:\/\/laboklin.de\/wp-content\/uploads\/2022\/02\/07_KW_Header_Titel-768x512.jpg\" data-srcset=\"https:\/\/laboklin.de\/wp-content\/uploads\/2022\/02\/07_KW_Header_Titel-768x512.jpg 768w, https:\/\/laboklin.de\/wp-content\/uploads\/2022\/02\/07_KW_Header_Titel-771x514.jpg 771w\" loading=\"eager\" style=\"--ratio: 768 \/ 512\" sizes=\"(max-width: 768px) 100vw, 768px\" alt=\"\" title=\"07_KW_Header_Titel\" width=\"768\" height=\"512\"  \/><span class=\"gallery-zoom-ico icomoon-the7-font-the7-zoom-01\"><span><\/span><\/span><\/a>\t<\/div>\n<\/div>\n\n\n<div class=\"post-entry-content\">\n\n\t<h3 class=\"entry-title\">\n\t\t<a href=\"https:\/\/laboklin.de\/de\/fuer-sie-gelesen-07-kw\/\" title=\"07. KW\" rel=\"bookmark\">07. KW<\/a>\n\t<\/h3>\n\n\t<div class=\"entry-meta\"><span class=\"category-link\"><a href=\"https:\/\/laboklin.de\/de\/category\/laboklin-fuersiegelesen\/\" >LABOKLIN F\u00fcrSieGelesen<\/a><\/span><\/div>\n\t<div class=\"entry-excerpt\"><p>+ Erweiterung der Impfstoffpalette + German Freedom + Im Blindflug durch die Pandemie + Sprachtalent Hund + Umgang mit Antibiotika:&hellip;<\/p>\n<\/div>\n\t\n<a href=\"https:\/\/laboklin.de\/de\/fuer-sie-gelesen-07-kw\/\" class=\"post-details details-type-link\" aria-label=\"Read more about 07. KW\">Artikel lesen...<i class=\"dt-icon-the7-arrow-03\" aria-hidden=\"true\"><\/i><\/a>\n\n<\/div><\/article><\/div><div class=\"hidden wf-cell category-87\" data-post-id=\"1314107\" data-date=\"2022-01-28T15:53:09+01:00\" data-name=\"04. KW\"><article class=\"post project-odd visible post-1314107 type-post status-publish format-standard has-post-thumbnail hentry category-laboklin-fuersiegelesen category-87\" data-name=\"04. KW\" data-date=\"2022-01-28T15:53:09+01:00\">\n\n<div class=\"post-thumbnail-wrap\">\n\t<div class=\"post-thumbnail\">\n\t\t\n\t\t\n\t\t<a href=\"https:\/\/laboklin.de\/de\/fuer-sie-gelesen-04-kw\/\" class=\"post-thumbnail-rollover layzr-bg layzr-bg\" ><img decoding=\"async\" class=\"iso-lazy-load preload-me iso-lazy-load aspect\" src=\"data:image\/svg+xml,%3Csvg%20xmlns%3D&#39;http%3A%2F%2Fwww.w3.org%2F2000%2Fsvg&#39;%20viewBox%3D&#39;0%200%20768%20512&#39;%2F%3E\" data-src=\"https:\/\/laboklin.de\/wp-content\/uploads\/2022\/01\/04_KW_Header_Titel_01H-768x512.jpg\" data-srcset=\"https:\/\/laboklin.de\/wp-content\/uploads\/2022\/01\/04_KW_Header_Titel_01H-768x512.jpg 768w, https:\/\/laboklin.de\/wp-content\/uploads\/2022\/01\/04_KW_Header_Titel_01H-771x514.jpg 771w\" loading=\"eager\" style=\"--ratio: 768 \/ 512\" sizes=\"(max-width: 768px) 100vw, 768px\" alt=\"\" title=\"04_KW_Header_Titel_01H\" width=\"768\" height=\"512\"  \/><span class=\"gallery-zoom-ico icomoon-the7-font-the7-zoom-01\"><span><\/span><\/span><\/a>\t<\/div>\n<\/div>\n\n\n<div class=\"post-entry-content\">\n\n\t<h3 class=\"entry-title\">\n\t\t<a href=\"https:\/\/laboklin.de\/de\/fuer-sie-gelesen-04-kw\/\" title=\"04. KW\" rel=\"bookmark\">04. KW<\/a>\n\t<\/h3>\n\n\t<div class=\"entry-meta\"><span class=\"category-link\"><a href=\"https:\/\/laboklin.de\/de\/category\/laboklin-fuersiegelesen\/\" >LABOKLIN F\u00fcrSieGelesen<\/a><\/span><\/div>\n\t<div class=\"entry-excerpt\"><p>+ Coronama\u00dfnahmen: Was gilt? + SARS-CoV-2, Hamster und die \u00dcberreaktion + RHD: Neue Varianten + Gelegenheit zum Blick \u00fcber den&hellip;<\/p>\n<\/div>\n\t\n<a href=\"https:\/\/laboklin.de\/de\/fuer-sie-gelesen-04-kw\/\" class=\"post-details details-type-link\" aria-label=\"Read more about 04. KW\">Artikel lesen...<i class=\"dt-icon-the7-arrow-03\" aria-hidden=\"true\"><\/i><\/a>\n\n<\/div><\/article><\/div><div class=\"hidden wf-cell category-87\" data-post-id=\"1313755\" data-date=\"2022-01-14T16:56:52+01:00\" data-name=\"02. KW\"><article class=\"post project-odd visible post-1313755 type-post status-publish format-standard has-post-thumbnail hentry category-laboklin-fuersiegelesen category-87\" data-name=\"02. KW\" data-date=\"2022-01-14T16:56:52+01:00\">\n\n<div class=\"post-thumbnail-wrap\">\n\t<div class=\"post-thumbnail\">\n\t\t\n\t\t\n\t\t<a href=\"https:\/\/laboklin.de\/de\/fuer-sie-gelesen-02-kw\/\" class=\"post-thumbnail-rollover layzr-bg layzr-bg\" ><img decoding=\"async\" class=\"iso-lazy-load preload-me iso-lazy-load aspect\" src=\"data:image\/svg+xml,%3Csvg%20xmlns%3D&#39;http%3A%2F%2Fwww.w3.org%2F2000%2Fsvg&#39;%20viewBox%3D&#39;0%200%20768%20512&#39;%2F%3E\" data-src=\"https:\/\/laboklin.de\/wp-content\/uploads\/2022\/01\/02.KW2022_News-768x512.jpg\" data-srcset=\"https:\/\/laboklin.de\/wp-content\/uploads\/2022\/01\/02.KW2022_News-768x512.jpg 768w, https:\/\/laboklin.de\/wp-content\/uploads\/2022\/01\/02.KW2022_News-771x514.jpg 771w\" loading=\"eager\" style=\"--ratio: 768 \/ 512\" sizes=\"(max-width: 768px) 100vw, 768px\" alt=\"\" title=\"02.KW2022_News\" width=\"768\" height=\"512\"  \/><span class=\"gallery-zoom-ico icomoon-the7-font-the7-zoom-01\"><span><\/span><\/span><\/a>\t<\/div>\n<\/div>\n\n\n<div class=\"post-entry-content\">\n\n\t<h3 class=\"entry-title\">\n\t\t<a href=\"https:\/\/laboklin.de\/de\/fuer-sie-gelesen-02-kw\/\" title=\"02. KW\" rel=\"bookmark\">02. KW<\/a>\n\t<\/h3>\n\n\t<div class=\"entry-meta\"><span class=\"category-link\"><a href=\"https:\/\/laboklin.de\/de\/category\/laboklin-fuersiegelesen\/\" >LABOKLIN F\u00fcrSieGelesen<\/a><\/span><\/div>\n\t<div class=\"entry-excerpt\"><p>+ Impfende Tier\u00e4rzte + Erwischt \u2013 was tun? + Impfpflicht: Ja, nein, wann, wie? + Was ist die Perspektive? +&hellip;<\/p>\n<\/div>\n\t\n<a href=\"https:\/\/laboklin.de\/de\/fuer-sie-gelesen-02-kw\/\" class=\"post-details details-type-link\" aria-label=\"Read more about 02. KW\">Artikel lesen...<i class=\"dt-icon-the7-arrow-03\" aria-hidden=\"true\"><\/i><\/a>\n\n<\/div><\/article><\/div><div class=\"hidden wf-cell category-87\" data-post-id=\"1313487\" data-date=\"2021-12-27T16:33:44+01:00\" data-name=\"52. KW\"><article class=\"post project-odd visible post-1313487 type-post status-publish format-standard has-post-thumbnail hentry category-laboklin-fuersiegelesen category-87\" data-name=\"52. KW\" data-date=\"2021-12-27T16:33:44+01:00\">\n\n<div class=\"post-thumbnail-wrap\">\n\t<div class=\"post-thumbnail\">\n\t\t\n\t\t\n\t\t<a href=\"https:\/\/laboklin.de\/de\/fuer-sie-gelesen-52-kw\/\" class=\"post-thumbnail-rollover layzr-bg layzr-bg\" ><img decoding=\"async\" class=\"iso-lazy-load preload-me iso-lazy-load aspect\" src=\"data:image\/svg+xml,%3Csvg%20xmlns%3D&#39;http%3A%2F%2Fwww.w3.org%2F2000%2Fsvg&#39;%20viewBox%3D&#39;0%200%20768%20512&#39;%2F%3E\" data-src=\"https:\/\/laboklin.de\/wp-content\/uploads\/2022\/01\/52.KW2021_News-768x512.jpg\" data-srcset=\"https:\/\/laboklin.de\/wp-content\/uploads\/2022\/01\/52.KW2021_News-768x512.jpg 768w, https:\/\/laboklin.de\/wp-content\/uploads\/2022\/01\/52.KW2021_News-771x514.jpg 771w\" loading=\"eager\" style=\"--ratio: 768 \/ 512\" sizes=\"(max-width: 768px) 100vw, 768px\" alt=\"\" title=\"52.KW2021_News\" width=\"768\" height=\"512\"  \/><span class=\"gallery-zoom-ico icomoon-the7-font-the7-zoom-01\"><span><\/span><\/span><\/a>\t<\/div>\n<\/div>\n\n\n<div class=\"post-entry-content\">\n\n\t<h3 class=\"entry-title\">\n\t\t<a href=\"https:\/\/laboklin.de\/de\/fuer-sie-gelesen-52-kw\/\" title=\"52. KW\" rel=\"bookmark\">52. KW<\/a>\n\t<\/h3>\n\n\t<div class=\"entry-meta\"><span class=\"category-link\"><a href=\"https:\/\/laboklin.de\/de\/category\/laboklin-fuersiegelesen\/\" >LABOKLIN F\u00fcrSieGelesen<\/a><\/span><\/div>\n\t<div class=\"entry-excerpt\"><p>+ Neue Medikamente gegen COVID-19 + Neuer Impfstoff + Erfolgsgeschichte: Orale Tollwutimpfung von Hunden in Namibia + Hoffnungstr\u00e4ger gegen das&hellip;<\/p>\n<\/div>\n\t\n<a href=\"https:\/\/laboklin.de\/de\/fuer-sie-gelesen-52-kw\/\" class=\"post-details details-type-link\" aria-label=\"Read more about 52. KW\">Artikel lesen...<i class=\"dt-icon-the7-arrow-03\" aria-hidden=\"true\"><\/i><\/a>\n\n<\/div><\/article><\/div><div class=\"hidden wf-cell category-87\" data-post-id=\"1313408\" data-date=\"2021-12-12T10:19:59+01:00\" data-name=\"49. KW\"><article class=\"post project-odd visible post-1313408 type-post status-publish format-standard has-post-thumbnail hentry category-laboklin-fuersiegelesen category-87\" data-name=\"49. KW\" data-date=\"2021-12-12T10:19:59+01:00\">\n\n<div class=\"post-thumbnail-wrap\">\n\t<div class=\"post-thumbnail\">\n\t\t\n\t\t\n\t\t<a href=\"https:\/\/laboklin.de\/de\/fuer-sie-gelesen-49-kw\/\" class=\"post-thumbnail-rollover layzr-bg layzr-bg\" ><img decoding=\"async\" class=\"iso-lazy-load preload-me iso-lazy-load aspect\" src=\"data:image\/svg+xml,%3Csvg%20xmlns%3D&#39;http%3A%2F%2Fwww.w3.org%2F2000%2Fsvg&#39;%20viewBox%3D&#39;0%200%20768%20512&#39;%2F%3E\" data-src=\"https:\/\/laboklin.de\/wp-content\/uploads\/2022\/01\/49.KW2021_News-768x512.jpg\" data-srcset=\"https:\/\/laboklin.de\/wp-content\/uploads\/2022\/01\/49.KW2021_News-768x512.jpg 768w, https:\/\/laboklin.de\/wp-content\/uploads\/2022\/01\/49.KW2021_News-771x514.jpg 771w\" loading=\"eager\" style=\"--ratio: 768 \/ 512\" sizes=\"(max-width: 768px) 100vw, 768px\" alt=\"\" title=\"49.KW2021_News\" width=\"768\" height=\"512\"  \/><span class=\"gallery-zoom-ico icomoon-the7-font-the7-zoom-01\"><span><\/span><\/span><\/a>\t<\/div>\n<\/div>\n\n\n<div class=\"post-entry-content\">\n\n\t<h3 class=\"entry-title\">\n\t\t<a href=\"https:\/\/laboklin.de\/de\/fuer-sie-gelesen-49-kw\/\" title=\"49. KW\" rel=\"bookmark\">49. KW<\/a>\n\t<\/h3>\n\n\t<div class=\"entry-meta\"><span class=\"category-link\"><a href=\"https:\/\/laboklin.de\/de\/category\/laboklin-fuersiegelesen\/\" >LABOKLIN F\u00fcrSieGelesen<\/a><\/span><\/div>\n\t<div class=\"entry-excerpt\"><p>+ Omikron: Wer bist Du? + Das ist neu\u2026 SARS-CoV-2 bei Flusspferden + Oh deer II\u2026 Update SARS-CoV-2 und Rotwild&hellip;<\/p>\n<\/div>\n\t\n<a href=\"https:\/\/laboklin.de\/de\/fuer-sie-gelesen-49-kw\/\" class=\"post-details details-type-link\" aria-label=\"Read more about 49. KW\">Artikel lesen...<i class=\"dt-icon-the7-arrow-03\" aria-hidden=\"true\"><\/i><\/a>\n\n<\/div><\/article><\/div><div class=\"hidden wf-cell category-87\" data-post-id=\"1312887\" data-date=\"2021-11-26T15:59:52+01:00\" data-name=\"47. KW\"><article class=\"post project-odd visible post-1312887 type-post status-publish format-standard has-post-thumbnail hentry category-laboklin-fuersiegelesen category-87\" data-name=\"47. KW\" data-date=\"2021-11-26T15:59:52+01:00\">\n\n<div class=\"post-thumbnail-wrap\">\n\t<div class=\"post-thumbnail\">\n\t\t\n\t\t\n\t\t<a href=\"https:\/\/laboklin.de\/de\/47-kw\/\" class=\"post-thumbnail-rollover layzr-bg layzr-bg\" ><img decoding=\"async\" class=\"iso-lazy-load preload-me iso-lazy-load aspect\" src=\"data:image\/svg+xml,%3Csvg%20xmlns%3D&#39;http%3A%2F%2Fwww.w3.org%2F2000%2Fsvg&#39;%20viewBox%3D&#39;0%200%20768%20512&#39;%2F%3E\" data-src=\"https:\/\/laboklin.de\/wp-content\/uploads\/2021\/11\/47.KW2021_header-768x512.jpg\" data-srcset=\"https:\/\/laboklin.de\/wp-content\/uploads\/2021\/11\/47.KW2021_header-768x512.jpg 768w, https:\/\/laboklin.de\/wp-content\/uploads\/2021\/11\/47.KW2021_header-771x514.jpg 771w\" loading=\"eager\" style=\"--ratio: 768 \/ 512\" sizes=\"(max-width: 768px) 100vw, 768px\" alt=\"\" title=\"47.KW2021_header\" width=\"768\" height=\"512\"  \/><span class=\"gallery-zoom-ico icomoon-the7-font-the7-zoom-01\"><span><\/span><\/span><\/a>\t<\/div>\n<\/div>\n\n\n<div class=\"post-entry-content\">\n\n\t<h3 class=\"entry-title\">\n\t\t<a href=\"https:\/\/laboklin.de\/de\/47-kw\/\" title=\"47. KW\" rel=\"bookmark\">47. KW<\/a>\n\t<\/h3>\n\n\t<div class=\"entry-meta\"><span class=\"category-link\"><a href=\"https:\/\/laboklin.de\/de\/category\/laboklin-fuersiegelesen\/\" >LABOKLIN F\u00fcrSieGelesen<\/a><\/span><\/div>\n\t<div class=\"entry-excerpt\"><p>+ Ma\u00dfnahmen: Was geht? + Schnelltests + SARS-CoV-2-Infektionen bei Haustieren. + Update Afrikanische Schweinepest + Update Gefl\u00fcgelpest + Impftiterkontrolle Katze&hellip;<\/p>\n<\/div>\n\t\n<a href=\"https:\/\/laboklin.de\/de\/47-kw\/\" class=\"post-details details-type-link\" aria-label=\"Read more about 47. KW\">Artikel lesen...<i class=\"dt-icon-the7-arrow-03\" aria-hidden=\"true\"><\/i><\/a>\n\n<\/div><\/article><\/div><div class=\"hidden wf-cell category-87\" data-post-id=\"1312212\" data-date=\"2021-11-12T15:06:47+01:00\" data-name=\"45. KW\"><article class=\"post project-odd visible post-1312212 type-post status-publish format-standard has-post-thumbnail hentry category-laboklin-fuersiegelesen category-87\" data-name=\"45. KW\" data-date=\"2021-11-12T15:06:47+01:00\">\n\n<div class=\"post-thumbnail-wrap\">\n\t<div class=\"post-thumbnail\">\n\t\t\n\t\t\n\t\t<a href=\"https:\/\/laboklin.de\/de\/45-kw\/\" class=\"post-thumbnail-rollover layzr-bg layzr-bg\" ><img decoding=\"async\" class=\"iso-lazy-load preload-me iso-lazy-load aspect\" src=\"data:image\/svg+xml,%3Csvg%20xmlns%3D&#39;http%3A%2F%2Fwww.w3.org%2F2000%2Fsvg&#39;%20viewBox%3D&#39;0%200%20768%20512&#39;%2F%3E\" data-src=\"https:\/\/laboklin.de\/wp-content\/uploads\/2021\/11\/newsletter-homepage-2000-650px-768x512.jpg\" data-srcset=\"https:\/\/laboklin.de\/wp-content\/uploads\/2021\/11\/newsletter-homepage-2000-650px-768x512.jpg 768w, https:\/\/laboklin.de\/wp-content\/uploads\/2021\/11\/newsletter-homepage-2000-650px-974x649.jpg 974w\" loading=\"eager\" style=\"--ratio: 768 \/ 512\" sizes=\"(max-width: 768px) 100vw, 768px\" alt=\"\" title=\"newsletter-homepage-2000-650px\" width=\"768\" height=\"512\"  \/><span class=\"gallery-zoom-ico icomoon-the7-font-the7-zoom-01\"><span><\/span><\/span><\/a>\t<\/div>\n<\/div>\n\n\n<div class=\"post-entry-content\">\n\n\t<h3 class=\"entry-title\">\n\t\t<a href=\"https:\/\/laboklin.de\/de\/45-kw\/\" title=\"45. KW\" rel=\"bookmark\">45. KW<\/a>\n\t<\/h3>\n\n\t<div class=\"entry-meta\"><span class=\"category-link\"><a href=\"https:\/\/laboklin.de\/de\/category\/laboklin-fuersiegelesen\/\" >LABOKLIN F\u00fcrSieGelesen<\/a><\/span><\/div>\n\t<div class=\"entry-excerpt\"><p>+ Fahrplan durch den Winter + COVID-Therapie: Hoffnung auf gleich 2 potentielle Gamechanger + Antibiotikaresistenzen: Hurra! Ach nee, doch nicht.&hellip;<\/p>\n<\/div>\n\t\n<a href=\"https:\/\/laboklin.de\/de\/45-kw\/\" class=\"post-details details-type-link\" aria-label=\"Read more about 45. KW\">Artikel lesen...<i class=\"dt-icon-the7-arrow-03\" aria-hidden=\"true\"><\/i><\/a>\n\n<\/div><\/article><\/div><div class=\"hidden wf-cell category-87\" data-post-id=\"1311847\" data-date=\"2021-10-29T17:48:10+02:00\" data-name=\"43. KW\"><article class=\"post project-odd visible post-1311847 type-post status-publish format-standard has-post-thumbnail hentry category-laboklin-fuersiegelesen category-87\" data-name=\"43. KW\" data-date=\"2021-10-29T17:48:10+02:00\">\n\n<div class=\"post-thumbnail-wrap\">\n\t<div class=\"post-thumbnail\">\n\t\t\n\t\t\n\t\t<a href=\"https:\/\/laboklin.de\/de\/fuer-sie-gelesen-43-kw-2021\/\" class=\"post-thumbnail-rollover layzr-bg layzr-bg\" ><img decoding=\"async\" class=\"iso-lazy-load preload-me iso-lazy-load aspect\" src=\"data:image\/svg+xml,%3Csvg%20xmlns%3D&#39;http%3A%2F%2Fwww.w3.org%2F2000%2Fsvg&#39;%20viewBox%3D&#39;0%200%20768%20512&#39;%2F%3E\" data-src=\"https:\/\/laboklin.de\/wp-content\/uploads\/2021\/11\/Header_43_2021KW-768x512.jpg\" data-srcset=\"https:\/\/laboklin.de\/wp-content\/uploads\/2021\/11\/Header_43_2021KW-768x512.jpg 768w, https:\/\/laboklin.de\/wp-content\/uploads\/2021\/11\/Header_43_2021KW-974x649.jpg 974w\" loading=\"eager\" style=\"--ratio: 768 \/ 512\" sizes=\"(max-width: 768px) 100vw, 768px\" alt=\"\" title=\"Header_43_2021KW\" width=\"768\" height=\"512\"  \/><span class=\"gallery-zoom-ico icomoon-the7-font-the7-zoom-01\"><span><\/span><\/span><\/a>\t<\/div>\n<\/div>\n\n\n<div class=\"post-entry-content\">\n\n\t<h3 class=\"entry-title\">\n\t\t<a href=\"https:\/\/laboklin.de\/de\/fuer-sie-gelesen-43-kw-2021\/\" title=\"43. KW\" rel=\"bookmark\">43. KW<\/a>\n\t<\/h3>\n\n\t<div class=\"entry-meta\"><span class=\"category-link\"><a href=\"https:\/\/laboklin.de\/de\/category\/laboklin-fuersiegelesen\/\" >LABOKLIN F\u00fcrSieGelesen<\/a><\/span><\/div>\n\t<div class=\"entry-excerpt\"><p>+ Pille in Sicht + Corona-Impfstoffe: das h\u00e4ufige Missverst\u00e4ndnis um die Langzeitfolgen + Das Ende der Lyme-Borreliose (vielleicht) + Qualzucht-Evidenz&hellip;<\/p>\n<\/div>\n\t\n<a href=\"https:\/\/laboklin.de\/de\/fuer-sie-gelesen-43-kw-2021\/\" class=\"post-details details-type-link\" aria-label=\"Read more about 43. KW\">Artikel lesen...<i class=\"dt-icon-the7-arrow-03\" aria-hidden=\"true\"><\/i><\/a>\n\n<\/div><\/article><\/div><div class=\"hidden wf-cell category-67\" data-post-id=\"1311591\" data-date=\"2021-10-22T14:10:36+02:00\" data-name=\"Nachruf Dr. Flasshoff\"><article class=\"post project-odd visible post-1311591 type-post status-publish format-standard has-post-thumbnail hentry category-news category-67\" data-name=\"Nachruf Dr. Flasshoff\" data-date=\"2021-10-22T14:10:36+02:00\">\n\n<div class=\"post-thumbnail-wrap\">\n\t<div class=\"post-thumbnail\">\n\t\t\n\t\t\n\t\t<a href=\"https:\/\/laboklin.de\/de\/nachruf-dr-flasshoff\/\" class=\"post-thumbnail-rollover layzr-bg layzr-bg\" ><img decoding=\"async\" class=\"iso-lazy-load preload-me iso-lazy-load aspect\" src=\"data:image\/svg+xml,%3Csvg%20xmlns%3D&#39;http%3A%2F%2Fwww.w3.org%2F2000%2Fsvg&#39;%20viewBox%3D&#39;0%200%20768%20512&#39;%2F%3E\" data-src=\"https:\/\/laboklin.de\/wp-content\/uploads\/2021\/10\/as-the-sun-sets-out-shines-through-the-leaves-of-a-2021-09-01-03-23-23-utc-scaled-768x512.jpg\" data-srcset=\"https:\/\/laboklin.de\/wp-content\/uploads\/2021\/10\/as-the-sun-sets-out-shines-through-the-leaves-of-a-2021-09-01-03-23-23-utc-scaled-768x512.jpg 768w, https:\/\/laboklin.de\/wp-content\/uploads\/2021\/10\/as-the-sun-sets-out-shines-through-the-leaves-of-a-2021-09-01-03-23-23-utc-scaled-1152x768.jpg 1152w\" loading=\"eager\" style=\"--ratio: 768 \/ 512\" sizes=\"(max-width: 768px) 100vw, 768px\" alt=\"\" title=\"as-the-sun-sets-out-shines-through-the-leaves-of-a-2021-09-01-03-23-23-utc\" width=\"768\" height=\"512\"  \/><span class=\"gallery-zoom-ico icomoon-the7-font-the7-zoom-01\"><span><\/span><\/span><\/a>\t<\/div>\n<\/div>\n\n\n<div class=\"post-entry-content\">\n\n\t<h3 class=\"entry-title\">\n\t\t<a href=\"https:\/\/laboklin.de\/de\/nachruf-dr-flasshoff\/\" title=\"Nachruf Dr. Flasshoff\" rel=\"bookmark\">Nachruf Dr. Flasshoff<\/a>\n\t<\/h3>\n\n\t<div class=\"entry-meta\"><span class=\"category-link\"><a href=\"https:\/\/laboklin.de\/de\/category\/news\/\" >NEWS<\/a><\/span><\/div>\n\t<div class=\"entry-excerpt\"><p>+ Gute Nachrichten: Da ist er, der Herdenschutz! + Update II: Corona und unsere Haustiere + Ferkelkastration unter Isoflurannarkose: neues&hellip;<\/p>\n<\/div>\n\t\n<a href=\"https:\/\/laboklin.de\/de\/nachruf-dr-flasshoff\/\" class=\"post-details details-type-link\" aria-label=\"Read more about Nachruf Dr. Flasshoff\">Artikel lesen...<i class=\"dt-icon-the7-arrow-03\" aria-hidden=\"true\"><\/i><\/a>\n\n<\/div><\/article><\/div><div class=\"hidden wf-cell category-87\" data-post-id=\"1311504\" data-date=\"2021-10-20T11:57:13+02:00\" data-name=\"41. KW\"><article class=\"post project-odd visible post-1311504 type-post status-publish format-standard has-post-thumbnail hentry category-laboklin-fuersiegelesen category-87\" data-name=\"41. KW\" data-date=\"2021-10-20T11:57:13+02:00\">\n\n<div class=\"post-thumbnail-wrap\">\n\t<div class=\"post-thumbnail\">\n\t\t\n\t\t\n\t\t<a href=\"https:\/\/laboklin.de\/de\/41-kw\/\" class=\"post-thumbnail-rollover layzr-bg layzr-bg\" ><img decoding=\"async\" class=\"iso-lazy-load preload-me iso-lazy-load aspect\" src=\"data:image\/svg+xml,%3Csvg%20xmlns%3D&#39;http%3A%2F%2Fwww.w3.org%2F2000%2Fsvg&#39;%20viewBox%3D&#39;0%200%20768%20512&#39;%2F%3E\" data-src=\"https:\/\/laboklin.de\/wp-content\/uploads\/2021\/10\/newsletter-kw-41-titel-2-768x512.jpg\" data-srcset=\"https:\/\/laboklin.de\/wp-content\/uploads\/2021\/10\/newsletter-kw-41-titel-2-768x512.jpg 768w, https:\/\/laboklin.de\/wp-content\/uploads\/2021\/10\/newsletter-kw-41-titel-2-974x649.jpg 974w\" loading=\"eager\" style=\"--ratio: 768 \/ 512\" sizes=\"(max-width: 768px) 100vw, 768px\" alt=\"\" title=\"newsletter-kw-41-titel\" width=\"768\" height=\"512\"  \/><span class=\"gallery-zoom-ico icomoon-the7-font-the7-zoom-01\"><span><\/span><\/span><\/a>\t<\/div>\n<\/div>\n\n\n<div class=\"post-entry-content\">\n\n\t<h3 class=\"entry-title\">\n\t\t<a href=\"https:\/\/laboklin.de\/de\/41-kw\/\" title=\"41. KW\" rel=\"bookmark\">41. KW<\/a>\n\t<\/h3>\n\n\t<div class=\"entry-meta\"><span class=\"category-link\"><a href=\"https:\/\/laboklin.de\/de\/category\/laboklin-fuersiegelesen\/\" >LABOKLIN F\u00fcrSieGelesen<\/a><\/span><\/div>\n\t<div class=\"entry-excerpt\"><p>+ Gute Nachrichten: Da ist er, der Herdenschutz! + Update II: Corona und unsere Haustiere + Ferkelkastration unter Isoflurannarkose: neues&hellip;<\/p>\n<\/div>\n\t\n<a href=\"https:\/\/laboklin.de\/de\/41-kw\/\" class=\"post-details details-type-link\" aria-label=\"Read more about 41. KW\">Artikel lesen...<i class=\"dt-icon-the7-arrow-03\" aria-hidden=\"true\"><\/i><\/a>\n\n<\/div><\/article><\/div><div class=\"hidden wf-cell category-87\" data-post-id=\"1310968\" data-date=\"2021-10-06T11:40:39+02:00\" data-name=\"39. KW\"><article class=\"post project-odd visible post-1310968 type-post status-publish format-standard has-post-thumbnail hentry category-laboklin-fuersiegelesen category-87\" data-name=\"39. KW\" data-date=\"2021-10-06T11:40:39+02:00\">\n\n<div class=\"post-thumbnail-wrap\">\n\t<div class=\"post-thumbnail\">\n\t\t\n\t\t\n\t\t<a href=\"https:\/\/laboklin.de\/de\/39-kw\/\" class=\"post-thumbnail-rollover layzr-bg layzr-bg\" ><img decoding=\"async\" class=\"iso-lazy-load preload-me iso-lazy-load aspect\" src=\"data:image\/svg+xml,%3Csvg%20xmlns%3D&#39;http%3A%2F%2Fwww.w3.org%2F2000%2Fsvg&#39;%20viewBox%3D&#39;0%200%20768%20512&#39;%2F%3E\" data-src=\"https:\/\/laboklin.de\/wp-content\/uploads\/2021\/10\/newsletter-kw-39-titel-768x512.jpg\" data-srcset=\"https:\/\/laboklin.de\/wp-content\/uploads\/2021\/10\/newsletter-kw-39-titel-768x512.jpg 768w, https:\/\/laboklin.de\/wp-content\/uploads\/2021\/10\/newsletter-kw-39-titel-974x649.jpg 974w\" loading=\"eager\" style=\"--ratio: 768 \/ 512\" sizes=\"(max-width: 768px) 100vw, 768px\" alt=\"\" title=\"newsletter-kw-39-titel\" width=\"768\" height=\"512\"  \/><span class=\"gallery-zoom-ico icomoon-the7-font-the7-zoom-01\"><span><\/span><\/span><\/a>\t<\/div>\n<\/div>\n\n\n<div class=\"post-entry-content\">\n\n\t<h3 class=\"entry-title\">\n\t\t<a href=\"https:\/\/laboklin.de\/de\/39-kw\/\" title=\"39. KW\" rel=\"bookmark\">39. KW<\/a>\n\t<\/h3>\n\n\t<div class=\"entry-meta\"><span class=\"category-link\"><a href=\"https:\/\/laboklin.de\/de\/category\/laboklin-fuersiegelesen\/\" >LABOKLIN F\u00fcrSieGelesen<\/a><\/span><\/div>\n\t<div class=\"entry-excerpt\"><p>+ Die Suche nach dem Ursprung + Update: Corona und unsere Haustiere + Impfdurchbr\u00fcche: Wer, wie oft, warum? + Update&hellip;<\/p>\n<\/div>\n\t\n<a href=\"https:\/\/laboklin.de\/de\/39-kw\/\" class=\"post-details details-type-link\" aria-label=\"Read more about 39. KW\">Artikel lesen...<i class=\"dt-icon-the7-arrow-03\" aria-hidden=\"true\"><\/i><\/a>\n\n<\/div><\/article><\/div><div class=\"hidden wf-cell category-87\" data-post-id=\"1310804\" data-date=\"2021-09-10T15:45:48+02:00\" data-name=\"36. KW\"><article class=\"post project-odd visible post-1310804 type-post status-publish format-standard has-post-thumbnail hentry category-laboklin-fuersiegelesen category-87\" data-name=\"36. KW\" data-date=\"2021-09-10T15:45:48+02:00\">\n\n<div class=\"post-thumbnail-wrap\">\n\t<div class=\"post-thumbnail\">\n\t\t\n\t\t\n\t\t<a href=\"https:\/\/laboklin.de\/de\/fuer-sie-gelesen-36-kw\/\" class=\"post-thumbnail-rollover layzr-bg layzr-bg\" ><img decoding=\"async\" class=\"iso-lazy-load preload-me iso-lazy-load aspect\" src=\"data:image\/svg+xml,%3Csvg%20xmlns%3D&#39;http%3A%2F%2Fwww.w3.org%2F2000%2Fsvg&#39;%20viewBox%3D&#39;0%200%20768%20512&#39;%2F%3E\" data-src=\"https:\/\/laboklin.de\/wp-content\/uploads\/2021\/09\/36.KW_titel-768x512.jpg\" data-srcset=\"https:\/\/laboklin.de\/wp-content\/uploads\/2021\/09\/36.KW_titel-768x512.jpg 768w, https:\/\/laboklin.de\/wp-content\/uploads\/2021\/09\/36.KW_titel-771x514.jpg 771w\" loading=\"eager\" style=\"--ratio: 768 \/ 512\" sizes=\"(max-width: 768px) 100vw, 768px\" alt=\"\" title=\"36.KW_titel\" width=\"768\" height=\"512\"  \/><span class=\"gallery-zoom-ico icomoon-the7-font-the7-zoom-01\"><span><\/span><\/span><\/a>\t<\/div>\n<\/div>\n\n\n<div class=\"post-entry-content\">\n\n\t<h3 class=\"entry-title\">\n\t\t<a href=\"https:\/\/laboklin.de\/de\/fuer-sie-gelesen-36-kw\/\" title=\"36. KW\" rel=\"bookmark\">36. KW<\/a>\n\t<\/h3>\n\n\t<div class=\"entry-meta\"><span class=\"category-link\"><a href=\"https:\/\/laboklin.de\/de\/category\/laboklin-fuersiegelesen\/\" >LABOKLIN F\u00fcrSieGelesen<\/a><\/span><\/div>\n\t<div class=\"entry-excerpt\"><p>+ Sag, wie h\u00e4ltst Du\u00b4s mit der Impfung? + Update Corona-Sp\u00fcrhunde + Hessen: Inzidenz Geimpft vs. Inzidenz Ungeimpft + Oh&hellip;<\/p>\n<\/div>\n\t\n<a href=\"https:\/\/laboklin.de\/de\/fuer-sie-gelesen-36-kw\/\" class=\"post-details details-type-link\" aria-label=\"Read more about 36. KW\">Artikel lesen...<i class=\"dt-icon-the7-arrow-03\" aria-hidden=\"true\"><\/i><\/a>\n\n<\/div><\/article><\/div><div class=\"hidden wf-cell category-87\" data-post-id=\"1310398\" data-date=\"2021-08-27T13:14:19+02:00\" data-name=\"34. KW\"><article class=\"post project-odd visible post-1310398 type-post status-publish format-standard has-post-thumbnail hentry category-laboklin-fuersiegelesen category-87\" data-name=\"34. KW\" data-date=\"2021-08-27T13:14:19+02:00\">\n\n<div class=\"post-thumbnail-wrap\">\n\t<div class=\"post-thumbnail\">\n\t\t\n\t\t\n\t\t<a href=\"https:\/\/laboklin.de\/de\/fuer-sie-gelesen-34-kw\/\" class=\"post-thumbnail-rollover layzr-bg layzr-bg\" ><img decoding=\"async\" class=\"iso-lazy-load preload-me iso-lazy-load aspect\" src=\"data:image\/svg+xml,%3Csvg%20xmlns%3D&#39;http%3A%2F%2Fwww.w3.org%2F2000%2Fsvg&#39;%20viewBox%3D&#39;0%200%20768%20512&#39;%2F%3E\" data-src=\"https:\/\/laboklin.de\/wp-content\/uploads\/2021\/09\/34.KW_titel-768x512.jpg\" data-srcset=\"https:\/\/laboklin.de\/wp-content\/uploads\/2021\/09\/34.KW_titel-768x512.jpg 768w, https:\/\/laboklin.de\/wp-content\/uploads\/2021\/09\/34.KW_titel-974x649.jpg 974w\" loading=\"eager\" style=\"--ratio: 768 \/ 512\" sizes=\"(max-width: 768px) 100vw, 768px\" alt=\"\" title=\"34.KW_titel\" width=\"768\" height=\"512\"  \/><span class=\"gallery-zoom-ico icomoon-the7-font-the7-zoom-01\"><span><\/span><\/span><\/a>\t<\/div>\n<\/div>\n\n\n<div class=\"post-entry-content\">\n\n\t<h3 class=\"entry-title\">\n\t\t<a href=\"https:\/\/laboklin.de\/de\/fuer-sie-gelesen-34-kw\/\" title=\"34. KW\" rel=\"bookmark\">34. KW<\/a>\n\t<\/h3>\n\n\t<div class=\"entry-meta\"><span class=\"category-link\"><a href=\"https:\/\/laboklin.de\/de\/category\/laboklin-fuersiegelesen\/\" >LABOKLIN F\u00fcrSieGelesen<\/a><\/span><\/div>\n\t<div class=\"entry-excerpt\"><p>+ Das D\u00e4mmern des Postinzidenz-Zeitalters + Update Therapie\/Impfungen + SARS-CoV-1-Genesene und die Kreuzimmunit\u00e4t + Faule Katzen, undankbare Hunde + Die&hellip;<\/p>\n<\/div>\n\t\n<a href=\"https:\/\/laboklin.de\/de\/fuer-sie-gelesen-34-kw\/\" class=\"post-details details-type-link\" aria-label=\"Read more about 34. KW\">Artikel lesen...<i class=\"dt-icon-the7-arrow-03\" aria-hidden=\"true\"><\/i><\/a>\n\n<\/div><\/article><\/div><div class=\"hidden wf-cell category-87\" data-post-id=\"1309900\" data-date=\"2021-08-13T17:48:05+02:00\" data-name=\"32. KW\"><article class=\"post project-odd visible post-1309900 type-post status-publish format-standard has-post-thumbnail hentry category-laboklin-fuersiegelesen category-87\" data-name=\"32. KW\" data-date=\"2021-08-13T17:48:05+02:00\">\n\n<div class=\"post-thumbnail-wrap\">\n\t<div class=\"post-thumbnail\">\n\t\t\n\t\t\n\t\t<a href=\"https:\/\/laboklin.de\/de\/laboklin-fuer-sie-gelesen-32-kw\/\" class=\"post-thumbnail-rollover layzr-bg layzr-bg\" ><img decoding=\"async\" class=\"iso-lazy-load preload-me iso-lazy-load aspect\" src=\"data:image\/svg+xml,%3Csvg%20xmlns%3D&#39;http%3A%2F%2Fwww.w3.org%2F2000%2Fsvg&#39;%20viewBox%3D&#39;0%200%20768%20512&#39;%2F%3E\" data-src=\"https:\/\/laboklin.de\/wp-content\/uploads\/2021\/08\/32.KW_FSG_news-768x512.jpg\" data-srcset=\"https:\/\/laboklin.de\/wp-content\/uploads\/2021\/08\/32.KW_FSG_news-768x512.jpg 768w, https:\/\/laboklin.de\/wp-content\/uploads\/2021\/08\/32.KW_FSG_news-974x649.jpg 974w\" loading=\"eager\" style=\"--ratio: 768 \/ 512\" sizes=\"(max-width: 768px) 100vw, 768px\" alt=\"\" title=\"32.KW_FSG_news\" width=\"768\" height=\"512\"  \/><span class=\"gallery-zoom-ico icomoon-the7-font-the7-zoom-01\"><span><\/span><\/span><\/a>\t<\/div>\n<\/div>\n\n\n<div class=\"post-entry-content\">\n\n\t<h3 class=\"entry-title\">\n\t\t<a href=\"https:\/\/laboklin.de\/de\/laboklin-fuer-sie-gelesen-32-kw\/\" title=\"32. KW\" rel=\"bookmark\">32. KW<\/a>\n\t<\/h3>\n\n\t<div class=\"entry-meta\"><span class=\"category-link\"><a href=\"https:\/\/laboklin.de\/de\/category\/laboklin-fuersiegelesen\/\" >LABOKLIN F\u00fcrSieGelesen<\/a><\/span><\/div>\n\t<div class=\"entry-excerpt\"><p>+ Nutztierhaltung: Rinder (hoch) Schweine (runter) + Vogelsterben in Pennsylvania + Unterschriftenaktion des bpt gegen weitreichendes EU-Antibiotikaverbot + Neue Hoffnung&hellip;<\/p>\n<\/div>\n\t\n<a href=\"https:\/\/laboklin.de\/de\/laboklin-fuer-sie-gelesen-32-kw\/\" class=\"post-details details-type-link\" aria-label=\"Read more about 32. KW\">Artikel lesen...<i class=\"dt-icon-the7-arrow-03\" aria-hidden=\"true\"><\/i><\/a>\n\n<\/div><\/article><\/div><div class=\"hidden wf-cell category-87\" data-post-id=\"1309784\" data-date=\"2021-07-30T15:52:06+02:00\" data-name=\"30. KW\"><article class=\"post project-odd visible post-1309784 type-post status-publish format-standard has-post-thumbnail hentry category-laboklin-fuersiegelesen category-87\" data-name=\"30. KW\" data-date=\"2021-07-30T15:52:06+02:00\">\n\n<div class=\"post-thumbnail-wrap\">\n\t<div class=\"post-thumbnail\">\n\t\t\n\t\t\n\t\t<a href=\"https:\/\/laboklin.de\/de\/laboklin-fuer-sie-gelesen-30-kw\/\" class=\"post-thumbnail-rollover layzr-bg layzr-bg\" ><img decoding=\"async\" class=\"iso-lazy-load preload-me iso-lazy-load aspect\" src=\"data:image\/svg+xml,%3Csvg%20xmlns%3D&#39;http%3A%2F%2Fwww.w3.org%2F2000%2Fsvg&#39;%20viewBox%3D&#39;0%200%20768%20512&#39;%2F%3E\" data-src=\"https:\/\/laboklin.de\/wp-content\/uploads\/2021\/08\/30.KW_FSG_news-768x512.jpg\" data-srcset=\"https:\/\/laboklin.de\/wp-content\/uploads\/2021\/08\/30.KW_FSG_news-768x512.jpg 768w, https:\/\/laboklin.de\/wp-content\/uploads\/2021\/08\/30.KW_FSG_news-974x649.jpg 974w\" loading=\"eager\" style=\"--ratio: 768 \/ 512\" sizes=\"(max-width: 768px) 100vw, 768px\" alt=\"\" title=\"30.KW_FSG_news\" width=\"768\" height=\"512\"  \/><span class=\"gallery-zoom-ico icomoon-the7-font-the7-zoom-01\"><span><\/span><\/span><\/a>\t<\/div>\n<\/div>\n\n\n<div class=\"post-entry-content\">\n\n\t<h3 class=\"entry-title\">\n\t\t<a href=\"https:\/\/laboklin.de\/de\/laboklin-fuer-sie-gelesen-30-kw\/\" title=\"30. KW\" rel=\"bookmark\">30. KW<\/a>\n\t<\/h3>\n\n\t<div class=\"entry-meta\"><span class=\"category-link\"><a href=\"https:\/\/laboklin.de\/de\/category\/laboklin-fuersiegelesen\/\" >LABOKLIN F\u00fcrSieGelesen<\/a><\/span><\/div>\n\t<div class=\"entry-excerpt\"><p>+ Update Afrikanische Schweinepest + In-vitro-Suche nach Reservoiren + Therapie aus der Tiermedizin? + Immer wieder diese Bilder + Evakuierung&hellip;<\/p>\n<\/div>\n\t\n<a href=\"https:\/\/laboklin.de\/de\/laboklin-fuer-sie-gelesen-30-kw\/\" class=\"post-details details-type-link\" aria-label=\"Read more about 30. KW\">Artikel lesen...<i class=\"dt-icon-the7-arrow-03\" aria-hidden=\"true\"><\/i><\/a>\n\n<\/div><\/article><\/div><div class=\"hidden wf-cell category-87\" data-post-id=\"1309378\" data-date=\"2021-07-16T08:30:54+02:00\" data-name=\"28. KW\"><article class=\"post project-odd visible post-1309378 type-post status-publish format-standard has-post-thumbnail hentry category-laboklin-fuersiegelesen category-87\" data-name=\"28. KW\" data-date=\"2021-07-16T08:30:54+02:00\">\n\n<div class=\"post-thumbnail-wrap\">\n\t<div class=\"post-thumbnail\">\n\t\t\n\t\t\n\t\t<a href=\"https:\/\/laboklin.de\/de\/laboklin-fuer-sie-gelesen-28-kw\/\" class=\"post-thumbnail-rollover layzr-bg layzr-bg\" ><img decoding=\"async\" class=\"iso-lazy-load preload-me iso-lazy-load aspect\" src=\"data:image\/svg+xml,%3Csvg%20xmlns%3D&#39;http%3A%2F%2Fwww.w3.org%2F2000%2Fsvg&#39;%20viewBox%3D&#39;0%200%20768%20512&#39;%2F%3E\" data-src=\"https:\/\/laboklin.de\/wp-content\/uploads\/2021\/07\/28.KW_FSG_news-768x512.jpg\" data-srcset=\"https:\/\/laboklin.de\/wp-content\/uploads\/2021\/07\/28.KW_FSG_news-768x512.jpg 768w, https:\/\/laboklin.de\/wp-content\/uploads\/2021\/07\/28.KW_FSG_news-974x649.jpg 974w\" loading=\"eager\" style=\"--ratio: 768 \/ 512\" sizes=\"(max-width: 768px) 100vw, 768px\" alt=\"\" title=\"28.KW_FSG_news\" width=\"768\" height=\"512\"  \/><span class=\"gallery-zoom-ico icomoon-the7-font-the7-zoom-01\"><span><\/span><\/span><\/a>\t<\/div>\n<\/div>\n\n\n<div class=\"post-entry-content\">\n\n\t<h3 class=\"entry-title\">\n\t\t<a href=\"https:\/\/laboklin.de\/de\/laboklin-fuer-sie-gelesen-28-kw\/\" title=\"28. KW\" rel=\"bookmark\">28. KW<\/a>\n\t<\/h3>\n\n\t<div class=\"entry-meta\"><span class=\"category-link\"><a href=\"https:\/\/laboklin.de\/de\/category\/laboklin-fuersiegelesen\/\" >LABOKLIN F\u00fcrSieGelesen<\/a><\/span><\/div>\n\t<div class=\"entry-excerpt\"><p>+ Therapie der Zukunft? + Impfstoff von Novavax: Sieht gut aus + Antibiotikaresistenzen: Rohes Risiko + Fittere Phagen + K\u00e4fighaltung:&hellip;<\/p>\n<\/div>\n\t\n<a href=\"https:\/\/laboklin.de\/de\/laboklin-fuer-sie-gelesen-28-kw\/\" class=\"post-details details-type-link\" aria-label=\"Read more about 28. KW\">Artikel lesen...<i class=\"dt-icon-the7-arrow-03\" aria-hidden=\"true\"><\/i><\/a>\n\n<\/div><\/article><\/div><div class=\"hidden wf-cell category-87\" data-post-id=\"1309373\" data-date=\"2021-07-02T08:08:33+02:00\" data-name=\"26. KW\"><article class=\"post project-odd visible post-1309373 type-post status-publish format-standard has-post-thumbnail hentry category-laboklin-fuersiegelesen category-87\" data-name=\"26. KW\" data-date=\"2021-07-02T08:08:33+02:00\">\n\n<div class=\"post-thumbnail-wrap\">\n\t<div class=\"post-thumbnail\">\n\t\t\n\t\t\n\t\t<a href=\"https:\/\/laboklin.de\/de\/fuer-sie-gelesen-26-kw\/\" class=\"post-thumbnail-rollover layzr-bg layzr-bg\" ><img decoding=\"async\" class=\"iso-lazy-load preload-me iso-lazy-load aspect\" src=\"data:image\/svg+xml,%3Csvg%20xmlns%3D&#39;http%3A%2F%2Fwww.w3.org%2F2000%2Fsvg&#39;%20viewBox%3D&#39;0%200%20768%20512&#39;%2F%3E\" data-src=\"https:\/\/laboklin.de\/wp-content\/uploads\/2021\/07\/26.KW_FSG_news-768x512.jpg\" data-srcset=\"https:\/\/laboklin.de\/wp-content\/uploads\/2021\/07\/26.KW_FSG_news-768x512.jpg 768w, https:\/\/laboklin.de\/wp-content\/uploads\/2021\/07\/26.KW_FSG_news-974x649.jpg 974w\" loading=\"eager\" style=\"--ratio: 768 \/ 512\" sizes=\"(max-width: 768px) 100vw, 768px\" alt=\"\" title=\"26.KW_FSG_news\" width=\"768\" height=\"512\"  \/><span class=\"gallery-zoom-ico icomoon-the7-font-the7-zoom-01\"><span><\/span><\/span><\/a>\t<\/div>\n<\/div>\n\n\n<div class=\"post-entry-content\">\n\n\t<h3 class=\"entry-title\">\n\t\t<a href=\"https:\/\/laboklin.de\/de\/fuer-sie-gelesen-26-kw\/\" title=\"26. KW\" rel=\"bookmark\">26. KW<\/a>\n\t<\/h3>\n\n\t<div class=\"entry-meta\"><span class=\"category-link\"><a href=\"https:\/\/laboklin.de\/de\/category\/laboklin-fuersiegelesen\/\" >LABOKLIN F\u00fcrSieGelesen<\/a><\/span><\/div>\n\t<div class=\"entry-excerpt\"><p>+ Richtig reisen + FLI sucht Studienteilnehmer + Kampf gegen illegalen Welpenhandel: Kleiner Etappensieg + Rechtssprechung: Hund vs Wolf +&hellip;<\/p>\n<\/div>\n\t\n<a href=\"https:\/\/laboklin.de\/de\/fuer-sie-gelesen-26-kw\/\" class=\"post-details details-type-link\" aria-label=\"Read more about 26. KW\">Artikel lesen...<i class=\"dt-icon-the7-arrow-03\" aria-hidden=\"true\"><\/i><\/a>\n\n<\/div><\/article><\/div><div class=\"hidden wf-cell category-87\" data-post-id=\"1309125\" data-date=\"2021-06-18T17:59:35+02:00\" data-name=\"24. KW\"><article class=\"post project-odd visible post-1309125 type-post status-publish format-standard has-post-thumbnail hentry category-laboklin-fuersiegelesen category-87\" data-name=\"24. KW\" data-date=\"2021-06-18T17:59:35+02:00\">\n\n<div class=\"post-thumbnail-wrap\">\n\t<div class=\"post-thumbnail\">\n\t\t\n\t\t\n\t\t<a href=\"https:\/\/laboklin.de\/de\/laboklin-fuer-sie-gelesen-24-kw\/\" class=\"post-thumbnail-rollover layzr-bg layzr-bg\" ><img decoding=\"async\" class=\"iso-lazy-load preload-me iso-lazy-load aspect\" src=\"data:image\/svg+xml,%3Csvg%20xmlns%3D&#39;http%3A%2F%2Fwww.w3.org%2F2000%2Fsvg&#39;%20viewBox%3D&#39;0%200%20768%20512&#39;%2F%3E\" data-src=\"https:\/\/laboklin.de\/wp-content\/uploads\/2021\/06\/24.KW_titelWS-768x512.jpg\" data-srcset=\"https:\/\/laboklin.de\/wp-content\/uploads\/2021\/06\/24.KW_titelWS-768x512.jpg 768w, https:\/\/laboklin.de\/wp-content\/uploads\/2021\/06\/24.KW_titelWS-974x649.jpg 974w\" loading=\"eager\" style=\"--ratio: 768 \/ 512\" sizes=\"(max-width: 768px) 100vw, 768px\" alt=\"\" title=\"24.KW_titelWS\" width=\"768\" height=\"512\"  \/><span class=\"gallery-zoom-ico icomoon-the7-font-the7-zoom-01\"><span><\/span><\/span><\/a>\t<\/div>\n<\/div>\n\n\n<div class=\"post-entry-content\">\n\n\t<h3 class=\"entry-title\">\n\t\t<a href=\"https:\/\/laboklin.de\/de\/laboklin-fuer-sie-gelesen-24-kw\/\" title=\"24. KW\" rel=\"bookmark\">24. KW<\/a>\n\t<\/h3>\n\n\t<div class=\"entry-meta\"><span class=\"category-link\"><a href=\"https:\/\/laboklin.de\/de\/category\/laboklin-fuersiegelesen\/\" >LABOKLIN F\u00fcrSieGelesen<\/a><\/span><\/div>\n\t<div class=\"entry-excerpt\"><p>+ Curevac: Wieso dauert das denn so lange? + Impfpass, digital + Corona und Nerze: Update + Herausforderung Klimawandel: Hitzestress&hellip;<\/p>\n<\/div>\n\t\n<a href=\"https:\/\/laboklin.de\/de\/laboklin-fuer-sie-gelesen-24-kw\/\" class=\"post-details details-type-link\" aria-label=\"Read more about 24. KW\">Artikel lesen...<i class=\"dt-icon-the7-arrow-03\" aria-hidden=\"true\"><\/i><\/a>\n\n<\/div><\/article><\/div><div class=\"hidden wf-cell category-87\" data-post-id=\"1308941\" data-date=\"2021-06-05T16:02:42+02:00\" data-name=\"22. KW\"><article class=\"post project-odd visible post-1308941 type-post status-publish format-standard has-post-thumbnail hentry category-laboklin-fuersiegelesen category-87\" data-name=\"22. KW\" data-date=\"2021-06-05T16:02:42+02:00\">\n\n<div class=\"post-thumbnail-wrap\">\n\t<div class=\"post-thumbnail\">\n\t\t\n\t\t\n\t\t<a href=\"https:\/\/laboklin.de\/de\/laboklin-fuer-sie-gelesen-22-kw\/\" class=\"post-thumbnail-rollover layzr-bg layzr-bg\" ><img decoding=\"async\" class=\"iso-lazy-load preload-me iso-lazy-load aspect\" src=\"data:image\/svg+xml,%3Csvg%20xmlns%3D&#39;http%3A%2F%2Fwww.w3.org%2F2000%2Fsvg&#39;%20viewBox%3D&#39;0%200%20768%20512&#39;%2F%3E\" data-src=\"https:\/\/laboklin.de\/wp-content\/uploads\/2021\/06\/22.KW_titelWS-768x512.jpg\" data-srcset=\"https:\/\/laboklin.de\/wp-content\/uploads\/2021\/06\/22.KW_titelWS-768x512.jpg 768w, https:\/\/laboklin.de\/wp-content\/uploads\/2021\/06\/22.KW_titelWS-974x649.jpg 974w\" loading=\"eager\" style=\"--ratio: 768 \/ 512\" sizes=\"(max-width: 768px) 100vw, 768px\" alt=\"\" title=\"22.KW_titelWS\" width=\"768\" height=\"512\"  \/><span class=\"gallery-zoom-ico icomoon-the7-font-the7-zoom-01\"><span><\/span><\/span><\/a>\t<\/div>\n<\/div>\n\n\n<div class=\"post-entry-content\">\n\n\t<h3 class=\"entry-title\">\n\t\t<a href=\"https:\/\/laboklin.de\/de\/laboklin-fuer-sie-gelesen-22-kw\/\" title=\"22. KW\" rel=\"bookmark\">22. KW<\/a>\n\t<\/h3>\n\n\t<div class=\"entry-meta\"><span class=\"category-link\"><a href=\"https:\/\/laboklin.de\/de\/category\/laboklin-fuersiegelesen\/\" >LABOKLIN F\u00fcrSieGelesen<\/a><\/span><\/div>\n\t<div class=\"entry-excerpt\"><p>+ Woher kommst Du? + Woher kommt ihr? + Gesundheit umfassend denken + Das Ende des K\u00fckent\u00f6tens + Shanghai-Ranking: Bronzemedaille&hellip;<\/p>\n<\/div>\n\t\n<a href=\"https:\/\/laboklin.de\/de\/laboklin-fuer-sie-gelesen-22-kw\/\" class=\"post-details details-type-link\" aria-label=\"Read more about 22. KW\">Artikel lesen...<i class=\"dt-icon-the7-arrow-03\" aria-hidden=\"true\"><\/i><\/a>\n\n<\/div><\/article><\/div><div class=\"hidden wf-cell category-87\" data-post-id=\"1308673\" data-date=\"2021-05-07T07:32:21+02:00\" data-name=\"18. KW\"><article class=\"post project-odd visible post-1308673 type-post status-publish format-standard has-post-thumbnail hentry category-laboklin-fuersiegelesen category-87\" data-name=\"18. KW\" data-date=\"2021-05-07T07:32:21+02:00\">\n\n<div class=\"post-thumbnail-wrap\">\n\t<div class=\"post-thumbnail\">\n\t\t\n\t\t\n\t\t<a href=\"https:\/\/laboklin.de\/de\/laboklin-fuer-sie-gelesen-18-kw\/\" class=\"post-thumbnail-rollover layzr-bg layzr-bg\" ><img decoding=\"async\" class=\"iso-lazy-load preload-me iso-lazy-load aspect\" src=\"data:image\/svg+xml,%3Csvg%20xmlns%3D&#39;http%3A%2F%2Fwww.w3.org%2F2000%2Fsvg&#39;%20viewBox%3D&#39;0%200%20768%20512&#39;%2F%3E\" data-src=\"https:\/\/laboklin.de\/wp-content\/uploads\/2021\/05\/18.KW_titel02-768x512.jpg\" data-srcset=\"https:\/\/laboklin.de\/wp-content\/uploads\/2021\/05\/18.KW_titel02-768x512.jpg 768w, https:\/\/laboklin.de\/wp-content\/uploads\/2021\/05\/18.KW_titel02-974x649.jpg 974w\" loading=\"eager\" style=\"--ratio: 768 \/ 512\" sizes=\"(max-width: 768px) 100vw, 768px\" alt=\"\" title=\"18.KW_titel02\" width=\"768\" height=\"512\"  \/><span class=\"gallery-zoom-ico icomoon-the7-font-the7-zoom-01\"><span><\/span><\/span><\/a>\t<\/div>\n<\/div>\n\n\n<div class=\"post-entry-content\">\n\n\t<h3 class=\"entry-title\">\n\t\t<a href=\"https:\/\/laboklin.de\/de\/laboklin-fuer-sie-gelesen-18-kw\/\" title=\"18. KW\" rel=\"bookmark\">18. KW<\/a>\n\t<\/h3>\n\n\t<div class=\"entry-meta\"><span class=\"category-link\"><a href=\"https:\/\/laboklin.de\/de\/category\/laboklin-fuersiegelesen\/\" >LABOKLIN F\u00fcrSieGelesen<\/a><\/span><\/div>\n\t<div class=\"entry-excerpt\"><p>+ Schwere Verl\u00e4ufe: Krankheit sticht Alter + Lockerungs\u00fcbungen + Der Preis des Tierwohls + Heut gibt\u2019s Wurm + bpt-INTENSIV Kleintier&hellip;<\/p>\n<\/div>\n\t\n<a href=\"https:\/\/laboklin.de\/de\/laboklin-fuer-sie-gelesen-18-kw\/\" class=\"post-details details-type-link\" aria-label=\"Read more about 18. KW\">Artikel lesen...<i class=\"dt-icon-the7-arrow-03\" aria-hidden=\"true\"><\/i><\/a>\n\n<\/div><\/article><\/div><div class=\"hidden wf-cell category-87\" data-post-id=\"1308414\" data-date=\"2021-04-23T16:50:41+02:00\" data-name=\"16. KW\"><article class=\"post project-odd visible post-1308414 type-post status-publish format-standard has-post-thumbnail hentry category-laboklin-fuersiegelesen category-87\" data-name=\"16. KW\" data-date=\"2021-04-23T16:50:41+02:00\">\n\n<div class=\"post-thumbnail-wrap\">\n\t<div class=\"post-thumbnail\">\n\t\t\n\t\t\n\t\t<a href=\"https:\/\/laboklin.de\/de\/laboklin-fuer-sie-gelesen-16-kw\/\" class=\"post-thumbnail-rollover layzr-bg layzr-bg\" ><img decoding=\"async\" class=\"iso-lazy-load preload-me iso-lazy-load aspect\" src=\"data:image\/svg+xml,%3Csvg%20xmlns%3D&#39;http%3A%2F%2Fwww.w3.org%2F2000%2Fsvg&#39;%20viewBox%3D&#39;0%200%20768%20512&#39;%2F%3E\" data-src=\"https:\/\/laboklin.de\/wp-content\/uploads\/2021\/04\/16.KW_titel02-768x512.jpg\" data-srcset=\"https:\/\/laboklin.de\/wp-content\/uploads\/2021\/04\/16.KW_titel02-768x512.jpg 768w, https:\/\/laboklin.de\/wp-content\/uploads\/2021\/04\/16.KW_titel02-974x649.jpg 974w\" loading=\"eager\" style=\"--ratio: 768 \/ 512\" sizes=\"(max-width: 768px) 100vw, 768px\" alt=\"\" title=\"16.KW_titel02\" width=\"768\" height=\"512\"  \/><span class=\"gallery-zoom-ico icomoon-the7-font-the7-zoom-01\"><span><\/span><\/span><\/a>\t<\/div>\n<\/div>\n\n\n<div class=\"post-entry-content\">\n\n\t<h3 class=\"entry-title\">\n\t\t<a href=\"https:\/\/laboklin.de\/de\/laboklin-fuer-sie-gelesen-16-kw\/\" title=\"16. KW\" rel=\"bookmark\">16. KW<\/a>\n\t<\/h3>\n\n\t<div class=\"entry-meta\"><span class=\"category-link\"><a href=\"https:\/\/laboklin.de\/de\/category\/laboklin-fuersiegelesen\/\" >LABOKLIN F\u00fcrSieGelesen<\/a><\/span><\/div>\n\t<div class=\"entry-excerpt\"><p>+ Bleibt im Spiel: Impfstoff von Johnson &#038; Johnson + Pandemievermeidungs-Projekt: Spillover-Datenbank + Notbremse mit langer Bremsspur + COVID-19-Erkrankung: Empfehlungen&hellip;<\/p>\n<\/div>\n\t\n<a href=\"https:\/\/laboklin.de\/de\/laboklin-fuer-sie-gelesen-16-kw\/\" class=\"post-details details-type-link\" aria-label=\"Read more about 16. KW\">Artikel lesen...<i class=\"dt-icon-the7-arrow-03\" aria-hidden=\"true\"><\/i><\/a>\n\n<\/div><\/article><\/div><div class=\"hidden wf-cell category-87\" data-post-id=\"1308362\" data-date=\"2021-04-16T17:06:30+02:00\" data-name=\"15. KW\"><article class=\"post project-odd visible post-1308362 type-post status-publish format-standard has-post-thumbnail hentry category-laboklin-fuersiegelesen category-87\" data-name=\"15. KW\" data-date=\"2021-04-16T17:06:30+02:00\">\n\n<div class=\"post-thumbnail-wrap\">\n\t<div class=\"post-thumbnail\">\n\t\t\n\t\t\n\t\t<a href=\"https:\/\/laboklin.de\/de\/laboklin-fuer-sie-gelesen-15-kw\/\" class=\"post-thumbnail-rollover layzr-bg layzr-bg\" ><img decoding=\"async\" class=\"iso-lazy-load preload-me iso-lazy-load aspect\" src=\"data:image\/svg+xml,%3Csvg%20xmlns%3D&#39;http%3A%2F%2Fwww.w3.org%2F2000%2Fsvg&#39;%20viewBox%3D&#39;0%200%20768%20512&#39;%2F%3E\" data-src=\"https:\/\/laboklin.de\/wp-content\/uploads\/2021\/04\/15.KW_titel02-768x512.jpg\" data-srcset=\"https:\/\/laboklin.de\/wp-content\/uploads\/2021\/04\/15.KW_titel02-768x512.jpg 768w, https:\/\/laboklin.de\/wp-content\/uploads\/2021\/04\/15.KW_titel02-974x649.jpg 974w\" loading=\"eager\" style=\"--ratio: 768 \/ 512\" sizes=\"(max-width: 768px) 100vw, 768px\" alt=\"\" title=\"15.KW_titel02\" width=\"768\" height=\"512\"  \/><span class=\"gallery-zoom-ico icomoon-the7-font-the7-zoom-01\"><span><\/span><\/span><\/a>\t<\/div>\n<\/div>\n\n\n<div class=\"post-entry-content\">\n\n\t<h3 class=\"entry-title\">\n\t\t<a href=\"https:\/\/laboklin.de\/de\/laboklin-fuer-sie-gelesen-15-kw\/\" title=\"15. KW\" rel=\"bookmark\">15. KW<\/a>\n\t<\/h3>\n\n\t<div class=\"entry-meta\"><span class=\"category-link\"><a href=\"https:\/\/laboklin.de\/de\/category\/laboklin-fuersiegelesen\/\" >LABOKLIN F\u00fcrSieGelesen<\/a><\/span><\/div>\n\t<div class=\"entry-excerpt\"><p>+ Positive Effekte inhalativer Steroide&#8230; + Subkutaner Antik\u00f6rpercocktail sch\u00fctzt + Fast vier Millionen Impfdosen liegen ungenutzt herum + USA stoppen&hellip;<\/p>\n<\/div>\n\t\n<a href=\"https:\/\/laboklin.de\/de\/laboklin-fuer-sie-gelesen-15-kw\/\" class=\"post-details details-type-link\" aria-label=\"Read more about 15. KW\">Artikel lesen...<i class=\"dt-icon-the7-arrow-03\" aria-hidden=\"true\"><\/i><\/a>\n\n<\/div><\/article><\/div><div class=\"hidden wf-cell category-87\" data-post-id=\"1308114\" data-date=\"2021-04-09T17:13:25+02:00\" data-name=\"14. KW\"><article class=\"post project-odd visible post-1308114 type-post status-publish format-standard has-post-thumbnail hentry category-laboklin-fuersiegelesen category-87\" data-name=\"14. KW\" data-date=\"2021-04-09T17:13:25+02:00\">\n\n<div class=\"post-thumbnail-wrap\">\n\t<div class=\"post-thumbnail\">\n\t\t\n\t\t\n\t\t<a href=\"https:\/\/laboklin.de\/de\/laboklin-fuer-sie-gelesen-14-kw-2021\/\" class=\"post-thumbnail-rollover layzr-bg layzr-bg\" ><img decoding=\"async\" class=\"iso-lazy-load preload-me iso-lazy-load aspect\" src=\"data:image\/svg+xml,%3Csvg%20xmlns%3D&#39;http%3A%2F%2Fwww.w3.org%2F2000%2Fsvg&#39;%20viewBox%3D&#39;0%200%20768%20512&#39;%2F%3E\" data-src=\"https:\/\/laboklin.de\/wp-content\/uploads\/2021\/04\/14.KW_titel02-768x512.jpg\" data-srcset=\"https:\/\/laboklin.de\/wp-content\/uploads\/2021\/04\/14.KW_titel02-768x512.jpg 768w, https:\/\/laboklin.de\/wp-content\/uploads\/2021\/04\/14.KW_titel02-974x649.jpg 974w\" loading=\"eager\" style=\"--ratio: 768 \/ 512\" sizes=\"(max-width: 768px) 100vw, 768px\" alt=\"\" title=\"14.KW_titel02\" width=\"768\" height=\"512\"  \/><span class=\"gallery-zoom-ico icomoon-the7-font-the7-zoom-01\"><span><\/span><\/span><\/a>\t<\/div>\n<\/div>\n\n\n<div class=\"post-entry-content\">\n\n\t<h3 class=\"entry-title\">\n\t\t<a href=\"https:\/\/laboklin.de\/de\/laboklin-fuer-sie-gelesen-14-kw-2021\/\" title=\"14. KW\" rel=\"bookmark\">14. KW<\/a>\n\t<\/h3>\n\n\t<div class=\"entry-meta\"><span class=\"category-link\"><a href=\"https:\/\/laboklin.de\/de\/category\/laboklin-fuersiegelesen\/\" >LABOKLIN F\u00fcrSieGelesen<\/a><\/span><\/div>\n\t<div class=\"entry-excerpt\"><p>+ Viraler M\u00e4uslesprung + SARS-CoV-2 und Haustiere: Update + Tiere impfen + Update Gefl\u00fcgelpest + Hepatitis B auch bei Esel&hellip;<\/p>\n<\/div>\n\t\n<a href=\"https:\/\/laboklin.de\/de\/laboklin-fuer-sie-gelesen-14-kw-2021\/\" class=\"post-details details-type-link\" aria-label=\"Read more about 14. KW\">Artikel lesen...<i class=\"dt-icon-the7-arrow-03\" aria-hidden=\"true\"><\/i><\/a>\n\n<\/div><\/article><\/div><div class=\"hidden wf-cell category-87\" data-post-id=\"1307953\" data-date=\"2021-03-26T15:24:47+01:00\" data-name=\"12. KW\"><article class=\"post project-odd visible post-1307953 type-post status-publish format-standard has-post-thumbnail hentry category-laboklin-fuersiegelesen category-87\" data-name=\"12. KW\" data-date=\"2021-03-26T15:24:47+01:00\">\n\n<div class=\"post-thumbnail-wrap\">\n\t<div class=\"post-thumbnail\">\n\t\t\n\t\t\n\t\t<a href=\"https:\/\/laboklin.de\/de\/fuer-sie-gelesen-12-kw\/\" class=\"post-thumbnail-rollover layzr-bg layzr-bg\" ><img decoding=\"async\" class=\"iso-lazy-load preload-me iso-lazy-load aspect\" src=\"data:image\/svg+xml,%3Csvg%20xmlns%3D&#39;http%3A%2F%2Fwww.w3.org%2F2000%2Fsvg&#39;%20viewBox%3D&#39;0%200%20768%20512&#39;%2F%3E\" data-src=\"https:\/\/laboklin.de\/wp-content\/uploads\/2021\/04\/12.KW_titel01-768x512.jpg\" data-srcset=\"https:\/\/laboklin.de\/wp-content\/uploads\/2021\/04\/12.KW_titel01-768x512.jpg 768w, https:\/\/laboklin.de\/wp-content\/uploads\/2021\/04\/12.KW_titel01-974x649.jpg 974w\" loading=\"eager\" style=\"--ratio: 768 \/ 512\" sizes=\"(max-width: 768px) 100vw, 768px\" alt=\"\" title=\"12.KW_titel01\" width=\"768\" height=\"512\"  \/><span class=\"gallery-zoom-ico icomoon-the7-font-the7-zoom-01\"><span><\/span><\/span><\/a>\t<\/div>\n<\/div>\n\n\n<div class=\"post-entry-content\">\n\n\t<h3 class=\"entry-title\">\n\t\t<a href=\"https:\/\/laboklin.de\/de\/fuer-sie-gelesen-12-kw\/\" title=\"12. KW\" rel=\"bookmark\">12. KW<\/a>\n\t<\/h3>\n\n\t<div class=\"entry-meta\"><span class=\"category-link\"><a href=\"https:\/\/laboklin.de\/de\/category\/laboklin-fuersiegelesen\/\" >LABOKLIN F\u00fcrSieGelesen<\/a><\/span><\/div>\n\t<div class=\"entry-excerpt\"><p>+ Oster-Lockdown mit Ruhetagen: Ja, nein, vielleicht + Und t\u00e4glich gr\u00fc\u00dft AstraZeneca + Warum Herdenimmunit\u00e4t m\u00f6glicherweise unerreichbar bleibt + Keine&hellip;<\/p>\n<\/div>\n\t\n<a href=\"https:\/\/laboklin.de\/de\/fuer-sie-gelesen-12-kw\/\" class=\"post-details details-type-link\" aria-label=\"Read more about 12. KW\">Artikel lesen...<i class=\"dt-icon-the7-arrow-03\" aria-hidden=\"true\"><\/i><\/a>\n\n<\/div><\/article><\/div><div class=\"hidden wf-cell category-87\" data-post-id=\"1307606\" data-date=\"2021-03-12T16:35:52+01:00\" data-name=\"10. KW\"><article class=\"post project-odd visible post-1307606 type-post status-publish format-standard has-post-thumbnail hentry category-laboklin-fuersiegelesen category-87\" data-name=\"10. KW\" data-date=\"2021-03-12T16:35:52+01:00\">\n\n<div class=\"post-thumbnail-wrap\">\n\t<div class=\"post-thumbnail\">\n\t\t\n\t\t\n\t\t<a href=\"https:\/\/laboklin.de\/de\/labokin-fuer-sie-gelesen-10-kw-2021\/\" class=\"post-thumbnail-rollover layzr-bg layzr-bg\" ><img decoding=\"async\" class=\"iso-lazy-load preload-me iso-lazy-load aspect\" src=\"data:image\/svg+xml,%3Csvg%20xmlns%3D&#39;http%3A%2F%2Fwww.w3.org%2F2000%2Fsvg&#39;%20viewBox%3D&#39;0%200%20768%20512&#39;%2F%3E\" data-src=\"https:\/\/laboklin.de\/wp-content\/uploads\/2020\/10\/Header_LABOKLIN_Vakzine-768x512.jpg\" data-srcset=\"https:\/\/laboklin.de\/wp-content\/uploads\/2020\/10\/Header_LABOKLIN_Vakzine-768x512.jpg 768w, https:\/\/laboklin.de\/wp-content\/uploads\/2020\/10\/Header_LABOKLIN_Vakzine-974x649.jpg 974w\" loading=\"eager\" style=\"--ratio: 768 \/ 512\" sizes=\"(max-width: 768px) 100vw, 768px\" alt=\"\" title=\"Header_LABOKLIN_Vakzine\" width=\"768\" height=\"512\"  \/><span class=\"gallery-zoom-ico icomoon-the7-font-the7-zoom-01\"><span><\/span><\/span><\/a>\t<\/div>\n<\/div>\n\n\n<div class=\"post-entry-content\">\n\n\t<h3 class=\"entry-title\">\n\t\t<a href=\"https:\/\/laboklin.de\/de\/labokin-fuer-sie-gelesen-10-kw-2021\/\" title=\"10. KW\" rel=\"bookmark\">10. KW<\/a>\n\t<\/h3>\n\n\t<div class=\"entry-meta\"><span class=\"category-link\"><a href=\"https:\/\/laboklin.de\/de\/category\/laboklin-fuersiegelesen\/\" >LABOKLIN F\u00fcrSieGelesen<\/a><\/span><\/div>\n\t<div class=\"entry-excerpt\"><p>+ Locker in der Welle + Impfstoffentwicklung: Kommt jetzt ein Gamechanger? + Ivermectin \u2013 bleibt wohl nur Antiparasitikum + Impfung&hellip;<\/p>\n<\/div>\n\t\n<a href=\"https:\/\/laboklin.de\/de\/labokin-fuer-sie-gelesen-10-kw-2021\/\" class=\"post-details details-type-link\" aria-label=\"Read more about 10. KW\">Artikel lesen...<i class=\"dt-icon-the7-arrow-03\" aria-hidden=\"true\"><\/i><\/a>\n\n<\/div><\/article><\/div><div class=\"hidden wf-cell category-87\" data-post-id=\"1307138\" data-date=\"2021-02-26T13:23:00+01:00\" data-name=\"08. KW\"><article class=\"post project-odd visible post-1307138 type-post status-publish format-standard has-post-thumbnail hentry category-laboklin-fuersiegelesen category-87\" data-name=\"08. KW\" data-date=\"2021-02-26T13:23:00+01:00\">\n\n<div class=\"post-thumbnail-wrap\">\n\t<div class=\"post-thumbnail\">\n\t\t\n\t\t\n\t\t<a href=\"https:\/\/laboklin.de\/de\/laboklin-fuer-sie-gelesen-08-kw-2021\/\" class=\"post-thumbnail-rollover layzr-bg layzr-bg\" ><img decoding=\"async\" class=\"iso-lazy-load preload-me iso-lazy-load aspect\" src=\"data:image\/svg+xml,%3Csvg%20xmlns%3D&#39;http%3A%2F%2Fwww.w3.org%2F2000%2Fsvg&#39;%20viewBox%3D&#39;0%200%20768%20512&#39;%2F%3E\" data-src=\"https:\/\/laboklin.de\/wp-content\/uploads\/2021\/02\/Header_08KW2021-768x512.jpg\" data-srcset=\"https:\/\/laboklin.de\/wp-content\/uploads\/2021\/02\/Header_08KW2021-768x512.jpg 768w, https:\/\/laboklin.de\/wp-content\/uploads\/2021\/02\/Header_08KW2021-974x649.jpg 974w\" loading=\"eager\" style=\"--ratio: 768 \/ 512\" sizes=\"(max-width: 768px) 100vw, 768px\" alt=\"\" title=\"Header_08KW2021\" width=\"768\" height=\"512\"  \/><span class=\"gallery-zoom-ico icomoon-the7-font-the7-zoom-01\"><span><\/span><\/span><\/a>\t<\/div>\n<\/div>\n\n\n<div class=\"post-entry-content\">\n\n\t<h3 class=\"entry-title\">\n\t\t<a href=\"https:\/\/laboklin.de\/de\/laboklin-fuer-sie-gelesen-08-kw-2021\/\" title=\"08. KW\" rel=\"bookmark\">08. KW<\/a>\n\t<\/h3>\n\n\t<div class=\"entry-meta\"><span class=\"category-link\"><a href=\"https:\/\/laboklin.de\/de\/category\/laboklin-fuersiegelesen\/\" >LABOKLIN F\u00fcrSieGelesen<\/a><\/span><\/div>\n\t<div class=\"entry-excerpt\"><p>+ Spr\u00fchen gegen Corona + Impfstoffentwicklung bei Curevac: Einen Schritt weiter + Antibiotikaresistenzen + Erstmalig nachgewiesen: Infektion von Menschen mit&hellip;<\/p>\n<\/div>\n\t\n<a href=\"https:\/\/laboklin.de\/de\/laboklin-fuer-sie-gelesen-08-kw-2021\/\" class=\"post-details details-type-link\" aria-label=\"Read more about 08. KW\">Artikel lesen...<i class=\"dt-icon-the7-arrow-03\" aria-hidden=\"true\"><\/i><\/a>\n\n<\/div><\/article><\/div><div class=\"hidden wf-cell category-87\" data-post-id=\"1307343\" data-date=\"2021-02-12T11:41:32+01:00\" data-name=\"06. KW\"><article class=\"post project-odd visible post-1307343 type-post status-publish format-standard has-post-thumbnail hentry category-laboklin-fuersiegelesen category-87\" data-name=\"06. KW\" data-date=\"2021-02-12T11:41:32+01:00\">\n\n<div class=\"post-thumbnail-wrap\">\n\t<div class=\"post-thumbnail\">\n\t\t\n\t\t\n\t\t<a href=\"https:\/\/laboklin.de\/de\/laboklin-fuer-sie-gelesen-06-kw-2021\/\" class=\"post-thumbnail-rollover layzr-bg layzr-bg\" ><img decoding=\"async\" class=\"iso-lazy-load preload-me iso-lazy-load aspect\" src=\"data:image\/svg+xml,%3Csvg%20xmlns%3D&#39;http%3A%2F%2Fwww.w3.org%2F2000%2Fsvg&#39;%20viewBox%3D&#39;0%200%20768%20512&#39;%2F%3E\" data-src=\"https:\/\/laboklin.de\/wp-content\/uploads\/2021\/02\/06.KW_titel01-768x512.jpg\" data-srcset=\"https:\/\/laboklin.de\/wp-content\/uploads\/2021\/02\/06.KW_titel01-768x512.jpg 768w, https:\/\/laboklin.de\/wp-content\/uploads\/2021\/02\/06.KW_titel01-974x649.jpg 974w\" loading=\"eager\" style=\"--ratio: 768 \/ 512\" sizes=\"(max-width: 768px) 100vw, 768px\" alt=\"\" title=\"06.KW_titel01\" width=\"768\" height=\"512\"  \/><span class=\"gallery-zoom-ico icomoon-the7-font-the7-zoom-01\"><span><\/span><\/span><\/a>\t<\/div>\n<\/div>\n\n\n<div class=\"post-entry-content\">\n\n\t<h3 class=\"entry-title\">\n\t\t<a href=\"https:\/\/laboklin.de\/de\/laboklin-fuer-sie-gelesen-06-kw-2021\/\" title=\"06. KW\" rel=\"bookmark\">06. KW<\/a>\n\t<\/h3>\n\n\t<div class=\"entry-meta\"><span class=\"category-link\"><a href=\"https:\/\/laboklin.de\/de\/category\/laboklin-fuersiegelesen\/\" >LABOKLIN F\u00fcrSieGelesen<\/a><\/span><\/div>\n\t<div class=\"entry-excerpt\"><p>+ Lockdown reloaded + \u00c4nderung der Impfstoffverordnung + Impfstoff gegen k\u00fcnftige Coronaviren: Alle f\u00fcr einen, einer f\u00fcr\u2026 8 + Impfstoff&hellip;<\/p>\n<\/div>\n\t\n<a href=\"https:\/\/laboklin.de\/de\/laboklin-fuer-sie-gelesen-06-kw-2021\/\" class=\"post-details details-type-link\" aria-label=\"Read more about 06. KW\">Artikel lesen...<i class=\"dt-icon-the7-arrow-03\" aria-hidden=\"true\"><\/i><\/a>\n\n<\/div><\/article><\/div><div class=\"hidden wf-cell category-87\" data-post-id=\"1307201\" data-date=\"2021-01-29T08:51:39+01:00\" data-name=\"04. KW\"><article class=\"post project-odd visible post-1307201 type-post status-publish format-standard has-post-thumbnail hentry category-laboklin-fuersiegelesen category-87\" data-name=\"04. KW\" data-date=\"2021-01-29T08:51:39+01:00\">\n\n<div class=\"post-thumbnail-wrap\">\n\t<div class=\"post-thumbnail\">\n\t\t\n\t\t\n\t\t<a href=\"https:\/\/laboklin.de\/de\/laboklin-fuer-sie-gelesen-04-kw\/\" class=\"post-thumbnail-rollover layzr-bg layzr-bg\" ><img decoding=\"async\" class=\"iso-lazy-load preload-me iso-lazy-load aspect\" src=\"data:image\/svg+xml,%3Csvg%20xmlns%3D&#39;http%3A%2F%2Fwww.w3.org%2F2000%2Fsvg&#39;%20viewBox%3D&#39;0%200%20768%20512&#39;%2F%3E\" data-src=\"https:\/\/laboklin.de\/wp-content\/uploads\/2021\/03\/Header_04KW2021-768x512.jpg\" data-srcset=\"https:\/\/laboklin.de\/wp-content\/uploads\/2021\/03\/Header_04KW2021-768x512.jpg 768w, https:\/\/laboklin.de\/wp-content\/uploads\/2021\/03\/Header_04KW2021-974x649.jpg 974w\" loading=\"eager\" style=\"--ratio: 768 \/ 512\" sizes=\"(max-width: 768px) 100vw, 768px\" alt=\"\" title=\"Header_04KW2021\" width=\"768\" height=\"512\"  \/><span class=\"gallery-zoom-ico icomoon-the7-font-the7-zoom-01\"><span><\/span><\/span><\/a>\t<\/div>\n<\/div>\n\n\n<div class=\"post-entry-content\">\n\n\t<h3 class=\"entry-title\">\n\t\t<a href=\"https:\/\/laboklin.de\/de\/laboklin-fuer-sie-gelesen-04-kw\/\" title=\"04. KW\" rel=\"bookmark\">04. KW<\/a>\n\t<\/h3>\n\n\t<div class=\"entry-meta\"><span class=\"category-link\"><a href=\"https:\/\/laboklin.de\/de\/category\/laboklin-fuersiegelesen\/\" >LABOKLIN F\u00fcrSieGelesen<\/a><\/span><\/div>\n\t<div class=\"entry-excerpt\"><p>+ Was bedeuten die Varianten von SARS-CoV-2 f\u00fcr die Wirksamkeit der Impfstoffe? + Impfstoff von AstraZeneca: wirkts?! + Artgerechte Pflege&hellip;<\/p>\n<\/div>\n\t\n<a href=\"https:\/\/laboklin.de\/de\/laboklin-fuer-sie-gelesen-04-kw\/\" class=\"post-details details-type-link\" aria-label=\"Read more about 04. KW\">Artikel lesen...<i class=\"dt-icon-the7-arrow-03\" aria-hidden=\"true\"><\/i><\/a>\n\n<\/div><\/article><\/div><div class=\"hidden wf-cell category-87\" data-post-id=\"1307076\" data-date=\"2021-01-15T15:32:17+01:00\" data-name=\"02. KW\"><article class=\"post project-odd visible post-1307076 type-post status-publish format-standard has-post-thumbnail hentry category-laboklin-fuersiegelesen category-87\" data-name=\"02. KW\" data-date=\"2021-01-15T15:32:17+01:00\">\n\n<div class=\"post-thumbnail-wrap\">\n\t<div class=\"post-thumbnail\">\n\t\t\n\t\t\n\t\t<a href=\"https:\/\/laboklin.de\/de\/laboklin-hat-fuer-sie-gelesen-kw-02-2021\/\" class=\"post-thumbnail-rollover layzr-bg layzr-bg\" ><img decoding=\"async\" class=\"iso-lazy-load preload-me iso-lazy-load aspect\" src=\"data:image\/svg+xml,%3Csvg%20xmlns%3D&#39;http%3A%2F%2Fwww.w3.org%2F2000%2Fsvg&#39;%20viewBox%3D&#39;0%200%20768%20512&#39;%2F%3E\" data-src=\"https:\/\/laboklin.de\/wp-content\/uploads\/2021\/02\/Header_02KW2021-768x512.jpg\" data-srcset=\"https:\/\/laboklin.de\/wp-content\/uploads\/2021\/02\/Header_02KW2021-768x512.jpg 768w, https:\/\/laboklin.de\/wp-content\/uploads\/2021\/02\/Header_02KW2021-974x649.jpg 974w\" loading=\"eager\" style=\"--ratio: 768 \/ 512\" sizes=\"(max-width: 768px) 100vw, 768px\" alt=\"\" title=\"Header_02KW2021\" width=\"768\" height=\"512\"  \/><span class=\"gallery-zoom-ico icomoon-the7-font-the7-zoom-01\"><span><\/span><\/span><\/a>\t<\/div>\n<\/div>\n\n\n<div class=\"post-entry-content\">\n\n\t<h3 class=\"entry-title\">\n\t\t<a href=\"https:\/\/laboklin.de\/de\/laboklin-hat-fuer-sie-gelesen-kw-02-2021\/\" title=\"02. KW\" rel=\"bookmark\">02. KW<\/a>\n\t<\/h3>\n\n\t<div class=\"entry-meta\"><span class=\"category-link\"><a href=\"https:\/\/laboklin.de\/de\/category\/laboklin-fuersiegelesen\/\" >LABOKLIN F\u00fcrSieGelesen<\/a><\/span><\/div>\n\t<div class=\"entry-excerpt\"><p>+ Mehr molekulare Surveillance, weniger fischen im Tr\u00fcben + Impfen gegen die Pandemie: Wie l\u00e4ufts? + Impfstoffe: \u201eStrecken\u201c oder nicht?&hellip;<\/p>\n<\/div>\n\t\n<a href=\"https:\/\/laboklin.de\/de\/laboklin-hat-fuer-sie-gelesen-kw-02-2021\/\" class=\"post-details details-type-link\" aria-label=\"Read more about 02. KW\">Artikel lesen...<i class=\"dt-icon-the7-arrow-03\" aria-hidden=\"true\"><\/i><\/a>\n\n<\/div><\/article><\/div><div class=\"hidden wf-cell category-87\" data-post-id=\"1307365\" data-date=\"2020-12-11T08:29:16+01:00\" data-name=\"50. KW\"><article class=\"post project-odd visible post-1307365 type-post status-publish format-standard has-post-thumbnail hentry category-laboklin-fuersiegelesen category-87\" data-name=\"50. KW\" data-date=\"2020-12-11T08:29:16+01:00\">\n\n<div class=\"post-thumbnail-wrap\">\n\t<div class=\"post-thumbnail\">\n\t\t\n\t\t\n\t\t<a href=\"https:\/\/laboklin.de\/de\/laboklin-fuer-sie-gelesen-50-kw-2020\/\" class=\"post-thumbnail-rollover layzr-bg layzr-bg\" ><img decoding=\"async\" class=\"iso-lazy-load preload-me iso-lazy-load aspect\" src=\"data:image\/svg+xml,%3Csvg%20xmlns%3D&#39;http%3A%2F%2Fwww.w3.org%2F2000%2Fsvg&#39;%20viewBox%3D&#39;0%200%20768%20512&#39;%2F%3E\" data-src=\"https:\/\/laboklin.de\/wp-content\/uploads\/2021\/02\/Header_50KW-768x512.jpg\" data-srcset=\"https:\/\/laboklin.de\/wp-content\/uploads\/2021\/02\/Header_50KW-768x512.jpg 768w, https:\/\/laboklin.de\/wp-content\/uploads\/2021\/02\/Header_50KW-974x649.jpg 974w\" loading=\"eager\" style=\"--ratio: 768 \/ 512\" sizes=\"(max-width: 768px) 100vw, 768px\" alt=\"\" title=\"Header_50KW\" width=\"768\" height=\"512\"  \/><span class=\"gallery-zoom-ico icomoon-the7-font-the7-zoom-01\"><span><\/span><\/span><\/a>\t<\/div>\n<\/div>\n\n\n<div class=\"post-entry-content\">\n\n\t<h3 class=\"entry-title\">\n\t\t<a href=\"https:\/\/laboklin.de\/de\/laboklin-fuer-sie-gelesen-50-kw-2020\/\" title=\"50. KW\" rel=\"bookmark\">50. KW<\/a>\n\t<\/h3>\n\n\t<div class=\"entry-meta\"><span class=\"category-link\"><a href=\"https:\/\/laboklin.de\/de\/category\/laboklin-fuersiegelesen\/\" >LABOKLIN F\u00fcrSieGelesen<\/a><\/span><\/div>\n\t<div class=\"entry-excerpt\"><p>+ Wie impft man Millionen? + Verl\u00e4ngerung der telefonischen Krankschreibung + Antibiotikaresistenzen: Die Pandemie, die wir kommen sehen + H(C)ow&hellip;<\/p>\n<\/div>\n\t\n<a href=\"https:\/\/laboklin.de\/de\/laboklin-fuer-sie-gelesen-50-kw-2020\/\" class=\"post-details details-type-link\" aria-label=\"Read more about 50. KW\">Artikel lesen...<i class=\"dt-icon-the7-arrow-03\" aria-hidden=\"true\"><\/i><\/a>\n\n<\/div><\/article><\/div><div class=\"hidden wf-cell category-87\" data-post-id=\"1307171\" data-date=\"2020-12-04T14:22:03+01:00\" data-name=\"49. KW\"><article class=\"post project-odd visible post-1307171 type-post status-publish format-standard has-post-thumbnail hentry category-laboklin-fuersiegelesen category-87\" data-name=\"49. KW\" data-date=\"2020-12-04T14:22:03+01:00\">\n\n<div class=\"post-thumbnail-wrap\">\n\t<div class=\"post-thumbnail\">\n\t\t\n\t\t\n\t\t<a href=\"https:\/\/laboklin.de\/de\/laboklin-hat-fuer-sie-gelesen-49-kw\/\" class=\"post-thumbnail-rollover layzr-bg layzr-bg\" ><img decoding=\"async\" class=\"iso-lazy-load preload-me iso-lazy-load aspect\" src=\"data:image\/svg+xml,%3Csvg%20xmlns%3D&#39;http%3A%2F%2Fwww.w3.org%2F2000%2Fsvg&#39;%20viewBox%3D&#39;0%200%20768%20512&#39;%2F%3E\" data-src=\"https:\/\/laboklin.de\/wp-content\/uploads\/2021\/02\/Header_49KW-768x512.jpg\" data-srcset=\"https:\/\/laboklin.de\/wp-content\/uploads\/2021\/02\/Header_49KW-768x512.jpg 768w, https:\/\/laboklin.de\/wp-content\/uploads\/2021\/02\/Header_49KW-974x649.jpg 974w\" loading=\"eager\" style=\"--ratio: 768 \/ 512\" sizes=\"(max-width: 768px) 100vw, 768px\" alt=\"\" title=\"Header_49KW\" width=\"768\" height=\"512\"  \/><span class=\"gallery-zoom-ico icomoon-the7-font-the7-zoom-01\"><span><\/span><\/span><\/a>\t<\/div>\n<\/div>\n\n\n<div class=\"post-entry-content\">\n\n\t<h3 class=\"entry-title\">\n\t\t<a href=\"https:\/\/laboklin.de\/de\/laboklin-hat-fuer-sie-gelesen-49-kw\/\" title=\"49. KW\" rel=\"bookmark\">49. KW<\/a>\n\t<\/h3>\n\n\t<div class=\"entry-meta\"><span class=\"category-link\"><a href=\"https:\/\/laboklin.de\/de\/category\/laboklin-fuersiegelesen\/\" >LABOKLIN F\u00fcrSieGelesen<\/a><\/span><\/div>\n\t<div class=\"entry-excerpt\"><p>+ Impfstoffentwicklung: Schlag auf Schlag + Das Dilemma der Notfallzulassung + Vorl\u00e4uferzellen als Marker f\u00fcr schweren COVID-19-Verlauf? + Vom Riechepithel&hellip;<\/p>\n<\/div>\n\t\n<a href=\"https:\/\/laboklin.de\/de\/laboklin-hat-fuer-sie-gelesen-49-kw\/\" class=\"post-details details-type-link\" aria-label=\"Read more about 49. KW\">Artikel lesen...<i class=\"dt-icon-the7-arrow-03\" aria-hidden=\"true\"><\/i><\/a>\n\n<\/div><\/article><\/div><div class=\"hidden wf-cell category-87\" data-post-id=\"1307111\" data-date=\"2020-11-27T17:01:29+01:00\" data-name=\"48. KW\"><article class=\"post project-odd visible post-1307111 type-post status-publish format-standard has-post-thumbnail hentry category-laboklin-fuersiegelesen category-87\" data-name=\"48. KW\" data-date=\"2020-11-27T17:01:29+01:00\">\n\n<div class=\"post-thumbnail-wrap\">\n\t<div class=\"post-thumbnail\">\n\t\t\n\t\t\n\t\t<a href=\"https:\/\/laboklin.de\/de\/laboklin-hat-fuer-sie-gelesen-48-kw\/\" class=\"post-thumbnail-rollover layzr-bg layzr-bg\" ><img decoding=\"async\" class=\"iso-lazy-load preload-me iso-lazy-load aspect\" src=\"data:image\/svg+xml,%3Csvg%20xmlns%3D&#39;http%3A%2F%2Fwww.w3.org%2F2000%2Fsvg&#39;%20viewBox%3D&#39;0%200%20768%20512&#39;%2F%3E\" data-src=\"https:\/\/laboklin.de\/wp-content\/uploads\/2021\/02\/Header_48KW-768x512.jpg\" data-srcset=\"https:\/\/laboklin.de\/wp-content\/uploads\/2021\/02\/Header_48KW-768x512.jpg 768w, https:\/\/laboklin.de\/wp-content\/uploads\/2021\/02\/Header_48KW-974x649.jpg 974w\" loading=\"eager\" style=\"--ratio: 768 \/ 512\" sizes=\"(max-width: 768px) 100vw, 768px\" alt=\"\" title=\"Header_48KW\" width=\"768\" height=\"512\"  \/><span class=\"gallery-zoom-ico icomoon-the7-font-the7-zoom-01\"><span><\/span><\/span><\/a>\t<\/div>\n<\/div>\n\n\n<div class=\"post-entry-content\">\n\n\t<h3 class=\"entry-title\">\n\t\t<a href=\"https:\/\/laboklin.de\/de\/laboklin-hat-fuer-sie-gelesen-48-kw\/\" title=\"48. KW\" rel=\"bookmark\">48. KW<\/a>\n\t<\/h3>\n\n\t<div class=\"entry-meta\"><span class=\"category-link\"><a href=\"https:\/\/laboklin.de\/de\/category\/laboklin-fuersiegelesen\/\" >LABOKLIN F\u00fcrSieGelesen<\/a><\/span><\/div>\n\t<div class=\"entry-excerpt\"><p>+ BioNTech und Pfizer beantragen Notfallzulassung f\u00fcr Impfstoffkandidat in den USA + Impfstoffentwicklung: Der N\u00e4chste, bitte! + Neues zu den&hellip;<\/p>\n<\/div>\n\t\n<a href=\"https:\/\/laboklin.de\/de\/laboklin-hat-fuer-sie-gelesen-48-kw\/\" class=\"post-details details-type-link\" aria-label=\"Read more about 48. KW\">Artikel lesen...<i class=\"dt-icon-the7-arrow-03\" aria-hidden=\"true\"><\/i><\/a>\n\n<\/div><\/article><\/div><div class=\"hidden wf-cell category-87\" data-post-id=\"1307094\" data-date=\"2020-11-20T16:06:57+01:00\" data-name=\"47. KW\"><article class=\"post project-odd visible post-1307094 type-post status-publish format-standard has-post-thumbnail hentry category-laboklin-fuersiegelesen category-87\" data-name=\"47. KW\" data-date=\"2020-11-20T16:06:57+01:00\">\n\n<div class=\"post-thumbnail-wrap\">\n\t<div class=\"post-thumbnail\">\n\t\t\n\t\t\n\t\t<a href=\"https:\/\/laboklin.de\/de\/laboklin-hat-fuer-sie-gelesen-47-kw\/\" class=\"post-thumbnail-rollover layzr-bg layzr-bg\" ><img decoding=\"async\" class=\"iso-lazy-load preload-me iso-lazy-load aspect\" src=\"data:image\/svg+xml,%3Csvg%20xmlns%3D&#39;http%3A%2F%2Fwww.w3.org%2F2000%2Fsvg&#39;%20viewBox%3D&#39;0%200%20768%20512&#39;%2F%3E\" data-src=\"https:\/\/laboklin.de\/wp-content\/uploads\/2021\/02\/Header_47KW-768x512.jpg\" data-srcset=\"https:\/\/laboklin.de\/wp-content\/uploads\/2021\/02\/Header_47KW-768x512.jpg 768w, https:\/\/laboklin.de\/wp-content\/uploads\/2021\/02\/Header_47KW-974x649.jpg 974w\" loading=\"eager\" style=\"--ratio: 768 \/ 512\" sizes=\"(max-width: 768px) 100vw, 768px\" alt=\"\" title=\"Header_47KW\" width=\"768\" height=\"512\"  \/><span class=\"gallery-zoom-ico icomoon-the7-font-the7-zoom-01\"><span><\/span><\/span><\/a>\t<\/div>\n<\/div>\n\n\n<div class=\"post-entry-content\">\n\n\t<h3 class=\"entry-title\">\n\t\t<a href=\"https:\/\/laboklin.de\/de\/laboklin-hat-fuer-sie-gelesen-47-kw\/\" title=\"47. KW\" rel=\"bookmark\">47. KW<\/a>\n\t<\/h3>\n\n\t<div class=\"entry-meta\"><span class=\"category-link\"><a href=\"https:\/\/laboklin.de\/de\/category\/laboklin-fuersiegelesen\/\" >LABOKLIN F\u00fcrSieGelesen<\/a><\/span><\/div>\n\t<div class=\"entry-excerpt\"><p>+ BioNTech und Pfizer beantragen Notfallzulassung f\u00fcr Impfstoffkandidat in den USA + Impfstoffentwicklung: Der N\u00e4chste, bitte! + Neues zu den&hellip;<\/p>\n<\/div>\n\t\n<a href=\"https:\/\/laboklin.de\/de\/laboklin-hat-fuer-sie-gelesen-47-kw\/\" class=\"post-details details-type-link\" aria-label=\"Read more about 47. KW\">Artikel lesen...<i class=\"dt-icon-the7-arrow-03\" aria-hidden=\"true\"><\/i><\/a>\n\n<\/div><\/article><\/div><div class=\"hidden wf-cell category-87\" data-post-id=\"1307045\" data-date=\"2020-11-13T15:54:47+01:00\" data-name=\"46. KW\"><article class=\"post project-odd visible post-1307045 type-post status-publish format-standard has-post-thumbnail hentry category-laboklin-fuersiegelesen category-87\" data-name=\"46. KW\" data-date=\"2020-11-13T15:54:47+01:00\">\n\n<div class=\"post-thumbnail-wrap\">\n\t<div class=\"post-thumbnail\">\n\t\t\n\t\t\n\t\t<a href=\"https:\/\/laboklin.de\/de\/laboklin-hat-fuer-sie-gelesen-kw-46-2020\/\" class=\"post-thumbnail-rollover layzr-bg layzr-bg\" ><img decoding=\"async\" class=\"iso-lazy-load preload-me iso-lazy-load aspect\" src=\"data:image\/svg+xml,%3Csvg%20xmlns%3D&#39;http%3A%2F%2Fwww.w3.org%2F2000%2Fsvg&#39;%20viewBox%3D&#39;0%200%20768%20512&#39;%2F%3E\" data-src=\"https:\/\/laboklin.de\/wp-content\/uploads\/2021\/02\/Header_46KW-768x512.jpg\" data-srcset=\"https:\/\/laboklin.de\/wp-content\/uploads\/2021\/02\/Header_46KW-768x512.jpg 768w, https:\/\/laboklin.de\/wp-content\/uploads\/2021\/02\/Header_46KW-974x649.jpg 974w\" loading=\"eager\" style=\"--ratio: 768 \/ 512\" sizes=\"(max-width: 768px) 100vw, 768px\" alt=\"\" title=\"Header_46KW\" width=\"768\" height=\"512\"  \/><span class=\"gallery-zoom-ico icomoon-the7-font-the7-zoom-01\"><span><\/span><\/span><\/a>\t<\/div>\n<\/div>\n\n\n<div class=\"post-entry-content\">\n\n\t<h3 class=\"entry-title\">\n\t\t<a href=\"https:\/\/laboklin.de\/de\/laboklin-hat-fuer-sie-gelesen-kw-46-2020\/\" title=\"46. KW\" rel=\"bookmark\">46. KW<\/a>\n\t<\/h3>\n\n\t<div class=\"entry-meta\"><span class=\"category-link\"><a href=\"https:\/\/laboklin.de\/de\/category\/laboklin-fuersiegelesen\/\" >LABOKLIN F\u00fcrSieGelesen<\/a><\/span><\/div>\n\t<div class=\"entry-excerpt\"><p>+ Ist das der Durchbruch? Oder vielleicht das? + Live Web-Symposium: Das Kuscheltierdrama + Und warum funktioniert die Serumtherapie eigentlich&hellip;<\/p>\n<\/div>\n\t\n<a href=\"https:\/\/laboklin.de\/de\/laboklin-hat-fuer-sie-gelesen-kw-46-2020\/\" class=\"post-details details-type-link\" aria-label=\"Read more about 46. KW\">Artikel lesen...<i class=\"dt-icon-the7-arrow-03\" aria-hidden=\"true\"><\/i><\/a>\n\n<\/div><\/article><\/div><div class=\"hidden wf-cell category-87\" data-post-id=\"1302303\" data-date=\"2020-11-06T11:44:06+01:00\" data-name=\"45. KW\"><article class=\"post project-odd visible post-1302303 type-post status-publish format-standard has-post-thumbnail hentry category-laboklin-fuersiegelesen category-87\" data-name=\"45. KW\" data-date=\"2020-11-06T11:44:06+01:00\">\n\n<div class=\"post-thumbnail-wrap\">\n\t<div class=\"post-thumbnail\">\n\t\t\n\t\t\n\t\t<a href=\"https:\/\/laboklin.de\/de\/laboklin-hat-fuer-sie-gelesen-45-kw\/\" class=\"post-thumbnail-rollover layzr-bg layzr-bg\" ><img decoding=\"async\" class=\"iso-lazy-load preload-me iso-lazy-load aspect\" src=\"data:image\/svg+xml,%3Csvg%20xmlns%3D&#39;http%3A%2F%2Fwww.w3.org%2F2000%2Fsvg&#39;%20viewBox%3D&#39;0%200%20768%20512&#39;%2F%3E\" data-src=\"https:\/\/laboklin.de\/wp-content\/uploads\/2020\/11\/Header_45KW-768x512.jpg\" data-srcset=\"https:\/\/laboklin.de\/wp-content\/uploads\/2020\/11\/Header_45KW-768x512.jpg 768w, https:\/\/laboklin.de\/wp-content\/uploads\/2020\/11\/Header_45KW-824x550.jpg 824w\" loading=\"eager\" style=\"--ratio: 768 \/ 512\" sizes=\"(max-width: 768px) 100vw, 768px\" alt=\"\" title=\"Header_45KW\" width=\"768\" height=\"512\"  \/><span class=\"gallery-zoom-ico icomoon-the7-font-the7-zoom-01\"><span><\/span><\/span><\/a>\t<\/div>\n<\/div>\n\n\n<div class=\"post-entry-content\">\n\n\t<h3 class=\"entry-title\">\n\t\t<a href=\"https:\/\/laboklin.de\/de\/laboklin-hat-fuer-sie-gelesen-45-kw\/\" title=\"45. KW\" rel=\"bookmark\">45. KW<\/a>\n\t<\/h3>\n\n\t<div class=\"entry-meta\"><span class=\"category-link\"><a href=\"https:\/\/laboklin.de\/de\/category\/laboklin-fuersiegelesen\/\" >LABOKLIN F\u00fcrSieGelesen<\/a><\/span><\/div>\n\t<div class=\"entry-excerpt\"><p>+ Leitlinien f\u00fcr den Tierschutz im Pferdesport + Live Web-Symposium: Das Kuscheltierdrama + Good News I-III + Afrikanische Schweinepest (ASP)&hellip;<\/p>\n<\/div>\n\t\n<a href=\"https:\/\/laboklin.de\/de\/laboklin-hat-fuer-sie-gelesen-45-kw\/\" class=\"post-details details-type-link\" aria-label=\"Read more about 45. KW\">Artikel lesen...<i class=\"dt-icon-the7-arrow-03\" aria-hidden=\"true\"><\/i><\/a>\n\n<\/div><\/article><\/div><div class=\"hidden wf-cell category-87\" data-post-id=\"1302345\" data-date=\"2020-10-30T15:53:41+01:00\" data-name=\"44. KW\"><article class=\"post project-odd visible post-1302345 type-post status-publish format-standard has-post-thumbnail hentry category-laboklin-fuersiegelesen category-87\" data-name=\"44. KW\" data-date=\"2020-10-30T15:53:41+01:00\">\n\n<div class=\"post-thumbnail-wrap\">\n\t<div class=\"post-thumbnail\">\n\t\t\n\t\t\n\t\t<a href=\"https:\/\/laboklin.de\/de\/social-distancing\/\" class=\"post-thumbnail-rollover layzr-bg layzr-bg\" ><img decoding=\"async\" class=\"iso-lazy-load preload-me iso-lazy-load aspect\" src=\"data:image\/svg+xml,%3Csvg%20xmlns%3D&#39;http%3A%2F%2Fwww.w3.org%2F2000%2Fsvg&#39;%20viewBox%3D&#39;0%200%20768%20512&#39;%2F%3E\" data-src=\"https:\/\/laboklin.de\/wp-content\/uploads\/2020\/10\/Header_44KW-768x512.jpg\" data-srcset=\"https:\/\/laboklin.de\/wp-content\/uploads\/2020\/10\/Header_44KW-768x512.jpg 768w, https:\/\/laboklin.de\/wp-content\/uploads\/2020\/10\/Header_44KW-824x550.jpg 824w\" loading=\"eager\" style=\"--ratio: 768 \/ 512\" sizes=\"(max-width: 768px) 100vw, 768px\" alt=\"\" title=\"Header_44KW\" width=\"768\" height=\"512\"  \/><span class=\"gallery-zoom-ico icomoon-the7-font-the7-zoom-01\"><span><\/span><\/span><\/a>\t<\/div>\n<\/div>\n\n\n<div class=\"post-entry-content\">\n\n\t<h3 class=\"entry-title\">\n\t\t<a href=\"https:\/\/laboklin.de\/de\/social-distancing\/\" title=\"44. KW\" rel=\"bookmark\">44. KW<\/a>\n\t<\/h3>\n\n\t<div class=\"entry-meta\"><span class=\"category-link\"><a href=\"https:\/\/laboklin.de\/de\/category\/laboklin-fuersiegelesen\/\" >LABOKLIN F\u00fcrSieGelesen<\/a><\/span><\/div>\n\t<div class=\"entry-excerpt\"><p>+ Vern\u00fcnftige Flederm\u00e4use + Lockdown light + SARS-CoV-2 bei Schwein + Nationale Impfstrategie + UPDATE &#8211; Afrikanische Schweinepest (ASP) +&hellip;<\/p>\n<\/div>\n\t\n<a href=\"https:\/\/laboklin.de\/de\/social-distancing\/\" class=\"post-details details-type-link\" aria-label=\"Read more about 44. KW\">Artikel lesen...<i class=\"dt-icon-the7-arrow-03\" aria-hidden=\"true\"><\/i><\/a>\n\n<\/div><\/article><\/div><div class=\"hidden wf-cell category-87\" data-post-id=\"1302351\" data-date=\"2020-10-23T16:16:04+02:00\" data-name=\"43 KW.\"><article class=\"post project-odd visible post-1302351 type-post status-publish format-standard has-post-thumbnail hentry category-laboklin-fuersiegelesen category-87\" data-name=\"43 KW.\" data-date=\"2020-10-23T16:16:04+02:00\">\n\n<div class=\"post-thumbnail-wrap\">\n\t<div class=\"post-thumbnail\">\n\t\t\n\t\t\n\t\t<a href=\"https:\/\/laboklin.de\/de\/laboklin-hat-fuer-sie-gelesen-kw-43-2020\/\" class=\"post-thumbnail-rollover layzr-bg layzr-bg\" ><img decoding=\"async\" class=\"iso-lazy-load preload-me iso-lazy-load aspect\" src=\"data:image\/svg+xml,%3Csvg%20xmlns%3D&#39;http%3A%2F%2Fwww.w3.org%2F2000%2Fsvg&#39;%20viewBox%3D&#39;0%200%20768%20512&#39;%2F%3E\" data-src=\"https:\/\/laboklin.de\/wp-content\/uploads\/2020\/10\/Header_43KW-768x512.jpg\" data-srcset=\"https:\/\/laboklin.de\/wp-content\/uploads\/2020\/10\/Header_43KW-768x512.jpg 768w, https:\/\/laboklin.de\/wp-content\/uploads\/2020\/10\/Header_43KW-824x550.jpg 824w\" loading=\"eager\" style=\"--ratio: 768 \/ 512\" sizes=\"(max-width: 768px) 100vw, 768px\" alt=\"\" title=\"Header_43KW\" width=\"768\" height=\"512\"  \/><span class=\"gallery-zoom-ico icomoon-the7-font-the7-zoom-01\"><span><\/span><\/span><\/a>\t<\/div>\n<\/div>\n\n\n<div class=\"post-entry-content\">\n\n\t<h3 class=\"entry-title\">\n\t\t<a href=\"https:\/\/laboklin.de\/de\/laboklin-hat-fuer-sie-gelesen-kw-43-2020\/\" title=\"43 KW.\" rel=\"bookmark\">43 KW.<\/a>\n\t<\/h3>\n\n\t<div class=\"entry-meta\"><span class=\"category-link\"><a href=\"https:\/\/laboklin.de\/de\/category\/laboklin-fuersiegelesen\/\" >LABOKLIN F\u00fcrSieGelesen<\/a><\/span><\/div>\n\t<div class=\"entry-excerpt\"><p>+ GOT: Und sie bewegt sich doch\u2026 + SARS-CoV-2 bei Katzen und Hunden: UPDATE + SARS-CoV-2 bei Schwein: UPDATE +&hellip;<\/p>\n<\/div>\n\t\n<a href=\"https:\/\/laboklin.de\/de\/laboklin-hat-fuer-sie-gelesen-kw-43-2020\/\" class=\"post-details details-type-link\" aria-label=\"Read more about 43 KW.\">Artikel lesen...<i class=\"dt-icon-the7-arrow-03\" aria-hidden=\"true\"><\/i><\/a>\n\n<\/div><\/article><\/div><\/div><!-- iso-container|iso-grid --><div class=\"paginator paginator-more-button\">\n\t\t\t\t<a class=\"button-load-more \" href=\"javascript:void(0);\" data-dt-page=\"1\" ><span class=\"stick\"><\/span><span class=\"stick\"><\/span><span class=\"stick\"><\/span><span class=\"button-caption\">Mehr laden<\/span><\/a>\n\t\t\t<\/div><\/div>[\/vc_column][\/vc_row]<\/p>\n<\/div>","protected":false},"excerpt":{"rendered":"<p>[vc_row type=&#8220;vc_default&#8220; css=&#8220;.vc_custom_1713433615122{margin-top: 20px !important;}&#8220;][vc_column][\/vc_column][\/vc_row]<\/p>\n","protected":false},"author":1,"featured_media":0,"parent":0,"menu_order":54,"comment_status":"closed","ping_status":"closed","template":"","meta":{"_seopress_robots_primary_cat":"","_seopress_titles_title":"","_seopress_titles_desc":"","_seopress_robots_index":"","footnotes":""},"class_list":["post-1315944","page","type-page","status-publish","hentry","description-off"],"_links":{"self":[{"href":"https:\/\/laboklin.de\/de\/wp-json\/wp\/v2\/pages\/1315944","targetHints":{"allow":["GET"]}}],"collection":[{"href":"https:\/\/laboklin.de\/de\/wp-json\/wp\/v2\/pages"}],"about":[{"href":"https:\/\/laboklin.de\/de\/wp-json\/wp\/v2\/types\/page"}],"author":[{"embeddable":true,"href":"https:\/\/laboklin.de\/de\/wp-json\/wp\/v2\/users\/1"}],"replies":[{"embeddable":true,"href":"https:\/\/laboklin.de\/de\/wp-json\/wp\/v2\/comments?post=1315944"}],"version-history":[{"count":18,"href":"https:\/\/laboklin.de\/de\/wp-json\/wp\/v2\/pages\/1315944\/revisions"}],"predecessor-version":[{"id":1569712,"href":"https:\/\/laboklin.de\/de\/wp-json\/wp\/v2\/pages\/1315944\/revisions\/1569712"}],"wp:attachment":[{"href":"https:\/\/laboklin.de\/de\/wp-json\/wp\/v2\/media?parent=1315944"}],"curies":[{"name":"wp","href":"https:\/\/api.w.org\/{rel}","templated":true}]}}