{"id":1315730,"date":"2022-04-12T16:05:41","date_gmt":"2022-04-12T14:05:41","guid":{"rendered":"https:\/\/laboklin.de\/de\/?page_id=1315730"},"modified":"2022-04-12T16:38:53","modified_gmt":"2022-04-12T14:38:53","slug":"laboref_datenschutz","status":"publish","type":"page","link":"https:\/\/laboklin.de\/de\/laboref\/laboref_datenschutz\/","title":{"rendered":"Datenschutzerkl\u00e4rung"},"content":{"rendered":"<div class=\"wpb-content-wrapper\"><p>[vc_row type=&#8220;vc_default&#8220; css=&#8220;.vc_custom_1649772907233{margin-top: 30px !important;}&#8220;][vc_column width=&#8220;1\/2&#8243;][vc_column_text]<\/p>\n<h2><strong>Datenschutzerkl\u00e4rung\u00a0<\/strong><\/h2>\n<p>[\/vc_column_text][\/vc_column][vc_column width=&#8220;1\/2&#8243;]<style type=\"text\/css\" data-type=\"the7_shortcodes-inline-css\">#default-btn-2d6a799bff6f27ae3e20030774fd8cf8.ico-right-side > i {\n  margin-right: 0px;\n  margin-left: 12px;\n}\n#default-btn-2d6a799bff6f27ae3e20030774fd8cf8 > i {\n  margin-right: 12px;\n}<\/style><a href=\"https:\/\/laboklin.de\/de\/wp-content\/uploads\/2022\/04\/Datenschutz.pdf\" class=\"default-btn-shortcode dt-btn dt-btn-m link-hover-off btn-inline-right \" target=\"_blank\" id=\"default-btn-2d6a799bff6f27ae3e20030774fd8cf8\" title=\"LaboRef Datenschutz\" rel=\"noopener\"><i class=\"fa fa-arrow-circle-right\"><\/i><span>LaboRef Datenschutz. PDF<\/span><\/a>[\/vc_column][\/vc_row][vc_row type=&#8220;vc_default&#8220; css=&#8220;.vc_custom_1649772454410{margin-top: 30px !important;}&#8220;][vc_column][vc_column_text]Wir verpflichten uns, die gesetzlichen Bestimmungen zum Datenschutz einzuhalten und bem\u00fchen uns, stets die Grunds\u00e4tze der Datenvermeidung und der Datenminimierung zu ber\u00fccksichtigen.<\/p>\n<h4>1.\u00a0 Name und Anschrift des Verantwortlichen sowie des Datenschutzbeauftragten<\/h4>\n<p style=\"padding-left: 40px;\"><strong>a) Der Verantwortliche<\/strong><\/p>\n<p>Der Verantwortliche im Sinne der Datenschutz-Grundverordnung und anderer nationaler Datenschutzgesetze der Mitgliedsstaaten der Europ\u00e4ischen Union sowie sonstiger datenschutzrechtlicher Bestimmungen ist:<\/p>\n<p>LABOKLIN GmbH &amp; Co. KG<br \/>\nSteubenstr. 4<br \/>\n97688 Bad Kissingen<\/p>\n<p>Tel.: 0971\/ 72020<br \/>\nFax: 0971\/ 68546<br \/>\nE-Mail: info[at]laboklin.com<\/p>\n<p style=\"padding-left: 40px;\"><strong>b) Der Datenschutzbeauftragte<\/strong><\/p>\n<p>Der Datenschutzbeauftragte des Verantwortlichen ist:<\/p>\n<p>SiDIT GmbH, Langgasse 20, 97261 G\u00fcntersleben, <a href=\"mailto:info@sidit.de\">info@sidit.de<\/a><\/p>\n<h4>2. Begriffserkl\u00e4rungen<\/h4>\n<p>Wir haben unsere Datenschutzerkl\u00e4rung nach den Grunds\u00e4tzen der Klarheit und Transparenz gestaltet. Sollten dennoch Unklarheiten in Bezug auf die Verwendung von verschiedenen Begrifflichkeiten bestehen, k\u00f6nnen die entsprechenden Definitionen <u>hier<\/u> [<u>https:\/\/dsgvo-gesetz.de\/art-4-dsgvo\/<\/u>] eingesehen werden.<\/p>\n<h4>3. Rechtsgrundlage f\u00fcr die Verarbeitung von personenbezogenen Daten<\/h4>\n<p style=\"padding-left: 40px;\"><strong>a) Verarbeitung von personenbezogenen Daten nach der DSGVO<\/strong><\/p>\n<p>Wir verarbeiten Ihre personenbezogenen Daten wie bspw. Ihren Namen und Vornamen, Ihre E-Mail-Adresse und IP-Adresse usw. nur, wenn hierf\u00fcr eine gesetzliche Grundlage gegeben ist. Hier kommen nach der Datenschutzgrundverordnung insbesondere folgende Regelungen in Betracht:<\/p>\n<ul>\n<li>6 Abs. 1 S. 1 lit. a DSGVO: Die betroffene Person hat ihre Einwilligung zu der Verarbeitung der sie betreffenden personenbezogenen Daten f\u00fcr einen oder mehrere bestimmte Zwecke gegeben.<\/li>\n<li>6 Abs. 1 S. 1 lit. b DSGVO: Die Verarbeitung ist f\u00fcr die Erf\u00fcllung eines Vertrags, dessen Vertragspartei die betroffene Person ist, oder zur Durchf\u00fchrung vorvertraglicher Ma\u00dfnahmen erforderlich, die auf Anfrage der betroffe- nen Person erfolgen.<\/li>\n<li>6 Abs. 1 S. 1 lit. c DSGVO: Die Verarbeitung ist zur Erf\u00fcllung einer rechtlichen Verpflichtung erforderlich, der der Verantwortliche unterliegt<\/li>\n<li>6 Abs. 1 S. 1 lit. d DSGVO: Die Verarbeitung ist erforderlich, um lebenswichtige Interessen der betroffenen Person oder einer anderen nat\u00fcrlichen Person zu sch\u00fctzen<\/li>\n<li>6 Abs. 1 S. 1 lit. e DSGVO: die Verarbeitung ist f\u00fcr die Wahrnehmung einer Aufgabe erforderlich, die im \u00f6ffentlichen Interesse liegt oder in Aus\u00fcbung \u00f6ffentlicher Gewalt erfolgt, die dem Verantwortlichen \u00fcbertragen wurde<\/li>\n<li>6 Abs. 1 S. 1 lit. f DSGVO: die Verarbeitung ist zur Wahrung der berechtigten Interessen des Verantwortlichen oder eines Dritten erforderlich, sofern nicht die Interessen oder Grundrechte und Grundfreiheiten der betroffenen Person, die den Schutz personenbezogener Daten erfordern, \u00fcberwiegen, insbesondere dann, wenn es sich bei der betroffenen Person um ein Kind handelt<\/li>\n<\/ul>\n<p>Wir weisen Sie aber an den jeweiligen Stellen dieser Datenschutzerkl\u00e4rung immer noch einmal darauf hin, auf welcher Rechtsgrundlage die Verarbeitung Ihrer personenbezogenen Daten erfolgt.<\/p>\n<p style=\"padding-left: 40px;\">b) Verarbeitung von Informationen nach 25 Abs.1 TTDSG<\/p>\n<p>Wir verarbeiten au\u00dferdem Informationen gem. \u00a7 25 Abs.1 TTDSG, indem wir Informationen auf Ihrer Endeinrichtung speichern oder auf Informationen zugreifen, die bereits in Ihrer Endeinrichtung gespeichert sind. Dabei kann es sich um sowohl um personenbezogene Informationen als auch um nicht-personenbezogene-Daten, z.B. Cookies, Browser Fingerprints, Werbe-IDs, MAC-Adressen und IMEI-Nummern handeln. Endeinrichtung ist dabei jede direkt oder indirekt an die Schnittstelle eines \u00f6ffentlichen Telekommunikationsnetzes angeschlossene Einrichtung zum Aussenden, Verarbeiten oder Empfangen von Nachrichten, \u00a7 2 Abs.2 Nr.6 TTDSG.<\/p>\n<p>Diese Informationen verarbeiten wir im Regelfall aufgrund Ihrer Einwilligung, \u00a7 25 Abs.1 TTDSG.<\/p>\n<p>Soweit eine Ausnahme nach \u00a7 25 Abs.2 Nr. 1 und Nr.2 TTDSG gegeben ist, ben\u00f6tigen wir keine Einwilligung. Eine solche Ausnahme ist gegeben, wenn wir ausschlie\u00dflich auf die Informationen zugreifen oder diese speichern, um eine Nachricht \u00fcber ein \u00f6ffentliches Telekommunikationsnetz zu \u00fcbertragen oder wenn dies unbedingt erforderlich ist, damit wir einen von Ihnen ausdr\u00fccklich gew\u00fcnschten Telemediendienst zur Verf\u00fcgung stellen k\u00f6nnen. Ihre Einwilligung k\u00f6n- nen Sie jederzeit widerrufen.<\/p>\n<p>Wir setzen Sie davon in Kenntnis, dass durch den Widerruf der Einwilligung die Rechtm\u00e4\u00dfigkeit der aufgrund der Einwilligung bis zum Widerruf erfolgten Verarbeitung nicht ber\u00fchrt wird.<\/p>\n<h4>4. Weitergabe der personenbezogenen Daten<\/h4>\n<p>Auch bei der Weitergabe von personenbezogenen Daten handelt es sich um eine Verarbeitung im Sinne der vorangegangenen Ziffer 3. Wir wollen Sie an dieser Stelle jedoch nochmal gesondert \u00fcber das Thema der Weitergabe an Dritte informieren. Der Schutz Ihrer personenbezogenen Daten liegt uns sehr am Herzen. Aus diesem Grund sind wir besonders vorsichtig, wenn es darum geht Ihre Daten an Dritte weiterzugeben.<\/p>\n<p>Eine Weitergabe an Dritte erfolgt daher nur, wenn eine Rechtsgrundlage f\u00fcr die Verarbeitung gegeben ist. Beispiels- weise geben wir personenbezogene Daten an Personen oder Unternehmen weiter, die f\u00fcr uns als Auftragsverarbeiter gem\u00e4\u00df Art. 28 DSGVO t\u00e4tig sind. Auftragsverarbeiter ist jeder, der in unserem Auftrag f\u00fcr uns \u2013 also insbesondere in einem Weisungs- und Kontrollverh\u00e4ltnis zu uns \u2013 personenbezogene Daten verarbeitet<\/p>\n<p>Entsprechend den Vorgaben der DSGVO schlie\u00dfen wir mit jedem unserer Auftragsverarbeiter einen Vertrag, um diesen auf die Einhaltung datenschutzrechtlicher Vorschriften zu verpflichten und Ihren Daten somit umfassenden Schutz zu gew\u00e4hren.<\/p>\n<h4>5. Speicherdauer und L\u00f6schung<\/h4>\n<p>Ihre personenbezogenen Daten werden von uns gel\u00f6scht, soweit diese f\u00fcr die Zwecke, f\u00fcr die sie erhoben oder auf sonstige Weise verarbeitet wurden, nicht mehr notwendig sind, die Verarbeitung nicht zur Aus\u00fcbung des Rechts auf freie Meinungs\u00e4u\u00dferung und Information, zur Erf\u00fcllung einer rechtlichen Verpflichtung, aus Gr\u00fcnden des \u00f6ffentlichen Interesses oder zur Geltendmachung, Aus\u00fcbung oder Verteidigung von Rechtsanspr\u00fcchen erforderlich sind.<\/p>\n<h4>6. SSL-Verschl\u00fcsselung [1]<\/h4>\n<p>Unsere App nutzt aus Gr\u00fcnden der Sicherheit und zum Schutz der \u00dcbertragung vertraulicher Inhalte, wie z.B. der Anfragen, die Sie an uns als App-Betreiber senden, eine SSL-Verschl\u00fcsselung.<\/p>\n<p>Wenn die SSL-Verschl\u00fcsselung aktiviert ist, k\u00f6nnen die Daten, die Sie an uns \u00fcbermitteln, nicht von Dritten mitgelesen werden.<\/p>\n<h4>7. Erhebung und Speicherung von personenbezogenen Daten sowie deren Art und Zweck der Verwendung<\/h4>\n<p style=\"padding-left: 40px;\">a) <strong>Herunterladen der App<\/strong><\/p>\n<p>Bei Herunterladen der mobilen App werden die erforderlichen Informationen an den App Store oder Play Store \u00fcber- tragen, also insbesondere Nutzername, E-Mail-Adresse und Kundennummer Ihres Accounts, Zeitpunkt des Downloads, Zahlungsinformationen und die individuelle Ger\u00e4tekennziffer. Auf diese Datenerhebung haben wir keinen Einfluss und sind nicht daf\u00fcr verantwortlich. Wir verarbeiten die Daten nur soweit es f\u00fcr das Herunterladen der mobilen App auf Ihr mobiles Endger\u00e4t notwendig ist.<\/p>\n<p style=\"padding-left: 40px;\">b)<strong> Nutzung der App<\/strong><\/p>\n<p>Bei Nutzung der mobilen App wird beim Starten der App eine Internetverbindung aufgebaut. Im Anschluss wird \u00fcberpr\u00fcft, ob die auf dem Endger\u00e4t hinterlegte Datenbank der medizinischen Referenzwerte aktuell ist.<\/p>\n<p>Bei Bedarf wird die aktuelle Datenbank heruntergeladen. Die Datenbank befindet sich auf Servern von Laboklin und enth\u00e4lt keine personenbezogenen Daten.<\/p>\n<p>Das Herunterladen und Speichern der Datenbanken an sich erfolgt gem. \u00a7 25 Abs.1, Abs.2 Nr.2 TTDSG.<\/p>\n<p>Sie k\u00f6nnen im Rahmen der Nutzung der App eine Sprachauswahl treffen sowie bestimmte Referenzwerte der Datenbank als Favoriten abspeichern. Diese Verarbeitung erfolgt zur Erbringung unserer Leistungen sowie aus berechtigten Interessen gem. Art. 6 Abs. 1 S. 1 lit. b) und f) DSGVO und \u00a7 25 Abs.1, Abs.2 Nr.2 TTDSG.<\/p>\n<p>Um die Datenbank von unseren Servern herunterzuladen, erheben wir die nachfolgend beschriebenen personenbezogenen Daten, um die komfortable Nutzung der Funktionen zu erm\u00f6glichen. Wenn Sie unsere mobile App nutzen m\u00f6chten, erheben wir die folgenden Daten, die f\u00fcr uns technisch erforderlich sind, um Ihnen die Funktionen unserer mobilen App anzubieten und die Stabilit\u00e4t und Sicherheit zu gew\u00e4hrleisten:<\/p>\n<ul>\n<li>IP-Adresse<\/li>\n<li>Datum und Uhrzeit der Anfrage<\/li>\n<li>Zeitzonendifferenz zur Greenwich Mean Time (GMT)<\/li>\n<li>Zugriffsstatus\/HTTP-Statuscode<\/li>\n<\/ul>\n<p>Die Rechtsgrundlage f\u00fcr die Datenverarbeitung ist Art. 6 Abs. 1 S. 1 lit. f DSGVO sowie \u00a7 25 Abs.1, Abs.2 Nr.2 TTDSG. Unser berechtigtes Interesse folgt aus oben aufgelisteten Zwecken zur Datenerhebung. In keinem Fall verwenden wir die erhobenen Daten zu dem Zweck, R\u00fcckschl\u00fcsse auf Ihre Person zu ziehen. Die erhobenen Daten werden nach 7 Tagen gel\u00f6scht.<\/p>\n<h4>8. Rechte des Betroffenen<\/h4>\n<p>Ihnen stehen folgende Rechte zu:<\/p>\n<p style=\"padding-left: 40px;\">a) <strong>Auskunft<\/strong><\/p>\n<p>Sie haben gem\u00e4\u00df Art. 15 DSGVO das Recht, Auskunft \u00fcber Ihre von uns verarbeiteten personenbezogenen Daten zu verlangen. Dieses Auskunftsrecht umfasst dabei Informationen \u00fcber<\/p>\n<ul>\n<li>die Verarbeitungszwecke<\/li>\n<li>die Kategorien der personenbezogenen Daten<\/li>\n<li>die Empf\u00e4nger oder Kategorien von Empf\u00e4ngern, gegen\u00fcber denen Ihre Daten offengelegt wurden oder werden<\/li>\n<li>die geplante Speicherdauer oder zumindest die Kriterien f\u00fcr die Festlegung der Speicherdauer<\/li>\n<li>das Bestehen eines Rechts auf Berichtigung, L\u00f6schung, Einschr\u00e4nkung der Verarbeitung oder Widerspruch<\/li>\n<li>das Bestehen eines Beschwerderechts bei einer Aufsichtsbeh\u00f6rde<\/li>\n<li>die Herkunft Ihrer personenbezogenen Daten, sofern diese nicht bei uns erhoben wurden<\/li>\n<li>das Bestehen einer automatisierten Entscheidungsfindung einschlie\u00dflich Profiling und aussagekr\u00e4ftigen Infor- mationen zu deren Einzelheiten<\/li>\n<\/ul>\n<p style=\"padding-left: 40px;\">b) <strong>Berichtigung<\/strong><\/p>\n<p>Ihnen steht nach Art. 16 DSGVO ein Recht auf unverz\u00fcgliche Berichtigung unrichtiger oder unvollst\u00e4ndiger gespeicher- ter personenbezogener Daten bei uns zu.<\/p>\n<p style=\"padding-left: 40px;\">c) <strong>L\u00f6schung<\/strong><\/p>\n<p>Sie haben nach Art. 17 DSGVO das Recht, die unverz\u00fcgliche L\u00f6schung Ihrer personenbezogenen Daten bei uns zu ver- langen, soweit die weitere Verarbeitung nicht aus einem der nachfolgenden Gr\u00fcnde erforderlich ist:<\/p>\n<ul>\n<li>die personenbezogenen Daten sind f\u00fcr die Zwecke, f\u00fcr die sie erhoben oder auf sonstige Weise verarbeitet wur- den, noch notwendig<\/li>\n<li>zur Aus\u00fcbung des Rechts auf freie Meinungs\u00e4u\u00dferung und Information<\/li>\n<li>zur Erf\u00fcllung einer rechtlichen Verpflichtung, die die Verarbeitung nach dem Recht der Europ\u00e4ischen Union oder der Mitgliedstaaten, dem der Verantwortliche unterliegt, erfordert, oder zur Wahrnehmung einer Aufgabe, die im \u00f6ffentlichen Interesse liegt oder in Aus\u00fcbung \u00f6ffentlicher Gewalt erfolgt, die dem Verantwortlichen \u00fcbertragen wurde<\/li>\n<li>aus Gr\u00fcnden des \u00f6ffentlichen Interesses im Bereich der \u00f6ffentlichen Gesundheit gem\u00e4\u00df 9 Abs. 2 lit. h und i sowie Art. 9 Abs. 3 DSGVO<\/li>\n<li>f\u00fcr im \u00f6ffentlichen Interesse liegende Archivzwecke, wissenschaftliche oder historische Forschungszwecke oder f\u00fcr statistische Zwecke Art. 89 Abs. 1 DSGVO, soweit das unter Abschnitt a) genannte Recht voraussichtlich die Verwirklichung der Ziele dieser Verarbeitung unm\u00f6glich macht oder ernsthaft beeintr\u00e4chtigt<\/li>\n<li>zur Geltendmachung, Aus\u00fcbung oder Verteidigung von Rechtsanspr\u00fcchen<\/li>\n<\/ul>\n<p style=\"padding-left: 40px;\">d) <strong>Einschr\u00e4nkung<\/strong> <strong>der Verarbeitung<\/strong><\/p>\n<p>Sie k\u00f6nnen gem\u00e4\u00df Art. 18 DSGVO die Einschr\u00e4nkung der Verarbeitung Ihrer personenbezogenen Daten aus einem der nachfolgenden Gr\u00fcnde verlangen:<\/p>\n<ul>\n<li>Sie bestreiten die Richtigkeit Ihrer personenbezogenen<\/li>\n<li>Die Verarbeitung ist unrechtm\u00e4\u00dfig und Sie lehnen die L\u00f6schung der personenbezogenen Daten<\/li>\n<li>Wir ben\u00f6tigen die personenbezogenen Daten f\u00fcr die Zwecke der Verarbeitung nicht l\u00e4nger, Sie ben\u00f6tigen diese jedoch zur Geltendmachung, Aus\u00fcbung oder Verteidigung von Rechtsanspr\u00fcchen.<\/li>\n<li>Sie legen Widerspruch gegen die Verarbeitung gem\u00e4\u00df 21 Abs. 1 DSGVO ein.<\/li>\n<\/ul>\n<p style=\"padding-left: 40px;\">e) <strong>Unterrichtung<\/strong><\/p>\n<p>Wenn Sie die Berichtigung oder L\u00f6schung Ihrer personenbezogenen Daten oder eine Einschr\u00e4nkung der Verarbeitung nach <u>Art. 16<\/u>, <u>Art. 17<\/u> Abs. 1 und <u>Art. 18<\/u> DSGVO verlangt haben, teilen wir dies allen Empf\u00e4ngern, denen Ihre personen- bezogenen Daten offengelegt wurden, mit, es sei denn, dies erweist sich als unm\u00f6glich oder ist mit einem unverh\u00e4ltnism\u00e4\u00dfigen Aufwand verbunden. Sie k\u00f6nnen von uns verlangen, dass wir Ihnen diese Empf\u00e4nger mitteilen.<\/p>\n<p style=\"padding-left: 40px;\">f) <strong>\u00dcbermittlung<\/strong><\/p>\n<p>Sie haben das Recht, Ihre personenbezogenen Daten, die Sie uns bereitgestellt haben, in einem strukturierten, g\u00e4ngigen und maschinenlesbaren Format zu erhalten.<\/p>\n<p>Sie haben ebenfalls das Recht, die \u00dcbermittlung dieser Daten an einen Dritten zu verlangen, sofern die Verarbeitung mithilfe automatisierter Verfahren erfolgte und auf einer Einwilligung gem\u00e4\u00df <u>Art. 6<\/u> Abs. 1 S. 1 lit. a oder <u>Art. 9<\/u> Abs. 2 lit. a oder auf einem Vertrag gem\u00e4\u00df <u>Art. 6<\/u> Abs. 1 S. 1 lit. b DSGVO beruht.<\/p>\n<p style=\"padding-left: 40px;\">g) <strong>Widerruf<\/strong><\/p>\n<p>Sie haben gem\u00e4\u00df <u>Art. 7<\/u> Abs. 3 DSGVO das Recht, ihre erteilte Einwilligung jederzeit uns gegen\u00fcber zu widerrufen. Durch den Widerruf der Einwilligung wird die Rechtm\u00e4\u00dfigkeit der aufgrund der Einwilligung bis zum Widerruf erfolgten Verarbeitung nicht ber\u00fchrt. Zuk\u00fcnftig d\u00fcrfen wir die Datenverarbeitung, die auf Ihrer widerrufenen Einwilligung beruhte nicht mehr fortf\u00fchren.<\/p>\n<p style=\"padding-left: 40px;\">h) <strong>Beschwerde<\/strong><\/p>\n<p>Sie haben gem\u00e4\u00df <u>Art. 77<\/u> DSGVO das Recht, sich bei einer Aufsichtsbeh\u00f6rde zu beschweren, wenn Sie der Ansicht sind, dass die Verarbeitung Ihrer personenbezogenen Daten gegen die DSGVO verst\u00f6\u00dft.<\/p>\n<p style=\"padding-left: 40px;\">i) <strong>Widerspruch<\/strong><\/p>\n<p>Sofern Ihre personenbezogenen Daten auf Grundlage von berechtigten Interessen gem\u00e4\u00df <u>Art. 6<\/u> Abs. 1 S. 1 lit. f DSGVO verarbeitet werden, haben Sie das Recht, gem\u00e4\u00df <u>Art. 21<\/u> DSGVO Widerspruch gegen die Verarbeitung Ihrer personen- bezogenen Daten einzulegen, soweit daf\u00fcr Gr\u00fcnde vorliegen, die sich aus Ihrer besonderen Situation ergeben oder sich der Widerspruch gegen Direktwerbung richtet. Im letzteren Fall haben Sie ein generelles Widerspruchsrecht, das ohne Angabe der besonderen Situation von uns umgesetzt wird. M\u00f6chten Sie von Ihrem Widerrufs- oder Widerspruchsrecht Gebrauch machen, gen\u00fcgt eine E-Mail an <a href=\"mailto:info@laboklin.com\">info@laboklin.com.<\/a><\/p>\n<p style=\"padding-left: 40px;\">j) <strong>Automatisierte Entscheidung im Einzelfall einschlie\u00dflich Profiling<\/strong><\/p>\n<p>Sie haben das Recht, nicht einer ausschlie\u00dflich auf einer automatisierten Verarbeitung \u2013 einschlie\u00dflich Profiling \u2013 beruhenden Entscheidung unterworfen zu werden, die Ihnen gegen\u00fcber rechtliche Wirkung entfaltet oder Sie in \u00e4hnlicher Weise erheblich beeintr\u00e4chtigt. Dies gilt nicht, wenn die Entscheidung<\/p>\n<ol>\n<li>f\u00fcr den Abschluss oder die Erf\u00fcllung eines Vertrags zwischen Ihnen und uns erforderlich ist<\/li>\n<li>aufgrund von Rechtsvorschriften der Europ\u00e4ischen Union oder der Mitgliedstaaten, denen wir unterliegen, zul\u00e4ssig ist und diese Rechtsvorschriften angemessene Ma\u00dfnahmen zur Wahrung Ihrer Rechte und Freiheiten sowie Ihrer berechtigten Interessen enthalten<\/li>\n<li>mit Ihrer ausdr\u00fccklichen Einwilligung erfolgt<\/li>\n<\/ol>\n<p>Allerdings d\u00fcrfen diese Entscheidungen nicht auf besonderen Kategorien personenbezogener Daten nach <u>Art. 9<\/u> Abs. 1 DSGVO beruhen, sofern nicht <u>Art. 9<\/u> Abs. 2 lit. a oder g DSGVO gilt und angemessene Ma\u00dfnahmen zum Schutz der<\/p>\n<p>Rechte und Freiheiten sowie Ihrer berechtigten Interessen getroffen wurden. Hinsichtlich der in i) und iii) genannten F\u00e4lle treffen wir angemessene Ma\u00dfnahmen, um die Rechte und Freiheiten sowie Ihre berechtigten Interessen zu wahren, wozu mindestens das Recht auf Erwirkung des Eingreifens einer Person von unserer Seite, auf Darlegung des eigenen Standpunkts und auf Anfechtung der Entscheidung geh\u00f6rt.<\/p>\n<h4>9. \u00c4nderung der Datenschutzerkl\u00e4rung<\/h4>\n<p>Sollten wir die Datenschutzerkl\u00e4rung \u00e4ndern, dann wird dies in der App kenntlich gemacht.<\/p>\n<p style=\"text-align: right;\"><strong>Stand: 03.02.2022<\/strong><\/p>\n<hr \/>\n<p><strong>[1] <\/strong>Mit der DSGVO wird die SSL-Verschl\u00fcsselung f\u00fcr alle Webseiten, die ein Kontakt-, Bestellformular oder eine Newsletter-Bestellung bereithalten zur Pflicht. Wir empfehlen die SSL-Verschl\u00fcsselung aber generell f\u00fcr alle Webseiten, weil dies nach unserer Auffassung dem Stand der Technik entspricht. Dies gilt auch f\u00fcr Apps.[\/vc_column_text][\/vc_column][\/vc_row]<\/p>\n<\/div>","protected":false},"excerpt":{"rendered":"<p>[vc_row type=&#8220;vc_default&#8220; css=&#8220;.vc_custom_1649772907233{margin-top: 30px !important;}&#8220;][vc_column width=&#8220;1\/2&#8243;][vc_column_text] Datenschutzerkl\u00e4rung\u00a0 [\/vc_column_text][\/vc_column][vc_column width=&#8220;1\/2&#8243;][\/vc_column][\/vc_row][vc_row type=&#8220;vc_default&#8220; css=&#8220;.vc_custom_1649772454410{margin-top: 30px !important;}&#8220;][vc_column][vc_column_text]Wir verpflichten uns, die gesetzlichen Bestimmungen zum Datenschutz einzuhalten und bem\u00fchen uns, stets die Grunds\u00e4tze der Datenvermeidung und der Datenminimierung zu ber\u00fccksichtigen. 1.\u00a0 Name und Anschrift des Verantwortlichen sowie des Datenschutzbeauftragten a) Der Verantwortliche Der Verantwortliche im Sinne der Datenschutz-Grundverordnung und anderer nationaler&hellip;<\/p>\n","protected":false},"author":1,"featured_media":0,"parent":1315728,"menu_order":1,"comment_status":"closed","ping_status":"closed","template":"","meta":{"_seopress_robots_primary_cat":"","_seopress_titles_title":"","_seopress_titles_desc":"","_seopress_robots_index":"","footnotes":""},"class_list":["post-1315730","page","type-page","status-publish","hentry","description-off"],"_links":{"self":[{"href":"https:\/\/laboklin.de\/de\/wp-json\/wp\/v2\/pages\/1315730","targetHints":{"allow":["GET"]}}],"collection":[{"href":"https:\/\/laboklin.de\/de\/wp-json\/wp\/v2\/pages"}],"about":[{"href":"https:\/\/laboklin.de\/de\/wp-json\/wp\/v2\/types\/page"}],"author":[{"embeddable":true,"href":"https:\/\/laboklin.de\/de\/wp-json\/wp\/v2\/users\/1"}],"replies":[{"embeddable":true,"href":"https:\/\/laboklin.de\/de\/wp-json\/wp\/v2\/comments?post=1315730"}],"version-history":[{"count":11,"href":"https:\/\/laboklin.de\/de\/wp-json\/wp\/v2\/pages\/1315730\/revisions"}],"predecessor-version":[{"id":1315752,"href":"https:\/\/laboklin.de\/de\/wp-json\/wp\/v2\/pages\/1315730\/revisions\/1315752"}],"up":[{"embeddable":true,"href":"https:\/\/laboklin.de\/de\/wp-json\/wp\/v2\/pages\/1315728"}],"wp:attachment":[{"href":"https:\/\/laboklin.de\/de\/wp-json\/wp\/v2\/media?parent=1315730"}],"curies":[{"name":"wp","href":"https:\/\/api.w.org\/{rel}","templated":true}]}}