{"id":1336402,"date":"2022-04-26T10:31:22","date_gmt":"2022-04-26T08:31:22","guid":{"rendered":"https:\/\/laboklin.de\/laboklin-suchen\/"},"modified":"2025-10-23T17:20:59","modified_gmt":"2025-10-23T15:20:59","slug":"laboklin-suchen","status":"publish","type":"page","link":"https:\/\/laboklin.de\/de-ch\/laboklin-suchen\/","title":{"rendered":"LABOKLIN: suchen"},"content":{"rendered":"<div class=\"wpb-content-wrapper\"><p>[vc_row type=&#187;vc_default&#187; css=&#187;.vc_custom_1713433615122{margin-top: 20px !important;}&#187;][vc_column]<style type=\"text\/css\" data-type=\"the7_shortcodes-inline-css\">.blog-shortcode.blog-masonry-shortcode-id-16d21456377bc20891df62474548dfe2.dividers-on.classic-layout-list article {\n  padding-top: 0;\n}\n.blog-shortcode.blog-masonry-shortcode-id-16d21456377bc20891df62474548dfe2.dividers-on.classic-layout-list article:first-of-type {\n  margin-top: 0;\n  padding-top: 0;\n}\n.blog-shortcode.blog-masonry-shortcode-id-16d21456377bc20891df62474548dfe2.classic-layout-list.mode-list .post-entry-content {\n  width: calc(100% - );\n}\n.blog-shortcode.blog-masonry-shortcode-id-16d21456377bc20891df62474548dfe2.classic-layout-list.mode-list .no-img .post-entry-content {\n  width: 100%;\n}\n.blog-shortcode.blog-masonry-shortcode-id-16d21456377bc20891df62474548dfe2 .filter {\n  margin-bottom: 20px;\n}\n.blog-shortcode.blog-masonry-shortcode-id-16d21456377bc20891df62474548dfe2 .filter-bg-decoration .filter-categories a.act {\n  color: #fff;\n}\n.blog-shortcode.blog-masonry-shortcode-id-16d21456377bc20891df62474548dfe2:not(.mode-masonry) article:first-of-type,\n.blog-shortcode.blog-masonry-shortcode-id-16d21456377bc20891df62474548dfe2:not(.mode-masonry) article.visible.first:not(.product) {\n  margin-top: 0;\n}\n.blog-shortcode.blog-masonry-shortcode-id-16d21456377bc20891df62474548dfe2.dividers-on:not(.mode-masonry) article {\n  margin-top: 0;\n}\n.blog-shortcode.blog-masonry-shortcode-id-16d21456377bc20891df62474548dfe2.dividers-on:not(.mode-masonry) article:first-of-type,\n.blog-shortcode.blog-masonry-shortcode-id-16d21456377bc20891df62474548dfe2.dividers-on:not(.mode-masonry) article.visible.first:not(.product) {\n  margin-top: 0;\n  padding-top: 0;\n}\n.blog-shortcode.blog-masonry-shortcode-id-16d21456377bc20891df62474548dfe2 .post-thumbnail-wrap {\n  padding: 15px 130px 5px 15px;\n}\n.blog-shortcode.blog-masonry-shortcode-id-16d21456377bc20891df62474548dfe2.enable-bg-rollover .post-thumbnail-rollover:after {\n  background: -webkit-linear-gradient();\n  background: linear-gradient();\n}\n.blog-shortcode.blog-masonry-shortcode-id-16d21456377bc20891df62474548dfe2 .gallery-zoom-ico {\n  width: 44px;\n  height: 44px;\n  line-height: 44px;\n  border-radius: 100px;\n  margin: -22px 0 0 -22px;\n  border-width: 0px;\n  color: #e51e1e;\n}\n.bottom-overlap-layout-list.blog-shortcode.blog-masonry-shortcode-id-16d21456377bc20891df62474548dfe2 .gallery-zoom-ico {\n  margin-top: -72px;\n}\n.gradient-overlay-layout-list.blog-shortcode.blog-masonry-shortcode-id-16d21456377bc20891df62474548dfe2 .gallery-zoom-ico,\n.content-rollover-layout-list.blog-shortcode.blog-masonry-shortcode-id-16d21456377bc20891df62474548dfe2 .gallery-zoom-ico {\n  margin: 0 0 10px;\n}\n.content-align-center.gradient-overlay-layout-list.blog-shortcode.blog-masonry-shortcode-id-16d21456377bc20891df62474548dfe2 .gallery-zoom-ico,\n.content-align-center.content-rollover-layout-list.blog-shortcode.blog-masonry-shortcode-id-16d21456377bc20891df62474548dfe2 .gallery-zoom-ico {\n  margin: 0 auto 10px;\n}\n.dt-icon-bg-on.blog-shortcode.blog-masonry-shortcode-id-16d21456377bc20891df62474548dfe2 .gallery-zoom-ico {\n  background: rgba(255,255,255,0.3);\n  box-shadow: none;\n}\n.blog-shortcode.blog-masonry-shortcode-id-16d21456377bc20891df62474548dfe2 .gallery-zoom-ico > span,\n.blog-shortcode.blog-masonry-shortcode-id-16d21456377bc20891df62474548dfe2 .gallery-zoom-ico:before {\n  font-size: 33px;\n  line-height: 44px;\n}\n.blog-shortcode.blog-masonry-shortcode-id-16d21456377bc20891df62474548dfe2 .gallery-zoom-ico > span,\n.blog-shortcode.blog-masonry-shortcode-id-16d21456377bc20891df62474548dfe2 .gallery-zoom-ico:before {\n  color: #e51e1e;\n}\n.blog-shortcode.blog-masonry-shortcode-id-16d21456377bc20891df62474548dfe2 .fancy-date a {\n  background: rgba(255,255,255,0.89);\n  box-shadow: none;\n}\n.blog-shortcode.blog-masonry-shortcode-id-16d21456377bc20891df62474548dfe2 .entry-title,\n.blog-shortcode.blog-masonry-shortcode-id-16d21456377bc20891df62474548dfe2.owl-carousel .entry-title {\n  margin-bottom: 5px;\n  font-size: 15px;\n  line-height: 18px;\n  font-weight: bold;\n}\n.blog-shortcode.blog-masonry-shortcode-id-16d21456377bc20891df62474548dfe2 .entry-meta {\n  margin-bottom: 15px;\n}\n.blog-shortcode.blog-masonry-shortcode-id-16d21456377bc20891df62474548dfe2 .entry-meta * {\n  font-size: 11px;\n  line-height: 13px;\n  color: #000000;\n}\n.blog-shortcode.blog-masonry-shortcode-id-16d21456377bc20891df62474548dfe2 .portfolio-categories {\n  margin-bottom: 15px;\n}\n.blog-shortcode.blog-masonry-shortcode-id-16d21456377bc20891df62474548dfe2 .entry-meta > a:after,\n.blog-shortcode.blog-masonry-shortcode-id-16d21456377bc20891df62474548dfe2 .entry-meta > span:after {\n  background: #000000;\n  box-shadow: none;\n}\n.blog-shortcode.blog-masonry-shortcode-id-16d21456377bc20891df62474548dfe2 .entry-excerpt {\n  margin-bottom: 5px;\n  font-size: 12px;\n  line-height: 14px;\n}\n.blog-shortcode.blog-masonry-shortcode-id-16d21456377bc20891df62474548dfe2 .entry-excerpt * {\n  color: #000000;\n}\n.blog-shortcode.blog-masonry-shortcode-id-16d21456377bc20891df62474548dfe2:not(.centered-layout-list) .post-entry-content {\n  padding: 15px 15px 15px 15px;\n}\n.blog-shortcode.blog-masonry-shortcode-id-16d21456377bc20891df62474548dfe2:not(.centered-layout-list):not(.content-bg-on):not(.mode-list) .no-img .post-entry-content {\n  padding: 0;\n}\n@media screen and (max-width: ) {\n  .blog-shortcode.blog-masonry-shortcode-id-16d21456377bc20891df62474548dfe2 article {\n    -ms-flex-flow: column nowrap;\n    flex-flow: column nowrap;\n    margin-top: 20px;\n  }\n  .blog-shortcode.blog-masonry-shortcode-id-16d21456377bc20891df62474548dfe2.dividers-on article {\n    border: none;\n  }\n  .blog-shortcode.blog-masonry-shortcode-id-16d21456377bc20891df62474548dfe2.content-bg-on.centered-layout-list article {\n    padding: 0;\n  }\n  .blog-shortcode.blog-masonry-shortcode-id-16d21456377bc20891df62474548dfe2.blog-shortcode.dividers-on article,\n  .blog-shortcode.blog-masonry-shortcode-id-16d21456377bc20891df62474548dfe2.dividers-on.classic-layout-list article {\n    margin-top: 20px;\n    padding: 0;\n  }\n  .blog-shortcode.blog-masonry-shortcode-id-16d21456377bc20891df62474548dfe2.blog-shortcode.dividers-on article:first-of-type,\n  .blog-shortcode.blog-masonry-shortcode-id-16d21456377bc20891df62474548dfe2.dividers-on.classic-layout-list article:first-of-type {\n    padding: 0;\n  }\n  #page .blog-shortcode.blog-masonry-shortcode-id-16d21456377bc20891df62474548dfe2 .post-thumbnail-wrap,\n  #page .blog-shortcode.blog-masonry-shortcode-id-16d21456377bc20891df62474548dfe2 .post-entry-content {\n    width: 100%;\n    margin: 0;\n    top: 0;\n  }\n  #page .blog-shortcode.blog-masonry-shortcode-id-16d21456377bc20891df62474548dfe2 .post-thumbnail-wrap {\n    padding: 0;\n  }\n  #page .blog-shortcode.blog-masonry-shortcode-id-16d21456377bc20891df62474548dfe2 .post-entry-content:after {\n    display: none;\n  }\n  #page .blog-shortcode.blog-masonry-shortcode-id-16d21456377bc20891df62474548dfe2 .project-even .post-thumbnail-wrap,\n  #page .blog-shortcode.blog-masonry-shortcode-id-16d21456377bc20891df62474548dfe2.centered-layout-list .post-thumbnail-wrap {\n    -ms-flex-order: 0;\n    order: 0;\n  }\n  #page .blog-shortcode.blog-masonry-shortcode-id-16d21456377bc20891df62474548dfe2.centered-layout-list .post-entry-title-content {\n    -ms-flex-order: 1;\n    order: 1;\n    width: 100%;\n    padding: 20px 20px 0;\n  }\n  #page .blog-shortcode.blog-masonry-shortcode-id-16d21456377bc20891df62474548dfe2.centered-layout-list .post-entry-content {\n    -ms-flex-order: 2;\n    order: 2;\n    padding-top: 0;\n  }\n  #page .blog-shortcode.blog-masonry-shortcode-id-16d21456377bc20891df62474548dfe2 .fancy-categories {\n    top: 10px;\n    left: 10px;\n    bottom: auto;\n    right: auto;\n  }\n  #page .blog-shortcode.blog-masonry-shortcode-id-16d21456377bc20891df62474548dfe2 .fancy-date a {\n    top: 10px;\n    right: 10px;\n    left: auto;\n    bottom: auto;\n  }\n  #page .blog-shortcode.blog-masonry-shortcode-id-16d21456377bc20891df62474548dfe2 .post-entry-content {\n    padding: 20px;\n  }\n  #page .blog-shortcode.blog-masonry-shortcode-id-16d21456377bc20891df62474548dfe2 .entry-title {\n    margin: 3px 0 5px;\n    font-size: 20px;\n    font-size: 15px;\n    line-height: 26px;\n    line-height: 18px;\n  }\n  #page .blog-shortcode.blog-masonry-shortcode-id-16d21456377bc20891df62474548dfe2 .entry-meta {\n    margin: 5px 0 5px;\n  }\n  #page .blog-shortcode.blog-masonry-shortcode-id-16d21456377bc20891df62474548dfe2 .entry-excerpt {\n    margin: 15px 0 0;\n  }\n  #page .blog-shortcode.blog-masonry-shortcode-id-16d21456377bc20891df62474548dfe2 .post-details {\n    margin: 5px 0 10px;\n  }\n  #page .blog-shortcode.blog-masonry-shortcode-id-16d21456377bc20891df62474548dfe2 .post-details.details-type-link {\n    margin-bottom: 2px;\n  }\n}\n.blog-shortcode.blog-masonry-shortcode-id-16d21456377bc20891df62474548dfe2:not(.resize-by-browser-width) .dt-css-grid {\n  grid-row-gap: 14px;\n  grid-column-gap: 14px;\n  grid-template-columns: repeat(auto-fill,minmax(,1fr));\n}\n.blog-shortcode.blog-masonry-shortcode-id-16d21456377bc20891df62474548dfe2:not(.resize-by-browser-width) .dt-css-grid .double-width {\n  grid-column: span 2;\n}\n.cssgridlegacy.no-cssgrid .blog-shortcode.blog-masonry-shortcode-id-16d21456377bc20891df62474548dfe2:not(.resize-by-browser-width) .dt-css-grid,\n.no-cssgridlegacy.no-cssgrid .blog-shortcode.blog-masonry-shortcode-id-16d21456377bc20891df62474548dfe2:not(.resize-by-browser-width) .dt-css-grid {\n  display: flex;\n  flex-flow: row wrap;\n  margin: -7px;\n}\n.cssgridlegacy.no-cssgrid .blog-shortcode.blog-masonry-shortcode-id-16d21456377bc20891df62474548dfe2:not(.resize-by-browser-width) .dt-css-grid .wf-cell,\n.no-cssgridlegacy.no-cssgrid .blog-shortcode.blog-masonry-shortcode-id-16d21456377bc20891df62474548dfe2:not(.resize-by-browser-width) .dt-css-grid .wf-cell {\n  flex: 1 0 ;\n  max-width: 100%;\n  padding: 7px;\n  box-sizing: border-box;\n}\n.blog-shortcode.blog-masonry-shortcode-id-16d21456377bc20891df62474548dfe2.resize-by-browser-width .dt-css-grid {\n  grid-template-columns: repeat(4,1fr);\n  grid-template-rows: auto;\n  grid-column-gap: 14px;\n  grid-row-gap: 14px;\n}\n.blog-shortcode.blog-masonry-shortcode-id-16d21456377bc20891df62474548dfe2.resize-by-browser-width .dt-css-grid .double-width {\n  grid-column: span 2;\n}\n.cssgridlegacy.no-cssgrid .blog-shortcode.blog-masonry-shortcode-id-16d21456377bc20891df62474548dfe2.resize-by-browser-width .dt-css-grid {\n  margin: -7px;\n}\n.cssgridlegacy.no-cssgrid .blog-shortcode.blog-masonry-shortcode-id-16d21456377bc20891df62474548dfe2.resize-by-browser-width .dt-css-grid .wf-cell {\n  width: 25%;\n  padding: 7px;\n}\n.cssgridlegacy.no-cssgrid .blog-shortcode.blog-masonry-shortcode-id-16d21456377bc20891df62474548dfe2.resize-by-browser-width .dt-css-grid .wf-cell.double-width {\n  width: calc(25%) * 2;\n}\n.blog-shortcode.blog-masonry-shortcode-id-16d21456377bc20891df62474548dfe2.resize-by-browser-width:not(.centered-layout-list):not(.content-bg-on) .dt-css-grid {\n  grid-row-gap: -1px;\n}\n@media screen and (max-width: 1199px) {\n  .blog-shortcode.blog-masonry-shortcode-id-16d21456377bc20891df62474548dfe2.resize-by-browser-width .dt-css-grid {\n    grid-template-columns: repeat(3,1fr);\n  }\n  .cssgridlegacy.no-cssgrid .blog-shortcode.blog-masonry-shortcode-id-16d21456377bc20891df62474548dfe2.resize-by-browser-width .dt-css-grid .wf-cell,\n  .no-cssgridlegacy.no-cssgrid .blog-shortcode.blog-masonry-shortcode-id-16d21456377bc20891df62474548dfe2.resize-by-browser-width .dt-css-grid .wf-cell {\n    width: 33.333333333333%;\n  }\n  .cssgridlegacy.no-cssgrid .blog-shortcode.blog-masonry-shortcode-id-16d21456377bc20891df62474548dfe2.resize-by-browser-width .dt-css-grid .wf-cell.double-width,\n  .no-cssgridlegacy.no-cssgrid .blog-shortcode.blog-masonry-shortcode-id-16d21456377bc20891df62474548dfe2.resize-by-browser-width .dt-css-grid .wf-cell.double-width {\n    width: calc(33.333333333333%)*2;\n  }\n}\n@media screen and (max-width: 991px) {\n  .blog-shortcode.blog-masonry-shortcode-id-16d21456377bc20891df62474548dfe2.resize-by-browser-width .dt-css-grid {\n    grid-template-columns: repeat(2,1fr);\n  }\n  .cssgridlegacy.no-cssgrid .blog-shortcode.blog-masonry-shortcode-id-16d21456377bc20891df62474548dfe2.resize-by-browser-width .dt-css-grid .wf-cell,\n  .no-cssgridlegacy.no-cssgrid .blog-shortcode.blog-masonry-shortcode-id-16d21456377bc20891df62474548dfe2.resize-by-browser-width .dt-css-grid .wf-cell {\n    width: 50%;\n  }\n  .cssgridlegacy.no-cssgrid .blog-shortcode.blog-masonry-shortcode-id-16d21456377bc20891df62474548dfe2.resize-by-browser-width .dt-css-grid .wf-cell.double-width,\n  .no-cssgridlegacy.no-cssgrid .blog-shortcode.blog-masonry-shortcode-id-16d21456377bc20891df62474548dfe2.resize-by-browser-width .dt-css-grid .wf-cell.double-width {\n    width: calc(50%)*2;\n  }\n}\n@media screen and (max-width: 767px) {\n  .blog-shortcode.blog-masonry-shortcode-id-16d21456377bc20891df62474548dfe2.resize-by-browser-width .dt-css-grid {\n    grid-template-columns: repeat(1,1fr);\n  }\n  .blog-shortcode.blog-masonry-shortcode-id-16d21456377bc20891df62474548dfe2.resize-by-browser-width .dt-css-grid .double-width {\n    grid-column: span 1;\n  }\n  .cssgridlegacy.no-cssgrid .blog-shortcode.blog-masonry-shortcode-id-16d21456377bc20891df62474548dfe2.resize-by-browser-width .dt-css-grid .wf-cell,\n  .no-cssgridlegacy.no-cssgrid .blog-shortcode.blog-masonry-shortcode-id-16d21456377bc20891df62474548dfe2.resize-by-browser-width .dt-css-grid .wf-cell {\n    width: 100%;\n  }\n  .cssgridlegacy.no-cssgrid .blog-shortcode.blog-masonry-shortcode-id-16d21456377bc20891df62474548dfe2.resize-by-browser-width .dt-css-grid .wf-cell.double-width,\n  .no-cssgridlegacy.no-cssgrid .blog-shortcode.blog-masonry-shortcode-id-16d21456377bc20891df62474548dfe2.resize-by-browser-width .dt-css-grid .wf-cell.double-width {\n    width: calc(100%)*2;\n  }\n}<\/style><div class=\"blog-shortcode blog-masonry-shortcode-id-16d21456377bc20891df62474548dfe2 mode-grid classic-layout-list content-bg-on jquery-filter filter-align-left vertical-fancy-style quick-scale-img dt-css-grid-wrap enable-bg-rollover dt-icon-bg-off resize-by-browser-width loading-effect-fade-in description-under-image \" data-padding=\"7px\" data-cur-page=\"1\" data-post-limit=\"100\" data-pagination-mode=\"load-more\" aria-live=\"assertive\" data-desktop-columns-num=\"4\" data-v-tablet-columns-num=\"2\" data-h-tablet-columns-num=\"3\" data-phone-columns-num=\"1\" data-width=\"0px\" data-columns=\"0\"><div class=\"iso-filter css-grid-filter filter\"><div class=\"filter-categories\" data-default-order=\"desc\" data-default-orderby=\"date\"><a href=\"https:\/\/laboklin.de\/de-ch\/laboklin-suchen\/?order=desc\" class=\"show-all act\" data-filter=\"*\" aria-label=\"Apply filter: View all\">View all<\/a><a href=\"https:\/\/laboklin.de\/de-ch\/laboklin-suchen\/?term=247&#038;order=desc\" class=\"sonder-news-de-ch\" data-filter=\".category-247\" aria-label=\"Apply filter: LABOKLIN. F\u00fcr Sie gelesen\">LABOKLIN. F\u00fcr Sie gelesen<\/a><a href=\"https:\/\/laboklin.de\/de-ch\/laboklin-suchen\/?term=249&#038;order=desc\" class=\"laboklin-aktuell-de-ch\" data-filter=\".category-249\" aria-label=\"Apply filter: LABOKLIN aktuell\">LABOKLIN aktuell<\/a><a href=\"https:\/\/laboklin.de\/de-ch\/laboklin-suchen\/?term=253&#038;order=desc\" class=\"laboklin-allergie-de-ch\" data-filter=\".category-253\" aria-label=\"Apply filter: LABOKLIN Dermatologie\">LABOKLIN Dermatologie<\/a><a href=\"https:\/\/laboklin.de\/de-ch\/laboklin-suchen\/?term=254&#038;order=desc\" class=\"laboklin-pferd-de-ch\" data-filter=\".category-254\" aria-label=\"Apply filter: Laboklin Pferd\">Laboklin Pferd<\/a><a href=\"https:\/\/laboklin.de\/de-ch\/laboklin-suchen\/?term=274&#038;order=desc\" class=\"news-de-ch\" data-filter=\".category-274\" aria-label=\"Apply filter: NEWS\">NEWS<\/a><\/div><div class=\"filter-extras\"><div class=\"filter-by\" style=\"display: none;\"><a href=\"https:\/\/laboklin.de\/de-ch\/laboklin-suchen\/?orderby=date&#038;order=desc\" class=\"sort-by-date act\" data-by=\"date\"><svg version=\"1.1\" xmlns=\"http:\/\/www.w3.org\/2000\/svg\" xmlns:xlink=\"http:\/\/www.w3.org\/1999\/xlink\" x=\"0px\" y=\"0px\" viewBox=\"0 0 16 16\" style=\"enable-background:new 0 0 16 16;\" xml:space=\"preserve\"><path d=\"M11,6.5C11,6.2,11.2,6,11.5,6h1C12.8,6,13,6.2,13,6.5v1C13,7.8,12.8,8,12.5,8h-1C11.2,8,11,7.8,11,7.5V6.5z M8,6.5C8,6.2,8.2,6,8.5,6h1C9.8,6,10,6.2,10,6.5v1C10,7.8,9.8,8,9.5,8h-1C8.2,8,8,7.8,8,7.5V6.5z M3,9.5C3,9.2,3.2,9,3.5,9h1C4.8,9,5,9.2,5,9.5v1C5,10.8,4.8,11,4.5,11h-1C3.2,11,3,10.8,3,10.5V9.5z M6,9.5C6,9.2,6.2,9,6.5,9h1C7.8,9,8,9.2,8,9.5v1C8,10.8,7.8,11,7.5,11h-1C6.2,11,6,10.8,6,10.5V9.5z\"\/><path d=\"M3.5,0C3.8,0,4,0.2,4,0.5V1h8V0.5C12,0.2,12.2,0,12.5,0S13,0.2,13,0.5V1h1c1.1,0,2,0.9,2,2v11c0,1.1-0.9,2-2,2H2c-1.1,0-2-0.9-2-2V3c0-1.1,0.9-2,2-2h1V0.5C3,0.2,3.2,0,3.5,0z M1,4v10c0,0.6,0.4,1,1,1h12c0.6,0,1-0.4,1-1V4H1z\"\/><\/svg><span class=\"filter-popup\">Sort by date<\/span><\/a><span class=\"filter-switch\"><\/span><a href=\"https:\/\/laboklin.de\/de-ch\/laboklin-suchen\/?orderby=name&#038;order=desc\" class=\"sort-by-name\" data-by=\"name\"><svg version=\"1.1\" xmlns=\"http:\/\/www.w3.org\/2000\/svg\" xmlns:xlink=\"http:\/\/www.w3.org\/1999\/xlink\" x=\"0px\" y=\"0px\" viewBox=\"0 0 16 16\" style=\"enable-background:new 0 0 16 16;\" xml:space=\"preserve\"><path d=\"M2.2,13.1l0.9-2.8h3.5l0.9,2.8h1.3L5.5,3.8H4.3L1,13.1H2.2z M4.9,5.2l1.4,4.2H3.5L4.9,5.2C4.9,5.2,4.9,5.2,4.9,5.2z\"\/><g><path d=\"M10,12.4l2.8-3.6c0.3-0.3,0.5-0.6,0.8-1v0h-3.3V6.9h4.7l0,0.7l-2.7,3.6c-0.3,0.3-0.5,0.6-0.8,1v0H15v0.9h-5V12.4z\"\/><\/g><\/svg><span class=\"filter-popup\">Sort by name<\/span><\/a><\/div><div class=\"filter-sorting\"><a href=\"https:\/\/laboklin.de\/de-ch\/laboklin-suchen\/?orderby=date&#038;order=desc\" class=\"sort-by-desc act\" data-sort=\"desc\"><svg version=\"1.1\" xmlns=\"http:\/\/www.w3.org\/2000\/svg\" xmlns:xlink=\"http:\/\/www.w3.org\/1999\/xlink\" x=\"0px\" y=\"0px\"viewBox=\"0 0 16 16\" style=\"enable-background:new 0 0 16 16;\" xml:space=\"preserve\"><path d=\"M3.5,2.5C3.5,2.2,3.3,2,3,2S2.5,2.2,2.5,2.5v8.8l-1.1-1.1c-0.2-0.2-0.5-0.2-0.7,0s-0.2,0.5,0,0.7l0,0l2,2l0,0c0.2,0.2,0.5,0.2,0.7,0l2-2c0.2-0.2,0.2-0.5,0-0.7c-0.2-0.2-0.5-0.2-0.7,0l-1.1,1.1V2.5z M7,3.5C7,3.2,7.2,3,7.5,3h7C14.8,3,15,3.2,15,3.5S14.8,4,14.5,4h-7C7.2,4,7,3.8,7,3.5z M7.5,6C7.2,6,7,6.2,7,6.5S7.2,7,7.5,7h5C12.8,7,13,6.8,13,6.5S12.8,6,12.5,6H7.5z M7.5,9C7.2,9,7,9.2,7,9.5S7.2,10,7.5,10h3c0.3,0,0.5-0.2,0.5-0.5S10.8,9,10.5,9H7.5z M7.5,12C7.2,12,7,12.2,7,12.5S7.2,13,7.5,13h1C8.8,13,9,12.8,9,12.5S8.8,12,8.5,12H7.5z\"\/><\/svg><span class=\"filter-popup\">Descending<\/span><\/a><span class=\"filter-switch\"><\/span><a href=\"https:\/\/laboklin.de\/de-ch\/laboklin-suchen\/?orderby=date&#038;order=asc\" class=\"sort-by-asc\" data-sort=\"asc\"><svg version=\"1.1\" xmlns=\"http:\/\/www.w3.org\/2000\/svg\" xmlns:xlink=\"http:\/\/www.w3.org\/1999\/xlink\" x=\"0px\" y=\"0px\" viewBox=\"0 0 16 16\" style=\"enable-background:new 0 0 16 16;\" xml:space=\"preserve\"><path d=\"M3.5,12.5C3.5,12.8,3.3,13,3,13s-0.5-0.2-0.5-0.5V3.7L1.4,4.9C1.2,5,0.8,5,0.6,4.9s-0.2-0.5,0-0.7l2-2l0,0C2.8,2,3.2,2,3.4,2.1l2,2c0.2,0.2,0.2,0.5,0,0.7S4.8,5,4.6,4.9L3.5,3.7V12.5z M7,3.5C7,3.2,7.2,3,7.5,3h7C14.8,3,15,3.2,15,3.5S14.8,4,14.5,4h-7C7.2,4,7,3.8,7,3.5z M7.5,6C7.2,6,7,6.2,7,6.5S7.2,7,7.5,7h5C12.8,7,13,6.8,13,6.5S12.8,6,12.5,6H7.5z M7.5,9C7.2,9,7,9.2,7,9.5S7.2,10,7.5,10h3c0.3,0,0.5-0.2,0.5-0.5S10.8,9,10.5,9H7.5z M7.5,12C7.2,12,7,12.2,7,12.5S7.2,13,7.5,13h1C8.8,13,9,12.8,9,12.5S8.8,12,8.5,12H7.5z\"\/><\/svg><span class=\"filter-popup\">Ascending<\/span><\/a><\/div><\/div><\/div><div class=\"dt-css-grid\" ><div class=\"visible wf-cell category-249\" data-post-id=\"1605602\" data-date=\"2026-04-21T10:50:53+02:00\" data-name=\"Expertenrunde zur felinen Hyperthyreose\"><article class=\"post project-odd visible post-1605602 type-post status-publish format-standard has-post-thumbnail hentry category-laboklin-aktuell-de-ch category-249\" data-name=\"Expertenrunde zur felinen Hyperthyreose\" data-date=\"2026-04-21T10:50:53+02:00\">\n\n<div class=\"post-thumbnail-wrap\">\n\t<div class=\"post-thumbnail\">\n\t\t\n\t\t\n\t\t<a href=\"https:\/\/laboklin.de\/de-ch\/expertenrunde-zur-felinen-hyperthyreose\/\" class=\"post-thumbnail-rollover layzr-bg layzr-bg\" ><img fetchpriority=\"high\" decoding=\"async\" class=\"iso-lazy-load preload-me iso-lazy-load aspect\" src=\"data:image\/svg+xml,%3Csvg%20xmlns%3D&#39;http%3A%2F%2Fwww.w3.org%2F2000%2Fsvg&#39;%20viewBox%3D&#39;0%200%20768%20512&#39;%2F%3E\" data-src=\"https:\/\/laboklin.de\/wp-content\/uploads\/2026\/04\/titelbild_feline_hyperthyreose-768x512.jpg\" data-srcset=\"https:\/\/laboklin.de\/wp-content\/uploads\/2026\/04\/titelbild_feline_hyperthyreose-768x512.jpg 768w, https:\/\/laboklin.de\/wp-content\/uploads\/2026\/04\/titelbild_feline_hyperthyreose-1152x768.jpg 1152w\" loading=\"eager\" style=\"--ratio: 768 \/ 512\" sizes=\"(max-width: 768px) 100vw, 768px\" alt=\"\" title=\"Titelbild_feline_Hyperthyreose\" width=\"768\" height=\"512\"  \/><span class=\"gallery-zoom-ico icomoon-the7-font-the7-zoom-01\"><span><\/span><\/span><\/a>\t<\/div>\n<\/div>\n\n\n<div class=\"post-entry-content\">\n\n\t<h3 class=\"entry-title\">\n\t\t<a href=\"https:\/\/laboklin.de\/de-ch\/expertenrunde-zur-felinen-hyperthyreose\/\" title=\"Expertenrunde zur felinen Hyperthyreose\" rel=\"bookmark\">Expertenrunde zur felinen Hyperthyreose<\/a>\n\t<\/h3>\n\n\t<div class=\"entry-meta\"><span class=\"category-link\"><a href=\"https:\/\/laboklin.de\/de-ch\/category\/laboklin-aktuell-de-ch\/\" >LABOKLIN aktuell<\/a><\/span><\/div>\n\t<div class=\"entry-excerpt\"><p>Feline Hyperthyreose: Symptome, Diagnostik, neue Parameter, Therapieoptionen<\/p>\n<\/div>\n\t\n<a href=\"https:\/\/laboklin.de\/de-ch\/expertenrunde-zur-felinen-hyperthyreose\/\" class=\"post-details details-type-link\" aria-label=\"Read more about Expertenrunde zur felinen Hyperthyreose\">Artikel lesen...<i class=\"dt-icon-the7-arrow-03\" aria-hidden=\"true\"><\/i><\/a>\n\n<\/div><\/article><\/div><div class=\"visible wf-cell category-249\" data-post-id=\"1601205\" data-date=\"2026-03-30T12:32:48+02:00\" data-name=\"Durchfall bei Kleins\u00e4ugern \u2013 labordiagnostische M\u00f6glichkeiten\"><article class=\"post project-odd visible post-1601205 type-post status-publish format-standard has-post-thumbnail hentry category-laboklin-aktuell-de-ch category-249\" data-name=\"Durchfall bei Kleins\u00e4ugern \u2013 labordiagnostische M\u00f6glichkeiten\" data-date=\"2026-03-30T12:32:48+02:00\">\n\n<div class=\"post-thumbnail-wrap\">\n\t<div class=\"post-thumbnail\">\n\t\t\n\t\t\n\t\t<a href=\"https:\/\/laboklin.de\/de-ch\/durchfall-bei-kleinsaeugern-labordiagnostische-moeglichkeiten\/\" class=\"post-thumbnail-rollover layzr-bg layzr-bg\" ><img decoding=\"async\" class=\"iso-lazy-load preload-me iso-lazy-load aspect\" src=\"data:image\/svg+xml,%3Csvg%20xmlns%3D&#39;http%3A%2F%2Fwww.w3.org%2F2000%2Fsvg&#39;%20viewBox%3D&#39;0%200%20768%20512&#39;%2F%3E\" data-src=\"https:\/\/laboklin.de\/wp-content\/uploads\/2026\/03\/groessenvergleich_endoparasiten-kaninchen-768x512.jpg\" data-srcset=\"https:\/\/laboklin.de\/wp-content\/uploads\/2026\/03\/groessenvergleich_endoparasiten-kaninchen-768x512.jpg 768w, https:\/\/laboklin.de\/wp-content\/uploads\/2026\/03\/groessenvergleich_endoparasiten-kaninchen-951x634.jpg 951w\" loading=\"eager\" style=\"--ratio: 768 \/ 512\" sizes=\"(max-width: 768px) 100vw, 768px\" alt=\"Endoparasiten des Kaninchens im Gr\u00f6\u00dfenvergleich\"  width=\"768\" height=\"512\"  \/><span class=\"gallery-zoom-ico icomoon-the7-font-the7-zoom-01\"><span><\/span><\/span><\/a>\t<\/div>\n<\/div>\n\n\n<div class=\"post-entry-content\">\n\n\t<h3 class=\"entry-title\">\n\t\t<a href=\"https:\/\/laboklin.de\/de-ch\/durchfall-bei-kleinsaeugern-labordiagnostische-moeglichkeiten\/\" title=\"Durchfall bei Kleins\u00e4ugern \u2013 labordiagnostische M\u00f6glichkeiten\" rel=\"bookmark\">Durchfall bei Kleins\u00e4ugern \u2013 labordiagnostische M\u00f6glichkeiten<\/a>\n\t<\/h3>\n\n\t<div class=\"entry-meta\"><span class=\"category-link\"><a href=\"https:\/\/laboklin.de\/de-ch\/category\/laboklin-aktuell-de-ch\/\" >LABOKLIN aktuell<\/a><\/span><\/div>\n\t<div class=\"entry-excerpt\"><p>Durchfall, Kotabsatz mit erh\u00f6htem Wassergehalt und\/oder einer erh\u00f6hten Frequenz, ist auch bei Kleins\u00e4ugern einer der h\u00e4ufigsten Vorstellungsgr\u00fcnde. Der Therapieerfolg ist&hellip;<\/p>\n<\/div>\n\t\n<a href=\"https:\/\/laboklin.de\/de-ch\/durchfall-bei-kleinsaeugern-labordiagnostische-moeglichkeiten\/\" class=\"post-details details-type-link\" aria-label=\"Read more about Durchfall bei Kleins\u00e4ugern \u2013 labordiagnostische M\u00f6glichkeiten\">Artikel lesen...<i class=\"dt-icon-the7-arrow-03\" aria-hidden=\"true\"><\/i><\/a>\n\n<\/div><\/article><\/div><div class=\"visible wf-cell category-249\" data-post-id=\"1596939\" data-date=\"2026-03-16T09:38:28+01:00\" data-name=\"Wenn die Nase st\u00e4ndig l\u00e4uft \u2013 chronischer Nasenausfluss bei Hund und Katze\"><article class=\"post project-odd visible post-1596939 type-post status-publish format-standard has-post-thumbnail hentry category-laboklin-aktuell-de-ch category-249\" data-name=\"Wenn die Nase st\u00e4ndig l\u00e4uft \u2013 chronischer Nasenausfluss bei Hund und Katze\" data-date=\"2026-03-16T09:38:28+01:00\">\n\n<div class=\"post-thumbnail-wrap\">\n\t<div class=\"post-thumbnail\">\n\t\t\n\t\t\n\t\t<a href=\"https:\/\/laboklin.de\/de-ch\/wenn-die-nase-staendig-laeuft-chronischer-nasenausfluss-bei-hund-und-katze\/\" class=\"post-thumbnail-rollover layzr-bg layzr-bg\" ><img decoding=\"async\" class=\"iso-lazy-load preload-me iso-lazy-load aspect\" src=\"data:image\/svg+xml,%3Csvg%20xmlns%3D&#39;http%3A%2F%2Fwww.w3.org%2F2000%2Fsvg&#39;%20viewBox%3D&#39;0%200%20768%20512&#39;%2F%3E\" data-src=\"https:\/\/laboklin.de\/wp-content\/uploads\/2026\/03\/histologie_nasale_polypen_hund-768x512.jpg\" data-srcset=\"https:\/\/laboklin.de\/wp-content\/uploads\/2026\/03\/histologie_nasale_polypen_hund-768x512.jpg 768w, https:\/\/laboklin.de\/wp-content\/uploads\/2026\/03\/histologie_nasale_polypen_hund-822x548.jpg 822w\" loading=\"eager\" style=\"--ratio: 768 \/ 512\" sizes=\"(max-width: 768px) 100vw, 768px\" alt=\"Histologie eines nasalen Polypen eines Hundes, 4er Vergr\u00f6\u00dferung, HE-F\u00e4rbung\"  width=\"768\" height=\"512\"  \/><span class=\"gallery-zoom-ico icomoon-the7-font-the7-zoom-01\"><span><\/span><\/span><\/a>\t<\/div>\n<\/div>\n\n\n<div class=\"post-entry-content\">\n\n\t<h3 class=\"entry-title\">\n\t\t<a href=\"https:\/\/laboklin.de\/de-ch\/wenn-die-nase-staendig-laeuft-chronischer-nasenausfluss-bei-hund-und-katze\/\" title=\"Wenn die Nase st\u00e4ndig l\u00e4uft \u2013 chronischer Nasenausfluss bei Hund und Katze\" rel=\"bookmark\">Wenn die Nase st\u00e4ndig l\u00e4uft \u2013 chronischer Nasenausfluss bei Hund und Katze<\/a>\n\t<\/h3>\n\n\t<div class=\"entry-meta\"><span class=\"category-link\"><a href=\"https:\/\/laboklin.de\/de-ch\/category\/laboklin-aktuell-de-ch\/\" >LABOKLIN aktuell<\/a><\/span><\/div>\n\t<div class=\"entry-excerpt\"><p>Chronischer Nasenausfluss bei Hund und Katze: Diagnostik, Differentialdiagnosen von Rhinitis \u00fcber Mykosen zu Neoplasien<\/p>\n<\/div>\n\t\n<a href=\"https:\/\/laboklin.de\/de-ch\/wenn-die-nase-staendig-laeuft-chronischer-nasenausfluss-bei-hund-und-katze\/\" class=\"post-details details-type-link\" aria-label=\"Read more about Wenn die Nase st\u00e4ndig l\u00e4uft \u2013 chronischer Nasenausfluss bei Hund und Katze\">Artikel lesen...<i class=\"dt-icon-the7-arrow-03\" aria-hidden=\"true\"><\/i><\/a>\n\n<\/div><\/article><\/div><div class=\"visible wf-cell category-253\" data-post-id=\"1596942\" data-date=\"2026-03-09T13:09:30+01:00\" data-name=\"Die feline Sporotrichose \u2013 eine Differentialdiagnose bei Hautl\u00e4sionen der Katze?\"><article class=\"post project-odd visible post-1596942 type-post status-publish format-standard has-post-thumbnail hentry category-laboklin-allergie-de-ch category-253\" data-name=\"Die feline Sporotrichose \u2013 eine Differentialdiagnose bei Hautl\u00e4sionen der Katze?\" data-date=\"2026-03-09T13:09:30+01:00\">\n\n<div class=\"post-thumbnail-wrap\">\n\t<div class=\"post-thumbnail\">\n\t\t\n\t\t\n\t\t<a href=\"https:\/\/laboklin.de\/de-ch\/die-feline-sporotrichose-eine-differentialdiagnose-bei-hautlaesionen-der-katze\/\" class=\"post-thumbnail-rollover layzr-bg layzr-bg\" ><img decoding=\"async\" class=\"iso-lazy-load preload-me iso-lazy-load aspect\" src=\"data:image\/svg+xml,%3Csvg%20xmlns%3D&#39;http%3A%2F%2Fwww.w3.org%2F2000%2Fsvg&#39;%20viewBox%3D&#39;0%200%20768%20512&#39;%2F%3E\" data-src=\"https:\/\/laboklin.de\/wp-content\/uploads\/2026\/03\/hochgradige-nodulaere-und-ulzerative-hautlaesionen-einer-katze-mit-sporotrichose-768x512.jpg\" data-srcset=\"https:\/\/laboklin.de\/wp-content\/uploads\/2026\/03\/hochgradige-nodulaere-und-ulzerative-hautlaesionen-einer-katze-mit-sporotrichose-768x512.jpg 768w, https:\/\/laboklin.de\/wp-content\/uploads\/2026\/03\/hochgradige-nodulaere-und-ulzerative-hautlaesionen-einer-katze-mit-sporotrichose-1045x696.jpg 1045w\" loading=\"eager\" style=\"--ratio: 768 \/ 512\" sizes=\"(max-width: 768px) 100vw, 768px\" alt=\"\"  width=\"768\" height=\"512\"  \/><span class=\"gallery-zoom-ico icomoon-the7-font-the7-zoom-01\"><span><\/span><\/span><\/a>\t<\/div>\n<\/div>\n\n\n<div class=\"post-entry-content\">\n\n\t<h3 class=\"entry-title\">\n\t\t<a href=\"https:\/\/laboklin.de\/de-ch\/die-feline-sporotrichose-eine-differentialdiagnose-bei-hautlaesionen-der-katze\/\" title=\"Die feline Sporotrichose \u2013 eine Differentialdiagnose bei Hautl\u00e4sionen der Katze?\" rel=\"bookmark\">Die feline Sporotrichose \u2013 eine Differentialdiagnose bei Hautl\u00e4sionen der Katze?<\/a>\n\t<\/h3>\n\n\t<div class=\"entry-meta\"><span class=\"category-link\"><a href=\"https:\/\/laboklin.de\/de-ch\/category\/laboklin-allergie-de-ch\/\" >LABOKLIN Dermatologie<\/a><\/span><\/div>\n\t<div class=\"entry-excerpt\"><p>Feline Sporotrichose: Ursachen, Symptome und Diagnostik der seltenen, aber zoonotischen Hautpilzinfektion bei Katzen.<\/p>\n<\/div>\n\t\n<a href=\"https:\/\/laboklin.de\/de-ch\/die-feline-sporotrichose-eine-differentialdiagnose-bei-hautlaesionen-der-katze\/\" class=\"post-details details-type-link\" aria-label=\"Read more about Die feline Sporotrichose \u2013 eine Differentialdiagnose bei Hautl\u00e4sionen der Katze?\">Artikel lesen...<i class=\"dt-icon-the7-arrow-03\" aria-hidden=\"true\"><\/i><\/a>\n\n<\/div><\/article><\/div><div class=\"visible wf-cell category-249\" data-post-id=\"1589905\" data-date=\"2026-02-16T13:42:54+01:00\" data-name=\"Labordiagnostische Aufarbeitung von K\u00f6rperh\u00f6hlenerg\u00fcssen\"><article class=\"post project-odd visible post-1589905 type-post status-publish format-standard has-post-thumbnail hentry category-laboklin-aktuell-de-ch category-249\" data-name=\"Labordiagnostische Aufarbeitung von K\u00f6rperh\u00f6hlenerg\u00fcssen\" data-date=\"2026-02-16T13:42:54+01:00\">\n\n<div class=\"post-thumbnail-wrap\">\n\t<div class=\"post-thumbnail\">\n\t\t\n\t\t\n\t\t<a href=\"https:\/\/laboklin.de\/de-ch\/labordiagnostische-aufarbeitung-von-koerperhoehlenerguessen\/\" class=\"post-thumbnail-rollover layzr-bg layzr-bg\" ><img decoding=\"async\" class=\"iso-lazy-load preload-me iso-lazy-load aspect\" src=\"data:image\/svg+xml,%3Csvg%20xmlns%3D&#39;http%3A%2F%2Fwww.w3.org%2F2000%2Fsvg&#39;%20viewBox%3D&#39;0%200%20768%20512&#39;%2F%3E\" data-src=\"https:\/\/laboklin.de\/wp-content\/uploads\/2026\/02\/pleomorphe_zellen_eines_karzinoms-768x512.jpg\" data-srcset=\"https:\/\/laboklin.de\/wp-content\/uploads\/2026\/02\/pleomorphe_zellen_eines_karzinoms-768x512.jpg 768w, https:\/\/laboklin.de\/wp-content\/uploads\/2026\/02\/pleomorphe_zellen_eines_karzinoms-1152x768.jpg 1152w\" loading=\"eager\" style=\"--ratio: 768 \/ 512\" sizes=\"(max-width: 768px) 100vw, 768px\" alt=\"pleomorphe Zellen eines Karzinoms\"  width=\"768\" height=\"512\"  \/><span class=\"gallery-zoom-ico icomoon-the7-font-the7-zoom-01\"><span><\/span><\/span><\/a>\t<\/div>\n<\/div>\n\n\n<div class=\"post-entry-content\">\n\n\t<h3 class=\"entry-title\">\n\t\t<a href=\"https:\/\/laboklin.de\/de-ch\/labordiagnostische-aufarbeitung-von-koerperhoehlenerguessen\/\" title=\"Labordiagnostische Aufarbeitung von K\u00f6rperh\u00f6hlenerg\u00fcssen\" rel=\"bookmark\">Labordiagnostische Aufarbeitung von K\u00f6rperh\u00f6hlenerg\u00fcssen<\/a>\n\t<\/h3>\n\n\t<div class=\"entry-meta\"><span class=\"category-link\"><a href=\"https:\/\/laboklin.de\/de-ch\/category\/laboklin-aktuell-de-ch\/\" >LABOKLIN aktuell<\/a><\/span><\/div>\n\t<div class=\"entry-excerpt\"><p>Ergussanalyse: Transsudat, Exsudat, Zytologie, Zellzahl, weitere Diagnostik<\/p>\n<\/div>\n\t\n<a href=\"https:\/\/laboklin.de\/de-ch\/labordiagnostische-aufarbeitung-von-koerperhoehlenerguessen\/\" class=\"post-details details-type-link\" aria-label=\"Read more about Labordiagnostische Aufarbeitung von K\u00f6rperh\u00f6hlenerg\u00fcssen\">Artikel lesen...<i class=\"dt-icon-the7-arrow-03\" aria-hidden=\"true\"><\/i><\/a>\n\n<\/div><\/article><\/div><div class=\"visible wf-cell category-249\" data-post-id=\"1584495\" data-date=\"2026-01-27T11:13:20+01:00\" data-name=\"Akute-Phase-Proteine bei Hund und Katze \u2013 aktuelle Erkenntnisse und Bedeutung f\u00fcr die Praxis\"><article class=\"post project-odd visible post-1584495 type-post status-publish format-standard has-post-thumbnail hentry category-laboklin-aktuell-de-ch category-249\" data-name=\"Akute-Phase-Proteine bei Hund und Katze \u2013 aktuelle Erkenntnisse und Bedeutung f\u00fcr die Praxis\" data-date=\"2026-01-27T11:13:20+01:00\">\n\n<div class=\"post-thumbnail-wrap\">\n\t<div class=\"post-thumbnail\">\n\t\t\n\t\t\n\t\t<a href=\"https:\/\/laboklin.de\/de-ch\/akute-phase-proteine-bei-hund-und-katze\/\" class=\"post-thumbnail-rollover layzr-bg layzr-bg\" ><img decoding=\"async\" class=\"iso-lazy-load preload-me iso-lazy-load aspect\" src=\"data:image\/svg+xml,%3Csvg%20xmlns%3D&#39;http%3A%2F%2Fwww.w3.org%2F2000%2Fsvg&#39;%20viewBox%3D&#39;0%200%20768%20512&#39;%2F%3E\" data-src=\"https:\/\/laboklin.de\/wp-content\/uploads\/2026\/01\/fip-katze-ki-768x512.jpg\" data-srcset=\"https:\/\/laboklin.de\/wp-content\/uploads\/2026\/01\/fip-katze-ki-768x512.jpg 768w, https:\/\/laboklin.de\/wp-content\/uploads\/2026\/01\/fip-katze-ki-1024x682.jpg 1024w\" loading=\"eager\" style=\"--ratio: 768 \/ 512\" sizes=\"(max-width: 768px) 100vw, 768px\" alt=\"Katze mit FIP\"  width=\"768\" height=\"512\"  \/><span class=\"gallery-zoom-ico icomoon-the7-font-the7-zoom-01\"><span><\/span><\/span><\/a>\t<\/div>\n<\/div>\n\n\n<div class=\"post-entry-content\">\n\n\t<h3 class=\"entry-title\">\n\t\t<a href=\"https:\/\/laboklin.de\/de-ch\/akute-phase-proteine-bei-hund-und-katze\/\" title=\"Akute-Phase-Proteine bei Hund und Katze \u2013 aktuelle Erkenntnisse und Bedeutung f\u00fcr die Praxis\" rel=\"bookmark\">Akute-Phase-Proteine bei Hund und Katze \u2013 aktuelle Erkenntnisse und Bedeutung f\u00fcr die Praxis<\/a>\n\t<\/h3>\n\n\t<div class=\"entry-meta\"><span class=\"category-link\"><a href=\"https:\/\/laboklin.de\/de-ch\/category\/laboklin-aktuell-de-ch\/\" >LABOKLIN aktuell<\/a><\/span><\/div>\n\t<div class=\"entry-excerpt\"><p>Akute-Phase-Protein bei Hund und Katze: diagnostische Bedeutung von CRP, SAA, AGP und Co. f\u00fcr die Praxis<\/p>\n<\/div>\n\t\n<a href=\"https:\/\/laboklin.de\/de-ch\/akute-phase-proteine-bei-hund-und-katze\/\" class=\"post-details details-type-link\" aria-label=\"Read more about Akute-Phase-Proteine bei Hund und Katze \u2013 aktuelle Erkenntnisse und Bedeutung f\u00fcr die Praxis\">Artikel lesen...<i class=\"dt-icon-the7-arrow-03\" aria-hidden=\"true\"><\/i><\/a>\n\n<\/div><\/article><\/div><div class=\"visible wf-cell category-249\" data-post-id=\"1576511\" data-date=\"2025-12-03T12:05:32+01:00\" data-name=\"Expertenrunde zum Cushing-Syndrom\"><article class=\"post project-odd visible post-1576511 type-post status-publish format-standard has-post-thumbnail hentry category-laboklin-aktuell-de-ch category-249\" data-name=\"Expertenrunde zum Cushing-Syndrom\" data-date=\"2025-12-03T12:05:32+01:00\">\n\n<div class=\"post-thumbnail-wrap\">\n\t<div class=\"post-thumbnail\">\n\t\t\n\t\t\n\t\t<a href=\"https:\/\/laboklin.de\/de-ch\/expertenrunde-zum-cushing-syndrom\/\" class=\"post-thumbnail-rollover layzr-bg layzr-bg\" ><img decoding=\"async\" class=\"iso-lazy-load preload-me iso-lazy-load aspect\" src=\"data:image\/svg+xml,%3Csvg%20xmlns%3D&#39;http%3A%2F%2Fwww.w3.org%2F2000%2Fsvg&#39;%20viewBox%3D&#39;0%200%20768%20512&#39;%2F%3E\" data-src=\"https:\/\/laboklin.de\/wp-content\/uploads\/2025\/12\/hund_cushing-768x512.jpg\" data-srcset=\"https:\/\/laboklin.de\/wp-content\/uploads\/2025\/12\/hund_cushing-768x512.jpg 768w, https:\/\/laboklin.de\/wp-content\/uploads\/2025\/12\/hund_cushing-1152x768.jpg 1152w\" loading=\"eager\" style=\"--ratio: 768 \/ 512\" sizes=\"(max-width: 768px) 100vw, 768px\" alt=\"\" title=\"Hund_Cushing\" width=\"768\" height=\"512\"  \/><span class=\"gallery-zoom-ico icomoon-the7-font-the7-zoom-01\"><span><\/span><\/span><\/a>\t<\/div>\n<\/div>\n\n\n<div class=\"post-entry-content\">\n\n\t<h3 class=\"entry-title\">\n\t\t<a href=\"https:\/\/laboklin.de\/de-ch\/expertenrunde-zum-cushing-syndrom\/\" title=\"Expertenrunde zum Cushing-Syndrom\" rel=\"bookmark\">Expertenrunde zum Cushing-Syndrom<\/a>\n\t<\/h3>\n\n\t<div class=\"entry-meta\"><span class=\"category-link\"><a href=\"https:\/\/laboklin.de\/de-ch\/category\/laboklin-aktuell-de-ch\/\" >LABOKLIN aktuell<\/a><\/span><\/div>\n\t<div class=\"entry-excerpt\"><p>Aktuelle Expertenrunde zum Cushing\u2011Syndrom: Fachwissen zu Symptomen, Diagnostik und Therapie bei Hund und Katze \u2013 kompakt und praxisnah erkl\u00e4rt.<\/p>\n<\/div>\n\t\n<a href=\"https:\/\/laboklin.de\/de-ch\/expertenrunde-zum-cushing-syndrom\/\" class=\"post-details details-type-link\" aria-label=\"Read more about Expertenrunde zum Cushing-Syndrom\">Artikel lesen...<i class=\"dt-icon-the7-arrow-03\" aria-hidden=\"true\"><\/i><\/a>\n\n<\/div><\/article><\/div><div class=\"visible wf-cell category-253\" data-post-id=\"1576721\" data-date=\"2025-11-28T11:41:09+01:00\" data-name=\"Die Allergen-spezifische Immuntherapie (ASIT) bei Pferden\"><article class=\"post project-odd visible post-1576721 type-post status-publish format-standard has-post-thumbnail hentry category-laboklin-allergie-de-ch category-253\" data-name=\"Die Allergen-spezifische Immuntherapie (ASIT) bei Pferden\" data-date=\"2025-11-28T11:41:09+01:00\">\n\n<div class=\"post-thumbnail-wrap\">\n\t<div class=\"post-thumbnail\">\n\t\t\n\t\t\n\t\t<a href=\"https:\/\/laboklin.de\/de-ch\/die-allergen-spezifische-immuntherapie-asit-bei-pferden\/\" class=\"post-thumbnail-rollover layzr-bg layzr-bg\" ><img decoding=\"async\" class=\"iso-lazy-load preload-me iso-lazy-load aspect\" src=\"data:image\/svg+xml,%3Csvg%20xmlns%3D&#39;http%3A%2F%2Fwww.w3.org%2F2000%2Fsvg&#39;%20viewBox%3D&#39;0%200%20768%20512&#39;%2F%3E\" data-src=\"https:\/\/laboklin.de\/wp-content\/uploads\/2025\/12\/symptome_pferde-768x512.jpg\" data-srcset=\"https:\/\/laboklin.de\/wp-content\/uploads\/2025\/12\/symptome_pferde-768x512.jpg 768w, https:\/\/laboklin.de\/wp-content\/uploads\/2025\/12\/symptome_pferde-958x639.jpg 958w\" loading=\"eager\" style=\"--ratio: 768 \/ 512\" sizes=\"(max-width: 768px) 100vw, 768px\" alt=\"Symptome der in die Studie inkludierten Pferde\"  width=\"768\" height=\"512\"  \/><span class=\"gallery-zoom-ico icomoon-the7-font-the7-zoom-01\"><span><\/span><\/span><\/a>\t<\/div>\n<\/div>\n\n\n<div class=\"post-entry-content\">\n\n\t<h3 class=\"entry-title\">\n\t\t<a href=\"https:\/\/laboklin.de\/de-ch\/die-allergen-spezifische-immuntherapie-asit-bei-pferden\/\" title=\"Die Allergen-spezifische Immuntherapie (ASIT) bei Pferden\" rel=\"bookmark\">Die Allergen-spezifische Immuntherapie (ASIT) bei Pferden<\/a>\n\t<\/h3>\n\n\t<div class=\"entry-meta\"><span class=\"category-link\"><a href=\"https:\/\/laboklin.de\/de-ch\/category\/laboklin-allergie-de-ch\/\" >LABOKLIN Dermatologie<\/a><\/span><\/div>\n\t<div class=\"entry-excerpt\"><p>ASIT Pferd: Gr\u00fcnde f\u00fcr Behandlungsabbr\u00fcche und Optimierung des Behandlungserfolges<\/p>\n<\/div>\n\t\n<a href=\"https:\/\/laboklin.de\/de-ch\/die-allergen-spezifische-immuntherapie-asit-bei-pferden\/\" class=\"post-details details-type-link\" aria-label=\"Read more about Die Allergen-spezifische Immuntherapie (ASIT) bei Pferden\">Artikel lesen...<i class=\"dt-icon-the7-arrow-03\" aria-hidden=\"true\"><\/i><\/a>\n\n<\/div><\/article><\/div><div class=\"visible wf-cell category-249\" data-post-id=\"1571057\" data-date=\"2025-10-29T13:23:51+01:00\" data-name=\"Hypothyreose beim Hund: diagnostische Sch\u00e4rfe durch moderne Verfahren \u2013 Fokus rT3 und LC-MS\/MS\"><article class=\"post project-odd visible post-1571057 type-post status-publish format-standard has-post-thumbnail hentry category-laboklin-aktuell-de-ch category-249\" data-name=\"Hypothyreose beim Hund: diagnostische Sch\u00e4rfe durch moderne Verfahren \u2013 Fokus rT3 und LC-MS\/MS\" data-date=\"2025-10-29T13:23:51+01:00\">\n\n<div class=\"post-thumbnail-wrap\">\n\t<div class=\"post-thumbnail\">\n\t\t\n\t\t\n\t\t<a href=\"https:\/\/laboklin.de\/de-ch\/hypothyreose-beim-hund\/\" class=\"post-thumbnail-rollover layzr-bg layzr-bg\" ><img decoding=\"async\" class=\"iso-lazy-load preload-me iso-lazy-load aspect\" src=\"data:image\/svg+xml,%3Csvg%20xmlns%3D&#39;http%3A%2F%2Fwww.w3.org%2F2000%2Fsvg&#39;%20viewBox%3D&#39;0%200%20768%20512&#39;%2F%3E\" data-src=\"https:\/\/laboklin.de\/wp-content\/uploads\/2025\/10\/titelbild_hypothyreose-768x512.jpg\" data-srcset=\"https:\/\/laboklin.de\/wp-content\/uploads\/2025\/10\/titelbild_hypothyreose-768x512.jpg 768w, https:\/\/laboklin.de\/wp-content\/uploads\/2025\/10\/titelbild_hypothyreose-1152x768.jpg 1152w\" loading=\"eager\" style=\"--ratio: 768 \/ 512\" sizes=\"(max-width: 768px) 100vw, 768px\" alt=\"\" title=\"Titelbild_Hypothyreose\" width=\"768\" height=\"512\"  \/><span class=\"gallery-zoom-ico icomoon-the7-font-the7-zoom-01\"><span><\/span><\/span><\/a>\t<\/div>\n<\/div>\n\n\n<div class=\"post-entry-content\">\n\n\t<h3 class=\"entry-title\">\n\t\t<a href=\"https:\/\/laboklin.de\/de-ch\/hypothyreose-beim-hund\/\" title=\"Hypothyreose beim Hund: diagnostische Sch\u00e4rfe durch moderne Verfahren \u2013 Fokus rT3 und LC-MS\/MS\" rel=\"bookmark\">Hypothyreose beim Hund: diagnostische Sch\u00e4rfe durch moderne Verfahren \u2013 Fokus rT3 und LC-MS\/MS<\/a>\n\t<\/h3>\n\n\t<div class=\"entry-meta\"><span class=\"category-link\"><a href=\"https:\/\/laboklin.de\/de-ch\/category\/laboklin-aktuell-de-ch\/\" >LABOKLIN aktuell<\/a><\/span><\/div>\n\t<div class=\"entry-excerpt\"><p>Bei der pr\u00e4zisen Diagnose der kaninen Hypothyreose liefern die rT3-Messung sowie LC-MS\/MS-basierte Analysen besonders in Zweifelsf\u00e4llen entscheidende Informationen.<\/p>\n<\/div>\n\t\n<a href=\"https:\/\/laboklin.de\/de-ch\/hypothyreose-beim-hund\/\" class=\"post-details details-type-link\" aria-label=\"Read more about Hypothyreose beim Hund: diagnostische Sch\u00e4rfe durch moderne Verfahren \u2013 Fokus rT3 und LC-MS\/MS\">Artikel lesen...<i class=\"dt-icon-the7-arrow-03\" aria-hidden=\"true\"><\/i><\/a>\n\n<\/div><\/article><\/div><div class=\"visible wf-cell category-249\" data-post-id=\"1562801\" data-date=\"2025-09-18T10:00:45+02:00\" data-name=\"Spontantumoren beim Meerschweinchen (Cavia porcellus): retrospektive Auswertung von Tumoren aus der Routineeinsendung\"><article class=\"post project-odd visible post-1562801 type-post status-publish format-standard has-post-thumbnail hentry category-laboklin-aktuell-de-ch category-249\" data-name=\"Spontantumoren beim Meerschweinchen (Cavia porcellus): retrospektive Auswertung von Tumoren aus der Routineeinsendung\" data-date=\"2025-09-18T10:00:45+02:00\">\n\n<div class=\"post-thumbnail-wrap\">\n\t<div class=\"post-thumbnail\">\n\t\t\n\t\t\n\t\t<a href=\"https:\/\/laboklin.de\/de-ch\/spontantumoren-beim-meerschweinchen\/\" class=\"post-thumbnail-rollover layzr-bg layzr-bg\" ><img decoding=\"async\" class=\"iso-lazy-load preload-me iso-lazy-load aspect\" src=\"data:image\/svg+xml,%3Csvg%20xmlns%3D&#39;http%3A%2F%2Fwww.w3.org%2F2000%2Fsvg&#39;%20viewBox%3D&#39;0%200%20768%20512&#39;%2F%3E\" data-src=\"https:\/\/laboklin.de\/wp-content\/uploads\/2025\/09\/meerschweinchen-768x512.jpg\" data-srcset=\"https:\/\/laboklin.de\/wp-content\/uploads\/2025\/09\/meerschweinchen-768x512.jpg 768w, https:\/\/laboklin.de\/wp-content\/uploads\/2025\/09\/meerschweinchen-1045x697.jpg 1045w\" loading=\"eager\" style=\"--ratio: 768 \/ 512\" sizes=\"(max-width: 768px) 100vw, 768px\" alt=\"\" title=\"Meerschweinchen\" width=\"768\" height=\"512\"  \/><span class=\"gallery-zoom-ico icomoon-the7-font-the7-zoom-01\"><span><\/span><\/span><\/a>\t<\/div>\n<\/div>\n\n\n<div class=\"post-entry-content\">\n\n\t<h3 class=\"entry-title\">\n\t\t<a href=\"https:\/\/laboklin.de\/de-ch\/spontantumoren-beim-meerschweinchen\/\" title=\"Spontantumoren beim Meerschweinchen (Cavia porcellus): retrospektive Auswertung von Tumoren aus der Routineeinsendung\" rel=\"bookmark\">Spontantumoren beim Meerschweinchen (Cavia porcellus): retrospektive Auswertung von Tumoren aus der Routineeinsendung<\/a>\n\t<\/h3>\n\n\t<div class=\"entry-meta\"><span class=\"category-link\"><a href=\"https:\/\/laboklin.de\/de-ch\/category\/laboklin-aktuell-de-ch\/\" >LABOKLIN aktuell<\/a><\/span><\/div>\n\t<div class=\"entry-excerpt\"><p>Spontantumoren bei Meerschweinchen: H\u00e4ufigkeit, Lokalisation, Histologie<\/p>\n<\/div>\n\t\n<a href=\"https:\/\/laboklin.de\/de-ch\/spontantumoren-beim-meerschweinchen\/\" class=\"post-details details-type-link\" aria-label=\"Read more about Spontantumoren beim Meerschweinchen (Cavia porcellus): retrospektive Auswertung von Tumoren aus der Routineeinsendung\">Artikel lesen...<i class=\"dt-icon-the7-arrow-03\" aria-hidden=\"true\"><\/i><\/a>\n\n<\/div><\/article><\/div><div class=\"visible wf-cell category-249\" data-post-id=\"1562369\" data-date=\"2025-09-12T12:59:18+02:00\" data-name=\"Die Laboklin Expertenrunde zur granulozyt\u00e4ren Anaplasmose (Anaplasma phagocytophilum)\"><article class=\"post project-odd visible post-1562369 type-post status-publish format-standard has-post-thumbnail hentry category-laboklin-aktuell-de-ch category-249\" data-name=\"Die Laboklin Expertenrunde zur granulozyt\u00e4ren Anaplasmose (Anaplasma phagocytophilum)\" data-date=\"2025-09-12T12:59:18+02:00\">\n\n<div class=\"post-thumbnail-wrap\">\n\t<div class=\"post-thumbnail\">\n\t\t\n\t\t\n\t\t<a href=\"https:\/\/laboklin.de\/de-ch\/die-laboklin-expertenrunde-zur-granulozytaeren-anaplasmose\/\" class=\"post-thumbnail-rollover layzr-bg layzr-bg\" ><img decoding=\"async\" class=\"iso-lazy-load preload-me iso-lazy-load aspect\" src=\"data:image\/svg+xml,%3Csvg%20xmlns%3D&#39;http%3A%2F%2Fwww.w3.org%2F2000%2Fsvg&#39;%20viewBox%3D&#39;0%200%20200%20133&#39;%2F%3E\" data-src=\"https:\/\/laboklin.de\/wp-content\/uploads\/2015\/10\/laboklin-aktuell-200x133.png\" data-srcset=\"https:\/\/laboklin.de\/wp-content\/uploads\/2015\/10\/laboklin-aktuell-200x133.png 200w\" loading=\"eager\" style=\"--ratio: 200 \/ 133\" sizes=\"(max-width: 200px) 100vw, 200px\" alt=\"\" title=\"laboklin aktuell\" width=\"200\" height=\"133\"  \/><span class=\"gallery-zoom-ico icomoon-the7-font-the7-zoom-01\"><span><\/span><\/span><\/a>\t<\/div>\n<\/div>\n\n\n<div class=\"post-entry-content\">\n\n\t<h3 class=\"entry-title\">\n\t\t<a href=\"https:\/\/laboklin.de\/de-ch\/die-laboklin-expertenrunde-zur-granulozytaeren-anaplasmose\/\" title=\"Die Laboklin Expertenrunde zur granulozyt\u00e4ren Anaplasmose (Anaplasma phagocytophilum)\" rel=\"bookmark\">Die Laboklin Expertenrunde zur granulozyt\u00e4ren Anaplasmose (Anaplasma phagocytophilum)<\/a>\n\t<\/h3>\n\n\t<div class=\"entry-meta\"><span class=\"category-link\"><a href=\"https:\/\/laboklin.de\/de-ch\/category\/laboklin-aktuell-de-ch\/\" >LABOKLIN aktuell<\/a><\/span><\/div>\n\t<div class=\"entry-excerpt\"><p>Experteneinsch\u00e4tzungen zu Symptomen, Diagnostik und Therapie der granulozyt\u00e4ren Anaplasmose bei Kleintieren und Pferden<\/p>\n<\/div>\n\t\n<a href=\"https:\/\/laboklin.de\/de-ch\/die-laboklin-expertenrunde-zur-granulozytaeren-anaplasmose\/\" class=\"post-details details-type-link\" aria-label=\"Read more about Die Laboklin Expertenrunde zur granulozyt\u00e4ren Anaplasmose (Anaplasma phagocytophilum)\">Artikel lesen...<i class=\"dt-icon-the7-arrow-03\" aria-hidden=\"true\"><\/i><\/a>\n\n<\/div><\/article><\/div><div class=\"visible wf-cell category-249\" data-post-id=\"1560565\" data-date=\"2025-09-03T10:59:08+02:00\" data-name=\"Bestandsbetreuung Rind \u2013 das Tr\u00e4nkwasser als Schl\u00fcssel f\u00fcr gesunde und leistungsf\u00e4hige Tiere\"><article class=\"post project-odd visible post-1560565 type-post status-publish format-standard has-post-thumbnail hentry category-laboklin-aktuell-de-ch category-249\" data-name=\"Bestandsbetreuung Rind \u2013 das Tr\u00e4nkwasser als Schl\u00fcssel f\u00fcr gesunde und leistungsf\u00e4hige Tiere\" data-date=\"2025-09-03T10:59:08+02:00\">\n\n<div class=\"post-thumbnail-wrap\">\n\t<div class=\"post-thumbnail\">\n\t\t\n\t\t\n\t\t<a href=\"https:\/\/laboklin.de\/de-ch\/bestandsbetreuung-rind\/\" class=\"post-thumbnail-rollover layzr-bg layzr-bg\" ><img decoding=\"async\" class=\"iso-lazy-load preload-me iso-lazy-load aspect\" src=\"data:image\/svg+xml,%3Csvg%20xmlns%3D&#39;http%3A%2F%2Fwww.w3.org%2F2000%2Fsvg&#39;%20viewBox%3D&#39;0%200%20768%20512&#39;%2F%3E\" data-src=\"https:\/\/laboklin.de\/wp-content\/uploads\/2025\/09\/rind_trink-768x512.jpg\" data-srcset=\"https:\/\/laboklin.de\/wp-content\/uploads\/2025\/09\/rind_trink-768x512.jpg 768w, https:\/\/laboklin.de\/wp-content\/uploads\/2025\/09\/rind_trink-1152x768.jpg 1152w\" loading=\"eager\" style=\"--ratio: 768 \/ 512\" sizes=\"(max-width: 768px) 100vw, 768px\" alt=\"\" title=\"Rind_trink\" width=\"768\" height=\"512\"  \/><span class=\"gallery-zoom-ico icomoon-the7-font-the7-zoom-01\"><span><\/span><\/span><\/a>\t<\/div>\n<\/div>\n\n\n<div class=\"post-entry-content\">\n\n\t<h3 class=\"entry-title\">\n\t\t<a href=\"https:\/\/laboklin.de\/de-ch\/bestandsbetreuung-rind\/\" title=\"Bestandsbetreuung Rind \u2013 das Tr\u00e4nkwasser als Schl\u00fcssel f\u00fcr gesunde und leistungsf\u00e4hige Tiere\" rel=\"bookmark\">Bestandsbetreuung Rind \u2013 das Tr\u00e4nkwasser als Schl\u00fcssel f\u00fcr gesunde und leistungsf\u00e4hige Tiere<\/a>\n\t<\/h3>\n\n\t<div class=\"entry-meta\"><span class=\"category-link\"><a href=\"https:\/\/laboklin.de\/de-ch\/category\/laboklin-aktuell-de-ch\/\" >LABOKLIN aktuell<\/a><\/span><\/div>\n\t<div class=\"entry-excerpt\"><p>Bedeutung Tr\u00e4nkwasser f\u00fcr die Rindergesundheit und Parameter bei der Analyse inkl. Richtwerte<\/p>\n<\/div>\n\t\n<a href=\"https:\/\/laboklin.de\/de-ch\/bestandsbetreuung-rind\/\" class=\"post-details details-type-link\" aria-label=\"Read more about Bestandsbetreuung Rind \u2013 das Tr\u00e4nkwasser als Schl\u00fcssel f\u00fcr gesunde und leistungsf\u00e4hige Tiere\">Artikel lesen...<i class=\"dt-icon-the7-arrow-03\" aria-hidden=\"true\"><\/i><\/a>\n\n<\/div><\/article><\/div><div class=\"visible wf-cell category-249\" data-post-id=\"1552548\" data-date=\"2025-07-30T10:30:53+02:00\" data-name=\"F\u00e4kale Biomarker bei chronischen Enteropathien von Hund und Katze\"><article class=\"post project-odd visible post-1552548 type-post status-publish format-standard has-post-thumbnail hentry category-laboklin-aktuell-de-ch category-249\" data-name=\"F\u00e4kale Biomarker bei chronischen Enteropathien von Hund und Katze\" data-date=\"2025-07-30T10:30:53+02:00\">\n\n<div class=\"post-thumbnail-wrap\">\n\t<div class=\"post-thumbnail\">\n\t\t\n\t\t\n\t\t<a href=\"https:\/\/laboklin.de\/de-ch\/faekale-biomarker-bei-chronischen-enteropathien-von-hund-und-katze\/\" class=\"post-thumbnail-rollover layzr-bg layzr-bg\" ><img decoding=\"async\" class=\"iso-lazy-load preload-me iso-lazy-load aspect\" src=\"data:image\/svg+xml,%3Csvg%20xmlns%3D&#39;http%3A%2F%2Fwww.w3.org%2F2000%2Fsvg&#39;%20viewBox%3D&#39;0%200%20768%20512&#39;%2F%3E\" data-src=\"https:\/\/laboklin.de\/wp-content\/uploads\/2025\/07\/faekale_biomarker_bei_chronischen_enteropathien-768x512.jpg\" data-srcset=\"https:\/\/laboklin.de\/wp-content\/uploads\/2025\/07\/faekale_biomarker_bei_chronischen_enteropathien-768x512.jpg 768w, https:\/\/laboklin.de\/wp-content\/uploads\/2025\/07\/faekale_biomarker_bei_chronischen_enteropathien-1080x720.jpg 1080w\" loading=\"eager\" style=\"--ratio: 768 \/ 512\" sizes=\"(max-width: 768px) 100vw, 768px\" alt=\"\"  width=\"768\" height=\"512\"  \/><span class=\"gallery-zoom-ico icomoon-the7-font-the7-zoom-01\"><span><\/span><\/span><\/a>\t<\/div>\n<\/div>\n\n\n<div class=\"post-entry-content\">\n\n\t<h3 class=\"entry-title\">\n\t\t<a href=\"https:\/\/laboklin.de\/de-ch\/faekale-biomarker-bei-chronischen-enteropathien-von-hund-und-katze\/\" title=\"F\u00e4kale Biomarker bei chronischen Enteropathien von Hund und Katze\" rel=\"bookmark\">F\u00e4kale Biomarker bei chronischen Enteropathien von Hund und Katze<\/a>\n\t<\/h3>\n\n\t<div class=\"entry-meta\"><span class=\"category-link\"><a href=\"https:\/\/laboklin.de\/de-ch\/category\/laboklin-aktuell-de-ch\/\" >LABOKLIN aktuell<\/a><\/span><\/div>\n\t<div class=\"entry-excerpt\"><p>Intraokul\u00e4re melanozyt\u00e4re Tumore bei Hund und Katze: Klinik, Diagnose, Prognose<\/p>\n<\/div>\n\t\n<a href=\"https:\/\/laboklin.de\/de-ch\/faekale-biomarker-bei-chronischen-enteropathien-von-hund-und-katze\/\" class=\"post-details details-type-link\" aria-label=\"Read more about F\u00e4kale Biomarker bei chronischen Enteropathien von Hund und Katze\">Artikel lesen...<i class=\"dt-icon-the7-arrow-03\" aria-hidden=\"true\"><\/i><\/a>\n\n<\/div><\/article><\/div><div class=\"visible wf-cell category-253\" data-post-id=\"1550122\" data-date=\"2025-07-18T11:21:03+02:00\" data-name=\"Der kutane Lupus erythematodes beim Hund\"><article class=\"post project-odd visible post-1550122 type-post status-publish format-standard has-post-thumbnail hentry category-laboklin-allergie-de-ch category-253\" data-name=\"Der kutane Lupus erythematodes beim Hund\" data-date=\"2025-07-18T11:21:03+02:00\">\n\n<div class=\"post-thumbnail-wrap\">\n\t<div class=\"post-thumbnail\">\n\t\t\n\t\t\n\t\t<a href=\"https:\/\/laboklin.de\/de-ch\/der-kutane-lupus-erythematodes-beim-hund\/\" class=\"post-thumbnail-rollover layzr-bg layzr-bg\" ><img decoding=\"async\" class=\"iso-lazy-load preload-me iso-lazy-load aspect\" src=\"data:image\/svg+xml,%3Csvg%20xmlns%3D&#39;http%3A%2F%2Fwww.w3.org%2F2000%2Fsvg&#39;%20viewBox%3D&#39;0%200%20768%20512&#39;%2F%3E\" data-src=\"https:\/\/laboklin.de\/wp-content\/uploads\/2025\/07\/ulzera_und_hyperkeratose_im_bereich_des_nasenspiegels-768x512.jpg\" data-srcset=\"https:\/\/laboklin.de\/wp-content\/uploads\/2025\/07\/ulzera_und_hyperkeratose_im_bereich_des_nasenspiegels-768x512.jpg 768w, https:\/\/laboklin.de\/wp-content\/uploads\/2025\/07\/ulzera_und_hyperkeratose_im_bereich_des_nasenspiegels-1152x768.jpg 1152w\" loading=\"eager\" style=\"--ratio: 768 \/ 512\" sizes=\"(max-width: 768px) 100vw, 768px\" alt=\"Fazialer diskoider Lupus erythematodes mit Depigmentation, Ulzera und Hyperkeratose im Bereich des Nasenspiegels\"  width=\"768\" height=\"512\"  \/><span class=\"gallery-zoom-ico icomoon-the7-font-the7-zoom-01\"><span><\/span><\/span><\/a>\t<\/div>\n<\/div>\n\n\n<div class=\"post-entry-content\">\n\n\t<h3 class=\"entry-title\">\n\t\t<a href=\"https:\/\/laboklin.de\/de-ch\/der-kutane-lupus-erythematodes-beim-hund\/\" title=\"Der kutane Lupus erythematodes beim Hund\" rel=\"bookmark\">Der kutane Lupus erythematodes beim Hund<\/a>\n\t<\/h3>\n\n\t<div class=\"entry-meta\"><span class=\"category-link\"><a href=\"https:\/\/laboklin.de\/de-ch\/category\/laboklin-allergie-de-ch\/\" >LABOKLIN Dermatologie<\/a><\/span><\/div>\n\t<div class=\"entry-excerpt\"><p>\u00dcberblick \u00fcber Formen, Diagnostik und Therapie des kutanen Lupus erythematodes beim Hund \u2013 praxisrelevant und aktuell<\/p>\n<\/div>\n\t\n<a href=\"https:\/\/laboklin.de\/de-ch\/der-kutane-lupus-erythematodes-beim-hund\/\" class=\"post-details details-type-link\" aria-label=\"Read more about Der kutane Lupus erythematodes beim Hund\">Artikel lesen...<i class=\"dt-icon-the7-arrow-03\" aria-hidden=\"true\"><\/i><\/a>\n\n<\/div><\/article><\/div><div class=\"visible wf-cell category-249\" data-post-id=\"1530380\" data-date=\"2025-06-16T09:40:14+02:00\" data-name=\"Dunkle Flecken im Sichtfeld: okul\u00e4re melanozyt\u00e4re Tumoren der Uvea bei Hund &amp; Katze\"><article class=\"post project-odd visible post-1530380 type-post status-publish format-standard has-post-thumbnail hentry category-laboklin-aktuell-de-ch category-249\" data-name=\"Dunkle Flecken im Sichtfeld: okul\u00e4re melanozyt\u00e4re Tumoren der Uvea bei Hund &#038; Katze\" data-date=\"2025-06-16T09:40:14+02:00\">\n\n<div class=\"post-thumbnail-wrap\">\n\t<div class=\"post-thumbnail\">\n\t\t\n\t\t\n\t\t<a href=\"https:\/\/laboklin.de\/de-ch\/dunkle-flecken-im-sichtfeld-okulaere-melanozytaere-tumoren-der-uvea-bei-hund-katze\/\" class=\"post-thumbnail-rollover layzr-bg layzr-bg\" ><img decoding=\"async\" class=\"iso-lazy-load preload-me iso-lazy-load aspect\" src=\"data:image\/svg+xml,%3Csvg%20xmlns%3D&#39;http%3A%2F%2Fwww.w3.org%2F2000%2Fsvg&#39;%20viewBox%3D&#39;0%200%20768%20512&#39;%2F%3E\" data-src=\"https:\/\/laboklin.de\/wp-content\/uploads\/2025\/06\/canines_melanozytom_der_vorderen_uvea-768x512.jpg\" data-srcset=\"https:\/\/laboklin.de\/wp-content\/uploads\/2025\/06\/canines_melanozytom_der_vorderen_uvea-768x512.jpg 768w, https:\/\/laboklin.de\/wp-content\/uploads\/2025\/06\/canines_melanozytom_der_vorderen_uvea-1152x768.jpg 1152w\" loading=\"eager\" style=\"--ratio: 768 \/ 512\" sizes=\"(max-width: 768px) 100vw, 768px\" alt=\"\"  width=\"768\" height=\"512\"  \/><span class=\"gallery-zoom-ico icomoon-the7-font-the7-zoom-01\"><span><\/span><\/span><\/a>\t<\/div>\n<\/div>\n\n\n<div class=\"post-entry-content\">\n\n\t<h3 class=\"entry-title\">\n\t\t<a href=\"https:\/\/laboklin.de\/de-ch\/dunkle-flecken-im-sichtfeld-okulaere-melanozytaere-tumoren-der-uvea-bei-hund-katze\/\" title=\"Dunkle Flecken im Sichtfeld: okul\u00e4re melanozyt\u00e4re Tumoren der Uvea bei Hund &#038; Katze\" rel=\"bookmark\">Dunkle Flecken im Sichtfeld: okul\u00e4re melanozyt\u00e4re Tumoren der Uvea bei Hund &#038; Katze<\/a>\n\t<\/h3>\n\n\t<div class=\"entry-meta\"><span class=\"category-link\"><a href=\"https:\/\/laboklin.de\/de-ch\/category\/laboklin-aktuell-de-ch\/\" >LABOKLIN aktuell<\/a><\/span><\/div>\n\t<div class=\"entry-excerpt\"><p>Intraokul\u00e4re melanozyt\u00e4re Tumore bei Hund und Katze: Klinik, Diagnose, Prognose<\/p>\n<\/div>\n\t\n<a href=\"https:\/\/laboklin.de\/de-ch\/dunkle-flecken-im-sichtfeld-okulaere-melanozytaere-tumoren-der-uvea-bei-hund-katze\/\" class=\"post-details details-type-link\" aria-label=\"Read more about Dunkle Flecken im Sichtfeld: okul\u00e4re melanozyt\u00e4re Tumoren der Uvea bei Hund &#038; Katze\">Artikel lesen...<i class=\"dt-icon-the7-arrow-03\" aria-hidden=\"true\"><\/i><\/a>\n\n<\/div><\/article><\/div><div class=\"visible wf-cell category-249\" data-post-id=\"1524091\" data-date=\"2025-05-09T09:54:22+02:00\" data-name=\"Die Laboklin Expertenrunde zum Lymphom\"><article class=\"post project-odd visible post-1524091 type-post status-publish format-standard has-post-thumbnail hentry category-laboklin-aktuell-de-ch category-249\" data-name=\"Die Laboklin Expertenrunde zum Lymphom\" data-date=\"2025-05-09T09:54:22+02:00\">\n\n<div class=\"post-thumbnail-wrap\">\n\t<div class=\"post-thumbnail\">\n\t\t\n\t\t\n\t\t<a href=\"https:\/\/laboklin.de\/de-ch\/die-laboklin-expertenrunde-zum-lymphom\/\" class=\"post-thumbnail-rollover layzr-bg layzr-bg\" ><img decoding=\"async\" class=\"iso-lazy-load preload-me iso-lazy-load aspect\" src=\"data:image\/svg+xml,%3Csvg%20xmlns%3D&#39;http%3A%2F%2Fwww.w3.org%2F2000%2Fsvg&#39;%20viewBox%3D&#39;0%200%20600%20400&#39;%2F%3E\" data-src=\"https:\/\/laboklin.de\/wp-content\/uploads\/2025\/05\/lymphom_50x_diffquick-600x400.jpg\" data-srcset=\"https:\/\/laboklin.de\/wp-content\/uploads\/2025\/05\/lymphom_50x_diffquick-600x400.jpg 600w\" loading=\"eager\" style=\"--ratio: 600 \/ 400\" sizes=\"(max-width: 600px) 100vw, 600px\" alt=\"\" title=\"Lymphom_50x_DiffQuick\" width=\"600\" height=\"400\"  \/><span class=\"gallery-zoom-ico icomoon-the7-font-the7-zoom-01\"><span><\/span><\/span><\/a>\t<\/div>\n<\/div>\n\n\n<div class=\"post-entry-content\">\n\n\t<h3 class=\"entry-title\">\n\t\t<a href=\"https:\/\/laboklin.de\/de-ch\/die-laboklin-expertenrunde-zum-lymphom\/\" title=\"Die Laboklin Expertenrunde zum Lymphom\" rel=\"bookmark\">Die Laboklin Expertenrunde zum Lymphom<\/a>\n\t<\/h3>\n\n\t<div class=\"entry-meta\"><span class=\"category-link\"><a href=\"https:\/\/laboklin.de\/de-ch\/category\/laboklin-aktuell-de-ch\/\" >LABOKLIN aktuell<\/a><\/span><\/div>\n\t<div class=\"entry-excerpt\"><p>Experten geben Einblick in Diagnostik, Prognose und Therapiem\u00f6glichkeiten<\/p>\n<\/div>\n\t\n<a href=\"https:\/\/laboklin.de\/de-ch\/die-laboklin-expertenrunde-zum-lymphom\/\" class=\"post-details details-type-link\" aria-label=\"Read more about Die Laboklin Expertenrunde zum Lymphom\">Artikel lesen...<i class=\"dt-icon-the7-arrow-03\" aria-hidden=\"true\"><\/i><\/a>\n\n<\/div><\/article><\/div><div class=\"visible wf-cell category-249\" data-post-id=\"1524042\" data-date=\"2025-05-09T09:05:30+02:00\" data-name=\"Bestandsbetreuung Rind \u2013 die Transitphase als Schl\u00fcssel f\u00fcr eine erfolgreiche Milchproduktion\"><article class=\"post project-odd visible post-1524042 type-post status-publish format-standard has-post-thumbnail hentry category-laboklin-aktuell-de-ch category-249\" data-name=\"Bestandsbetreuung Rind \u2013 die Transitphase als Schl\u00fcssel f\u00fcr eine erfolgreiche Milchproduktion\" data-date=\"2025-05-09T09:05:30+02:00\">\n\n<div class=\"post-thumbnail-wrap\">\n\t<div class=\"post-thumbnail\">\n\t\t\n\t\t\n\t\t<a href=\"https:\/\/laboklin.de\/de-ch\/bestandsbetreuung-rind-die-transitphase-als-schluessel-fuer-eine-erfolgreiche-milchproduktion\/\" class=\"post-thumbnail-rollover layzr-bg layzr-bg\" ><img decoding=\"async\" class=\"iso-lazy-load preload-me iso-lazy-load aspect\" src=\"data:image\/svg+xml,%3Csvg%20xmlns%3D&#39;http%3A%2F%2Fwww.w3.org%2F2000%2Fsvg&#39;%20viewBox%3D&#39;0%200%20200%20133&#39;%2F%3E\" data-src=\"https:\/\/laboklin.de\/wp-content\/uploads\/2015\/10\/laboklin-aktuell-200x133.png\" data-srcset=\"https:\/\/laboklin.de\/wp-content\/uploads\/2015\/10\/laboklin-aktuell-200x133.png 200w\" loading=\"eager\" style=\"--ratio: 200 \/ 133\" sizes=\"(max-width: 200px) 100vw, 200px\" alt=\"\" title=\"laboklin aktuell\" width=\"200\" height=\"133\"  \/><span class=\"gallery-zoom-ico icomoon-the7-font-the7-zoom-01\"><span><\/span><\/span><\/a>\t<\/div>\n<\/div>\n\n\n<div class=\"post-entry-content\">\n\n\t<h3 class=\"entry-title\">\n\t\t<a href=\"https:\/\/laboklin.de\/de-ch\/bestandsbetreuung-rind-die-transitphase-als-schluessel-fuer-eine-erfolgreiche-milchproduktion\/\" title=\"Bestandsbetreuung Rind \u2013 die Transitphase als Schl\u00fcssel f\u00fcr eine erfolgreiche Milchproduktion\" rel=\"bookmark\">Bestandsbetreuung Rind \u2013 die Transitphase als Schl\u00fcssel f\u00fcr eine erfolgreiche Milchproduktion<\/a>\n\t<\/h3>\n\n\t<div class=\"entry-meta\"><span class=\"category-link\"><a href=\"https:\/\/laboklin.de\/de-ch\/category\/laboklin-aktuell-de-ch\/\" >LABOKLIN aktuell<\/a><\/span><\/div>\n\t<div class=\"entry-excerpt\"><p>Transitphase beim Rind: Labordiagnostik zur Fr\u00fcherkennung von Stoffwechselst\u00f6rungen und Immunstatus<\/p>\n<\/div>\n\t\n<a href=\"https:\/\/laboklin.de\/de-ch\/bestandsbetreuung-rind-die-transitphase-als-schluessel-fuer-eine-erfolgreiche-milchproduktion\/\" class=\"post-details details-type-link\" aria-label=\"Read more about Bestandsbetreuung Rind \u2013 die Transitphase als Schl\u00fcssel f\u00fcr eine erfolgreiche Milchproduktion\">Artikel lesen...<i class=\"dt-icon-the7-arrow-03\" aria-hidden=\"true\"><\/i><\/a>\n\n<\/div><\/article><\/div><div class=\"visible wf-cell category-253\" data-post-id=\"1522312\" data-date=\"2025-04-24T14:01:34+02:00\" data-name=\"Juckreiz verstehen und richtig behandeln\"><article class=\"post project-odd visible post-1522312 type-post status-publish format-standard has-post-thumbnail hentry category-laboklin-allergie-de-ch category-253\" data-name=\"Juckreiz verstehen und richtig behandeln\" data-date=\"2025-04-24T14:01:34+02:00\">\n\n<div class=\"post-thumbnail-wrap\">\n\t<div class=\"post-thumbnail\">\n\t\t\n\t\t\n\t\t<a href=\"https:\/\/laboklin.de\/de-ch\/juckreiz-verstehen-und-richtig-behandeln\/\" class=\"post-thumbnail-rollover layzr-bg layzr-bg\" ><img decoding=\"async\" class=\"iso-lazy-load preload-me iso-lazy-load aspect\" src=\"data:image\/svg+xml,%3Csvg%20xmlns%3D&#39;http%3A%2F%2Fwww.w3.org%2F2000%2Fsvg&#39;%20viewBox%3D&#39;0%200%20768%20512&#39;%2F%3E\" data-src=\"https:\/\/laboklin.de\/wp-content\/uploads\/2025\/04\/hund_mit_starkem_juckreiz_und_hot_spot-768x512.jpg\" data-srcset=\"https:\/\/laboklin.de\/wp-content\/uploads\/2025\/04\/hund_mit_starkem_juckreiz_und_hot_spot-768x512.jpg 768w, https:\/\/laboklin.de\/wp-content\/uploads\/2025\/04\/hund_mit_starkem_juckreiz_und_hot_spot-1152x768.jpg 1152w\" loading=\"eager\" style=\"--ratio: 768 \/ 512\" sizes=\"(max-width: 768px) 100vw, 768px\" alt=\"Hund mit starkem Juckreiz und Hot Spot\"  width=\"768\" height=\"512\"  \/><span class=\"gallery-zoom-ico icomoon-the7-font-the7-zoom-01\"><span><\/span><\/span><\/a>\t<\/div>\n<\/div>\n\n\n<div class=\"post-entry-content\">\n\n\t<h3 class=\"entry-title\">\n\t\t<a href=\"https:\/\/laboklin.de\/de-ch\/juckreiz-verstehen-und-richtig-behandeln\/\" title=\"Juckreiz verstehen und richtig behandeln\" rel=\"bookmark\">Juckreiz verstehen und richtig behandeln<\/a>\n\t<\/h3>\n\n\t<div class=\"entry-meta\"><span class=\"category-link\"><a href=\"https:\/\/laboklin.de\/de-ch\/category\/laboklin-allergie-de-ch\/\" >LABOKLIN Dermatologie<\/a><\/span><\/div>\n\t<div class=\"entry-excerpt\"><p>Pruritus verstehen: Ursachen, Arten und Behandlungsm\u00f6glichkeiten bei Hunden und Katzen, f\u00fcr eine optimale Lebensqualit\u00e4t und wirksame Therapieans\u00e4tze.<\/p>\n<\/div>\n\t\n<a href=\"https:\/\/laboklin.de\/de-ch\/juckreiz-verstehen-und-richtig-behandeln\/\" class=\"post-details details-type-link\" aria-label=\"Read more about Juckreiz verstehen und richtig behandeln\">Artikel lesen...<i class=\"dt-icon-the7-arrow-03\" aria-hidden=\"true\"><\/i><\/a>\n\n<\/div><\/article><\/div><div class=\"visible wf-cell category-249\" data-post-id=\"1521840\" data-date=\"2025-04-23T10:45:24+02:00\" data-name=\"Giardien \u2013 Vorteile und Nachteile unterschiedlicher Nachweisverfahren\"><article class=\"post project-odd visible post-1521840 type-post status-publish format-standard has-post-thumbnail hentry category-laboklin-aktuell-de-ch category-249\" data-name=\"Giardien \u2013 Vorteile und Nachteile unterschiedlicher Nachweisverfahren\" data-date=\"2025-04-23T10:45:24+02:00\">\n\n<div class=\"post-thumbnail-wrap\">\n\t<div class=\"post-thumbnail\">\n\t\t\n\t\t\n\t\t<a href=\"https:\/\/laboklin.de\/de-ch\/giardien-vorteile-und-nachteile-unterschiedlicher-nachweisverfahren\/\" class=\"post-thumbnail-rollover layzr-bg layzr-bg\" ><img decoding=\"async\" class=\"iso-lazy-load preload-me iso-lazy-load aspect\" src=\"data:image\/svg+xml,%3Csvg%20xmlns%3D&#39;http%3A%2F%2Fwww.w3.org%2F2000%2Fsvg&#39;%20viewBox%3D&#39;0%200%20768%20512&#39;%2F%3E\" data-src=\"https:\/\/laboklin.de\/wp-content\/uploads\/2025\/04\/titelbild_giardien-768x512.jpg\" data-srcset=\"https:\/\/laboklin.de\/wp-content\/uploads\/2025\/04\/titelbild_giardien-768x512.jpg 768w, https:\/\/laboklin.de\/wp-content\/uploads\/2025\/04\/titelbild_giardien.jpg 799w\" loading=\"eager\" style=\"--ratio: 768 \/ 512\" sizes=\"(max-width: 768px) 100vw, 768px\" alt=\"\" title=\"Titelbild_Giardien\" width=\"768\" height=\"512\"  \/><span class=\"gallery-zoom-ico icomoon-the7-font-the7-zoom-01\"><span><\/span><\/span><\/a>\t<\/div>\n<\/div>\n\n\n<div class=\"post-entry-content\">\n\n\t<h3 class=\"entry-title\">\n\t\t<a href=\"https:\/\/laboklin.de\/de-ch\/giardien-vorteile-und-nachteile-unterschiedlicher-nachweisverfahren\/\" title=\"Giardien \u2013 Vorteile und Nachteile unterschiedlicher Nachweisverfahren\" rel=\"bookmark\">Giardien \u2013 Vorteile und Nachteile unterschiedlicher Nachweisverfahren<\/a>\n\t<\/h3>\n\n\t<div class=\"entry-meta\"><span class=\"category-link\"><a href=\"https:\/\/laboklin.de\/de-ch\/category\/laboklin-aktuell-de-ch\/\" >LABOKLIN aktuell<\/a><\/span><\/div>\n\t<div class=\"entry-excerpt\"><p>Giardien, wann ist welcher Test sinnvoll?<\/p>\n<\/div>\n\t\n<a href=\"https:\/\/laboklin.de\/de-ch\/giardien-vorteile-und-nachteile-unterschiedlicher-nachweisverfahren\/\" class=\"post-details details-type-link\" aria-label=\"Read more about Giardien \u2013 Vorteile und Nachteile unterschiedlicher Nachweisverfahren\">Artikel lesen...<i class=\"dt-icon-the7-arrow-03\" aria-hidden=\"true\"><\/i><\/a>\n\n<\/div><\/article><\/div><div class=\"visible wf-cell category-249\" data-post-id=\"1515880\" data-date=\"2025-03-24T11:40:59+01:00\" data-name=\"Felines Leukose Virus (FeLV) und Felines Immundefizienz Virus (FIV) \u2013 selten aber wichtig\"><article class=\"post project-odd visible post-1515880 type-post status-publish format-standard has-post-thumbnail hentry category-laboklin-aktuell-de-ch category-249\" data-name=\"Felines Leukose Virus (FeLV) und Felines Immundefizienz Virus (FIV) \u2013 selten aber wichtig\" data-date=\"2025-03-24T11:40:59+01:00\">\n\n<div class=\"post-thumbnail-wrap\">\n\t<div class=\"post-thumbnail\">\n\t\t\n\t\t\n\t\t<a href=\"https:\/\/laboklin.de\/de-ch\/felines-leukose-virus-felv-und-felines-immundefizienz-virus-fiv-selten-aber-wichtig\/\" class=\"post-thumbnail-rollover layzr-bg layzr-bg\" ><img decoding=\"async\" class=\"iso-lazy-load preload-me iso-lazy-load aspect\" src=\"data:image\/svg+xml,%3Csvg%20xmlns%3D&#39;http%3A%2F%2Fwww.w3.org%2F2000%2Fsvg&#39;%20viewBox%3D&#39;0%200%20768%20512&#39;%2F%3E\" data-src=\"https:\/\/laboklin.de\/wp-content\/uploads\/2025\/03\/schematische-darstellung-moeglicher-felv-verlaufsformen-768x512.jpg\" data-srcset=\"https:\/\/laboklin.de\/wp-content\/uploads\/2025\/03\/schematische-darstellung-moeglicher-felv-verlaufsformen-768x512.jpg 768w, https:\/\/laboklin.de\/wp-content\/uploads\/2025\/03\/schematische-darstellung-moeglicher-felv-verlaufsformen-1152x768.jpg 1152w\" loading=\"eager\" style=\"--ratio: 768 \/ 512\" sizes=\"(max-width: 768px) 100vw, 768px\" alt=\"Schematische Darstellung m\u00f6glicher Felv Verlaufsformen\"  width=\"768\" height=\"512\"  \/><span class=\"gallery-zoom-ico icomoon-the7-font-the7-zoom-01\"><span><\/span><\/span><\/a>\t<\/div>\n<\/div>\n\n\n<div class=\"post-entry-content\">\n\n\t<h3 class=\"entry-title\">\n\t\t<a href=\"https:\/\/laboklin.de\/de-ch\/felines-leukose-virus-felv-und-felines-immundefizienz-virus-fiv-selten-aber-wichtig\/\" title=\"Felines Leukose Virus (FeLV) und Felines Immundefizienz Virus (FIV) \u2013 selten aber wichtig\" rel=\"bookmark\">Felines Leukose Virus (FeLV) und Felines Immundefizienz Virus (FIV) \u2013 selten aber wichtig<\/a>\n\t<\/h3>\n\n\t<div class=\"entry-meta\"><span class=\"category-link\"><a href=\"https:\/\/laboklin.de\/de-ch\/category\/laboklin-aktuell-de-ch\/\" >LABOKLIN aktuell<\/a><\/span><\/div>\n\t<div class=\"entry-excerpt\"><p>Informationen \u00fcber das Feline Leukosevirus (FeLV) und Feline Immundefizienzvirus (FIV) \u2013 wichtige Details zur Diagnose, Pr\u00e4vention und Prognose.<\/p>\n<\/div>\n\t\n<a href=\"https:\/\/laboklin.de\/de-ch\/felines-leukose-virus-felv-und-felines-immundefizienz-virus-fiv-selten-aber-wichtig\/\" class=\"post-details details-type-link\" aria-label=\"Read more about Felines Leukose Virus (FeLV) und Felines Immundefizienz Virus (FIV) \u2013 selten aber wichtig\">Artikel lesen...<i class=\"dt-icon-the7-arrow-03\" aria-hidden=\"true\"><\/i><\/a>\n\n<\/div><\/article><\/div><div class=\"visible wf-cell category-249\" data-post-id=\"1511359\" data-date=\"2025-02-25T07:54:47+01:00\" data-name=\"Pr\u00e4analytik beim Kleins\u00e4uger \u2013 was ist wichtig?\"><article class=\"post project-odd visible post-1511359 type-post status-publish format-standard has-post-thumbnail hentry category-laboklin-aktuell-de-ch category-249\" data-name=\"Pr\u00e4analytik beim Kleins\u00e4uger \u2013 was ist wichtig?\" data-date=\"2025-02-25T07:54:47+01:00\">\n\n<div class=\"post-thumbnail-wrap\">\n\t<div class=\"post-thumbnail\">\n\t\t\n\t\t\n\t\t<a href=\"https:\/\/laboklin.de\/de-ch\/praeanalytik-beim-kleinsaeuger-was-ist-wichtig\/\" class=\"post-thumbnail-rollover layzr-bg layzr-bg\" ><img decoding=\"async\" class=\"iso-lazy-load preload-me iso-lazy-load aspect\" src=\"data:image\/svg+xml,%3Csvg%20xmlns%3D&#39;http%3A%2F%2Fwww.w3.org%2F2000%2Fsvg&#39;%20viewBox%3D&#39;0%200%20720%20480&#39;%2F%3E\" data-src=\"https:\/\/laboklin.de\/wp-content\/uploads\/2025\/02\/la_aktuell_kleinsaeuger_02.2025-720x480.jpg\" data-srcset=\"https:\/\/laboklin.de\/wp-content\/uploads\/2025\/02\/la_aktuell_kleinsaeuger_02.2025-720x480.jpg 720w\" loading=\"eager\" style=\"--ratio: 720 \/ 480\" sizes=\"(max-width: 720px) 100vw, 720px\" alt=\"\" title=\"LA_aktuell_KLEINSAEUGER_02.2025\" width=\"720\" height=\"480\"  \/><span class=\"gallery-zoom-ico icomoon-the7-font-the7-zoom-01\"><span><\/span><\/span><\/a>\t<\/div>\n<\/div>\n\n\n<div class=\"post-entry-content\">\n\n\t<h3 class=\"entry-title\">\n\t\t<a href=\"https:\/\/laboklin.de\/de-ch\/praeanalytik-beim-kleinsaeuger-was-ist-wichtig\/\" title=\"Pr\u00e4analytik beim Kleins\u00e4uger \u2013 was ist wichtig?\" rel=\"bookmark\">Pr\u00e4analytik beim Kleins\u00e4uger \u2013 was ist wichtig?<\/a>\n\t<\/h3>\n\n\t<div class=\"entry-meta\"><span class=\"category-link\"><a href=\"https:\/\/laboklin.de\/de-ch\/category\/laboklin-aktuell-de-ch\/\" >LABOKLIN aktuell<\/a><\/span><\/div>\n\t<div class=\"entry-excerpt\"><p>Optimale Pr\u00e4analytik f\u00fcr Kleins\u00e4uger bei LABOKLIN Bad Kissingen. Vermeiden Sie pr\u00e4analytische Fallen und verbessern Sie die Probenqualit\u00e4t f\u00fcr aussagekr\u00e4ftige Ergebnisse.<\/p>\n<\/div>\n\t\n<a href=\"https:\/\/laboklin.de\/de-ch\/praeanalytik-beim-kleinsaeuger-was-ist-wichtig\/\" class=\"post-details details-type-link\" aria-label=\"Read more about Pr\u00e4analytik beim Kleins\u00e4uger \u2013 was ist wichtig?\">Artikel lesen...<i class=\"dt-icon-the7-arrow-03\" aria-hidden=\"true\"><\/i><\/a>\n\n<\/div><\/article><\/div><div class=\"visible wf-cell category-249\" data-post-id=\"1509437\" data-date=\"2025-02-17T10:02:33+01:00\" data-name=\"Die Laboklin Expertenrunde zur Epilepsie\"><article class=\"post project-odd visible post-1509437 type-post status-publish format-standard has-post-thumbnail hentry category-laboklin-aktuell-de-ch category-249\" data-name=\"Die Laboklin Expertenrunde zur Epilepsie\" data-date=\"2025-02-17T10:02:33+01:00\">\n\n<div class=\"post-thumbnail-wrap\">\n\t<div class=\"post-thumbnail\">\n\t\t\n\t\t\n\t\t<a href=\"https:\/\/laboklin.de\/de-ch\/die-laboklin-expertenrunde-zur-epilepsie\/\" class=\"post-thumbnail-rollover layzr-bg layzr-bg\" ><img decoding=\"async\" class=\"iso-lazy-load preload-me iso-lazy-load aspect\" src=\"data:image\/svg+xml,%3Csvg%20xmlns%3D&#39;http%3A%2F%2Fwww.w3.org%2F2000%2Fsvg&#39;%20viewBox%3D&#39;0%200%20768%20512&#39;%2F%3E\" data-src=\"https:\/\/laboklin.de\/wp-content\/uploads\/2025\/02\/laboklin_aktuell_02.25_bei-anfallsleiden-ist-eine-gruendliche-abklaerung-moeglicher-ursachen-notwendig-768x512.jpg\" data-srcset=\"https:\/\/laboklin.de\/wp-content\/uploads\/2025\/02\/laboklin_aktuell_02.25_bei-anfallsleiden-ist-eine-gruendliche-abklaerung-moeglicher-ursachen-notwendig-768x512.jpg 768w, https:\/\/laboklin.de\/wp-content\/uploads\/2025\/02\/laboklin_aktuell_02.25_bei-anfallsleiden-ist-eine-gruendliche-abklaerung-moeglicher-ursachen-notwendig-1152x768.jpg 1152w\" loading=\"eager\" style=\"--ratio: 768 \/ 512\" sizes=\"(max-width: 768px) 100vw, 768px\" alt=\"\" title=\"LABOKLIN_aktuell_02.25_Bei-Anfallsleiden-ist-eine-gr\u00fcndliche-Abkl\u00e4rung-m\u00f6glicher-Ursachen-notwendig.\" width=\"768\" height=\"512\"  \/><span class=\"gallery-zoom-ico icomoon-the7-font-the7-zoom-01\"><span><\/span><\/span><\/a>\t<\/div>\n<\/div>\n\n\n<div class=\"post-entry-content\">\n\n\t<h3 class=\"entry-title\">\n\t\t<a href=\"https:\/\/laboklin.de\/de-ch\/die-laboklin-expertenrunde-zur-epilepsie\/\" title=\"Die Laboklin Expertenrunde zur Epilepsie\" rel=\"bookmark\">Die Laboklin Expertenrunde zur Epilepsie<\/a>\n\t<\/h3>\n\n\t<div class=\"entry-meta\"><span class=\"category-link\"><a href=\"https:\/\/laboklin.de\/de-ch\/category\/laboklin-aktuell-de-ch\/\" >LABOKLIN aktuell<\/a><\/span><\/div>\n\t<div class=\"entry-excerpt\"><p>LABOKLIN Expertenrunde zur Epilepsie: Fachvortr\u00e4ge von Experten \u00fcber Ursachen, Diagnostik, genetische Pr\u00e4dispositionen und Therapien bei Hund und Katze.<\/p>\n<\/div>\n\t\n<a href=\"https:\/\/laboklin.de\/de-ch\/die-laboklin-expertenrunde-zur-epilepsie\/\" class=\"post-details details-type-link\" aria-label=\"Read more about Die Laboklin Expertenrunde zur Epilepsie\">Artikel lesen...<i class=\"dt-icon-the7-arrow-03\" aria-hidden=\"true\"><\/i><\/a>\n\n<\/div><\/article><\/div><div class=\"visible wf-cell category-253\" data-post-id=\"1505850\" data-date=\"2025-02-03T07:24:07+01:00\" data-name=\"Dermatologische Zytologie\"><article class=\"post project-odd visible post-1505850 type-post status-publish format-standard has-post-thumbnail hentry category-laboklin-allergie-de-ch category-253\" data-name=\"Dermatologische Zytologie\" data-date=\"2025-02-03T07:24:07+01:00\">\n\n<div class=\"post-thumbnail-wrap\">\n\t<div class=\"post-thumbnail\">\n\t\t\n\t\t\n\t\t<a href=\"https:\/\/laboklin.de\/de-ch\/dermatologische-zytologie\/\" class=\"post-thumbnail-rollover layzr-bg layzr-bg\" ><img decoding=\"async\" class=\"iso-lazy-load preload-me iso-lazy-load aspect\" src=\"data:image\/svg+xml,%3Csvg%20xmlns%3D&#39;http%3A%2F%2Fwww.w3.org%2F2000%2Fsvg&#39;%20viewBox%3D&#39;0%200%20768%20512&#39;%2F%3E\" data-src=\"https:\/\/laboklin.de\/wp-content\/uploads\/2025\/02\/Abb.-1-z-768x512.jpg\" data-srcset=\"https:\/\/laboklin.de\/wp-content\/uploads\/2025\/02\/Abb.-1-z-768x512.jpg 768w, https:\/\/laboklin.de\/wp-content\/uploads\/2025\/02\/Abb.-1-z-1152x768.jpg 1152w\" loading=\"eager\" style=\"--ratio: 768 \/ 512\" sizes=\"(max-width: 768px) 100vw, 768px\" alt=\"Pyogranulomat\u00f6se Entz\u00fcndung mit Nachweis von Leishmanien \" title=\"Abb. 1 z\" width=\"768\" height=\"512\"  \/><span class=\"gallery-zoom-ico icomoon-the7-font-the7-zoom-01\"><span><\/span><\/span><\/a>\t<\/div>\n<\/div>\n\n\n<div class=\"post-entry-content\">\n\n\t<h3 class=\"entry-title\">\n\t\t<a href=\"https:\/\/laboklin.de\/de-ch\/dermatologische-zytologie\/\" title=\"Dermatologische Zytologie\" rel=\"bookmark\">Dermatologische Zytologie<\/a>\n\t<\/h3>\n\n\t<div class=\"entry-meta\"><span class=\"category-link\"><a href=\"https:\/\/laboklin.de\/de-ch\/category\/laboklin-allergie-de-ch\/\" >LABOKLIN Dermatologie<\/a><\/span><\/div>\n\t<div class=\"entry-excerpt\"><p>Die Haut ist als gr\u00f6\u00dftes Organ des K\u00f6rpers f\u00fcr diagnostische Untersuchungen leicht zug\u00e4nglich, dennoch ist die Aufarbeitung von dermatologischen Patienten&hellip;<\/p>\n<\/div>\n\t\n<a href=\"https:\/\/laboklin.de\/de-ch\/dermatologische-zytologie\/\" class=\"post-details details-type-link\" aria-label=\"Read more about Dermatologische Zytologie\">Artikel lesen...<i class=\"dt-icon-the7-arrow-03\" aria-hidden=\"true\"><\/i><\/a>\n\n<\/div><\/article><\/div><div class=\"visible wf-cell category-249\" data-post-id=\"1502074\" data-date=\"2025-01-08T15:48:10+01:00\" data-name=\"BRAF-Mutation und BRAF comp. Test \u2013 ein Update\"><article class=\"post project-odd visible post-1502074 type-post status-publish format-standard has-post-thumbnail hentry category-laboklin-aktuell-de-ch category-249\" data-name=\"BRAF-Mutation und BRAF comp. Test \u2013 ein Update\" data-date=\"2025-01-08T15:48:10+01:00\">\n\n<div class=\"post-thumbnail-wrap\">\n\t<div class=\"post-thumbnail\">\n\t\t\n\t\t\n\t\t<a href=\"https:\/\/laboklin.de\/de-ch\/braf-mutation-und-braf-comp-test-ein-update\/\" class=\"post-thumbnail-rollover layzr-bg layzr-bg\" ><img decoding=\"async\" class=\"iso-lazy-load preload-me iso-lazy-load aspect\" src=\"data:image\/svg+xml,%3Csvg%20xmlns%3D&#39;http%3A%2F%2Fwww.w3.org%2F2000%2Fsvg&#39;%20viewBox%3D&#39;0%200%20768%20512&#39;%2F%3E\" data-src=\"https:\/\/laboklin.de\/wp-content\/uploads\/2025\/01\/LA01_Ultraschallbild-eines-Harnblasenkarzinoms-768x512.jpg\" data-srcset=\"https:\/\/laboklin.de\/wp-content\/uploads\/2025\/01\/LA01_Ultraschallbild-eines-Harnblasenkarzinoms-768x512.jpg 768w, https:\/\/laboklin.de\/wp-content\/uploads\/2025\/01\/LA01_Ultraschallbild-eines-Harnblasenkarzinoms-1152x768.jpg 1152w\" loading=\"eager\" style=\"--ratio: 768 \/ 512\" sizes=\"(max-width: 768px) 100vw, 768px\" alt=\"Ultraschallbild eines Harnblasenkarzinoms \" title=\"LA01_Ultraschallbild-eines-Harnblasenkarzinoms\" width=\"768\" height=\"512\"  \/><span class=\"gallery-zoom-ico icomoon-the7-font-the7-zoom-01\"><span><\/span><\/span><\/a>\t<\/div>\n<\/div>\n\n\n<div class=\"post-entry-content\">\n\n\t<h3 class=\"entry-title\">\n\t\t<a href=\"https:\/\/laboklin.de\/de-ch\/braf-mutation-und-braf-comp-test-ein-update\/\" title=\"BRAF-Mutation und BRAF comp. Test \u2013 ein Update\" rel=\"bookmark\">BRAF-Mutation und BRAF comp. Test \u2013 ein Update<\/a>\n\t<\/h3>\n\n\t<div class=\"entry-meta\"><span class=\"category-link\"><a href=\"https:\/\/laboklin.de\/de-ch\/category\/laboklin-aktuell-de-ch\/\" >LABOKLIN aktuell<\/a><\/span><\/div>\n\t<div class=\"entry-excerpt\"><p>Erfahren Sie alles \u00fcber die BRAF-Mutation und den BRAF comp. Test beim Hund &#8211; wie diese Tests zur Diagnose von&hellip;<\/p>\n<\/div>\n\t\n<a href=\"https:\/\/laboklin.de\/de-ch\/braf-mutation-und-braf-comp-test-ein-update\/\" class=\"post-details details-type-link\" aria-label=\"Read more about BRAF-Mutation und BRAF comp. Test \u2013 ein Update\">Artikel lesen...<i class=\"dt-icon-the7-arrow-03\" aria-hidden=\"true\"><\/i><\/a>\n\n<\/div><\/article><\/div><div class=\"visible wf-cell category-253\" data-post-id=\"1495909\" data-date=\"2024-11-28T13:39:22+01:00\" data-name=\"Die Allergen-spezifische Immuntherapie (ASIT) bei Hunden \u2013 was sind die Gr\u00fcnde f\u00fcr einen Behandlungsabbruch und wie kann der Behandlungserfolg optimiert werden?\"><article class=\"post project-odd visible post-1495909 type-post status-publish format-standard has-post-thumbnail hentry category-laboklin-allergie-de-ch category-253\" data-name=\"Die Allergen-spezifische Immuntherapie (ASIT) bei Hunden \u2013 was sind die Gr\u00fcnde f\u00fcr einen Behandlungsabbruch und wie kann der Behandlungserfolg optimiert werden?\" data-date=\"2024-11-28T13:39:22+01:00\">\n\n<div class=\"post-thumbnail-wrap\">\n\t<div class=\"post-thumbnail\">\n\t\t\n\t\t\n\t\t<a href=\"https:\/\/laboklin.de\/de-ch\/die-allergen-spezifische-immuntherapie-asit-bei-hunden\/\" class=\"post-thumbnail-rollover layzr-bg layzr-bg\" ><img decoding=\"async\" class=\"iso-lazy-load preload-me iso-lazy-load aspect\" src=\"data:image\/svg+xml,%3Csvg%20xmlns%3D&#39;http%3A%2F%2Fwww.w3.org%2F2000%2Fsvg&#39;%20viewBox%3D&#39;0%200%20768%20512&#39;%2F%3E\" data-src=\"https:\/\/laboklin.de\/wp-content\/uploads\/2024\/11\/Gruende_fuer_Abbruch_einer_ASIT_bei_Hunden_nach_Folgebehandlung-768x512.jpg\" data-srcset=\"https:\/\/laboklin.de\/wp-content\/uploads\/2024\/11\/Gruende_fuer_Abbruch_einer_ASIT_bei_Hunden_nach_Folgebehandlung-768x512.jpg 768w, https:\/\/laboklin.de\/wp-content\/uploads\/2024\/11\/Gruende_fuer_Abbruch_einer_ASIT_bei_Hunden_nach_Folgebehandlung-961x641.jpg 961w\" loading=\"eager\" style=\"--ratio: 768 \/ 512\" sizes=\"(max-width: 768px) 100vw, 768px\" alt=\"Gr\u00fcnde f\u00fcr den Abbruch einer Allergen-spezifischen Immuntherapie (ASIT) bei Hunden nach mindestens einer Folgebehandlung\"  width=\"768\" height=\"512\"  \/><span class=\"gallery-zoom-ico icomoon-the7-font-the7-zoom-01\"><span><\/span><\/span><\/a>\t<\/div>\n<\/div>\n\n\n<div class=\"post-entry-content\">\n\n\t<h3 class=\"entry-title\">\n\t\t<a href=\"https:\/\/laboklin.de\/de-ch\/die-allergen-spezifische-immuntherapie-asit-bei-hunden\/\" title=\"Die Allergen-spezifische Immuntherapie (ASIT) bei Hunden \u2013 was sind die Gr\u00fcnde f\u00fcr einen Behandlungsabbruch und wie kann der Behandlungserfolg optimiert werden?\" rel=\"bookmark\">Die Allergen-spezifische Immuntherapie (ASIT) bei Hunden \u2013 was sind die Gr\u00fcnde f\u00fcr einen Behandlungsabbruch und wie kann der Behandlungserfolg optimiert werden?<\/a>\n\t<\/h3>\n\n\t<div class=\"entry-meta\"><span class=\"category-link\"><a href=\"https:\/\/laboklin.de\/de-ch\/category\/laboklin-allergie-de-ch\/\" >LABOKLIN Dermatologie<\/a><\/span><\/div>\n\t<div class=\"entry-excerpt\"><p>Die Allergen-spezifische Immuntherapie (ASIT, Hyposensibilisierung) ist die einzige kausale Therapieform bei der Behandlung der Caninen Atopischen Dermatitis (CAD).<\/p>\n<\/div>\n\t\n<a href=\"https:\/\/laboklin.de\/de-ch\/die-allergen-spezifische-immuntherapie-asit-bei-hunden\/\" class=\"post-details details-type-link\" aria-label=\"Read more about Die Allergen-spezifische Immuntherapie (ASIT) bei Hunden \u2013 was sind die Gr\u00fcnde f\u00fcr einen Behandlungsabbruch und wie kann der Behandlungserfolg optimiert werden?\">Artikel lesen...<i class=\"dt-icon-the7-arrow-03\" aria-hidden=\"true\"><\/i><\/a>\n\n<\/div><\/article><\/div><div class=\"visible wf-cell category-253\" data-post-id=\"1485440\" data-date=\"2024-09-16T13:42:37+02:00\" data-name=\"Pemphigus foliaceus bei Hunden und Katzen\"><article class=\"post project-odd visible post-1485440 type-post status-publish format-standard has-post-thumbnail hentry category-laboklin-allergie-de-ch category-253\" data-name=\"Pemphigus foliaceus bei Hunden und Katzen\" data-date=\"2024-09-16T13:42:37+02:00\">\n\n<div class=\"post-thumbnail-wrap\">\n\t<div class=\"post-thumbnail\">\n\t\t\n\t\t\n\t\t<a href=\"https:\/\/laboklin.de\/de-ch\/pemphigus-foliaceus-bei-hunden-und-katzen\/\" class=\"post-thumbnail-rollover layzr-bg layzr-bg\" ><img decoding=\"async\" class=\"iso-lazy-load preload-me iso-lazy-load aspect\" src=\"data:image\/svg+xml,%3Csvg%20xmlns%3D&#39;http%3A%2F%2Fwww.w3.org%2F2000%2Fsvg&#39;%20viewBox%3D&#39;0%200%20768%20512&#39;%2F%3E\" data-src=\"https:\/\/laboklin.de\/wp-content\/uploads\/2024\/09\/Katze_mit_Pemphigus_foliaceus-768x512.jpg\" data-srcset=\"https:\/\/laboklin.de\/wp-content\/uploads\/2024\/09\/Katze_mit_Pemphigus_foliaceus-768x512.jpg 768w, https:\/\/laboklin.de\/wp-content\/uploads\/2024\/09\/Katze_mit_Pemphigus_foliaceus-1152x768.jpg 1152w\" loading=\"eager\" style=\"--ratio: 768 \/ 512\" sizes=\"(max-width: 768px) 100vw, 768px\" alt=\"Katze mit PF in Remission\"  width=\"768\" height=\"512\"  \/><span class=\"gallery-zoom-ico icomoon-the7-font-the7-zoom-01\"><span><\/span><\/span><\/a>\t<\/div>\n<\/div>\n\n\n<div class=\"post-entry-content\">\n\n\t<h3 class=\"entry-title\">\n\t\t<a href=\"https:\/\/laboklin.de\/de-ch\/pemphigus-foliaceus-bei-hunden-und-katzen\/\" title=\"Pemphigus foliaceus bei Hunden und Katzen\" rel=\"bookmark\">Pemphigus foliaceus bei Hunden und Katzen<\/a>\n\t<\/h3>\n\n\t<div class=\"entry-meta\"><span class=\"category-link\"><a href=\"https:\/\/laboklin.de\/de-ch\/category\/laboklin-allergie-de-ch\/\" >LABOKLIN Dermatologie<\/a><\/span><\/div>\n\t<div class=\"entry-excerpt\"><p>Pemphigus foliaceus (PF) ist die am h\u00e4ufigsten auftretende Autoimmunerkrankung der Haut bei Hunden und Katzen.<\/p>\n<\/div>\n\t\n<a href=\"https:\/\/laboklin.de\/de-ch\/pemphigus-foliaceus-bei-hunden-und-katzen\/\" class=\"post-details details-type-link\" aria-label=\"Read more about Pemphigus foliaceus bei Hunden und Katzen\">Artikel lesen...<i class=\"dt-icon-the7-arrow-03\" aria-hidden=\"true\"><\/i><\/a>\n\n<\/div><\/article><\/div><div class=\"visible wf-cell category-253\" data-post-id=\"1478686\" data-date=\"2024-07-08T13:42:07+02:00\" data-name=\"Erythema multiforme Komplex bei Hund und Katze\"><article class=\"post project-odd visible post-1478686 type-post status-publish format-standard has-post-thumbnail hentry category-laboklin-allergie-de-ch category-253\" data-name=\"Erythema multiforme Komplex bei Hund und Katze\" data-date=\"2024-07-08T13:42:07+02:00\">\n\n<div class=\"post-thumbnail-wrap\">\n\t<div class=\"post-thumbnail\">\n\t\t\n\t\t\n\t\t<a href=\"https:\/\/laboklin.de\/de-ch\/erythema-multiforme-komplex-bei-hund-und-katze\/\" class=\"post-thumbnail-rollover layzr-bg layzr-bg\" ><img decoding=\"async\" class=\"iso-lazy-load preload-me iso-lazy-load aspect\" src=\"data:image\/svg+xml,%3Csvg%20xmlns%3D&#39;http%3A%2F%2Fwww.w3.org%2F2000%2Fsvg&#39;%20viewBox%3D&#39;0%200%20768%20512&#39;%2F%3E\" data-src=\"https:\/\/laboklin.de\/wp-content\/uploads\/2024\/07\/Katze_Hund-768x512.jpg\" data-srcset=\"https:\/\/laboklin.de\/wp-content\/uploads\/2024\/07\/Katze_Hund-768x512.jpg 768w, https:\/\/laboklin.de\/wp-content\/uploads\/2024\/07\/Katze_Hund-1152x768.jpg 1152w\" loading=\"eager\" style=\"--ratio: 768 \/ 512\" sizes=\"(max-width: 768px) 100vw, 768px\" alt=\"\" title=\"Katze_Hund\" width=\"768\" height=\"512\"  \/><span class=\"gallery-zoom-ico icomoon-the7-font-the7-zoom-01\"><span><\/span><\/span><\/a>\t<\/div>\n<\/div>\n\n\n<div class=\"post-entry-content\">\n\n\t<h3 class=\"entry-title\">\n\t\t<a href=\"https:\/\/laboklin.de\/de-ch\/erythema-multiforme-komplex-bei-hund-und-katze\/\" title=\"Erythema multiforme Komplex bei Hund und Katze\" rel=\"bookmark\">Erythema multiforme Komplex bei Hund und Katze<\/a>\n\t<\/h3>\n\n\t<div class=\"entry-meta\"><span class=\"category-link\"><a href=\"https:\/\/laboklin.de\/de-ch\/category\/laboklin-allergie-de-ch\/\" >LABOKLIN Dermatologie<\/a><\/span><\/div>\n\t<div class=\"entry-excerpt\"><p>Unter dem \u00dcberbegriff Erythema multiforme (EM)-Komplex ist eine Gruppe von seltenen immunmediierten Erkrankungen bei Hund und Katze zusammengefasst, bei der&hellip;<\/p>\n<\/div>\n\t\n<a href=\"https:\/\/laboklin.de\/de-ch\/erythema-multiforme-komplex-bei-hund-und-katze\/\" class=\"post-details details-type-link\" aria-label=\"Read more about Erythema multiforme Komplex bei Hund und Katze\">Artikel lesen...<i class=\"dt-icon-the7-arrow-03\" aria-hidden=\"true\"><\/i><\/a>\n\n<\/div><\/article><\/div><div class=\"visible wf-cell category-247\" data-post-id=\"1449804\" data-date=\"2023-09-29T15:32:33+02:00\" data-name=\"39. KW 2023\"><article class=\"post project-odd visible post-1449804 type-post status-publish format-standard has-post-thumbnail hentry category-sonder-news-de-ch category-247\" data-name=\"39. KW 2023\" data-date=\"2023-09-29T15:32:33+02:00\">\n\n<div class=\"post-thumbnail-wrap\">\n\t<div class=\"post-thumbnail\">\n\t\t\n\t\t\n\t\t<a href=\"https:\/\/laboklin.de\/de-ch\/fuer-sie-gelesen-39-kw-2023\/\" class=\"post-thumbnail-rollover layzr-bg layzr-bg\" ><img decoding=\"async\" class=\"iso-lazy-load preload-me iso-lazy-load aspect\" src=\"data:image\/svg+xml,%3Csvg%20xmlns%3D&#39;http%3A%2F%2Fwww.w3.org%2F2000%2Fsvg&#39;%20viewBox%3D&#39;0%200%20600%20400&#39;%2F%3E\" data-src=\"https:\/\/laboklin.de\/wp-content\/uploads\/2023\/09\/39.KW_news_CH-600x400.jpg\" data-srcset=\"https:\/\/laboklin.de\/wp-content\/uploads\/2023\/09\/39.KW_news_CH-600x400.jpg 600w\" loading=\"eager\" style=\"--ratio: 600 \/ 400\" sizes=\"(max-width: 600px) 100vw, 600px\" alt=\"\" title=\"39.KW_news_CH\" width=\"600\" height=\"400\"  \/><span class=\"gallery-zoom-ico icomoon-the7-font-the7-zoom-01\"><span><\/span><\/span><\/a>\t<\/div>\n<\/div>\n\n\n<div class=\"post-entry-content\">\n\n\t<h3 class=\"entry-title\">\n\t\t<a href=\"https:\/\/laboklin.de\/de-ch\/fuer-sie-gelesen-39-kw-2023\/\" title=\"39. KW 2023\" rel=\"bookmark\">39. KW 2023<\/a>\n\t<\/h3>\n\n\t<div class=\"entry-meta\"><span class=\"category-link\"><a href=\"https:\/\/laboklin.de\/de-ch\/category\/sonder-news-de-ch\/\" >LABOKLIN. F\u00fcr Sie gelesen<\/a><\/span><\/div>\n\t<div class=\"entry-excerpt\"><p>+ Blauzungenkrankheit auf dem Vormarsch + Staupe in Niedersachsen nachgewiesen \u2013 F\u00fcchse als \u00dcbertr\u00e4ger + Erster West-Nil-Virus-Nachweis in Rheinland-Pfalz +&hellip;<\/p>\n<\/div>\n\t\n<a href=\"https:\/\/laboklin.de\/de-ch\/fuer-sie-gelesen-39-kw-2023\/\" class=\"post-details details-type-link\" aria-label=\"Read more about 39. KW 2023\">Artikel lesen...<i class=\"dt-icon-the7-arrow-03\" aria-hidden=\"true\"><\/i><\/a>\n\n<\/div><\/article><\/div><div class=\"visible wf-cell category-247\" data-post-id=\"1449793\" data-date=\"2023-08-25T14:25:08+02:00\" data-name=\"34. KW 2023\"><article class=\"post project-odd visible post-1449793 type-post status-publish format-standard has-post-thumbnail hentry category-sonder-news-de-ch category-247\" data-name=\"34. KW 2023\" data-date=\"2023-08-25T14:25:08+02:00\">\n\n<div class=\"post-thumbnail-wrap\">\n\t<div class=\"post-thumbnail\">\n\t\t\n\t\t\n\t\t<a href=\"https:\/\/laboklin.de\/de-ch\/fuer-sie-gelesen-34-kw-2023\/\" class=\"post-thumbnail-rollover layzr-bg layzr-bg\" ><img decoding=\"async\" class=\"iso-lazy-load preload-me iso-lazy-load aspect\" src=\"data:image\/svg+xml,%3Csvg%20xmlns%3D&#39;http%3A%2F%2Fwww.w3.org%2F2000%2Fsvg&#39;%20viewBox%3D&#39;0%200%20600%20400&#39;%2F%3E\" data-src=\"https:\/\/laboklin.de\/wp-content\/uploads\/2023\/09\/34.KW_news-600x400.jpg\" data-srcset=\"https:\/\/laboklin.de\/wp-content\/uploads\/2023\/09\/34.KW_news-600x400.jpg 600w\" loading=\"eager\" style=\"--ratio: 600 \/ 400\" sizes=\"(max-width: 600px) 100vw, 600px\" alt=\"\" title=\"34.KW_news\" width=\"600\" height=\"400\"  \/><span class=\"gallery-zoom-ico icomoon-the7-font-the7-zoom-01\"><span><\/span><\/span><\/a>\t<\/div>\n<\/div>\n\n\n<div class=\"post-entry-content\">\n\n\t<h3 class=\"entry-title\">\n\t\t<a href=\"https:\/\/laboklin.de\/de-ch\/fuer-sie-gelesen-34-kw-2023\/\" title=\"34. KW 2023\" rel=\"bookmark\">34. KW 2023<\/a>\n\t<\/h3>\n\n\t<div class=\"entry-meta\"><span class=\"category-link\"><a href=\"https:\/\/laboklin.de\/de-ch\/category\/sonder-news-de-ch\/\" >LABOKLIN. F\u00fcr Sie gelesen<\/a><\/span><\/div>\n\t<div class=\"entry-excerpt\"><p>+ Afrikanische Schweinepest \u2013 Zahl der Ausbr\u00fcche steigt weiter + Blutbestandteile mit Anti-Aging-Wirkung? + Erfreuliches von der Resistenz-Risiko-Front + Sp\u00e4tsommer&hellip;<\/p>\n<\/div>\n\t\n<a href=\"https:\/\/laboklin.de\/de-ch\/fuer-sie-gelesen-34-kw-2023\/\" class=\"post-details details-type-link\" aria-label=\"Read more about 34. KW 2023\">Artikel lesen...<i class=\"dt-icon-the7-arrow-03\" aria-hidden=\"true\"><\/i><\/a>\n\n<\/div><\/article><\/div><div class=\"visible wf-cell category-247\" data-post-id=\"1445489\" data-date=\"2023-08-04T17:11:59+02:00\" data-name=\"31. KW 2023\"><article class=\"post project-odd visible post-1445489 type-post status-publish format-standard has-post-thumbnail hentry category-sonder-news-de-ch category-247\" data-name=\"31. KW 2023\" data-date=\"2023-08-04T17:11:59+02:00\">\n\n<div class=\"post-thumbnail-wrap\">\n\t<div class=\"post-thumbnail\">\n\t\t\n\t\t\n\t\t<a href=\"https:\/\/laboklin.de\/de-ch\/fuer-sie-gelesen-31-kw-2023\/\" class=\"post-thumbnail-rollover layzr-bg layzr-bg\" ><img decoding=\"async\" class=\"iso-lazy-load preload-me iso-lazy-load aspect\" src=\"data:image\/svg+xml,%3Csvg%20xmlns%3D&#39;http%3A%2F%2Fwww.w3.org%2F2000%2Fsvg&#39;%20viewBox%3D&#39;0%200%20600%20400&#39;%2F%3E\" data-src=\"https:\/\/laboklin.de\/wp-content\/uploads\/2023\/08\/31_KW_01-600x400.jpg\" data-srcset=\"https:\/\/laboklin.de\/wp-content\/uploads\/2023\/08\/31_KW_01-600x400.jpg 600w\" loading=\"eager\" style=\"--ratio: 600 \/ 400\" sizes=\"(max-width: 600px) 100vw, 600px\" alt=\"\" title=\"31_KW_01\" width=\"600\" height=\"400\"  \/><span class=\"gallery-zoom-ico icomoon-the7-font-the7-zoom-01\"><span><\/span><\/span><\/a>\t<\/div>\n<\/div>\n\n\n<div class=\"post-entry-content\">\n\n\t<h3 class=\"entry-title\">\n\t\t<a href=\"https:\/\/laboklin.de\/de-ch\/fuer-sie-gelesen-31-kw-2023\/\" title=\"31. KW 2023\" rel=\"bookmark\">31. KW 2023<\/a>\n\t<\/h3>\n\n\t<div class=\"entry-meta\"><span class=\"category-link\"><a href=\"https:\/\/laboklin.de\/de-ch\/category\/sonder-news-de-ch\/\" >LABOKLIN. F\u00fcr Sie gelesen<\/a><\/span><\/div>\n\t<div class=\"entry-excerpt\"><p>+ Gefl\u00fcgelpest bei Katzen + Es nimmt kein Ende \u2013 neues von Zecken \u00fcbertragbares Virus&#8230; + Alarmierender FIP-Ausbruch auf Zypern&hellip;<\/p>\n<\/div>\n\t\n<a href=\"https:\/\/laboklin.de\/de-ch\/fuer-sie-gelesen-31-kw-2023\/\" class=\"post-details details-type-link\" aria-label=\"Read more about 31. KW 2023\">Artikel lesen...<i class=\"dt-icon-the7-arrow-03\" aria-hidden=\"true\"><\/i><\/a>\n\n<\/div><\/article><\/div><div class=\"visible wf-cell category-247\" data-post-id=\"1442232\" data-date=\"2023-06-30T17:39:11+02:00\" data-name=\"26. KW 2023\"><article class=\"post project-odd visible post-1442232 type-post status-publish format-standard has-post-thumbnail hentry category-sonder-news-de-ch category-247\" data-name=\"26. KW 2023\" data-date=\"2023-06-30T17:39:11+02:00\">\n\n<div class=\"post-thumbnail-wrap\">\n\t<div class=\"post-thumbnail\">\n\t\t\n\t\t\n\t\t<a href=\"https:\/\/laboklin.de\/de-ch\/fuer-sie-gelesen-26-kw-2023\/\" class=\"post-thumbnail-rollover layzr-bg layzr-bg\" ><img decoding=\"async\" class=\"iso-lazy-load preload-me iso-lazy-load aspect\" src=\"data:image\/svg+xml,%3Csvg%20xmlns%3D&#39;http%3A%2F%2Fwww.w3.org%2F2000%2Fsvg&#39;%20viewBox%3D&#39;0%200%20600%20400&#39;%2F%3E\" data-src=\"https:\/\/laboklin.de\/wp-content\/uploads\/2023\/07\/26KW_01-600x400.jpg\" data-srcset=\"https:\/\/laboklin.de\/wp-content\/uploads\/2023\/07\/26KW_01-600x400.jpg 600w\" loading=\"eager\" style=\"--ratio: 600 \/ 400\" sizes=\"(max-width: 600px) 100vw, 600px\" alt=\"\" title=\"26KW_01\" width=\"600\" height=\"400\"  \/><span class=\"gallery-zoom-ico icomoon-the7-font-the7-zoom-01\"><span><\/span><\/span><\/a>\t<\/div>\n<\/div>\n\n\n<div class=\"post-entry-content\">\n\n\t<h3 class=\"entry-title\">\n\t\t<a href=\"https:\/\/laboklin.de\/de-ch\/fuer-sie-gelesen-26-kw-2023\/\" title=\"26. KW 2023\" rel=\"bookmark\">26. KW 2023<\/a>\n\t<\/h3>\n\n\t<div class=\"entry-meta\"><span class=\"category-link\"><a href=\"https:\/\/laboklin.de\/de-ch\/category\/sonder-news-de-ch\/\" >LABOKLIN. F\u00fcr Sie gelesen<\/a><\/span><\/div>\n\t<div class=\"entry-excerpt\"><p>+ Virale Zoonosen und One Health + Das Y-Chromosom der M\u00e4nner + mRNA-Impfungen gegen Krebs + Delphine sind uns \u00e4hnlich!&hellip;<\/p>\n<\/div>\n\t\n<a href=\"https:\/\/laboklin.de\/de-ch\/fuer-sie-gelesen-26-kw-2023\/\" class=\"post-details details-type-link\" aria-label=\"Read more about 26. KW 2023\">Artikel lesen...<i class=\"dt-icon-the7-arrow-03\" aria-hidden=\"true\"><\/i><\/a>\n\n<\/div><\/article><\/div><div class=\"visible wf-cell category-247\" data-post-id=\"1439026\" data-date=\"2023-05-26T19:03:50+02:00\" data-name=\"21. KW 2023\"><article class=\"post project-odd visible post-1439026 type-post status-publish format-standard has-post-thumbnail hentry category-sonder-news-de-ch category-247\" data-name=\"21. KW 2023\" data-date=\"2023-05-26T19:03:50+02:00\">\n\n<div class=\"post-thumbnail-wrap\">\n\t<div class=\"post-thumbnail\">\n\t\t\n\t\t\n\t\t<a href=\"https:\/\/laboklin.de\/de-ch\/fuer-sie-gelesen-21-kw-2023\/\" class=\"post-thumbnail-rollover layzr-bg layzr-bg\" ><img decoding=\"async\" class=\"iso-lazy-load preload-me iso-lazy-load aspect\" src=\"data:image\/svg+xml,%3Csvg%20xmlns%3D&#39;http%3A%2F%2Fwww.w3.org%2F2000%2Fsvg&#39;%20viewBox%3D&#39;0%200%20600%20400&#39;%2F%3E\" data-src=\"https:\/\/laboklin.de\/wp-content\/uploads\/2023\/05\/21_KW_01-600x400.jpg\" data-srcset=\"https:\/\/laboklin.de\/wp-content\/uploads\/2023\/05\/21_KW_01-600x400.jpg 600w\" loading=\"eager\" style=\"--ratio: 600 \/ 400\" sizes=\"(max-width: 600px) 100vw, 600px\" alt=\"\" title=\"21_KW_01\" width=\"600\" height=\"400\"  \/><span class=\"gallery-zoom-ico icomoon-the7-font-the7-zoom-01\"><span><\/span><\/span><\/a>\t<\/div>\n<\/div>\n\n\n<div class=\"post-entry-content\">\n\n\t<h3 class=\"entry-title\">\n\t\t<a href=\"https:\/\/laboklin.de\/de-ch\/fuer-sie-gelesen-21-kw-2023\/\" title=\"21. KW 2023\" rel=\"bookmark\">21. KW 2023<\/a>\n\t<\/h3>\n\n\t<div class=\"entry-meta\"><span class=\"category-link\"><a href=\"https:\/\/laboklin.de\/de-ch\/category\/sonder-news-de-ch\/\" >LABOKLIN. F\u00fcr Sie gelesen<\/a><\/span><\/div>\n\t<div class=\"entry-excerpt\"><p>+ Neue Risikoeinsch\u00e4tzung zur Gefl\u00fcgelpest + Lokale Massnahmen in der Schweiz + Schwein gehabt? + Besonderes Kraftfutter + Der \u00e4lteste&hellip;<\/p>\n<\/div>\n\t\n<a href=\"https:\/\/laboklin.de\/de-ch\/fuer-sie-gelesen-21-kw-2023\/\" class=\"post-details details-type-link\" aria-label=\"Read more about 21. KW 2023\">Artikel lesen...<i class=\"dt-icon-the7-arrow-03\" aria-hidden=\"true\"><\/i><\/a>\n\n<\/div><\/article><\/div><div class=\"visible wf-cell category-247\" data-post-id=\"1436926\" data-date=\"2023-05-05T19:25:53+02:00\" data-name=\"18. KW 2023\"><article class=\"post project-odd visible post-1436926 type-post status-publish format-standard has-post-thumbnail hentry category-sonder-news-de-ch category-247\" data-name=\"18. KW 2023\" data-date=\"2023-05-05T19:25:53+02:00\">\n\n<div class=\"post-thumbnail-wrap\">\n\t<div class=\"post-thumbnail\">\n\t\t\n\t\t\n\t\t<a href=\"https:\/\/laboklin.de\/de-ch\/18-kw-2023\/\" class=\"post-thumbnail-rollover layzr-bg layzr-bg\" ><img decoding=\"async\" class=\"iso-lazy-load preload-me iso-lazy-load aspect\" src=\"data:image\/svg+xml,%3Csvg%20xmlns%3D&#39;http%3A%2F%2Fwww.w3.org%2F2000%2Fsvg&#39;%20viewBox%3D&#39;0%200%20600%20400&#39;%2F%3E\" data-src=\"https:\/\/laboklin.de\/wp-content\/uploads\/2023\/05\/18.KW_news-600x400.jpg\" data-srcset=\"https:\/\/laboklin.de\/wp-content\/uploads\/2023\/05\/18.KW_news-600x400.jpg 600w\" loading=\"eager\" style=\"--ratio: 600 \/ 400\" sizes=\"(max-width: 600px) 100vw, 600px\" alt=\"\" title=\"18.KW_news\" width=\"600\" height=\"400\"  \/><span class=\"gallery-zoom-ico icomoon-the7-font-the7-zoom-01\"><span><\/span><\/span><\/a>\t<\/div>\n<\/div>\n\n\n<div class=\"post-entry-content\">\n\n\t<h3 class=\"entry-title\">\n\t\t<a href=\"https:\/\/laboklin.de\/de-ch\/18-kw-2023\/\" title=\"18. KW 2023\" rel=\"bookmark\">18. KW 2023<\/a>\n\t<\/h3>\n\n\t<div class=\"entry-meta\"><span class=\"category-link\"><a href=\"https:\/\/laboklin.de\/de-ch\/category\/sonder-news-de-ch\/\" >LABOKLIN. F\u00fcr Sie gelesen<\/a><\/span><\/div>\n\t<div class=\"entry-excerpt\"><p>+ Ein Jahr Affenpocken \u2013 das sagt die WHO + Wie Mikroplastik die Blut-Hirn-Schranke \u00fcberwindet + Neuer Zelltyp entdeckt! +&hellip;<\/p>\n<\/div>\n\t\n<a href=\"https:\/\/laboklin.de\/de-ch\/18-kw-2023\/\" class=\"post-details details-type-link\" aria-label=\"Read more about 18. KW 2023\">Artikel lesen...<i class=\"dt-icon-the7-arrow-03\" aria-hidden=\"true\"><\/i><\/a>\n\n<\/div><\/article><\/div><div class=\"visible wf-cell category-247\" data-post-id=\"1435386\" data-date=\"2023-04-22T18:11:25+02:00\" data-name=\"17. KW 2023\"><article class=\"post project-odd visible post-1435386 type-post status-publish format-standard has-post-thumbnail hentry category-sonder-news-de-ch category-247\" data-name=\"17. KW 2023\" data-date=\"2023-04-22T18:11:25+02:00\">\n\n<div class=\"post-thumbnail-wrap\">\n\t<div class=\"post-thumbnail\">\n\t\t\n\t\t\n\t\t<a href=\"https:\/\/laboklin.de\/de-ch\/17-kw-2023\/\" class=\"post-thumbnail-rollover layzr-bg layzr-bg\" ><img decoding=\"async\" class=\"iso-lazy-load preload-me iso-lazy-load aspect\" src=\"data:image\/svg+xml,%3Csvg%20xmlns%3D&#39;http%3A%2F%2Fwww.w3.org%2F2000%2Fsvg&#39;%20viewBox%3D&#39;0%200%20600%20400&#39;%2F%3E\" data-src=\"https:\/\/laboklin.de\/wp-content\/uploads\/2023\/04\/16.KW_news-600x400.jpg\" data-srcset=\"https:\/\/laboklin.de\/wp-content\/uploads\/2023\/04\/16.KW_news-600x400.jpg 600w\" loading=\"eager\" style=\"--ratio: 600 \/ 400\" sizes=\"(max-width: 600px) 100vw, 600px\" alt=\"\" title=\"16.KW_news\" width=\"600\" height=\"400\"  \/><span class=\"gallery-zoom-ico icomoon-the7-font-the7-zoom-01\"><span><\/span><\/span><\/a>\t<\/div>\n<\/div>\n\n\n<div class=\"post-entry-content\">\n\n\t<h3 class=\"entry-title\">\n\t\t<a href=\"https:\/\/laboklin.de\/de-ch\/17-kw-2023\/\" title=\"17. KW 2023\" rel=\"bookmark\">17. KW 2023<\/a>\n\t<\/h3>\n\n\t<div class=\"entry-meta\"><span class=\"category-link\"><a href=\"https:\/\/laboklin.de\/de-ch\/category\/sonder-news-de-ch\/\" >LABOKLIN. F\u00fcr Sie gelesen<\/a><\/span><\/div>\n\t<div class=\"entry-excerpt\"><p>+ Coronaviren, Flederm\u00e4use und menschliche Eingriffe + Der Jojo-Effekt \u2013 das Gehirn ist schuld! + Von wegen \u201ePflanzen f\u00fchlen nix\u201c!&hellip;<\/p>\n<\/div>\n\t\n<a href=\"https:\/\/laboklin.de\/de-ch\/17-kw-2023\/\" class=\"post-details details-type-link\" aria-label=\"Read more about 17. KW 2023\">Artikel lesen...<i class=\"dt-icon-the7-arrow-03\" aria-hidden=\"true\"><\/i><\/a>\n\n<\/div><\/article><\/div><div class=\"visible wf-cell category-247\" data-post-id=\"1429864\" data-date=\"2023-03-17T16:53:15+01:00\" data-name=\"13. KW 2023\"><article class=\"post project-odd visible post-1429864 type-post status-publish format-standard has-post-thumbnail hentry category-sonder-news-de-ch category-247\" data-name=\"13. KW 2023\" data-date=\"2023-03-17T16:53:15+01:00\">\n\n<div class=\"post-thumbnail-wrap\">\n\t<div class=\"post-thumbnail\">\n\t\t\n\t\t\n\t\t<a href=\"https:\/\/laboklin.de\/de-ch\/13-kw-2023\/\" class=\"post-thumbnail-rollover layzr-bg layzr-bg\" ><img decoding=\"async\" class=\"iso-lazy-load preload-me iso-lazy-load aspect\" src=\"data:image\/svg+xml,%3Csvg%20xmlns%3D&#39;http%3A%2F%2Fwww.w3.org%2F2000%2Fsvg&#39;%20viewBox%3D&#39;0%200%20600%20400&#39;%2F%3E\" data-src=\"https:\/\/laboklin.de\/wp-content\/uploads\/2023\/03\/11_KW_01-600x400.jpg\" data-srcset=\"https:\/\/laboklin.de\/wp-content\/uploads\/2023\/03\/11_KW_01-600x400.jpg 600w\" loading=\"eager\" style=\"--ratio: 600 \/ 400\" sizes=\"(max-width: 600px) 100vw, 600px\" alt=\"\" title=\"11_KW_01\" width=\"600\" height=\"400\"  \/><span class=\"gallery-zoom-ico icomoon-the7-font-the7-zoom-01\"><span><\/span><\/span><\/a>\t<\/div>\n<\/div>\n\n\n<div class=\"post-entry-content\">\n\n\t<h3 class=\"entry-title\">\n\t\t<a href=\"https:\/\/laboklin.de\/de-ch\/13-kw-2023\/\" title=\"13. KW 2023\" rel=\"bookmark\">13. KW 2023<\/a>\n\t<\/h3>\n\n\t<div class=\"entry-meta\"><span class=\"category-link\"><a href=\"https:\/\/laboklin.de\/de-ch\/category\/sonder-news-de-ch\/\" >LABOKLIN. F\u00fcr Sie gelesen<\/a><\/span><\/div>\n\t<div class=\"entry-excerpt\"><p>+ Das RKI definiert neue FSME-Risikogebiete + BSE bei K\u00fchen \u2013 noch nicht ganz von der Bildfl\u00e4che verschwunden + Das&hellip;<\/p>\n<\/div>\n\t\n<a href=\"https:\/\/laboklin.de\/de-ch\/13-kw-2023\/\" class=\"post-details details-type-link\" aria-label=\"Read more about 13. KW 2023\">Artikel lesen...<i class=\"dt-icon-the7-arrow-03\" aria-hidden=\"true\"><\/i><\/a>\n\n<\/div><\/article><\/div><div class=\"visible wf-cell category-247\" data-post-id=\"1338536\" data-date=\"2023-03-03T18:24:05+01:00\" data-name=\"09. KW 2023\"><article class=\"post project-odd visible post-1338536 type-post status-publish format-standard has-post-thumbnail hentry category-sonder-news-de-ch category-247\" data-name=\"09. KW 2023\" data-date=\"2023-03-03T18:24:05+01:00\">\n\n<div class=\"post-thumbnail-wrap\">\n\t<div class=\"post-thumbnail\">\n\t\t\n\t\t\n\t\t<a href=\"https:\/\/laboklin.de\/de-ch\/09-kw-2023\/\" class=\"post-thumbnail-rollover layzr-bg layzr-bg\" ><img decoding=\"async\" class=\"iso-lazy-load preload-me iso-lazy-load aspect\" src=\"data:image\/svg+xml,%3Csvg%20xmlns%3D&#39;http%3A%2F%2Fwww.w3.org%2F2000%2Fsvg&#39;%20viewBox%3D&#39;0%200%20600%20400&#39;%2F%3E\" data-src=\"https:\/\/laboklin.de\/wp-content\/uploads\/2023\/03\/09_KW_01-600x400.jpg\" data-srcset=\"https:\/\/laboklin.de\/wp-content\/uploads\/2023\/03\/09_KW_01-600x400.jpg 600w\" loading=\"eager\" style=\"--ratio: 600 \/ 400\" sizes=\"(max-width: 600px) 100vw, 600px\" alt=\"\" title=\"09_KW_01\" width=\"600\" height=\"400\"  \/><span class=\"gallery-zoom-ico icomoon-the7-font-the7-zoom-01\"><span><\/span><\/span><\/a>\t<\/div>\n<\/div>\n\n\n<div class=\"post-entry-content\">\n\n\t<h3 class=\"entry-title\">\n\t\t<a href=\"https:\/\/laboklin.de\/de-ch\/09-kw-2023\/\" title=\"09. KW 2023\" rel=\"bookmark\">09. KW 2023<\/a>\n\t<\/h3>\n\n\t<div class=\"entry-meta\"><span class=\"category-link\"><a href=\"https:\/\/laboklin.de\/de-ch\/category\/sonder-news-de-ch\/\" >LABOKLIN. F\u00fcr Sie gelesen<\/a><\/span><\/div>\n\t<div class=\"entry-excerpt\"><p>+ Rustrela-Virus verursacht Staggering Disease bei Katzen + Warum die niedlichen B\u00e4ren doch gef\u00e4hrlich sein k\u00f6nnen + Neue Pandemie im&hellip;<\/p>\n<\/div>\n\t\n<a href=\"https:\/\/laboklin.de\/de-ch\/09-kw-2023\/\" class=\"post-details details-type-link\" aria-label=\"Read more about 09. KW 2023\">Artikel lesen...<i class=\"dt-icon-the7-arrow-03\" aria-hidden=\"true\"><\/i><\/a>\n\n<\/div><\/article><\/div><div class=\"visible wf-cell category-247\" data-post-id=\"1338242\" data-date=\"2023-02-10T17:44:07+01:00\" data-name=\"06. KW 2023\"><article class=\"post project-odd visible post-1338242 type-post status-publish format-standard has-post-thumbnail hentry category-sonder-news-de-ch category-247\" data-name=\"06. KW 2023\" data-date=\"2023-02-10T17:44:07+01:00\">\n\n<div class=\"post-thumbnail-wrap\">\n\t<div class=\"post-thumbnail\">\n\t\t\n\t\t\n\t\t<a href=\"https:\/\/laboklin.de\/de-ch\/06-kw-2023\/\" class=\"post-thumbnail-rollover layzr-bg layzr-bg\" ><img decoding=\"async\" class=\"iso-lazy-load preload-me iso-lazy-load aspect\" src=\"data:image\/svg+xml,%3Csvg%20xmlns%3D&#39;http%3A%2F%2Fwww.w3.org%2F2000%2Fsvg&#39;%20viewBox%3D&#39;0%200%20600%20400&#39;%2F%3E\" data-src=\"https:\/\/laboklin.de\/wp-content\/uploads\/2023\/02\/06_KW_01-600x400.jpg\" data-srcset=\"https:\/\/laboklin.de\/wp-content\/uploads\/2023\/02\/06_KW_01-600x400.jpg 600w\" loading=\"eager\" style=\"--ratio: 600 \/ 400\" sizes=\"(max-width: 600px) 100vw, 600px\" alt=\"\" title=\"06_KW_01\" width=\"600\" height=\"400\"  \/><span class=\"gallery-zoom-ico icomoon-the7-font-the7-zoom-01\"><span><\/span><\/span><\/a>\t<\/div>\n<\/div>\n\n\n<div class=\"post-entry-content\">\n\n\t<h3 class=\"entry-title\">\n\t\t<a href=\"https:\/\/laboklin.de\/de-ch\/06-kw-2023\/\" title=\"06. KW 2023\" rel=\"bookmark\">06. KW 2023<\/a>\n\t<\/h3>\n\n\t<div class=\"entry-meta\"><span class=\"category-link\"><a href=\"https:\/\/laboklin.de\/de-ch\/category\/sonder-news-de-ch\/\" >LABOKLIN. F\u00fcr Sie gelesen<\/a><\/span><\/div>\n\t<div class=\"entry-excerpt\"><p>+ ESARS-CoV-2: \u00dcbertragung von Hund auf Mensch? Oder doch umgekehrt? + IH5N1 \u2013 das ist doch nur was f\u00fcr V\u00f6gel?&hellip;<\/p>\n<\/div>\n\t\n<a href=\"https:\/\/laboklin.de\/de-ch\/06-kw-2023\/\" class=\"post-details details-type-link\" aria-label=\"Read more about 06. KW 2023\">Artikel lesen...<i class=\"dt-icon-the7-arrow-03\" aria-hidden=\"true\"><\/i><\/a>\n\n<\/div><\/article><\/div><div class=\"visible wf-cell category-247\" data-post-id=\"1336805\" data-date=\"2023-01-13T17:15:06+01:00\" data-name=\"02. KW 2023\"><article class=\"post project-odd visible post-1336805 type-post status-publish format-standard has-post-thumbnail hentry category-sonder-news-de-ch category-247\" data-name=\"02. KW 2023\" data-date=\"2023-01-13T17:15:06+01:00\">\n\n<div class=\"post-thumbnail-wrap\">\n\t<div class=\"post-thumbnail\">\n\t\t\n\t\t\n\t\t<a href=\"https:\/\/laboklin.de\/de-ch\/02-kw-2023\/\" class=\"post-thumbnail-rollover layzr-bg layzr-bg\" ><img decoding=\"async\" class=\"iso-lazy-load preload-me iso-lazy-load aspect\" src=\"data:image\/svg+xml,%3Csvg%20xmlns%3D&#39;http%3A%2F%2Fwww.w3.org%2F2000%2Fsvg&#39;%20viewBox%3D&#39;0%200%20600%20400&#39;%2F%3E\" data-src=\"https:\/\/laboklin.de\/wp-content\/uploads\/2023\/01\/News_02KW.23_QS-600x400.jpg\" data-srcset=\"https:\/\/laboklin.de\/wp-content\/uploads\/2023\/01\/News_02KW.23_QS-600x400.jpg 600w\" loading=\"eager\" style=\"--ratio: 600 \/ 400\" sizes=\"(max-width: 600px) 100vw, 600px\" alt=\"\" title=\"News_02KW.23_QS\" width=\"600\" height=\"400\"  \/><span class=\"gallery-zoom-ico icomoon-the7-font-the7-zoom-01\"><span><\/span><\/span><\/a>\t<\/div>\n<\/div>\n\n\n<div class=\"post-entry-content\">\n\n\t<h3 class=\"entry-title\">\n\t\t<a href=\"https:\/\/laboklin.de\/de-ch\/02-kw-2023\/\" title=\"02. KW 2023\" rel=\"bookmark\">02. KW 2023<\/a>\n\t<\/h3>\n\n\t<div class=\"entry-meta\"><span class=\"category-link\"><a href=\"https:\/\/laboklin.de\/de-ch\/category\/sonder-news-de-ch\/\" >LABOKLIN. F\u00fcr Sie gelesen<\/a><\/span><\/div>\n\t<div class=\"entry-excerpt\"><p>+ Neue Omikronsubvariante XBB.1.5 ist Grund zur Sorge + Der bivalente Booster-Impfstoff sch\u00fctzt + Verbrauchsmengenerfassung antimikrobieller Substanzen f\u00fcr viele Nutztiere&hellip;<\/p>\n<\/div>\n\t\n<a href=\"https:\/\/laboklin.de\/de-ch\/02-kw-2023\/\" class=\"post-details details-type-link\" aria-label=\"Read more about 02. KW 2023\">Artikel lesen...<i class=\"dt-icon-the7-arrow-03\" aria-hidden=\"true\"><\/i><\/a>\n\n<\/div><\/article><\/div><div class=\"visible wf-cell category-247\" data-post-id=\"1336809\" data-date=\"2022-11-25T17:45:27+01:00\" data-name=\"47. KW\"><article class=\"post project-odd visible post-1336809 type-post status-publish format-standard has-post-thumbnail hentry category-sonder-news-de-ch category-247\" data-name=\"47. KW\" data-date=\"2022-11-25T17:45:27+01:00\">\n\n<div class=\"post-thumbnail-wrap\">\n\t<div class=\"post-thumbnail\">\n\t\t\n\t\t\n\t\t<a href=\"https:\/\/laboklin.de\/de-ch\/fuer-sie-gelesen-47-kw\/\" class=\"post-thumbnail-rollover layzr-bg layzr-bg\" ><img decoding=\"async\" class=\"iso-lazy-load preload-me iso-lazy-load aspect\" src=\"data:image\/svg+xml,%3Csvg%20xmlns%3D&#39;http%3A%2F%2Fwww.w3.org%2F2000%2Fsvg&#39;%20viewBox%3D&#39;0%200%20600%20400&#39;%2F%3E\" data-src=\"https:\/\/laboklin.de\/wp-content\/uploads\/2022\/12\/News_47KW_01a-600x400.jpg\" data-srcset=\"https:\/\/laboklin.de\/wp-content\/uploads\/2022\/12\/News_47KW_01a-600x400.jpg 600w\" loading=\"eager\" style=\"--ratio: 600 \/ 400\" sizes=\"(max-width: 600px) 100vw, 600px\" alt=\"\" title=\"News_47KW_01a\" width=\"600\" height=\"400\"  \/><span class=\"gallery-zoom-ico icomoon-the7-font-the7-zoom-01\"><span><\/span><\/span><\/a>\t<\/div>\n<\/div>\n\n\n<div class=\"post-entry-content\">\n\n\t<h3 class=\"entry-title\">\n\t\t<a href=\"https:\/\/laboklin.de\/de-ch\/fuer-sie-gelesen-47-kw\/\" title=\"47. KW\" rel=\"bookmark\">47. KW<\/a>\n\t<\/h3>\n\n\t<div class=\"entry-meta\"><span class=\"category-link\"><a href=\"https:\/\/laboklin.de\/de-ch\/category\/sonder-news-de-ch\/\" >LABOKLIN. F\u00fcr Sie gelesen<\/a><\/span><\/div>\n\t<div class=\"entry-excerpt\"><p>+ Vogelgrippe beim Menschen + Isolationspflicht f\u00fcr Coronainfizierte + Kein Hanf f\u00fcr K\u00fche! + Nicht schon wieder + Ophthalmologie f\u00fcr&hellip;<\/p>\n<\/div>\n\t\n<a href=\"https:\/\/laboklin.de\/de-ch\/fuer-sie-gelesen-47-kw\/\" class=\"post-details details-type-link\" aria-label=\"Read more about 47. KW\">Artikel lesen...<i class=\"dt-icon-the7-arrow-03\" aria-hidden=\"true\"><\/i><\/a>\n\n<\/div><\/article><\/div><div class=\"visible wf-cell category-254\" data-post-id=\"1580589\" data-date=\"2026-01-07T13:03:20+01:00\" data-name=\"Equine Sarkoidose\"><article class=\"post project-odd visible post-1580589 type-post status-publish format-standard has-post-thumbnail hentry category-laboklin-pferd-de-ch category-254\" data-name=\"Equine Sarkoidose\" data-date=\"2026-01-07T13:03:20+01:00\">\n\n<div class=\"post-thumbnail-wrap\">\n\t<div class=\"post-thumbnail\">\n\t\t\n\t\t\n\t\t<a href=\"https:\/\/laboklin.de\/de-ch\/equine-sarkoidose\/\" class=\"post-thumbnail-rollover layzr-bg layzr-bg\" ><img decoding=\"async\" class=\"iso-lazy-load preload-me iso-lazy-load aspect\" src=\"data:image\/svg+xml,%3Csvg%20xmlns%3D&#39;http%3A%2F%2Fwww.w3.org%2F2000%2Fsvg&#39;%20viewBox%3D&#39;0%200%20768%20512&#39;%2F%3E\" data-src=\"https:\/\/laboklin.de\/wp-content\/uploads\/2026\/01\/pferd_mit_generalisierter_equinen_sarkoidose-768x512.jpg\" data-srcset=\"https:\/\/laboklin.de\/wp-content\/uploads\/2026\/01\/pferd_mit_generalisierter_equinen_sarkoidose-768x512.jpg 768w, https:\/\/laboklin.de\/wp-content\/uploads\/2026\/01\/pferd_mit_generalisierter_equinen_sarkoidose-1152x768.jpg 1152w\" loading=\"eager\" style=\"--ratio: 768 \/ 512\" sizes=\"(max-width: 768px) 100vw, 768px\" alt=\"Pferd mit generalisierter ES: schlechter Allgemeinzustand,\ndisseminierte schuppende und krust\u00f6se Hautver\u00e4nderungen\"  width=\"768\" height=\"512\"  \/><span class=\"gallery-zoom-ico icomoon-the7-font-the7-zoom-01\"><span><\/span><\/span><\/a>\t<\/div>\n<\/div>\n\n\n<div class=\"post-entry-content\">\n\n\t<h3 class=\"entry-title\">\n\t\t<a href=\"https:\/\/laboklin.de\/de-ch\/equine-sarkoidose\/\" title=\"Equine Sarkoidose\" rel=\"bookmark\">Equine Sarkoidose<\/a>\n\t<\/h3>\n\n\t<div class=\"entry-meta\"><span class=\"category-link\"><a href=\"https:\/\/laboklin.de\/de-ch\/category\/laboklin-pferd-de-ch\/\" >Laboklin Pferd<\/a><\/span><\/div>\n\t<div class=\"entry-excerpt\"><p>Der Artikel gibt einen \u00dcberblick \u00fcber Klinik, Pathogenese, Diagnostik und Therapie der equinen Sarkoidose und ordnet die Erkrankung im veterin\u00e4rmedizinischen&hellip;<\/p>\n<\/div>\n\t\n<a href=\"https:\/\/laboklin.de\/de-ch\/equine-sarkoidose\/\" class=\"post-details details-type-link\" aria-label=\"Read more about Equine Sarkoidose\">Artikel lesen...<i class=\"dt-icon-the7-arrow-03\" aria-hidden=\"true\"><\/i><\/a>\n\n<\/div><\/article><\/div><div class=\"visible wf-cell category-254\" data-post-id=\"1570679\" data-date=\"2025-10-28T13:01:56+01:00\" data-name=\"Lebererkrankungen beim Pferd: fr\u00fch erkennen, richtig handeln\"><article class=\"post project-odd visible post-1570679 type-post status-publish format-standard has-post-thumbnail hentry category-laboklin-pferd-de-ch category-254\" data-name=\"Lebererkrankungen beim Pferd: fr\u00fch erkennen, richtig handeln\" data-date=\"2025-10-28T13:01:56+01:00\">\n\n<div class=\"post-thumbnail-wrap\">\n\t<div class=\"post-thumbnail\">\n\t\t\n\t\t\n\t\t<a href=\"https:\/\/laboklin.de\/de-ch\/lebererkrankungen-beim-pferd-frueh-erkennen-richtig-handeln\/\" class=\"post-thumbnail-rollover layzr-bg layzr-bg\" ><img decoding=\"async\" class=\"iso-lazy-load preload-me iso-lazy-load aspect\" src=\"data:image\/svg+xml,%3Csvg%20xmlns%3D&#39;http%3A%2F%2Fwww.w3.org%2F2000%2Fsvg&#39;%20viewBox%3D&#39;0%200%20768%20512&#39;%2F%3E\" data-src=\"https:\/\/laboklin.de\/wp-content\/uploads\/2025\/10\/titelbild_schwarzes_pferd-768x512.jpg\" data-srcset=\"https:\/\/laboklin.de\/wp-content\/uploads\/2025\/10\/titelbild_schwarzes_pferd-768x512.jpg 768w, https:\/\/laboklin.de\/wp-content\/uploads\/2025\/10\/titelbild_schwarzes_pferd-1152x768.jpg 1152w\" loading=\"eager\" style=\"--ratio: 768 \/ 512\" sizes=\"(max-width: 768px) 100vw, 768px\" alt=\"\" title=\"Titelbild_schwarzes_Pferd\" width=\"768\" height=\"512\"  \/><span class=\"gallery-zoom-ico icomoon-the7-font-the7-zoom-01\"><span><\/span><\/span><\/a>\t<\/div>\n<\/div>\n\n\n<div class=\"post-entry-content\">\n\n\t<h3 class=\"entry-title\">\n\t\t<a href=\"https:\/\/laboklin.de\/de-ch\/lebererkrankungen-beim-pferd-frueh-erkennen-richtig-handeln\/\" title=\"Lebererkrankungen beim Pferd: fr\u00fch erkennen, richtig handeln\" rel=\"bookmark\">Lebererkrankungen beim Pferd: fr\u00fch erkennen, richtig handeln<\/a>\n\t<\/h3>\n\n\t<div class=\"entry-meta\"><span class=\"category-link\"><a href=\"https:\/\/laboklin.de\/de-ch\/category\/laboklin-pferd-de-ch\/\" >Laboklin Pferd<\/a><\/span><\/div>\n\t<div class=\"entry-excerpt\"><p>Hepatopathien: Ursachen, Diagnose und Therapie. Fr\u00fcherkennung, Behandlung und Pr\u00e4vention durch F\u00fctterungs- und Weidemanagement.<\/p>\n<\/div>\n\t\n<a href=\"https:\/\/laboklin.de\/de-ch\/lebererkrankungen-beim-pferd-frueh-erkennen-richtig-handeln\/\" class=\"post-details details-type-link\" aria-label=\"Read more about Lebererkrankungen beim Pferd: fr\u00fch erkennen, richtig handeln\">Artikel lesen...<i class=\"dt-icon-the7-arrow-03\" aria-hidden=\"true\"><\/i><\/a>\n\n<\/div><\/article><\/div><div class=\"visible wf-cell category-254\" data-post-id=\"1532783\" data-date=\"2025-07-07T09:08:11+02:00\" data-name=\"Haemonchus contortus bei kleinen Wiederk\u00e4uern und Neuweltkamelen\"><article class=\"post project-odd visible post-1532783 type-post status-publish format-standard has-post-thumbnail hentry category-laboklin-pferd-de-ch category-254\" data-name=\"Haemonchus contortus bei kleinen Wiederk\u00e4uern und Neuweltkamelen\" data-date=\"2025-07-07T09:08:11+02:00\">\n\n<div class=\"post-thumbnail-wrap\">\n\t<div class=\"post-thumbnail\">\n\t\t\n\t\t\n\t\t<a href=\"https:\/\/laboklin.de\/de-ch\/haemonchus-contortus-bei-kleinen-wiederkaeuern-und-neuweltkamelen\/\" class=\"post-thumbnail-rollover layzr-bg layzr-bg\" ><img decoding=\"async\" class=\"iso-lazy-load preload-me iso-lazy-load aspect\" src=\"data:image\/svg+xml,%3Csvg%20xmlns%3D&#39;http%3A%2F%2Fwww.w3.org%2F2000%2Fsvg&#39;%20viewBox%3D&#39;0%200%20768%20512&#39;%2F%3E\" data-src=\"https:\/\/laboklin.de\/wp-content\/uploads\/2025\/07\/titelseite_haemonchus_contortus-768x512.jpg\" data-srcset=\"https:\/\/laboklin.de\/wp-content\/uploads\/2025\/07\/titelseite_haemonchus_contortus-768x512.jpg 768w, https:\/\/laboklin.de\/wp-content\/uploads\/2025\/07\/titelseite_haemonchus_contortus-939x626.jpg 939w\" loading=\"eager\" style=\"--ratio: 768 \/ 512\" sizes=\"(max-width: 768px) 100vw, 768px\" alt=\"\" title=\"Titelseite_Haemonchus_contortus\" width=\"768\" height=\"512\"  \/><span class=\"gallery-zoom-ico icomoon-the7-font-the7-zoom-01\"><span><\/span><\/span><\/a>\t<\/div>\n<\/div>\n\n\n<div class=\"post-entry-content\">\n\n\t<h3 class=\"entry-title\">\n\t\t<a href=\"https:\/\/laboklin.de\/de-ch\/haemonchus-contortus-bei-kleinen-wiederkaeuern-und-neuweltkamelen\/\" title=\"Haemonchus contortus bei kleinen Wiederk\u00e4uern und Neuweltkamelen\" rel=\"bookmark\">Haemonchus contortus bei kleinen Wiederk\u00e4uern und Neuweltkamelen<\/a>\n\t<\/h3>\n\n\t<div class=\"entry-meta\"><span class=\"category-link\"><a href=\"https:\/\/laboklin.de\/de-ch\/category\/laboklin-pferd-de-ch\/\" >Laboklin Pferd<\/a><\/span><\/div>\n\t<div class=\"entry-excerpt\"><p>Haemonchus contortus: Diagnostik, Behandlung und Prophylaxe bei Schafen, Ziegen und Neuweltkamelen<\/p>\n<\/div>\n\t\n<a href=\"https:\/\/laboklin.de\/de-ch\/haemonchus-contortus-bei-kleinen-wiederkaeuern-und-neuweltkamelen\/\" class=\"post-details details-type-link\" aria-label=\"Read more about Haemonchus contortus bei kleinen Wiederk\u00e4uern und Neuweltkamelen\">Artikel lesen...<i class=\"dt-icon-the7-arrow-03\" aria-hidden=\"true\"><\/i><\/a>\n\n<\/div><\/article><\/div><div class=\"visible wf-cell category-254\" data-post-id=\"1517786\" data-date=\"2025-04-03T13:33:02+02:00\" data-name=\"Pilznachweis in der Zuchthygiene \u2013 H\u00e4ufigkeit und Bewertung\"><article class=\"post project-odd visible post-1517786 type-post status-publish format-standard has-post-thumbnail hentry category-laboklin-pferd-de-ch category-254\" data-name=\"Pilznachweis in der Zuchthygiene \u2013 H\u00e4ufigkeit und Bewertung\" data-date=\"2025-04-03T13:33:02+02:00\">\n\n<div class=\"post-thumbnail-wrap\">\n\t<div class=\"post-thumbnail\">\n\t\t\n\t\t\n\t\t<a href=\"https:\/\/laboklin.de\/de-ch\/pilznachweis-in-der-zuchthygiene-haeufigkeit-und-bewertung\/\" class=\"post-thumbnail-rollover layzr-bg layzr-bg\" ><img decoding=\"async\" class=\"iso-lazy-load preload-me iso-lazy-load aspect\" src=\"data:image\/svg+xml,%3Csvg%20xmlns%3D&#39;http%3A%2F%2Fwww.w3.org%2F2000%2Fsvg&#39;%20viewBox%3D&#39;0%200%20768%20512&#39;%2F%3E\" data-src=\"https:\/\/laboklin.de\/wp-content\/uploads\/2025\/04\/stute_mit_fohlen-768x512.jpg\" data-srcset=\"https:\/\/laboklin.de\/wp-content\/uploads\/2025\/04\/stute_mit_fohlen-768x512.jpg 768w, https:\/\/laboklin.de\/wp-content\/uploads\/2025\/04\/stute_mit_fohlen-1011x674.jpg 1011w\" loading=\"eager\" style=\"--ratio: 768 \/ 512\" sizes=\"(max-width: 768px) 100vw, 768px\" alt=\"\" title=\"Stute_mit_Fohlen\" width=\"768\" height=\"512\"  \/><span class=\"gallery-zoom-ico icomoon-the7-font-the7-zoom-01\"><span><\/span><\/span><\/a>\t<\/div>\n<\/div>\n\n\n<div class=\"post-entry-content\">\n\n\t<h3 class=\"entry-title\">\n\t\t<a href=\"https:\/\/laboklin.de\/de-ch\/pilznachweis-in-der-zuchthygiene-haeufigkeit-und-bewertung\/\" title=\"Pilznachweis in der Zuchthygiene \u2013 H\u00e4ufigkeit und Bewertung\" rel=\"bookmark\">Pilznachweis in der Zuchthygiene \u2013 H\u00e4ufigkeit und Bewertung<\/a>\n\t<\/h3>\n\n\t<div class=\"entry-meta\"><span class=\"category-link\"><a href=\"https:\/\/laboklin.de\/de-ch\/category\/laboklin-pferd-de-ch\/\" >Laboklin Pferd<\/a><\/span><\/div>\n\t<div class=\"entry-excerpt\"><p>Zuchthygiene beim Pferd: Pilzinfektionen diagnostizieren, bewerten und therapieren.<\/p>\n<\/div>\n\t\n<a href=\"https:\/\/laboklin.de\/de-ch\/pilznachweis-in-der-zuchthygiene-haeufigkeit-und-bewertung\/\" class=\"post-details details-type-link\" aria-label=\"Read more about Pilznachweis in der Zuchthygiene \u2013 H\u00e4ufigkeit und Bewertung\">Artikel lesen...<i class=\"dt-icon-the7-arrow-03\" aria-hidden=\"true\"><\/i><\/a>\n\n<\/div><\/article><\/div><div class=\"visible wf-cell category-254\" data-post-id=\"1493370\" data-date=\"2024-10-17T17:14:36+02:00\" data-name=\"Biosicherheit bei Neuweltkamelen und M\u00f6glichkeiten f\u00fcr Handels- und Zuchtuntersuchungen\"><article class=\"post project-odd visible post-1493370 type-post status-publish format-standard has-post-thumbnail hentry category-laboklin-pferd-de-ch category-254\" data-name=\"Biosicherheit bei Neuweltkamelen und M\u00f6glichkeiten f\u00fcr Handels- und Zuchtuntersuchungen\" data-date=\"2024-10-17T17:14:36+02:00\">\n\n<div class=\"post-thumbnail-wrap\">\n\t<div class=\"post-thumbnail\">\n\t\t\n\t\t\n\t\t<a href=\"https:\/\/laboklin.de\/de-ch\/biosicherheit-bei-neuweltkamelen-und-moeglichkeiten-fuer-handels-und-zuchtuntersuchungen\/\" class=\"post-thumbnail-rollover layzr-bg layzr-bg\" ><img decoding=\"async\" class=\"iso-lazy-load preload-me iso-lazy-load aspect\" src=\"data:image\/svg+xml,%3Csvg%20xmlns%3D&#39;http%3A%2F%2Fwww.w3.org%2F2000%2Fsvg&#39;%20viewBox%3D&#39;0%200%20768%20512&#39;%2F%3E\" data-src=\"https:\/\/laboklin.de\/wp-content\/uploads\/2024\/10\/Beim-Alpaka-oder-Lama-Trekking-ergeben-sich-enge-Tier-Mensch-Kontakte-768x512.jpg\" data-srcset=\"https:\/\/laboklin.de\/wp-content\/uploads\/2024\/10\/Beim-Alpaka-oder-Lama-Trekking-ergeben-sich-enge-Tier-Mensch-Kontakte-768x512.jpg 768w, https:\/\/laboklin.de\/wp-content\/uploads\/2024\/10\/Beim-Alpaka-oder-Lama-Trekking-ergeben-sich-enge-Tier-Mensch-Kontakte-1152x768.jpg 1152w\" loading=\"eager\" style=\"--ratio: 768 \/ 512\" sizes=\"(max-width: 768px) 100vw, 768px\" alt=\"\"  width=\"768\" height=\"512\"  \/><span class=\"gallery-zoom-ico icomoon-the7-font-the7-zoom-01\"><span><\/span><\/span><\/a>\t<\/div>\n<\/div>\n\n\n<div class=\"post-entry-content\">\n\n\t<h3 class=\"entry-title\">\n\t\t<a href=\"https:\/\/laboklin.de\/de-ch\/biosicherheit-bei-neuweltkamelen-und-moeglichkeiten-fuer-handels-und-zuchtuntersuchungen\/\" title=\"Biosicherheit bei Neuweltkamelen und M\u00f6glichkeiten f\u00fcr Handels- und Zuchtuntersuchungen\" rel=\"bookmark\">Biosicherheit bei Neuweltkamelen und M\u00f6glichkeiten f\u00fcr Handels- und Zuchtuntersuchungen<\/a>\n\t<\/h3>\n\n\t<div class=\"entry-meta\"><span class=\"category-link\"><a href=\"https:\/\/laboklin.de\/de-ch\/category\/laboklin-pferd-de-ch\/\" >Laboklin Pferd<\/a><\/span><\/div>\n\t<div class=\"entry-excerpt\"><p>Erfahren Sie alles \u00fcber Biosicherheit bei Neuweltkamelen und wichtige Untersuchungen f\u00fcr Handel und Zucht. Sch\u00fctzen Sie Ihre Herde effektiv.<\/p>\n<\/div>\n\t\n<a href=\"https:\/\/laboklin.de\/de-ch\/biosicherheit-bei-neuweltkamelen-und-moeglichkeiten-fuer-handels-und-zuchtuntersuchungen\/\" class=\"post-details details-type-link\" aria-label=\"Read more about Biosicherheit bei Neuweltkamelen und M\u00f6glichkeiten f\u00fcr Handels- und Zuchtuntersuchungen\">Artikel lesen...<i class=\"dt-icon-the7-arrow-03\" aria-hidden=\"true\"><\/i><\/a>\n\n<\/div><\/article><\/div><div class=\"visible wf-cell category-254\" data-post-id=\"1474683\" data-date=\"2024-05-13T10:26:04+02:00\" data-name=\"Ovarver\u00e4nderungen der Stute: Labordiagnostische M\u00f6glichkeiten zur Abkl\u00e4rung\"><article class=\"post project-odd visible post-1474683 type-post status-publish format-standard has-post-thumbnail hentry category-laboklin-pferd-de-ch category-254\" data-name=\"Ovarver\u00e4nderungen der Stute: Labordiagnostische M\u00f6glichkeiten zur Abkl\u00e4rung\" data-date=\"2024-05-13T10:26:04+02:00\">\n\n<div class=\"post-thumbnail-wrap\">\n\t<div class=\"post-thumbnail\">\n\t\t\n\t\t\n\t\t<a href=\"https:\/\/laboklin.de\/de-ch\/ovarveraenderungen-der-stute-labordiagnostische-moeglichkeiten-zur-abklaerung\/\" class=\"post-thumbnail-rollover layzr-bg layzr-bg\" ><img decoding=\"async\" class=\"iso-lazy-load preload-me iso-lazy-load aspect\" src=\"data:image\/svg+xml,%3Csvg%20xmlns%3D&#39;http%3A%2F%2Fwww.w3.org%2F2000%2Fsvg&#39;%20viewBox%3D&#39;0%200%20768%20512&#39;%2F%3E\" data-src=\"https:\/\/laboklin.de\/wp-content\/uploads\/2024\/05\/Pferd_mit_Fohlen-768x512.jpg\" data-srcset=\"https:\/\/laboklin.de\/wp-content\/uploads\/2024\/05\/Pferd_mit_Fohlen-768x512.jpg 768w, https:\/\/laboklin.de\/wp-content\/uploads\/2024\/05\/Pferd_mit_Fohlen-1152x768.jpg 1152w\" loading=\"eager\" style=\"--ratio: 768 \/ 512\" sizes=\"(max-width: 768px) 100vw, 768px\" alt=\"\" title=\"Pferd_mit_Fohlen\" width=\"768\" height=\"512\"  \/><span class=\"gallery-zoom-ico icomoon-the7-font-the7-zoom-01\"><span><\/span><\/span><\/a>\t<\/div>\n<\/div>\n\n\n<div class=\"post-entry-content\">\n\n\t<h3 class=\"entry-title\">\n\t\t<a href=\"https:\/\/laboklin.de\/de-ch\/ovarveraenderungen-der-stute-labordiagnostische-moeglichkeiten-zur-abklaerung\/\" title=\"Ovarver\u00e4nderungen der Stute: Labordiagnostische M\u00f6glichkeiten zur Abkl\u00e4rung\" rel=\"bookmark\">Ovarver\u00e4nderungen der Stute: Labordiagnostische M\u00f6glichkeiten zur Abkl\u00e4rung<\/a>\n\t<\/h3>\n\n\t<div class=\"entry-meta\"><span class=\"category-link\"><a href=\"https:\/\/laboklin.de\/de-ch\/category\/laboklin-pferd-de-ch\/\" >Laboklin Pferd<\/a><\/span><\/div>\n\t<div class=\"entry-excerpt\"><p>Erfahren Sie, wie Verhaltens\u00e4nderungen und Hormonanalysen helfen, den Granulosazelltumor (GZT) bei Stuten fr\u00fchzeitig zu erkennen. | LABOKLIN aktuell &#8211; Pferd<\/p>\n<\/div>\n\t\n<a href=\"https:\/\/laboklin.de\/de-ch\/ovarveraenderungen-der-stute-labordiagnostische-moeglichkeiten-zur-abklaerung\/\" class=\"post-details details-type-link\" aria-label=\"Read more about Ovarver\u00e4nderungen der Stute: Labordiagnostische M\u00f6glichkeiten zur Abkl\u00e4rung\">Artikel lesen...<i class=\"dt-icon-the7-arrow-03\" aria-hidden=\"true\"><\/i><\/a>\n\n<\/div><\/article><\/div><div class=\"visible wf-cell category-254\" data-post-id=\"1470382\" data-date=\"2024-04-15T12:31:22+02:00\" data-name=\"Hautprobleme Pferd \u2013 hilfreiche Diagnostik aus dem Labor\"><article class=\"post project-odd visible post-1470382 type-post status-publish format-standard has-post-thumbnail hentry category-laboklin-pferd-de-ch category-254\" data-name=\"Hautprobleme Pferd \u2013 hilfreiche Diagnostik aus dem Labor\" data-date=\"2024-04-15T12:31:22+02:00\">\n\n<div class=\"post-thumbnail-wrap\">\n\t<div class=\"post-thumbnail\">\n\t\t\n\t\t\n\t\t<a href=\"https:\/\/laboklin.de\/de-ch\/hautprobleme-pferd-hilfreiche-diagnostik-aus-dem-labor-2\/\" class=\"post-thumbnail-rollover layzr-bg layzr-bg\" ><img decoding=\"async\" class=\"iso-lazy-load preload-me iso-lazy-load aspect\" src=\"data:image\/svg+xml,%3Csvg%20xmlns%3D&#39;http%3A%2F%2Fwww.w3.org%2F2000%2Fsvg&#39;%20viewBox%3D&#39;0%200%20768%20512&#39;%2F%3E\" data-src=\"https:\/\/laboklin.de\/wp-content\/uploads\/2024\/04\/Pferd_mit_Pemphigus_foliaceus-768x512.jpg\" data-srcset=\"https:\/\/laboklin.de\/wp-content\/uploads\/2024\/04\/Pferd_mit_Pemphigus_foliaceus-768x512.jpg 768w, https:\/\/laboklin.de\/wp-content\/uploads\/2024\/04\/Pferd_mit_Pemphigus_foliaceus-1152x768.jpg 1152w\" loading=\"eager\" style=\"--ratio: 768 \/ 512\" sizes=\"(max-width: 768px) 100vw, 768px\" alt=\"\"  width=\"768\" height=\"512\"  \/><span class=\"gallery-zoom-ico icomoon-the7-font-the7-zoom-01\"><span><\/span><\/span><\/a>\t<\/div>\n<\/div>\n\n\n<div class=\"post-entry-content\">\n\n\t<h3 class=\"entry-title\">\n\t\t<a href=\"https:\/\/laboklin.de\/de-ch\/hautprobleme-pferd-hilfreiche-diagnostik-aus-dem-labor-2\/\" title=\"Hautprobleme Pferd \u2013 hilfreiche Diagnostik aus dem Labor\" rel=\"bookmark\">Hautprobleme Pferd \u2013 hilfreiche Diagnostik aus dem Labor<\/a>\n\t<\/h3>\n\n\t<div class=\"entry-meta\"><span class=\"category-link\"><a href=\"https:\/\/laboklin.de\/de-ch\/category\/laboklin-pferd-de-ch\/\" >Laboklin Pferd<\/a><\/span><\/div>\n\t<div class=\"entry-excerpt\"><p>Erfahren Sie, wie Sie bei Pferden Hautuntersuchungen durchf\u00fchren: Anamnese, Hautgeschabsel, Trichogramm und Pilzkulturen einfach erkl\u00e4rt.<\/p>\n<\/div>\n\t\n<a href=\"https:\/\/laboklin.de\/de-ch\/hautprobleme-pferd-hilfreiche-diagnostik-aus-dem-labor-2\/\" class=\"post-details details-type-link\" aria-label=\"Read more about Hautprobleme Pferd \u2013 hilfreiche Diagnostik aus dem Labor\">Artikel lesen...<i class=\"dt-icon-the7-arrow-03\" aria-hidden=\"true\"><\/i><\/a>\n\n<\/div><\/article><\/div><div class=\"visible wf-cell category-254\" data-post-id=\"1493522\" data-date=\"2024-01-25T09:24:13+01:00\" data-name=\"Neues von internationalen Kongressen (2023) zur Pferdemedizin\"><article class=\"post project-odd visible post-1493522 type-post status-publish format-standard has-post-thumbnail hentry category-laboklin-pferd-de-ch category-254\" data-name=\"Neues von internationalen Kongressen (2023) zur Pferdemedizin\" data-date=\"2024-01-25T09:24:13+01:00\">\n\n<div class=\"post-thumbnail-wrap\">\n\t<div class=\"post-thumbnail\">\n\t\t\n\t\t\n\t\t<a href=\"https:\/\/laboklin.de\/de-ch\/neues-von-internationalen-kongressen-zur-pferdemedizin-2023\/\" class=\"post-thumbnail-rollover layzr-bg layzr-bg\" ><img decoding=\"async\" class=\"iso-lazy-load preload-me iso-lazy-load aspect\" src=\"data:image\/svg+xml,%3Csvg%20xmlns%3D&#39;http%3A%2F%2Fwww.w3.org%2F2000%2Fsvg&#39;%20viewBox%3D&#39;0%200%20669%20446&#39;%2F%3E\" data-src=\"https:\/\/laboklin.de\/wp-content\/uploads\/2024\/01\/Pferde_im_Schnee-669x446.jpg\" data-srcset=\"https:\/\/laboklin.de\/wp-content\/uploads\/2024\/01\/Pferde_im_Schnee-669x446.jpg 669w\" loading=\"eager\" style=\"--ratio: 669 \/ 446\" sizes=\"(max-width: 669px) 100vw, 669px\" alt=\"\"  width=\"669\" height=\"446\"  \/><span class=\"gallery-zoom-ico icomoon-the7-font-the7-zoom-01\"><span><\/span><\/span><\/a>\t<\/div>\n<\/div>\n\n\n<div class=\"post-entry-content\">\n\n\t<h3 class=\"entry-title\">\n\t\t<a href=\"https:\/\/laboklin.de\/de-ch\/neues-von-internationalen-kongressen-zur-pferdemedizin-2023\/\" title=\"Neues von internationalen Kongressen (2023) zur Pferdemedizin\" rel=\"bookmark\">Neues von internationalen Kongressen (2023) zur Pferdemedizin<\/a>\n\t<\/h3>\n\n\t<div class=\"entry-meta\"><span class=\"category-link\"><a href=\"https:\/\/laboklin.de\/de-ch\/category\/laboklin-pferd-de-ch\/\" >Laboklin Pferd<\/a><\/span><\/div>\n\t<div class=\"entry-excerpt\"><p>Die Autorin griff das Thema chronischer Gewichtsverlust bei adulten Pferden auf und ging hierbei insbesondere auf die \u201einflammatory bowl disease\u201c&hellip;<\/p>\n<\/div>\n\t\n<a href=\"https:\/\/laboklin.de\/de-ch\/neues-von-internationalen-kongressen-zur-pferdemedizin-2023\/\" class=\"post-details details-type-link\" aria-label=\"Read more about Neues von internationalen Kongressen (2023) zur Pferdemedizin\">Artikel lesen...<i class=\"dt-icon-the7-arrow-03\" aria-hidden=\"true\"><\/i><\/a>\n\n<\/div><\/article><\/div><div class=\"visible wf-cell category-274\" data-post-id=\"1337006\" data-date=\"2021-10-22T14:10:36+02:00\" data-name=\"Nachruf Dr. Flasshoff\"><article class=\"post project-odd visible post-1337006 type-post status-publish format-standard has-post-thumbnail hentry category-news-de-ch category-274\" data-name=\"Nachruf Dr. Flasshoff\" data-date=\"2021-10-22T14:10:36+02:00\">\n\n<div class=\"post-thumbnail-wrap\">\n\t<div class=\"post-thumbnail\">\n\t\t\n\t\t\n\t\t<a href=\"https:\/\/laboklin.de\/de-ch\/nachruf-dr-flasshoff\/\" class=\"post-thumbnail-rollover layzr-bg layzr-bg\" ><img decoding=\"async\" class=\"iso-lazy-load preload-me iso-lazy-load aspect\" src=\"data:image\/svg+xml,%3Csvg%20xmlns%3D&#39;http%3A%2F%2Fwww.w3.org%2F2000%2Fsvg&#39;%20viewBox%3D&#39;0%200%20768%20512&#39;%2F%3E\" data-src=\"https:\/\/laboklin.de\/wp-content\/uploads\/2021\/10\/as-the-sun-sets-out-shines-through-the-leaves-of-a-2021-09-01-03-23-23-utc-scaled-768x512.jpg\" data-srcset=\"https:\/\/laboklin.de\/wp-content\/uploads\/2021\/10\/as-the-sun-sets-out-shines-through-the-leaves-of-a-2021-09-01-03-23-23-utc-scaled-768x512.jpg 768w, https:\/\/laboklin.de\/wp-content\/uploads\/2021\/10\/as-the-sun-sets-out-shines-through-the-leaves-of-a-2021-09-01-03-23-23-utc-scaled-1152x768.jpg 1152w\" loading=\"eager\" style=\"--ratio: 768 \/ 512\" sizes=\"(max-width: 768px) 100vw, 768px\" alt=\"\" title=\"as-the-sun-sets-out-shines-through-the-leaves-of-a-2021-09-01-03-23-23-utc\" width=\"768\" height=\"512\"  \/><span class=\"gallery-zoom-ico icomoon-the7-font-the7-zoom-01\"><span><\/span><\/span><\/a>\t<\/div>\n<\/div>\n\n\n<div class=\"post-entry-content\">\n\n\t<h3 class=\"entry-title\">\n\t\t<a href=\"https:\/\/laboklin.de\/de-ch\/nachruf-dr-flasshoff\/\" title=\"Nachruf Dr. Flasshoff\" rel=\"bookmark\">Nachruf Dr. Flasshoff<\/a>\n\t<\/h3>\n\n\t<div class=\"entry-meta\"><span class=\"category-link\"><a href=\"https:\/\/laboklin.de\/de-ch\/category\/news-de-ch\/\" >NEWS<\/a><\/span><\/div>\n\t<div class=\"entry-excerpt\"><p>+ Gute Nachrichten: Da ist er, der Herdenschutz! + Update II: Corona und unsere Haustiere + Ferkelkastration unter Isoflurannarkose: neues&hellip;<\/p>\n<\/div>\n\t\n<a href=\"https:\/\/laboklin.de\/de-ch\/nachruf-dr-flasshoff\/\" class=\"post-details details-type-link\" aria-label=\"Read more about Nachruf Dr. Flasshoff\">Artikel lesen...<i class=\"dt-icon-the7-arrow-03\" aria-hidden=\"true\"><\/i><\/a>\n\n<\/div><\/article><\/div><\/div><!-- iso-container|iso-grid --><div class=\"paginator paginator-more-button\">\n\t\t\t\t<a class=\"button-load-more \" href=\"javascript:void(0);\" data-dt-page=\"1\" ><span class=\"stick\"><\/span><span class=\"stick\"><\/span><span class=\"stick\"><\/span><span class=\"button-caption\">Load more<\/span><\/a>\n\t\t\t<\/div><\/div>[\/vc_column][\/vc_row]<\/p>\n<\/div>","protected":false},"excerpt":{"rendered":"<p>[vc_row type=&#187;vc_default&#187; css=&#187;.vc_custom_1713433615122{margin-top: 20px !important;}&#187;][vc_column][\/vc_column][\/vc_row]<\/p>\n","protected":false},"author":1,"featured_media":0,"parent":0,"menu_order":54,"comment_status":"closed","ping_status":"closed","template":"","meta":{"_seopress_robots_primary_cat":"","_seopress_titles_title":"","_seopress_titles_desc":"","_seopress_robots_index":"","footnotes":""},"class_list":["post-1336402","page","type-page","status-publish","hentry","description-off"],"_links":{"self":[{"href":"https:\/\/laboklin.de\/de-ch\/wp-json\/wp\/v2\/pages\/1336402","targetHints":{"allow":["GET"]}}],"collection":[{"href":"https:\/\/laboklin.de\/de-ch\/wp-json\/wp\/v2\/pages"}],"about":[{"href":"https:\/\/laboklin.de\/de-ch\/wp-json\/wp\/v2\/types\/page"}],"author":[{"embeddable":true,"href":"https:\/\/laboklin.de\/de-ch\/wp-json\/wp\/v2\/users\/1"}],"replies":[{"embeddable":true,"href":"https:\/\/laboklin.de\/de-ch\/wp-json\/wp\/v2\/comments?post=1336402"}],"version-history":[{"count":16,"href":"https:\/\/laboklin.de\/de-ch\/wp-json\/wp\/v2\/pages\/1336402\/revisions"}],"predecessor-version":[{"id":1569710,"href":"https:\/\/laboklin.de\/de-ch\/wp-json\/wp\/v2\/pages\/1336402\/revisions\/1569710"}],"wp:attachment":[{"href":"https:\/\/laboklin.de\/de-ch\/wp-json\/wp\/v2\/media?parent=1336402"}],"curies":[{"name":"wp","href":"https:\/\/api.w.org\/{rel}","templated":true}]}}