{"id":1480929,"date":"2024-08-07T16:08:59","date_gmt":"2024-08-07T14:08:59","guid":{"rendered":"https:\/\/laboklin.de\/?page_id=1480929"},"modified":"2025-02-17T10:13:13","modified_gmt":"2025-02-17T09:13:13","slug":"progressive-retinaatrophie-gucy2d-pra","status":"publish","type":"page","link":"https:\/\/laboklin.de\/de-at\/leistungen\/genetik\/erbkrankheiten\/hund\/progressive-retinaatrophie-gucy2d-pra\/","title":{"rendered":"Progressive Retinaatrophie (GUCY2D-PRA)"},"content":{"rendered":"<h3 class=\"csc-firstHeader\">Progressive Retinaatrophie (GUCY2D-PRA)<\/h3><p><span>LABOKLIN Leistungs-ID: 8894<\/span><\/p><p class=\"bodytext\">Die Progressive Retinaatrophie (PRA) steht f\u00fcr eine Gruppe von erblich bedingten Photorezeptor-St\u00f6rungen der Netzhaut, die bei verschiedenen Hunderassen durch unterschiedliche Mutationen hervorgerufen werden. Man unterscheidet sich sp\u00e4t entwickelnde degenerative Ver\u00e4nderungen von sich bereits im Welpenalter klinisch manifestierenden dysplastischen St\u00f6rungen. Abgesehen vom Lebensalter, in dem die Erkrankung in Erscheinung tritt, sind die klinischen und ophthalmologischen Symptome \u00e4hnlich. Betroffene Hunde zeigen eine bilaterale Mydriasis, das Tapetum lucidum reflektiert verst\u00e4rkt und das retinale Gef\u00e4\u00dfnetz erscheint atrophisch.<br \/>\n<br \/>\nEine genetische Variante des GUCY2D-Gens kann mit einer fr\u00fchen Form der PRA beim Spitz assoziiert werden. Die betroffenen Hunde zeigen bereits im Alter von 3 Monaten ein eingeschr\u00e4nktes Sehverm\u00f6gen, sowohl bei Tageslicht als auch bei Nachtlicht. Sie besitzen eine blasse Papille, die Anzahl der retinalen Blutgef\u00e4\u00dfe ist leicht verringert und manche betroffenen Welpen leiden ebenfalls an Nystagmus (Augenzittern). W\u00e4hrend die Funktion der Photorezeptoren bereits im Alter von wenigen Monaten stark beeintr\u00e4chtigt oder gar vollst\u00e4ndig gest\u00f6rt ist, scheint die retinale Struktur zun\u00e4chst gut erhalten zu bleiben. Erst bei \u00e4lteren betroffenen Hunden kann eine leichte Verd\u00fcnnung der Retina beobachtet werden.  <br \/>\n<\/p><table class=\"tx-laboklinleistung-table contenttable contenttable-2\" style=\"margin-top: 35px;\"><tr><td class=\"td-0\"><strong>Methode<\/strong><\/td><td class=\"td-1\"><p class=\"bodytext\">Sequenzierung<\/p><\/td><\/tr><tr><td class=\"td-0\"><strong>Rasse<\/strong><\/td><td class=\"td-1\"><p class=\"bodytext\">Deutscher Spitz<\/p><\/td><\/tr><tr><td class=\"td-0\"><strong>Erbgang<\/strong><\/td><td class=\"td-1\"><p class=\"bodytext\">autosomal-rezessiv<\/p><\/td><\/tr><tr><td class=\"td-0\"><strong>Dauer<\/strong><\/td><td class=\"td-1\"><p class=\"bodytext\">1 - 2 Wochen nach Erhalt der Probe<\/p><\/td><\/tr><\/table>\n","protected":false},"excerpt":{"rendered":"<p>Progressive Retinaatrophie (GUCY2D-PRA)LABOKLIN Leistungs-ID: 8894Die Progressive Retinaatrophie (PRA) steht f\u00fcr eine Gruppe von erblich bedingten Photorezeptor-St\u00f6rungen der Netzhaut, die bei verschiedenen Hunderassen durch unterschiedliche Mutationen hervorgerufen werden. Man unterscheidet sich sp\u00e4t entwickelnde degenerative Ver\u00e4nderungen von sich bereits im Welpenalter klinisch manifestierenden dysplastischen St\u00f6rungen. Abgesehen vom Lebensalter, in dem die Erkrankung in Erscheinung tritt, sind die&hellip;<\/p>\n","protected":false},"author":18,"featured_media":0,"parent":1332701,"menu_order":14,"comment_status":"closed","ping_status":"closed","template":"","meta":{"_seopress_robots_primary_cat":"","_seopress_titles_title":"","_seopress_titles_desc":"","_seopress_robots_index":"","footnotes":""},"class_list":["post-1480929","page","type-page","status-publish","hentry","description-off"],"_links":{"self":[{"href":"https:\/\/laboklin.de\/de-at\/wp-json\/wp\/v2\/pages\/1480929","targetHints":{"allow":["GET"]}}],"collection":[{"href":"https:\/\/laboklin.de\/de-at\/wp-json\/wp\/v2\/pages"}],"about":[{"href":"https:\/\/laboklin.de\/de-at\/wp-json\/wp\/v2\/types\/page"}],"author":[{"embeddable":true,"href":"https:\/\/laboklin.de\/de-at\/wp-json\/wp\/v2\/users\/18"}],"replies":[{"embeddable":true,"href":"https:\/\/laboklin.de\/de-at\/wp-json\/wp\/v2\/comments?post=1480929"}],"version-history":[{"count":1,"href":"https:\/\/laboklin.de\/de-at\/wp-json\/wp\/v2\/pages\/1480929\/revisions"}],"predecessor-version":[{"id":1480931,"href":"https:\/\/laboklin.de\/de-at\/wp-json\/wp\/v2\/pages\/1480929\/revisions\/1480931"}],"up":[{"embeddable":true,"href":"https:\/\/laboklin.de\/de-at\/wp-json\/wp\/v2\/pages\/1332701"}],"wp:attachment":[{"href":"https:\/\/laboklin.de\/de-at\/wp-json\/wp\/v2\/media?parent=1480929"}],"curies":[{"name":"wp","href":"https:\/\/api.w.org\/{rel}","templated":true}]}}